{"id":2347,"date":"2025-03-05T17:26:56","date_gmt":"2025-03-05T16:26:56","guid":{"rendered":"https:\/\/casaruralcastalla.com\/nl\/?page_id=2347"},"modified":"2026-09-05T13:22:31","modified_gmt":"2026-09-05T11:22:31","slug":"fotos","status":"publish","type":"page","link":"https:\/\/casaruralcastalla.com\/nl\/fotos\/","title":{"rendered":"Hoekjes en Sferen: het Huis in Foto&#8217;s"},"content":{"rendered":"\n<div class=\"wp-block-getwid-images-slider has-cropped-images has-arrows-inside has-dots-none has-images-center has-cropped-images\"><div class=\"wp-block-getwid-images-slider__wrapper\" data-effect=\"fade\" data-slides-show=\"1\" data-slides-show-laptop=\"1\" data-slides-show-tablet=\"1\" data-slides-show-mobile=\"1\" data-slides-scroll=\"1\" data-autoplay=\"true\" data-pause-hover=\"false\" data-autoplay-speed=\"4000\" data-infinite=\"true\" data-animation-speed=\"800\" data-center-mode=\"false\" data-variable-width=\"false\" data-arrows=\"inside\" data-dots=\"none\" data-spacing=\"none\"><div class=\"wp-block-getwid-images-slider__item\"><figure><img decoding=\"async\" width=\"1024\" height=\"768\" src=\"https:\/\/casaruralcastalla.com\/nl\/wp-content\/uploads\/sites\/6\/2025\/01\/20241226_160556-Editada-1024x768.jpg\" alt=\"Leeshoek met turkooizen en gele fauteuils rond een ronde houten tafel\" data-id=\"1667\" class=\"wp-block-getwid-images-slider__image wp-image-1667\" srcset=\"https:\/\/casaruralcastalla.com\/nl\/wp-content\/uploads\/sites\/6\/2025\/01\/20241226_160556-Editada-1024x768.jpg 1024w, https:\/\/casaruralcastalla.com\/nl\/wp-content\/uploads\/sites\/6\/2025\/01\/20241226_160556-Editada-300x225.jpg 300w, https:\/\/casaruralcastalla.com\/nl\/wp-content\/uploads\/sites\/6\/2025\/01\/20241226_160556-Editada-768x576.jpg 768w, https:\/\/casaruralcastalla.com\/nl\/wp-content\/uploads\/sites\/6\/2025\/01\/20241226_160556-Editada-1536x1152.jpg 1536w, https:\/\/casaruralcastalla.com\/nl\/wp-content\/uploads\/sites\/6\/2025\/01\/20241226_160556-Editada-2048x1536.jpg 2048w, https:\/\/casaruralcastalla.com\/nl\/wp-content\/uploads\/sites\/6\/2025\/01\/20241226_160556-Editada-892x669.jpg 892w, https:\/\/casaruralcastalla.com\/nl\/wp-content\/uploads\/sites\/6\/2025\/01\/20241226_160556-Editada-1350x1013.jpg 1350w\" sizes=\"(max-width: 1024px) 100vw, 1024px\" \/><\/figure><\/div><div class=\"wp-block-getwid-images-slider__item\"><figure><img decoding=\"async\" width=\"1024\" height=\"768\" src=\"https:\/\/casaruralcastalla.com\/nl\/wp-content\/uploads\/sites\/6\/2025\/01\/20241226_160847-Editada-1024x768.jpg\" alt=\"Woonkamer onder een bakstenen boog, met zichtbare balken, een rustiek dressoir en de eethoek op de achtergrond\" data-id=\"1668\" class=\"wp-block-getwid-images-slider__image wp-image-1668\" srcset=\"https:\/\/casaruralcastalla.com\/nl\/wp-content\/uploads\/sites\/6\/2025\/01\/20241226_160847-Editada-1024x768.jpg 1024w, https:\/\/casaruralcastalla.com\/nl\/wp-content\/uploads\/sites\/6\/2025\/01\/20241226_160847-Editada-300x225.jpg 300w, https:\/\/casaruralcastalla.com\/nl\/wp-content\/uploads\/sites\/6\/2025\/01\/20241226_160847-Editada-768x576.jpg 768w, https:\/\/casaruralcastalla.com\/nl\/wp-content\/uploads\/sites\/6\/2025\/01\/20241226_160847-Editada-1536x1152.jpg 1536w, https:\/\/casaruralcastalla.com\/nl\/wp-content\/uploads\/sites\/6\/2025\/01\/20241226_160847-Editada-2048x1536.jpg 2048w, https:\/\/casaruralcastalla.com\/nl\/wp-content\/uploads\/sites\/6\/2025\/01\/20241226_160847-Editada-892x669.jpg 892w, https:\/\/casaruralcastalla.com\/nl\/wp-content\/uploads\/sites\/6\/2025\/01\/20241226_160847-Editada-1350x1013.jpg 1350w\" sizes=\"(max-width: 1024px) 100vw, 1024px\" \/><\/figure><\/div><div class=\"wp-block-getwid-images-slider__item\"><figure><img decoding=\"async\" width=\"1024\" height=\"768\" src=\"https:\/\/casaruralcastalla.com\/nl\/wp-content\/uploads\/sites\/6\/2025\/01\/20241226_164945-Editada-1024x768.jpg\" alt=\"Woon-eetkamer met een blauwe bank, ingelijste foto's en een lange houten tafel bij de ingang\" data-id=\"1669\" class=\"wp-block-getwid-images-slider__image wp-image-1669\" srcset=\"https:\/\/casaruralcastalla.com\/nl\/wp-content\/uploads\/sites\/6\/2025\/01\/20241226_164945-Editada-1024x768.jpg 1024w, https:\/\/casaruralcastalla.com\/nl\/wp-content\/uploads\/sites\/6\/2025\/01\/20241226_164945-Editada-300x225.jpg 300w, https:\/\/casaruralcastalla.com\/nl\/wp-content\/uploads\/sites\/6\/2025\/01\/20241226_164945-Editada-768x576.jpg 768w, https:\/\/casaruralcastalla.com\/nl\/wp-content\/uploads\/sites\/6\/2025\/01\/20241226_164945-Editada-1536x1152.jpg 1536w, https:\/\/casaruralcastalla.com\/nl\/wp-content\/uploads\/sites\/6\/2025\/01\/20241226_164945-Editada-2048x1536.jpg 2048w, https:\/\/casaruralcastalla.com\/nl\/wp-content\/uploads\/sites\/6\/2025\/01\/20241226_164945-Editada-892x669.jpg 892w, https:\/\/casaruralcastalla.com\/nl\/wp-content\/uploads\/sites\/6\/2025\/01\/20241226_164945-Editada-1350x1013.jpg 1350w\" sizes=\"(max-width: 1024px) 100vw, 1024px\" \/><\/figure><\/div><div class=\"wp-block-getwid-images-slider__item\"><figure><img decoding=\"async\" width=\"1024\" height=\"576\" src=\"https:\/\/casaruralcastalla.com\/nl\/wp-content\/uploads\/sites\/6\/2025\/01\/20241226_165150-Editada-1024x576.jpg\" alt=\"Eettafel met kleurrijke stoelen en zwart-witfoto's van het oude Castalla aan de muur\" data-id=\"1650\" class=\"wp-block-getwid-images-slider__image wp-image-1650\" srcset=\"https:\/\/casaruralcastalla.com\/nl\/wp-content\/uploads\/sites\/6\/2025\/01\/20241226_165150-Editada-1024x576.jpg 1024w, https:\/\/casaruralcastalla.com\/nl\/wp-content\/uploads\/sites\/6\/2025\/01\/20241226_165150-Editada-300x169.jpg 300w, https:\/\/casaruralcastalla.com\/nl\/wp-content\/uploads\/sites\/6\/2025\/01\/20241226_165150-Editada-768x432.jpg 768w, https:\/\/casaruralcastalla.com\/nl\/wp-content\/uploads\/sites\/6\/2025\/01\/20241226_165150-Editada-1536x864.jpg 1536w, https:\/\/casaruralcastalla.com\/nl\/wp-content\/uploads\/sites\/6\/2025\/01\/20241226_165150-Editada-2048x1153.jpg 2048w, https:\/\/casaruralcastalla.com\/nl\/wp-content\/uploads\/sites\/6\/2025\/01\/20241226_165150-Editada-892x502.jpg 892w, https:\/\/casaruralcastalla.com\/nl\/wp-content\/uploads\/sites\/6\/2025\/01\/20241226_165150-Editada-1350x760.jpg 1350w\" sizes=\"(max-width: 1024px) 100vw, 1024px\" \/><\/figure><\/div><div class=\"wp-block-getwid-images-slider__item\"><figure><img decoding=\"async\" width=\"1024\" height=\"768\" src=\"https:\/\/casaruralcastalla.com\/nl\/wp-content\/uploads\/sites\/6\/2025\/01\/20241227_154717-Editada-1024x768.jpg\" alt=\"Volledig uitgeruste keuken met een retro turkooizen koelkast, gele tegels en een orchidee op het aanrecht\" data-id=\"1664\" class=\"wp-block-getwid-images-slider__image wp-image-1664\" srcset=\"https:\/\/casaruralcastalla.com\/nl\/wp-content\/uploads\/sites\/6\/2025\/01\/20241227_154717-Editada-1024x768.jpg 1024w, https:\/\/casaruralcastalla.com\/nl\/wp-content\/uploads\/sites\/6\/2025\/01\/20241227_154717-Editada-300x225.jpg 300w, https:\/\/casaruralcastalla.com\/nl\/wp-content\/uploads\/sites\/6\/2025\/01\/20241227_154717-Editada-768x576.jpg 768w, https:\/\/casaruralcastalla.com\/nl\/wp-content\/uploads\/sites\/6\/2025\/01\/20241227_154717-Editada-1536x1152.jpg 1536w, https:\/\/casaruralcastalla.com\/nl\/wp-content\/uploads\/sites\/6\/2025\/01\/20241227_154717-Editada-2048x1536.jpg 2048w, https:\/\/casaruralcastalla.com\/nl\/wp-content\/uploads\/sites\/6\/2025\/01\/20241227_154717-Editada-892x669.jpg 892w, https:\/\/casaruralcastalla.com\/nl\/wp-content\/uploads\/sites\/6\/2025\/01\/20241227_154717-Editada-1350x1013.jpg 1350w\" sizes=\"(max-width: 1024px) 100vw, 1024px\" \/><\/figure><\/div><div class=\"wp-block-getwid-images-slider__item\"><figure><img decoding=\"async\" width=\"1024\" height=\"768\" src=\"https:\/\/casaruralcastalla.com\/nl\/wp-content\/uploads\/sites\/6\/2025\/01\/20241227_154816-Editada-1024x768.jpg\" alt=\"Keuken gezien vanuit de deuropening, met oven, wandklok en een houten vitrinekast\" data-id=\"1662\" class=\"wp-block-getwid-images-slider__image wp-image-1662\" srcset=\"https:\/\/casaruralcastalla.com\/nl\/wp-content\/uploads\/sites\/6\/2025\/01\/20241227_154816-Editada-1024x768.jpg 1024w, https:\/\/casaruralcastalla.com\/nl\/wp-content\/uploads\/sites\/6\/2025\/01\/20241227_154816-Editada-300x225.jpg 300w, https:\/\/casaruralcastalla.com\/nl\/wp-content\/uploads\/sites\/6\/2025\/01\/20241227_154816-Editada-768x576.jpg 768w, https:\/\/casaruralcastalla.com\/nl\/wp-content\/uploads\/sites\/6\/2025\/01\/20241227_154816-Editada-1536x1152.jpg 1536w, https:\/\/casaruralcastalla.com\/nl\/wp-content\/uploads\/sites\/6\/2025\/01\/20241227_154816-Editada-2048x1536.jpg 2048w, https:\/\/casaruralcastalla.com\/nl\/wp-content\/uploads\/sites\/6\/2025\/01\/20241227_154816-Editada-892x669.jpg 892w, https:\/\/casaruralcastalla.com\/nl\/wp-content\/uploads\/sites\/6\/2025\/01\/20241227_154816-Editada-1350x1013.jpg 1350w\" sizes=\"(max-width: 1024px) 100vw, 1024px\" \/><\/figure><\/div><div class=\"wp-block-getwid-images-slider__item\"><figure><img decoding=\"async\" width=\"1024\" height=\"768\" src=\"https:\/\/casaruralcastalla.com\/nl\/wp-content\/uploads\/sites\/6\/2025\/01\/20241227_154833-Editada-1024x768.jpg\" alt=\"Keukenblad met inductiekookplaat, retro turkooizen magnetron en koffiezetapparaat\" data-id=\"1658\" class=\"wp-block-getwid-images-slider__image wp-image-1658\" srcset=\"https:\/\/casaruralcastalla.com\/nl\/wp-content\/uploads\/sites\/6\/2025\/01\/20241227_154833-Editada-1024x768.jpg 1024w, https:\/\/casaruralcastalla.com\/nl\/wp-content\/uploads\/sites\/6\/2025\/01\/20241227_154833-Editada-300x225.jpg 300w, https:\/\/casaruralcastalla.com\/nl\/wp-content\/uploads\/sites\/6\/2025\/01\/20241227_154833-Editada-768x576.jpg 768w, https:\/\/casaruralcastalla.com\/nl\/wp-content\/uploads\/sites\/6\/2025\/01\/20241227_154833-Editada-1536x1152.jpg 1536w, https:\/\/casaruralcastalla.com\/nl\/wp-content\/uploads\/sites\/6\/2025\/01\/20241227_154833-Editada-2048x1536.jpg 2048w, https:\/\/casaruralcastalla.com\/nl\/wp-content\/uploads\/sites\/6\/2025\/01\/20241227_154833-Editada-892x669.jpg 892w, https:\/\/casaruralcastalla.com\/nl\/wp-content\/uploads\/sites\/6\/2025\/01\/20241227_154833-Editada-1350x1013.jpg 1350w\" sizes=\"(max-width: 1024px) 100vw, 1024px\" \/><\/figure><\/div><div class=\"wp-block-getwid-images-slider__item\"><figure><img decoding=\"async\" width=\"1024\" height=\"768\" src=\"https:\/\/casaruralcastalla.com\/nl\/wp-content\/uploads\/sites\/6\/2025\/01\/20241227_154900-Editada-1024x768.jpg\" alt=\"Turkooizen espressomachine in retrostijl, met kopjes en schoteltjes klaargezet op het aanrecht\" data-id=\"1665\" class=\"wp-block-getwid-images-slider__image wp-image-1665\" srcset=\"https:\/\/casaruralcastalla.com\/nl\/wp-content\/uploads\/sites\/6\/2025\/01\/20241227_154900-Editada-1024x768.jpg 1024w, https:\/\/casaruralcastalla.com\/nl\/wp-content\/uploads\/sites\/6\/2025\/01\/20241227_154900-Editada-300x225.jpg 300w, https:\/\/casaruralcastalla.com\/nl\/wp-content\/uploads\/sites\/6\/2025\/01\/20241227_154900-Editada-768x576.jpg 768w, https:\/\/casaruralcastalla.com\/nl\/wp-content\/uploads\/sites\/6\/2025\/01\/20241227_154900-Editada-1536x1152.jpg 1536w, https:\/\/casaruralcastalla.com\/nl\/wp-content\/uploads\/sites\/6\/2025\/01\/20241227_154900-Editada-2048x1536.jpg 2048w, https:\/\/casaruralcastalla.com\/nl\/wp-content\/uploads\/sites\/6\/2025\/01\/20241227_154900-Editada-892x669.jpg 892w, https:\/\/casaruralcastalla.com\/nl\/wp-content\/uploads\/sites\/6\/2025\/01\/20241227_154900-Editada-1350x1013.jpg 1350w\" sizes=\"(max-width: 1024px) 100vw, 1024px\" \/><\/figure><\/div><div class=\"wp-block-getwid-images-slider__item\"><figure><img decoding=\"async\" width=\"1024\" height=\"683\" src=\"https:\/\/casaruralcastalla.com\/nl\/wp-content\/uploads\/sites\/6\/2026\/08\/casa-rural-castalla-dormitorio-1-04-1024x683.jpg\" alt=\"Tweepersoonsbed van de hoofdslaapkamer van Casa Rural Castalla met toegang tot het balkon\" data-id=\"5624\" class=\"wp-block-getwid-images-slider__image wp-image-5624\" srcset=\"https:\/\/casaruralcastalla.com\/nl\/wp-content\/uploads\/sites\/6\/2026\/08\/casa-rural-castalla-dormitorio-1-04-1024x683.jpg 1024w, https:\/\/casaruralcastalla.com\/nl\/wp-content\/uploads\/sites\/6\/2026\/08\/casa-rural-castalla-dormitorio-1-04-300x200.jpg 300w, https:\/\/casaruralcastalla.com\/nl\/wp-content\/uploads\/sites\/6\/2026\/08\/casa-rural-castalla-dormitorio-1-04-768x512.jpg 768w, https:\/\/casaruralcastalla.com\/nl\/wp-content\/uploads\/sites\/6\/2026\/08\/casa-rural-castalla-dormitorio-1-04-1536x1024.jpg 1536w, https:\/\/casaruralcastalla.com\/nl\/wp-content\/uploads\/sites\/6\/2026\/08\/casa-rural-castalla-dormitorio-1-04-892x595.jpg 892w, https:\/\/casaruralcastalla.com\/nl\/wp-content\/uploads\/sites\/6\/2026\/08\/casa-rural-castalla-dormitorio-1-04-1350x900.jpg 1350w, https:\/\/casaruralcastalla.com\/nl\/wp-content\/uploads\/sites\/6\/2026\/08\/casa-rural-castalla-dormitorio-1-04.jpg 1920w\" sizes=\"(max-width: 1024px) 100vw, 1024px\" \/><\/figure><\/div><div class=\"wp-block-getwid-images-slider__item\"><figure><img decoding=\"async\" width=\"1024\" height=\"683\" src=\"https:\/\/casaruralcastalla.com\/nl\/wp-content\/uploads\/sites\/6\/2026\/08\/casa-rural-castalla-dormitorio-1-03-1024x683.jpg\" alt=\"Hoofdslaapkamer van Casa Rural Castalla met televisie, tweepersoonsbed en balkon onder de houten balken\" data-id=\"5623\" class=\"wp-block-getwid-images-slider__image wp-image-5623\" srcset=\"https:\/\/casaruralcastalla.com\/nl\/wp-content\/uploads\/sites\/6\/2026\/08\/casa-rural-castalla-dormitorio-1-03-1024x683.jpg 1024w, https:\/\/casaruralcastalla.com\/nl\/wp-content\/uploads\/sites\/6\/2026\/08\/casa-rural-castalla-dormitorio-1-03-300x200.jpg 300w, https:\/\/casaruralcastalla.com\/nl\/wp-content\/uploads\/sites\/6\/2026\/08\/casa-rural-castalla-dormitorio-1-03-768x512.jpg 768w, https:\/\/casaruralcastalla.com\/nl\/wp-content\/uploads\/sites\/6\/2026\/08\/casa-rural-castalla-dormitorio-1-03-1536x1024.jpg 1536w, https:\/\/casaruralcastalla.com\/nl\/wp-content\/uploads\/sites\/6\/2026\/08\/casa-rural-castalla-dormitorio-1-03-892x595.jpg 892w, https:\/\/casaruralcastalla.com\/nl\/wp-content\/uploads\/sites\/6\/2026\/08\/casa-rural-castalla-dormitorio-1-03-1350x900.jpg 1350w, https:\/\/casaruralcastalla.com\/nl\/wp-content\/uploads\/sites\/6\/2026\/08\/casa-rural-castalla-dormitorio-1-03.jpg 1920w\" sizes=\"(max-width: 1024px) 100vw, 1024px\" \/><\/figure><\/div><div class=\"wp-block-getwid-images-slider__item\"><figure><img decoding=\"async\" width=\"1024\" height=\"683\" src=\"https:\/\/casaruralcastalla.com\/nl\/wp-content\/uploads\/sites\/6\/2026\/08\/casa-rural-castalla-dormitorio-3-verde-01-1024x683.jpg\" alt=\"Slaapkamer van Casa Rural Castalla in groentinten, met houten balken, kledingkast en kilimtapijt\" data-id=\"5647\" class=\"wp-block-getwid-images-slider__image wp-image-5647\" srcset=\"https:\/\/casaruralcastalla.com\/nl\/wp-content\/uploads\/sites\/6\/2026\/08\/casa-rural-castalla-dormitorio-3-verde-01-1024x683.jpg 1024w, https:\/\/casaruralcastalla.com\/nl\/wp-content\/uploads\/sites\/6\/2026\/08\/casa-rural-castalla-dormitorio-3-verde-01-300x200.jpg 300w, https:\/\/casaruralcastalla.com\/nl\/wp-content\/uploads\/sites\/6\/2026\/08\/casa-rural-castalla-dormitorio-3-verde-01-768x512.jpg 768w, https:\/\/casaruralcastalla.com\/nl\/wp-content\/uploads\/sites\/6\/2026\/08\/casa-rural-castalla-dormitorio-3-verde-01-1536x1024.jpg 1536w, https:\/\/casaruralcastalla.com\/nl\/wp-content\/uploads\/sites\/6\/2026\/08\/casa-rural-castalla-dormitorio-3-verde-01-892x595.jpg 892w, https:\/\/casaruralcastalla.com\/nl\/wp-content\/uploads\/sites\/6\/2026\/08\/casa-rural-castalla-dormitorio-3-verde-01-1350x900.jpg 1350w, https:\/\/casaruralcastalla.com\/nl\/wp-content\/uploads\/sites\/6\/2026\/08\/casa-rural-castalla-dormitorio-3-verde-01.jpg 1920w\" sizes=\"(max-width: 1024px) 100vw, 1024px\" \/><\/figure><\/div><div class=\"wp-block-getwid-images-slider__item\"><figure><img decoding=\"async\" width=\"1024\" height=\"683\" src=\"https:\/\/casaruralcastalla.com\/nl\/wp-content\/uploads\/sites\/6\/2026\/08\/casa-rural-castalla-sala-de-juegos-01-1024x683.jpg\" alt=\"Speelkamer van Casa Rural Castalla in mauve tinten, met bed en een houten raam naar het balkon\" data-id=\"5683\" class=\"wp-block-getwid-images-slider__image wp-image-5683\" srcset=\"https:\/\/casaruralcastalla.com\/nl\/wp-content\/uploads\/sites\/6\/2026\/08\/casa-rural-castalla-sala-de-juegos-01-1024x683.jpg 1024w, https:\/\/casaruralcastalla.com\/nl\/wp-content\/uploads\/sites\/6\/2026\/08\/casa-rural-castalla-sala-de-juegos-01-300x200.jpg 300w, https:\/\/casaruralcastalla.com\/nl\/wp-content\/uploads\/sites\/6\/2026\/08\/casa-rural-castalla-sala-de-juegos-01-768x512.jpg 768w, https:\/\/casaruralcastalla.com\/nl\/wp-content\/uploads\/sites\/6\/2026\/08\/casa-rural-castalla-sala-de-juegos-01-1536x1024.jpg 1536w, https:\/\/casaruralcastalla.com\/nl\/wp-content\/uploads\/sites\/6\/2026\/08\/casa-rural-castalla-sala-de-juegos-01-892x595.jpg 892w, https:\/\/casaruralcastalla.com\/nl\/wp-content\/uploads\/sites\/6\/2026\/08\/casa-rural-castalla-sala-de-juegos-01-1350x900.jpg 1350w, https:\/\/casaruralcastalla.com\/nl\/wp-content\/uploads\/sites\/6\/2026\/08\/casa-rural-castalla-sala-de-juegos-01.jpg 1920w\" sizes=\"(max-width: 1024px) 100vw, 1024px\" \/><\/figure><\/div><div class=\"wp-block-getwid-images-slider__item\"><figure><img decoding=\"async\" width=\"1024\" height=\"683\" src=\"https:\/\/casaruralcastalla.com\/nl\/wp-content\/uploads\/sites\/6\/2026\/08\/casa-rural-castalla-buhardilla-02-1024x683.jpg\" alt=\"Bed op de zolderverdieping van Casa Rural Castalla, gescheiden van de zithoek door een houten scheidingswand\" data-id=\"5634\" class=\"wp-block-getwid-images-slider__image wp-image-5634\" srcset=\"https:\/\/casaruralcastalla.com\/nl\/wp-content\/uploads\/sites\/6\/2026\/08\/casa-rural-castalla-buhardilla-02-1024x683.jpg 1024w, https:\/\/casaruralcastalla.com\/nl\/wp-content\/uploads\/sites\/6\/2026\/08\/casa-rural-castalla-buhardilla-02-300x200.jpg 300w, https:\/\/casaruralcastalla.com\/nl\/wp-content\/uploads\/sites\/6\/2026\/08\/casa-rural-castalla-buhardilla-02-768x512.jpg 768w, https:\/\/casaruralcastalla.com\/nl\/wp-content\/uploads\/sites\/6\/2026\/08\/casa-rural-castalla-buhardilla-02-1536x1024.jpg 1536w, https:\/\/casaruralcastalla.com\/nl\/wp-content\/uploads\/sites\/6\/2026\/08\/casa-rural-castalla-buhardilla-02-892x595.jpg 892w, https:\/\/casaruralcastalla.com\/nl\/wp-content\/uploads\/sites\/6\/2026\/08\/casa-rural-castalla-buhardilla-02-1350x900.jpg 1350w, https:\/\/casaruralcastalla.com\/nl\/wp-content\/uploads\/sites\/6\/2026\/08\/casa-rural-castalla-buhardilla-02.jpg 1920w\" sizes=\"(max-width: 1024px) 100vw, 1024px\" \/><\/figure><\/div><div class=\"wp-block-getwid-images-slider__item\"><figure><img decoding=\"async\" width=\"1024\" height=\"683\" src=\"https:\/\/casaruralcastalla.com\/nl\/wp-content\/uploads\/sites\/6\/2026\/08\/casa-rural-castalla-buhardilla-03-1024x683.jpg\" alt=\"Zolderslaapkamer van Casa Rural Castalla met bed, bureau, kledingkast en een dakraam\" data-id=\"5635\" class=\"wp-block-getwid-images-slider__image wp-image-5635\" srcset=\"https:\/\/casaruralcastalla.com\/nl\/wp-content\/uploads\/sites\/6\/2026\/08\/casa-rural-castalla-buhardilla-03-1024x683.jpg 1024w, https:\/\/casaruralcastalla.com\/nl\/wp-content\/uploads\/sites\/6\/2026\/08\/casa-rural-castalla-buhardilla-03-300x200.jpg 300w, https:\/\/casaruralcastalla.com\/nl\/wp-content\/uploads\/sites\/6\/2026\/08\/casa-rural-castalla-buhardilla-03-768x512.jpg 768w, https:\/\/casaruralcastalla.com\/nl\/wp-content\/uploads\/sites\/6\/2026\/08\/casa-rural-castalla-buhardilla-03-1536x1024.jpg 1536w, https:\/\/casaruralcastalla.com\/nl\/wp-content\/uploads\/sites\/6\/2026\/08\/casa-rural-castalla-buhardilla-03-892x595.jpg 892w, https:\/\/casaruralcastalla.com\/nl\/wp-content\/uploads\/sites\/6\/2026\/08\/casa-rural-castalla-buhardilla-03-1350x900.jpg 1350w, https:\/\/casaruralcastalla.com\/nl\/wp-content\/uploads\/sites\/6\/2026\/08\/casa-rural-castalla-buhardilla-03.jpg 1920w\" sizes=\"(max-width: 1024px) 100vw, 1024px\" \/><\/figure><\/div><div class=\"wp-block-getwid-images-slider__item\"><figure><img decoding=\"async\" width=\"1024\" height=\"768\" src=\"https:\/\/casaruralcastalla.com\/nl\/wp-content\/uploads\/sites\/6\/2025\/01\/20241227_161535-Editada-1024x768.jpg\" alt=\"Zolderzithoek gezien vanaf de trap, met bank, hoogpolig vloerkleed en een raam met luiken\" data-id=\"1675\" class=\"wp-block-getwid-images-slider__image wp-image-1675\" srcset=\"https:\/\/casaruralcastalla.com\/nl\/wp-content\/uploads\/sites\/6\/2025\/01\/20241227_161535-Editada-1024x768.jpg 1024w, https:\/\/casaruralcastalla.com\/nl\/wp-content\/uploads\/sites\/6\/2025\/01\/20241227_161535-Editada-300x225.jpg 300w, https:\/\/casaruralcastalla.com\/nl\/wp-content\/uploads\/sites\/6\/2025\/01\/20241227_161535-Editada-768x576.jpg 768w, https:\/\/casaruralcastalla.com\/nl\/wp-content\/uploads\/sites\/6\/2025\/01\/20241227_161535-Editada-1536x1152.jpg 1536w, https:\/\/casaruralcastalla.com\/nl\/wp-content\/uploads\/sites\/6\/2025\/01\/20241227_161535-Editada-2048x1536.jpg 2048w, https:\/\/casaruralcastalla.com\/nl\/wp-content\/uploads\/sites\/6\/2025\/01\/20241227_161535-Editada-892x669.jpg 892w, https:\/\/casaruralcastalla.com\/nl\/wp-content\/uploads\/sites\/6\/2025\/01\/20241227_161535-Editada-1350x1013.jpg 1350w\" sizes=\"(max-width: 1024px) 100vw, 1024px\" \/><\/figure><\/div><div class=\"wp-block-getwid-images-slider__item\"><figure><img decoding=\"async\" width=\"1024\" height=\"768\" src=\"https:\/\/casaruralcastalla.com\/nl\/wp-content\/uploads\/sites\/6\/2025\/01\/20241227_160416-Editada-1024x768.jpg\" alt=\"Zolderkamer met bank, salontafel, boekenkast met planten en een bureau onder het schuine dak\" data-id=\"1653\" class=\"wp-block-getwid-images-slider__image wp-image-1653\" srcset=\"https:\/\/casaruralcastalla.com\/nl\/wp-content\/uploads\/sites\/6\/2025\/01\/20241227_160416-Editada-1024x768.jpg 1024w, https:\/\/casaruralcastalla.com\/nl\/wp-content\/uploads\/sites\/6\/2025\/01\/20241227_160416-Editada-300x225.jpg 300w, https:\/\/casaruralcastalla.com\/nl\/wp-content\/uploads\/sites\/6\/2025\/01\/20241227_160416-Editada-768x576.jpg 768w, https:\/\/casaruralcastalla.com\/nl\/wp-content\/uploads\/sites\/6\/2025\/01\/20241227_160416-Editada-1536x1152.jpg 1536w, https:\/\/casaruralcastalla.com\/nl\/wp-content\/uploads\/sites\/6\/2025\/01\/20241227_160416-Editada-2048x1536.jpg 2048w, https:\/\/casaruralcastalla.com\/nl\/wp-content\/uploads\/sites\/6\/2025\/01\/20241227_160416-Editada-892x669.jpg 892w, https:\/\/casaruralcastalla.com\/nl\/wp-content\/uploads\/sites\/6\/2025\/01\/20241227_160416-Editada-1350x1013.jpg 1350w\" sizes=\"(max-width: 1024px) 100vw, 1024px\" \/><\/figure><\/div><div class=\"wp-block-getwid-images-slider__item\"><figure><img decoding=\"async\" width=\"1024\" height=\"683\" src=\"https:\/\/casaruralcastalla.com\/nl\/wp-content\/uploads\/sites\/6\/2026\/08\/casa-rural-castalla-apartamento-04-1024x683.jpg\" alt=\"Appartement van Casa Rural Castalla met bed, bank en een glazen tafel onder het houten plafond\" data-id=\"5640\" class=\"wp-block-getwid-images-slider__image wp-image-5640\" srcset=\"https:\/\/casaruralcastalla.com\/nl\/wp-content\/uploads\/sites\/6\/2026\/08\/casa-rural-castalla-apartamento-04-1024x683.jpg 1024w, https:\/\/casaruralcastalla.com\/nl\/wp-content\/uploads\/sites\/6\/2026\/08\/casa-rural-castalla-apartamento-04-300x200.jpg 300w, https:\/\/casaruralcastalla.com\/nl\/wp-content\/uploads\/sites\/6\/2026\/08\/casa-rural-castalla-apartamento-04-768x512.jpg 768w, https:\/\/casaruralcastalla.com\/nl\/wp-content\/uploads\/sites\/6\/2026\/08\/casa-rural-castalla-apartamento-04-1536x1024.jpg 1536w, https:\/\/casaruralcastalla.com\/nl\/wp-content\/uploads\/sites\/6\/2026\/08\/casa-rural-castalla-apartamento-04-892x595.jpg 892w, https:\/\/casaruralcastalla.com\/nl\/wp-content\/uploads\/sites\/6\/2026\/08\/casa-rural-castalla-apartamento-04-1350x900.jpg 1350w, https:\/\/casaruralcastalla.com\/nl\/wp-content\/uploads\/sites\/6\/2026\/08\/casa-rural-castalla-apartamento-04.jpg 1920w\" sizes=\"(max-width: 1024px) 100vw, 1024px\" \/><\/figure><\/div><div class=\"wp-block-getwid-images-slider__item\"><figure><img decoding=\"async\" width=\"1024\" height=\"683\" src=\"https:\/\/casaruralcastalla.com\/nl\/wp-content\/uploads\/sites\/6\/2026\/08\/casa-rural-castalla-apartamento-06-1024x683.jpg\" alt=\"Appartement van Casa Rural Castalla met bed, een ronde eettafel en eigen keuken onder het houten plafond\" data-id=\"5638\" class=\"wp-block-getwid-images-slider__image wp-image-5638\" srcset=\"https:\/\/casaruralcastalla.com\/nl\/wp-content\/uploads\/sites\/6\/2026\/08\/casa-rural-castalla-apartamento-06-1024x683.jpg 1024w, https:\/\/casaruralcastalla.com\/nl\/wp-content\/uploads\/sites\/6\/2026\/08\/casa-rural-castalla-apartamento-06-300x200.jpg 300w, https:\/\/casaruralcastalla.com\/nl\/wp-content\/uploads\/sites\/6\/2026\/08\/casa-rural-castalla-apartamento-06-768x512.jpg 768w, https:\/\/casaruralcastalla.com\/nl\/wp-content\/uploads\/sites\/6\/2026\/08\/casa-rural-castalla-apartamento-06-1536x1024.jpg 1536w, https:\/\/casaruralcastalla.com\/nl\/wp-content\/uploads\/sites\/6\/2026\/08\/casa-rural-castalla-apartamento-06-892x595.jpg 892w, https:\/\/casaruralcastalla.com\/nl\/wp-content\/uploads\/sites\/6\/2026\/08\/casa-rural-castalla-apartamento-06-1350x900.jpg 1350w, https:\/\/casaruralcastalla.com\/nl\/wp-content\/uploads\/sites\/6\/2026\/08\/casa-rural-castalla-apartamento-06.jpg 1920w\" sizes=\"(max-width: 1024px) 100vw, 1024px\" \/><\/figure><\/div><div class=\"wp-block-getwid-images-slider__item\"><figure><img decoding=\"async\" width=\"1024\" height=\"768\" src=\"https:\/\/casaruralcastalla.com\/nl\/wp-content\/uploads\/sites\/6\/2025\/01\/20241227_162027-Editada-1024x768.jpg\" alt=\"Groen betegelde badkamer met een douchecabine met douchebak, een houten wastafelmeubel en een ladderrek voor handdoeken\" data-id=\"1656\" class=\"wp-block-getwid-images-slider__image wp-image-1656\" srcset=\"https:\/\/casaruralcastalla.com\/nl\/wp-content\/uploads\/sites\/6\/2025\/01\/20241227_162027-Editada-1024x768.jpg 1024w, https:\/\/casaruralcastalla.com\/nl\/wp-content\/uploads\/sites\/6\/2025\/01\/20241227_162027-Editada-300x225.jpg 300w, https:\/\/casaruralcastalla.com\/nl\/wp-content\/uploads\/sites\/6\/2025\/01\/20241227_162027-Editada-768x576.jpg 768w, https:\/\/casaruralcastalla.com\/nl\/wp-content\/uploads\/sites\/6\/2025\/01\/20241227_162027-Editada-1536x1152.jpg 1536w, https:\/\/casaruralcastalla.com\/nl\/wp-content\/uploads\/sites\/6\/2025\/01\/20241227_162027-Editada-2048x1536.jpg 2048w, https:\/\/casaruralcastalla.com\/nl\/wp-content\/uploads\/sites\/6\/2025\/01\/20241227_162027-Editada-892x669.jpg 892w, https:\/\/casaruralcastalla.com\/nl\/wp-content\/uploads\/sites\/6\/2025\/01\/20241227_162027-Editada-1350x1013.jpg 1350w\" sizes=\"(max-width: 1024px) 100vw, 1024px\" \/><\/figure><\/div><div class=\"wp-block-getwid-images-slider__item\"><figure><img decoding=\"async\" width=\"1024\" height=\"768\" src=\"https:\/\/casaruralcastalla.com\/nl\/wp-content\/uploads\/sites\/6\/2025\/01\/20241227_162545-Editada-1024x768.jpg\" alt=\"Tweede badkamer in lichtblauw, met een douchecabine, een glazen wastafel en een rieten mand\" data-id=\"1666\" class=\"wp-block-getwid-images-slider__image wp-image-1666\" srcset=\"https:\/\/casaruralcastalla.com\/nl\/wp-content\/uploads\/sites\/6\/2025\/01\/20241227_162545-Editada-1024x768.jpg 1024w, https:\/\/casaruralcastalla.com\/nl\/wp-content\/uploads\/sites\/6\/2025\/01\/20241227_162545-Editada-300x225.jpg 300w, https:\/\/casaruralcastalla.com\/nl\/wp-content\/uploads\/sites\/6\/2025\/01\/20241227_162545-Editada-768x576.jpg 768w, https:\/\/casaruralcastalla.com\/nl\/wp-content\/uploads\/sites\/6\/2025\/01\/20241227_162545-Editada-1536x1152.jpg 1536w, https:\/\/casaruralcastalla.com\/nl\/wp-content\/uploads\/sites\/6\/2025\/01\/20241227_162545-Editada-2048x1536.jpg 2048w, https:\/\/casaruralcastalla.com\/nl\/wp-content\/uploads\/sites\/6\/2025\/01\/20241227_162545-Editada-892x669.jpg 892w, https:\/\/casaruralcastalla.com\/nl\/wp-content\/uploads\/sites\/6\/2025\/01\/20241227_162545-Editada-1350x1013.jpg 1350w\" sizes=\"(max-width: 1024px) 100vw, 1024px\" \/><\/figure><\/div><div class=\"wp-block-getwid-images-slider__item\"><figure><img decoding=\"async\" width=\"768\" height=\"1024\" src=\"https:\/\/casaruralcastalla.com\/nl\/wp-content\/uploads\/sites\/6\/2025\/01\/20241227_164324-Editada-768x1024.jpg\" alt=\"Trap van smeedijzer en hout die de verdiepingen van het huis verbindt, gezien van bovenaf\" data-id=\"1652\" class=\"wp-block-getwid-images-slider__image wp-image-1652\" srcset=\"https:\/\/casaruralcastalla.com\/nl\/wp-content\/uploads\/sites\/6\/2025\/01\/20241227_164324-Editada-768x1024.jpg 768w, https:\/\/casaruralcastalla.com\/nl\/wp-content\/uploads\/sites\/6\/2025\/01\/20241227_164324-Editada-225x300.jpg 225w, https:\/\/casaruralcastalla.com\/nl\/wp-content\/uploads\/sites\/6\/2025\/01\/20241227_164324-Editada-1152x1536.jpg 1152w, https:\/\/casaruralcastalla.com\/nl\/wp-content\/uploads\/sites\/6\/2025\/01\/20241227_164324-Editada-1536x2048.jpg 1536w, https:\/\/casaruralcastalla.com\/nl\/wp-content\/uploads\/sites\/6\/2025\/01\/20241227_164324-Editada-892x1189.jpg 892w, https:\/\/casaruralcastalla.com\/nl\/wp-content\/uploads\/sites\/6\/2025\/01\/20241227_164324-Editada-1350x1800.jpg 1350w, https:\/\/casaruralcastalla.com\/nl\/wp-content\/uploads\/sites\/6\/2025\/01\/20241227_164324-Editada-scaled.jpg 1920w\" sizes=\"(max-width: 768px) 100vw, 768px\" \/><\/figure><\/div><div class=\"wp-block-getwid-images-slider__item\"><figure><img decoding=\"async\" width=\"768\" height=\"1024\" src=\"https:\/\/casaruralcastalla.com\/nl\/wp-content\/uploads\/sites\/6\/2025\/01\/20241227_164232-Editada-768x1024.jpg\" alt=\"Zicht op de open trap naar de overloop, met houten treden en een ijzeren leuning\" data-id=\"1670\" class=\"wp-block-getwid-images-slider__image wp-image-1670\" srcset=\"https:\/\/casaruralcastalla.com\/nl\/wp-content\/uploads\/sites\/6\/2025\/01\/20241227_164232-Editada-768x1024.jpg 768w, https:\/\/casaruralcastalla.com\/nl\/wp-content\/uploads\/sites\/6\/2025\/01\/20241227_164232-Editada-225x300.jpg 225w, https:\/\/casaruralcastalla.com\/nl\/wp-content\/uploads\/sites\/6\/2025\/01\/20241227_164232-Editada-1152x1536.jpg 1152w, https:\/\/casaruralcastalla.com\/nl\/wp-content\/uploads\/sites\/6\/2025\/01\/20241227_164232-Editada-1536x2048.jpg 1536w, https:\/\/casaruralcastalla.com\/nl\/wp-content\/uploads\/sites\/6\/2025\/01\/20241227_164232-Editada-892x1189.jpg 892w, https:\/\/casaruralcastalla.com\/nl\/wp-content\/uploads\/sites\/6\/2025\/01\/20241227_164232-Editada-1350x1800.jpg 1350w, https:\/\/casaruralcastalla.com\/nl\/wp-content\/uploads\/sites\/6\/2025\/01\/20241227_164232-Editada-scaled.jpg 1920w\" sizes=\"(max-width: 768px) 100vw, 768px\" \/><\/figure><\/div><div class=\"wp-block-getwid-images-slider__item\"><figure><img decoding=\"async\" width=\"1024\" height=\"768\" src=\"https:\/\/casaruralcastalla.com\/nl\/wp-content\/uploads\/sites\/6\/2025\/01\/20241227_155527-Editada-1024x768.jpg\" alt=\"Binnenplaats met zichtbare stenen muren, rieten zitjes en een opklaptafel in de schaduw\" data-id=\"1655\" class=\"wp-block-getwid-images-slider__image wp-image-1655\" srcset=\"https:\/\/casaruralcastalla.com\/nl\/wp-content\/uploads\/sites\/6\/2025\/01\/20241227_155527-Editada-1024x768.jpg 1024w, https:\/\/casaruralcastalla.com\/nl\/wp-content\/uploads\/sites\/6\/2025\/01\/20241227_155527-Editada-300x225.jpg 300w, https:\/\/casaruralcastalla.com\/nl\/wp-content\/uploads\/sites\/6\/2025\/01\/20241227_155527-Editada-768x576.jpg 768w, https:\/\/casaruralcastalla.com\/nl\/wp-content\/uploads\/sites\/6\/2025\/01\/20241227_155527-Editada-1536x1152.jpg 1536w, https:\/\/casaruralcastalla.com\/nl\/wp-content\/uploads\/sites\/6\/2025\/01\/20241227_155527-Editada-2048x1536.jpg 2048w, https:\/\/casaruralcastalla.com\/nl\/wp-content\/uploads\/sites\/6\/2025\/01\/20241227_155527-Editada-892x669.jpg 892w, https:\/\/casaruralcastalla.com\/nl\/wp-content\/uploads\/sites\/6\/2025\/01\/20241227_155527-Editada-1350x1013.jpg 1350w\" sizes=\"(max-width: 1024px) 100vw, 1024px\" \/><\/figure><\/div><div class=\"wp-block-getwid-images-slider__item\"><figure><img decoding=\"async\" width=\"768\" height=\"1024\" src=\"https:\/\/casaruralcastalla.com\/nl\/wp-content\/uploads\/sites\/6\/2025\/01\/20241227_163359-Editada-768x1024.jpg\" alt=\"Gevel van Casa Rural Castalla aan de Carrer Major, met een balkon vol planten en de historische kern op de achtergrond\" data-id=\"1671\" class=\"wp-block-getwid-images-slider__image wp-image-1671\" srcset=\"https:\/\/casaruralcastalla.com\/nl\/wp-content\/uploads\/sites\/6\/2025\/01\/20241227_163359-Editada-768x1024.jpg 768w, https:\/\/casaruralcastalla.com\/nl\/wp-content\/uploads\/sites\/6\/2025\/01\/20241227_163359-Editada-225x300.jpg 225w, https:\/\/casaruralcastalla.com\/nl\/wp-content\/uploads\/sites\/6\/2025\/01\/20241227_163359-Editada-1152x1536.jpg 1152w, https:\/\/casaruralcastalla.com\/nl\/wp-content\/uploads\/sites\/6\/2025\/01\/20241227_163359-Editada-1536x2048.jpg 1536w, https:\/\/casaruralcastalla.com\/nl\/wp-content\/uploads\/sites\/6\/2025\/01\/20241227_163359-Editada-892x1189.jpg 892w, https:\/\/casaruralcastalla.com\/nl\/wp-content\/uploads\/sites\/6\/2025\/01\/20241227_163359-Editada-1350x1800.jpg 1350w, https:\/\/casaruralcastalla.com\/nl\/wp-content\/uploads\/sites\/6\/2025\/01\/20241227_163359-Editada-scaled.jpg 1920w\" sizes=\"(max-width: 768px) 100vw, 768px\" \/><\/figure><\/div><div class=\"wp-block-getwid-images-slider__item\"><figure><img decoding=\"async\" width=\"1024\" height=\"768\" src=\"https:\/\/casaruralcastalla.com\/nl\/wp-content\/uploads\/sites\/6\/2025\/01\/20241227_163333-1-Editada-1024x768.jpg\" alt=\"Carrer Major, in het historische centrum van Castalla, met de bakstenen gevel van het huis rechts\" data-id=\"1647\" class=\"wp-block-getwid-images-slider__image wp-image-1647\" srcset=\"https:\/\/casaruralcastalla.com\/nl\/wp-content\/uploads\/sites\/6\/2025\/01\/20241227_163333-1-Editada-1024x768.jpg 1024w, https:\/\/casaruralcastalla.com\/nl\/wp-content\/uploads\/sites\/6\/2025\/01\/20241227_163333-1-Editada-300x225.jpg 300w, https:\/\/casaruralcastalla.com\/nl\/wp-content\/uploads\/sites\/6\/2025\/01\/20241227_163333-1-Editada-768x576.jpg 768w, https:\/\/casaruralcastalla.com\/nl\/wp-content\/uploads\/sites\/6\/2025\/01\/20241227_163333-1-Editada-1536x1152.jpg 1536w, https:\/\/casaruralcastalla.com\/nl\/wp-content\/uploads\/sites\/6\/2025\/01\/20241227_163333-1-Editada-2048x1536.jpg 2048w, https:\/\/casaruralcastalla.com\/nl\/wp-content\/uploads\/sites\/6\/2025\/01\/20241227_163333-1-Editada-892x669.jpg 892w, https:\/\/casaruralcastalla.com\/nl\/wp-content\/uploads\/sites\/6\/2025\/01\/20241227_163333-1-Editada-1350x1013.jpg 1350w\" sizes=\"(max-width: 1024px) 100vw, 1024px\" \/><\/figure><\/div><\/div><\/div>\n\n\n\n<p class=\"has-text-align-center wp-block-paragraph\">Maak kennis met Casa Rural Castalla aan de hand van onze fotogalerij. Bekijk elke hoek van <a href=\"https:\/\/casaruralcastalla.com\/nl\/accommodatie-in-castalla\/\">ons ruime vakantiehuis in Castalla<\/a> en het landschap eromheen, en laat de rust en schoonheid van Castalla voor zich spreken.<\/p>\n\n\n\n<p class=\"has-text-align-center wp-block-paragraph\">Wilt u een foto beter bekijken? Klik of tik er dan op om hem groter te openen en elk detail rustig te bekijken.<\/p>\n\n\n\n<figure class=\"wp-block-gallery has-nested-images columns-default is-cropped wp-block-gallery-1 is-layout-flex wp-block-gallery-is-layout-flex\">\n<figure class=\"wp-block-image size-large\"><a href=\"https:\/\/casaruralcastalla.com\/nl\/wp-content\/uploads\/sites\/6\/2025\/01\/20241226_160556-Editada-scaled.jpg\"><img decoding=\"async\" width=\"1024\" height=\"768\" data-id=\"1667\" src=\"https:\/\/casaruralcastalla.com\/nl\/wp-content\/uploads\/sites\/6\/2025\/01\/20241226_160556-Editada-1024x768.jpg\" alt=\"Leeshoek met turkooizen en gele fauteuils rond een ronde houten tafel\" class=\"wp-image-1667\" srcset=\"https:\/\/casaruralcastalla.com\/nl\/wp-content\/uploads\/sites\/6\/2025\/01\/20241226_160556-Editada-1024x768.jpg 1024w, https:\/\/casaruralcastalla.com\/nl\/wp-content\/uploads\/sites\/6\/2025\/01\/20241226_160556-Editada-300x225.jpg 300w, https:\/\/casaruralcastalla.com\/nl\/wp-content\/uploads\/sites\/6\/2025\/01\/20241226_160556-Editada-768x576.jpg 768w, https:\/\/casaruralcastalla.com\/nl\/wp-content\/uploads\/sites\/6\/2025\/01\/20241226_160556-Editada-1536x1152.jpg 1536w, https:\/\/casaruralcastalla.com\/nl\/wp-content\/uploads\/sites\/6\/2025\/01\/20241226_160556-Editada-2048x1536.jpg 2048w, https:\/\/casaruralcastalla.com\/nl\/wp-content\/uploads\/sites\/6\/2025\/01\/20241226_160556-Editada-892x669.jpg 892w, https:\/\/casaruralcastalla.com\/nl\/wp-content\/uploads\/sites\/6\/2025\/01\/20241226_160556-Editada-1350x1013.jpg 1350w\" sizes=\"(max-width: 1024px) 100vw, 1024px\" \/><\/a><\/figure>\n\n\n\n<figure class=\"wp-block-image size-large\"><a href=\"https:\/\/casaruralcastalla.com\/nl\/wp-content\/uploads\/sites\/6\/2025\/01\/20241226_160847-Editada-scaled.jpg\"><img decoding=\"async\" width=\"1024\" height=\"768\" data-id=\"1668\" src=\"https:\/\/casaruralcastalla.com\/nl\/wp-content\/uploads\/sites\/6\/2025\/01\/20241226_160847-Editada-1024x768.jpg\" alt=\"Woonkamer onder een bakstenen boog, met zichtbare balken, een rustiek dressoir en de eethoek op de achtergrond\" class=\"wp-image-1668\" srcset=\"https:\/\/casaruralcastalla.com\/nl\/wp-content\/uploads\/sites\/6\/2025\/01\/20241226_160847-Editada-1024x768.jpg 1024w, https:\/\/casaruralcastalla.com\/nl\/wp-content\/uploads\/sites\/6\/2025\/01\/20241226_160847-Editada-300x225.jpg 300w, https:\/\/casaruralcastalla.com\/nl\/wp-content\/uploads\/sites\/6\/2025\/01\/20241226_160847-Editada-768x576.jpg 768w, https:\/\/casaruralcastalla.com\/nl\/wp-content\/uploads\/sites\/6\/2025\/01\/20241226_160847-Editada-1536x1152.jpg 1536w, https:\/\/casaruralcastalla.com\/nl\/wp-content\/uploads\/sites\/6\/2025\/01\/20241226_160847-Editada-2048x1536.jpg 2048w, https:\/\/casaruralcastalla.com\/nl\/wp-content\/uploads\/sites\/6\/2025\/01\/20241226_160847-Editada-892x669.jpg 892w, https:\/\/casaruralcastalla.com\/nl\/wp-content\/uploads\/sites\/6\/2025\/01\/20241226_160847-Editada-1350x1013.jpg 1350w\" sizes=\"(max-width: 1024px) 100vw, 1024px\" \/><\/a><\/figure>\n\n\n\n<figure class=\"wp-block-image size-large\"><a href=\"https:\/\/casaruralcastalla.com\/nl\/wp-content\/uploads\/sites\/6\/2025\/01\/20241226_164945-Editada-scaled.jpg\"><img decoding=\"async\" width=\"1024\" height=\"768\" data-id=\"1669\" src=\"https:\/\/casaruralcastalla.com\/nl\/wp-content\/uploads\/sites\/6\/2025\/01\/20241226_164945-Editada-1024x768.jpg\" alt=\"Woon-eetkamer met een blauwe bank, ingelijste foto's en een lange houten tafel bij de ingang\" class=\"wp-image-1669\" srcset=\"https:\/\/casaruralcastalla.com\/nl\/wp-content\/uploads\/sites\/6\/2025\/01\/20241226_164945-Editada-1024x768.jpg 1024w, https:\/\/casaruralcastalla.com\/nl\/wp-content\/uploads\/sites\/6\/2025\/01\/20241226_164945-Editada-300x225.jpg 300w, https:\/\/casaruralcastalla.com\/nl\/wp-content\/uploads\/sites\/6\/2025\/01\/20241226_164945-Editada-768x576.jpg 768w, https:\/\/casaruralcastalla.com\/nl\/wp-content\/uploads\/sites\/6\/2025\/01\/20241226_164945-Editada-1536x1152.jpg 1536w, https:\/\/casaruralcastalla.com\/nl\/wp-content\/uploads\/sites\/6\/2025\/01\/20241226_164945-Editada-2048x1536.jpg 2048w, https:\/\/casaruralcastalla.com\/nl\/wp-content\/uploads\/sites\/6\/2025\/01\/20241226_164945-Editada-892x669.jpg 892w, https:\/\/casaruralcastalla.com\/nl\/wp-content\/uploads\/sites\/6\/2025\/01\/20241226_164945-Editada-1350x1013.jpg 1350w\" sizes=\"(max-width: 1024px) 100vw, 1024px\" \/><\/a><\/figure>\n\n\n\n<figure class=\"wp-block-image size-large\"><a href=\"https:\/\/casaruralcastalla.com\/nl\/wp-content\/uploads\/sites\/6\/2025\/01\/20241226_165150-Editada-scaled.jpg\"><img decoding=\"async\" width=\"1024\" height=\"576\" data-id=\"1650\" src=\"https:\/\/casaruralcastalla.com\/nl\/wp-content\/uploads\/sites\/6\/2025\/01\/20241226_165150-Editada-1024x576.jpg\" alt=\"Eettafel met kleurrijke stoelen en zwart-witfoto's van het oude Castalla aan de muur\" class=\"wp-image-1650\" srcset=\"https:\/\/casaruralcastalla.com\/nl\/wp-content\/uploads\/sites\/6\/2025\/01\/20241226_165150-Editada-1024x576.jpg 1024w, https:\/\/casaruralcastalla.com\/nl\/wp-content\/uploads\/sites\/6\/2025\/01\/20241226_165150-Editada-300x169.jpg 300w, https:\/\/casaruralcastalla.com\/nl\/wp-content\/uploads\/sites\/6\/2025\/01\/20241226_165150-Editada-768x432.jpg 768w, https:\/\/casaruralcastalla.com\/nl\/wp-content\/uploads\/sites\/6\/2025\/01\/20241226_165150-Editada-1536x864.jpg 1536w, https:\/\/casaruralcastalla.com\/nl\/wp-content\/uploads\/sites\/6\/2025\/01\/20241226_165150-Editada-2048x1153.jpg 2048w, https:\/\/casaruralcastalla.com\/nl\/wp-content\/uploads\/sites\/6\/2025\/01\/20241226_165150-Editada-892x502.jpg 892w, https:\/\/casaruralcastalla.com\/nl\/wp-content\/uploads\/sites\/6\/2025\/01\/20241226_165150-Editada-1350x760.jpg 1350w\" sizes=\"(max-width: 1024px) 100vw, 1024px\" \/><\/a><\/figure>\n\n\n\n<figure class=\"wp-block-image size-large\"><a href=\"https:\/\/casaruralcastalla.com\/nl\/wp-content\/uploads\/sites\/6\/2025\/01\/20241227_154717-Editada-scaled.jpg\"><img decoding=\"async\" width=\"1024\" height=\"768\" data-id=\"1664\" src=\"https:\/\/casaruralcastalla.com\/nl\/wp-content\/uploads\/sites\/6\/2025\/01\/20241227_154717-Editada-1024x768.jpg\" alt=\"Volledig uitgeruste keuken met een retro turkooizen koelkast, gele tegels en een orchidee op het aanrecht\" class=\"wp-image-1664\" srcset=\"https:\/\/casaruralcastalla.com\/nl\/wp-content\/uploads\/sites\/6\/2025\/01\/20241227_154717-Editada-1024x768.jpg 1024w, https:\/\/casaruralcastalla.com\/nl\/wp-content\/uploads\/sites\/6\/2025\/01\/20241227_154717-Editada-300x225.jpg 300w, https:\/\/casaruralcastalla.com\/nl\/wp-content\/uploads\/sites\/6\/2025\/01\/20241227_154717-Editada-768x576.jpg 768w, https:\/\/casaruralcastalla.com\/nl\/wp-content\/uploads\/sites\/6\/2025\/01\/20241227_154717-Editada-1536x1152.jpg 1536w, https:\/\/casaruralcastalla.com\/nl\/wp-content\/uploads\/sites\/6\/2025\/01\/20241227_154717-Editada-2048x1536.jpg 2048w, https:\/\/casaruralcastalla.com\/nl\/wp-content\/uploads\/sites\/6\/2025\/01\/20241227_154717-Editada-892x669.jpg 892w, https:\/\/casaruralcastalla.com\/nl\/wp-content\/uploads\/sites\/6\/2025\/01\/20241227_154717-Editada-1350x1013.jpg 1350w\" sizes=\"(max-width: 1024px) 100vw, 1024px\" \/><\/a><\/figure>\n\n\n\n<figure class=\"wp-block-image size-large\"><a href=\"https:\/\/casaruralcastalla.com\/nl\/wp-content\/uploads\/sites\/6\/2025\/01\/20241227_154816-Editada-scaled.jpg\"><img decoding=\"async\" width=\"1024\" height=\"768\" data-id=\"1662\" src=\"https:\/\/casaruralcastalla.com\/nl\/wp-content\/uploads\/sites\/6\/2025\/01\/20241227_154816-Editada-1024x768.jpg\" alt=\"Keuken gezien vanuit de deuropening, met oven, wandklok en een houten vitrinekast\" class=\"wp-image-1662\" srcset=\"https:\/\/casaruralcastalla.com\/nl\/wp-content\/uploads\/sites\/6\/2025\/01\/20241227_154816-Editada-1024x768.jpg 1024w, https:\/\/casaruralcastalla.com\/nl\/wp-content\/uploads\/sites\/6\/2025\/01\/20241227_154816-Editada-300x225.jpg 300w, https:\/\/casaruralcastalla.com\/nl\/wp-content\/uploads\/sites\/6\/2025\/01\/20241227_154816-Editada-768x576.jpg 768w, https:\/\/casaruralcastalla.com\/nl\/wp-content\/uploads\/sites\/6\/2025\/01\/20241227_154816-Editada-1536x1152.jpg 1536w, https:\/\/casaruralcastalla.com\/nl\/wp-content\/uploads\/sites\/6\/2025\/01\/20241227_154816-Editada-2048x1536.jpg 2048w, https:\/\/casaruralcastalla.com\/nl\/wp-content\/uploads\/sites\/6\/2025\/01\/20241227_154816-Editada-892x669.jpg 892w, https:\/\/casaruralcastalla.com\/nl\/wp-content\/uploads\/sites\/6\/2025\/01\/20241227_154816-Editada-1350x1013.jpg 1350w\" sizes=\"(max-width: 1024px) 100vw, 1024px\" \/><\/a><\/figure>\n\n\n\n<figure class=\"wp-block-image size-large\"><a href=\"https:\/\/casaruralcastalla.com\/nl\/wp-content\/uploads\/sites\/6\/2025\/01\/20241227_154833-Editada-scaled.jpg\"><img decoding=\"async\" width=\"1024\" height=\"768\" data-id=\"1658\" src=\"https:\/\/casaruralcastalla.com\/nl\/wp-content\/uploads\/sites\/6\/2025\/01\/20241227_154833-Editada-1024x768.jpg\" alt=\"Keukenblad met inductiekookplaat, retro turkooizen magnetron en koffiezetapparaat\" class=\"wp-image-1658\" srcset=\"https:\/\/casaruralcastalla.com\/nl\/wp-content\/uploads\/sites\/6\/2025\/01\/20241227_154833-Editada-1024x768.jpg 1024w, https:\/\/casaruralcastalla.com\/nl\/wp-content\/uploads\/sites\/6\/2025\/01\/20241227_154833-Editada-300x225.jpg 300w, https:\/\/casaruralcastalla.com\/nl\/wp-content\/uploads\/sites\/6\/2025\/01\/20241227_154833-Editada-768x576.jpg 768w, https:\/\/casaruralcastalla.com\/nl\/wp-content\/uploads\/sites\/6\/2025\/01\/20241227_154833-Editada-1536x1152.jpg 1536w, https:\/\/casaruralcastalla.com\/nl\/wp-content\/uploads\/sites\/6\/2025\/01\/20241227_154833-Editada-2048x1536.jpg 2048w, https:\/\/casaruralcastalla.com\/nl\/wp-content\/uploads\/sites\/6\/2025\/01\/20241227_154833-Editada-892x669.jpg 892w, https:\/\/casaruralcastalla.com\/nl\/wp-content\/uploads\/sites\/6\/2025\/01\/20241227_154833-Editada-1350x1013.jpg 1350w\" sizes=\"(max-width: 1024px) 100vw, 1024px\" \/><\/a><\/figure>\n\n\n\n<figure class=\"wp-block-image size-large\"><a href=\"https:\/\/casaruralcastalla.com\/nl\/wp-content\/uploads\/sites\/6\/2025\/01\/20241227_154900-Editada-scaled.jpg\"><img decoding=\"async\" width=\"1024\" height=\"768\" data-id=\"1665\" src=\"https:\/\/casaruralcastalla.com\/nl\/wp-content\/uploads\/sites\/6\/2025\/01\/20241227_154900-Editada-1024x768.jpg\" alt=\"Turkooizen espressomachine in retrostijl, met kopjes en schoteltjes klaargezet op het aanrecht\" class=\"wp-image-1665\" srcset=\"https:\/\/casaruralcastalla.com\/nl\/wp-content\/uploads\/sites\/6\/2025\/01\/20241227_154900-Editada-1024x768.jpg 1024w, https:\/\/casaruralcastalla.com\/nl\/wp-content\/uploads\/sites\/6\/2025\/01\/20241227_154900-Editada-300x225.jpg 300w, https:\/\/casaruralcastalla.com\/nl\/wp-content\/uploads\/sites\/6\/2025\/01\/20241227_154900-Editada-768x576.jpg 768w, https:\/\/casaruralcastalla.com\/nl\/wp-content\/uploads\/sites\/6\/2025\/01\/20241227_154900-Editada-1536x1152.jpg 1536w, https:\/\/casaruralcastalla.com\/nl\/wp-content\/uploads\/sites\/6\/2025\/01\/20241227_154900-Editada-2048x1536.jpg 2048w, https:\/\/casaruralcastalla.com\/nl\/wp-content\/uploads\/sites\/6\/2025\/01\/20241227_154900-Editada-892x669.jpg 892w, https:\/\/casaruralcastalla.com\/nl\/wp-content\/uploads\/sites\/6\/2025\/01\/20241227_154900-Editada-1350x1013.jpg 1350w\" sizes=\"(max-width: 1024px) 100vw, 1024px\" \/><\/a><\/figure>\n\n\n\n<figure class=\"wp-block-image size-large\"><a href=\"https:\/\/casaruralcastalla.com\/nl\/wp-content\/uploads\/sites\/6\/2026\/08\/casa-rural-castalla-dormitorio-1-04.jpg\"><img decoding=\"async\" width=\"1024\" height=\"683\" data-id=\"5624\" src=\"https:\/\/casaruralcastalla.com\/nl\/wp-content\/uploads\/sites\/6\/2026\/08\/casa-rural-castalla-dormitorio-1-04-1024x683.jpg\" alt=\"Tweepersoonsbed van de hoofdslaapkamer van Casa Rural Castalla met toegang tot het balkon\" class=\"wp-image-5624\" srcset=\"https:\/\/casaruralcastalla.com\/nl\/wp-content\/uploads\/sites\/6\/2026\/08\/casa-rural-castalla-dormitorio-1-04-1024x683.jpg 1024w, https:\/\/casaruralcastalla.com\/nl\/wp-content\/uploads\/sites\/6\/2026\/08\/casa-rural-castalla-dormitorio-1-04-300x200.jpg 300w, https:\/\/casaruralcastalla.com\/nl\/wp-content\/uploads\/sites\/6\/2026\/08\/casa-rural-castalla-dormitorio-1-04-768x512.jpg 768w, https:\/\/casaruralcastalla.com\/nl\/wp-content\/uploads\/sites\/6\/2026\/08\/casa-rural-castalla-dormitorio-1-04-1536x1024.jpg 1536w, https:\/\/casaruralcastalla.com\/nl\/wp-content\/uploads\/sites\/6\/2026\/08\/casa-rural-castalla-dormitorio-1-04-892x595.jpg 892w, https:\/\/casaruralcastalla.com\/nl\/wp-content\/uploads\/sites\/6\/2026\/08\/casa-rural-castalla-dormitorio-1-04-1350x900.jpg 1350w, https:\/\/casaruralcastalla.com\/nl\/wp-content\/uploads\/sites\/6\/2026\/08\/casa-rural-castalla-dormitorio-1-04.jpg 1920w\" sizes=\"(max-width: 1024px) 100vw, 1024px\" \/><\/a><\/figure>\n\n\n\n<figure class=\"wp-block-image size-large\"><a href=\"https:\/\/casaruralcastalla.com\/nl\/wp-content\/uploads\/sites\/6\/2026\/08\/casa-rural-castalla-dormitorio-1-03.jpg\"><img decoding=\"async\" width=\"1024\" height=\"683\" data-id=\"5623\" src=\"https:\/\/casaruralcastalla.com\/nl\/wp-content\/uploads\/sites\/6\/2026\/08\/casa-rural-castalla-dormitorio-1-03-1024x683.jpg\" alt=\"Hoofdslaapkamer van Casa Rural Castalla met televisie, tweepersoonsbed en balkon onder de houten balken\" class=\"wp-image-5623\" srcset=\"https:\/\/casaruralcastalla.com\/nl\/wp-content\/uploads\/sites\/6\/2026\/08\/casa-rural-castalla-dormitorio-1-03-1024x683.jpg 1024w, https:\/\/casaruralcastalla.com\/nl\/wp-content\/uploads\/sites\/6\/2026\/08\/casa-rural-castalla-dormitorio-1-03-300x200.jpg 300w, https:\/\/casaruralcastalla.com\/nl\/wp-content\/uploads\/sites\/6\/2026\/08\/casa-rural-castalla-dormitorio-1-03-768x512.jpg 768w, https:\/\/casaruralcastalla.com\/nl\/wp-content\/uploads\/sites\/6\/2026\/08\/casa-rural-castalla-dormitorio-1-03-1536x1024.jpg 1536w, https:\/\/casaruralcastalla.com\/nl\/wp-content\/uploads\/sites\/6\/2026\/08\/casa-rural-castalla-dormitorio-1-03-892x595.jpg 892w, https:\/\/casaruralcastalla.com\/nl\/wp-content\/uploads\/sites\/6\/2026\/08\/casa-rural-castalla-dormitorio-1-03-1350x900.jpg 1350w, https:\/\/casaruralcastalla.com\/nl\/wp-content\/uploads\/sites\/6\/2026\/08\/casa-rural-castalla-dormitorio-1-03.jpg 1920w\" sizes=\"(max-width: 1024px) 100vw, 1024px\" \/><\/a><\/figure>\n\n\n\n<figure class=\"wp-block-image size-large\"><a href=\"https:\/\/casaruralcastalla.com\/nl\/wp-content\/uploads\/sites\/6\/2026\/08\/casa-rural-castalla-dormitorio-1-08-scaled.jpg\"><img decoding=\"async\" width=\"683\" height=\"1024\" data-id=\"5667\" src=\"https:\/\/casaruralcastalla.com\/nl\/wp-content\/uploads\/sites\/6\/2026\/08\/casa-rural-castalla-dormitorio-1-08-683x1024.jpg\" alt=\"Smeedijzeren lamp op het nachtkastje van de hoofdslaapkamer van Casa Rural Castalla\" class=\"wp-image-5667\" srcset=\"https:\/\/casaruralcastalla.com\/nl\/wp-content\/uploads\/sites\/6\/2026\/08\/casa-rural-castalla-dormitorio-1-08-683x1024.jpg 683w, https:\/\/casaruralcastalla.com\/nl\/wp-content\/uploads\/sites\/6\/2026\/08\/casa-rural-castalla-dormitorio-1-08-200x300.jpg 200w, https:\/\/casaruralcastalla.com\/nl\/wp-content\/uploads\/sites\/6\/2026\/08\/casa-rural-castalla-dormitorio-1-08-768x1152.jpg 768w, https:\/\/casaruralcastalla.com\/nl\/wp-content\/uploads\/sites\/6\/2026\/08\/casa-rural-castalla-dormitorio-1-08-1024x1536.jpg 1024w, https:\/\/casaruralcastalla.com\/nl\/wp-content\/uploads\/sites\/6\/2026\/08\/casa-rural-castalla-dormitorio-1-08-1365x2048.jpg 1365w, https:\/\/casaruralcastalla.com\/nl\/wp-content\/uploads\/sites\/6\/2026\/08\/casa-rural-castalla-dormitorio-1-08-892x1338.jpg 892w, https:\/\/casaruralcastalla.com\/nl\/wp-content\/uploads\/sites\/6\/2026\/08\/casa-rural-castalla-dormitorio-1-08-1350x2025.jpg 1350w, https:\/\/casaruralcastalla.com\/nl\/wp-content\/uploads\/sites\/6\/2026\/08\/casa-rural-castalla-dormitorio-1-08-scaled.jpg 1707w\" sizes=\"(max-width: 683px) 100vw, 683px\" \/><\/a><\/figure>\n\n\n\n<figure class=\"wp-block-image size-large\"><a href=\"https:\/\/casaruralcastalla.com\/nl\/wp-content\/uploads\/sites\/6\/2026\/08\/casa-rural-castalla-dormitorio-1-07-scaled.jpg\"><img decoding=\"async\" width=\"683\" height=\"1024\" data-id=\"5666\" src=\"https:\/\/casaruralcastalla.com\/nl\/wp-content\/uploads\/sites\/6\/2026\/08\/casa-rural-castalla-dormitorio-1-07-683x1024.jpg\" alt=\"Opgevouwen handdoeken op het bed van de hoofdslaapkamer van Casa Rural Castalla\" class=\"wp-image-5666\" srcset=\"https:\/\/casaruralcastalla.com\/nl\/wp-content\/uploads\/sites\/6\/2026\/08\/casa-rural-castalla-dormitorio-1-07-683x1024.jpg 683w, https:\/\/casaruralcastalla.com\/nl\/wp-content\/uploads\/sites\/6\/2026\/08\/casa-rural-castalla-dormitorio-1-07-200x300.jpg 200w, https:\/\/casaruralcastalla.com\/nl\/wp-content\/uploads\/sites\/6\/2026\/08\/casa-rural-castalla-dormitorio-1-07-768x1152.jpg 768w, https:\/\/casaruralcastalla.com\/nl\/wp-content\/uploads\/sites\/6\/2026\/08\/casa-rural-castalla-dormitorio-1-07-1024x1536.jpg 1024w, https:\/\/casaruralcastalla.com\/nl\/wp-content\/uploads\/sites\/6\/2026\/08\/casa-rural-castalla-dormitorio-1-07-1365x2048.jpg 1365w, https:\/\/casaruralcastalla.com\/nl\/wp-content\/uploads\/sites\/6\/2026\/08\/casa-rural-castalla-dormitorio-1-07-892x1338.jpg 892w, https:\/\/casaruralcastalla.com\/nl\/wp-content\/uploads\/sites\/6\/2026\/08\/casa-rural-castalla-dormitorio-1-07-1350x2025.jpg 1350w, https:\/\/casaruralcastalla.com\/nl\/wp-content\/uploads\/sites\/6\/2026\/08\/casa-rural-castalla-dormitorio-1-07-scaled.jpg 1707w\" sizes=\"(max-width: 683px) 100vw, 683px\" \/><\/a><\/figure>\n\n\n\n<figure class=\"wp-block-image size-large\"><a href=\"https:\/\/casaruralcastalla.com\/nl\/wp-content\/uploads\/sites\/6\/2026\/08\/casa-rural-castalla-dormitorio-3-verde-01.jpg\"><img decoding=\"async\" width=\"1024\" height=\"683\" data-id=\"5647\" src=\"https:\/\/casaruralcastalla.com\/nl\/wp-content\/uploads\/sites\/6\/2026\/08\/casa-rural-castalla-dormitorio-3-verde-01-1024x683.jpg\" alt=\"Slaapkamer van Casa Rural Castalla in groentinten, met houten balken, kledingkast en kilimtapijt\" class=\"wp-image-5647\" srcset=\"https:\/\/casaruralcastalla.com\/nl\/wp-content\/uploads\/sites\/6\/2026\/08\/casa-rural-castalla-dormitorio-3-verde-01-1024x683.jpg 1024w, https:\/\/casaruralcastalla.com\/nl\/wp-content\/uploads\/sites\/6\/2026\/08\/casa-rural-castalla-dormitorio-3-verde-01-300x200.jpg 300w, https:\/\/casaruralcastalla.com\/nl\/wp-content\/uploads\/sites\/6\/2026\/08\/casa-rural-castalla-dormitorio-3-verde-01-768x512.jpg 768w, https:\/\/casaruralcastalla.com\/nl\/wp-content\/uploads\/sites\/6\/2026\/08\/casa-rural-castalla-dormitorio-3-verde-01-1536x1024.jpg 1536w, https:\/\/casaruralcastalla.com\/nl\/wp-content\/uploads\/sites\/6\/2026\/08\/casa-rural-castalla-dormitorio-3-verde-01-892x595.jpg 892w, https:\/\/casaruralcastalla.com\/nl\/wp-content\/uploads\/sites\/6\/2026\/08\/casa-rural-castalla-dormitorio-3-verde-01-1350x900.jpg 1350w, https:\/\/casaruralcastalla.com\/nl\/wp-content\/uploads\/sites\/6\/2026\/08\/casa-rural-castalla-dormitorio-3-verde-01.jpg 1920w\" sizes=\"(max-width: 1024px) 100vw, 1024px\" \/><\/a><\/figure>\n\n\n\n<figure class=\"wp-block-image size-large\"><a href=\"https:\/\/casaruralcastalla.com\/nl\/wp-content\/uploads\/sites\/6\/2026\/08\/casa-rural-castalla-dormitorio-3-verde-02.jpg\"><img decoding=\"async\" width=\"1024\" height=\"683\" data-id=\"5675\" src=\"https:\/\/casaruralcastalla.com\/nl\/wp-content\/uploads\/sites\/6\/2026\/08\/casa-rural-castalla-dormitorio-3-verde-02-1024x683.jpg\" alt=\"Groene slaapkamer van Casa Rural Castalla met de deur open naar de overloop en het kilimtapijt\" class=\"wp-image-5675\" srcset=\"https:\/\/casaruralcastalla.com\/nl\/wp-content\/uploads\/sites\/6\/2026\/08\/casa-rural-castalla-dormitorio-3-verde-02-1024x683.jpg 1024w, https:\/\/casaruralcastalla.com\/nl\/wp-content\/uploads\/sites\/6\/2026\/08\/casa-rural-castalla-dormitorio-3-verde-02-300x200.jpg 300w, https:\/\/casaruralcastalla.com\/nl\/wp-content\/uploads\/sites\/6\/2026\/08\/casa-rural-castalla-dormitorio-3-verde-02-768x512.jpg 768w, https:\/\/casaruralcastalla.com\/nl\/wp-content\/uploads\/sites\/6\/2026\/08\/casa-rural-castalla-dormitorio-3-verde-02-1536x1024.jpg 1536w, https:\/\/casaruralcastalla.com\/nl\/wp-content\/uploads\/sites\/6\/2026\/08\/casa-rural-castalla-dormitorio-3-verde-02-892x595.jpg 892w, https:\/\/casaruralcastalla.com\/nl\/wp-content\/uploads\/sites\/6\/2026\/08\/casa-rural-castalla-dormitorio-3-verde-02-1350x900.jpg 1350w, https:\/\/casaruralcastalla.com\/nl\/wp-content\/uploads\/sites\/6\/2026\/08\/casa-rural-castalla-dormitorio-3-verde-02.jpg 1920w\" sizes=\"(max-width: 1024px) 100vw, 1024px\" \/><\/a><\/figure>\n\n\n\n<figure class=\"wp-block-image size-large\"><a href=\"https:\/\/casaruralcastalla.com\/nl\/wp-content\/uploads\/sites\/6\/2026\/08\/casa-rural-castalla-dormitorio-3-verde-03-scaled.jpg\"><img decoding=\"async\" width=\"683\" height=\"1024\" data-id=\"5676\" src=\"https:\/\/casaruralcastalla.com\/nl\/wp-content\/uploads\/sites\/6\/2026\/08\/casa-rural-castalla-dormitorio-3-verde-03-683x1024.jpg\" alt=\"Bed van de groene slaapkamer van Casa Rural Castalla met handdoeken en een houten raam\" class=\"wp-image-5676\" srcset=\"https:\/\/casaruralcastalla.com\/nl\/wp-content\/uploads\/sites\/6\/2026\/08\/casa-rural-castalla-dormitorio-3-verde-03-683x1024.jpg 683w, https:\/\/casaruralcastalla.com\/nl\/wp-content\/uploads\/sites\/6\/2026\/08\/casa-rural-castalla-dormitorio-3-verde-03-200x300.jpg 200w, https:\/\/casaruralcastalla.com\/nl\/wp-content\/uploads\/sites\/6\/2026\/08\/casa-rural-castalla-dormitorio-3-verde-03-768x1152.jpg 768w, https:\/\/casaruralcastalla.com\/nl\/wp-content\/uploads\/sites\/6\/2026\/08\/casa-rural-castalla-dormitorio-3-verde-03-1024x1536.jpg 1024w, https:\/\/casaruralcastalla.com\/nl\/wp-content\/uploads\/sites\/6\/2026\/08\/casa-rural-castalla-dormitorio-3-verde-03-1365x2048.jpg 1365w, https:\/\/casaruralcastalla.com\/nl\/wp-content\/uploads\/sites\/6\/2026\/08\/casa-rural-castalla-dormitorio-3-verde-03-892x1338.jpg 892w, https:\/\/casaruralcastalla.com\/nl\/wp-content\/uploads\/sites\/6\/2026\/08\/casa-rural-castalla-dormitorio-3-verde-03-1350x2025.jpg 1350w, https:\/\/casaruralcastalla.com\/nl\/wp-content\/uploads\/sites\/6\/2026\/08\/casa-rural-castalla-dormitorio-3-verde-03-scaled.jpg 1707w\" sizes=\"(max-width: 683px) 100vw, 683px\" \/><\/a><\/figure>\n\n\n\n<figure class=\"wp-block-image size-large\"><a href=\"https:\/\/casaruralcastalla.com\/nl\/wp-content\/uploads\/sites\/6\/2026\/08\/casa-rural-castalla-sala-de-juegos-01.jpg\"><img decoding=\"async\" width=\"1024\" height=\"683\" data-id=\"5683\" src=\"https:\/\/casaruralcastalla.com\/nl\/wp-content\/uploads\/sites\/6\/2026\/08\/casa-rural-castalla-sala-de-juegos-01-1024x683.jpg\" alt=\"Speelkamer van Casa Rural Castalla in mauve tinten, met bed en een houten raam naar het balkon\" class=\"wp-image-5683\" srcset=\"https:\/\/casaruralcastalla.com\/nl\/wp-content\/uploads\/sites\/6\/2026\/08\/casa-rural-castalla-sala-de-juegos-01-1024x683.jpg 1024w, https:\/\/casaruralcastalla.com\/nl\/wp-content\/uploads\/sites\/6\/2026\/08\/casa-rural-castalla-sala-de-juegos-01-300x200.jpg 300w, https:\/\/casaruralcastalla.com\/nl\/wp-content\/uploads\/sites\/6\/2026\/08\/casa-rural-castalla-sala-de-juegos-01-768x512.jpg 768w, https:\/\/casaruralcastalla.com\/nl\/wp-content\/uploads\/sites\/6\/2026\/08\/casa-rural-castalla-sala-de-juegos-01-1536x1024.jpg 1536w, https:\/\/casaruralcastalla.com\/nl\/wp-content\/uploads\/sites\/6\/2026\/08\/casa-rural-castalla-sala-de-juegos-01-892x595.jpg 892w, https:\/\/casaruralcastalla.com\/nl\/wp-content\/uploads\/sites\/6\/2026\/08\/casa-rural-castalla-sala-de-juegos-01-1350x900.jpg 1350w, https:\/\/casaruralcastalla.com\/nl\/wp-content\/uploads\/sites\/6\/2026\/08\/casa-rural-castalla-sala-de-juegos-01.jpg 1920w\" sizes=\"(max-width: 1024px) 100vw, 1024px\" \/><\/a><\/figure>\n\n\n\n<figure class=\"wp-block-image size-large\"><a href=\"https:\/\/casaruralcastalla.com\/nl\/wp-content\/uploads\/sites\/6\/2026\/08\/casa-rural-castalla-buhardilla-02.jpg\"><img decoding=\"async\" width=\"1024\" height=\"683\" data-id=\"5634\" src=\"https:\/\/casaruralcastalla.com\/nl\/wp-content\/uploads\/sites\/6\/2026\/08\/casa-rural-castalla-buhardilla-02-1024x683.jpg\" alt=\"Bed op de zolderverdieping van Casa Rural Castalla, gescheiden van de zithoek door een houten scheidingswand\" class=\"wp-image-5634\" srcset=\"https:\/\/casaruralcastalla.com\/nl\/wp-content\/uploads\/sites\/6\/2026\/08\/casa-rural-castalla-buhardilla-02-1024x683.jpg 1024w, https:\/\/casaruralcastalla.com\/nl\/wp-content\/uploads\/sites\/6\/2026\/08\/casa-rural-castalla-buhardilla-02-300x200.jpg 300w, https:\/\/casaruralcastalla.com\/nl\/wp-content\/uploads\/sites\/6\/2026\/08\/casa-rural-castalla-buhardilla-02-768x512.jpg 768w, https:\/\/casaruralcastalla.com\/nl\/wp-content\/uploads\/sites\/6\/2026\/08\/casa-rural-castalla-buhardilla-02-1536x1024.jpg 1536w, https:\/\/casaruralcastalla.com\/nl\/wp-content\/uploads\/sites\/6\/2026\/08\/casa-rural-castalla-buhardilla-02-892x595.jpg 892w, https:\/\/casaruralcastalla.com\/nl\/wp-content\/uploads\/sites\/6\/2026\/08\/casa-rural-castalla-buhardilla-02-1350x900.jpg 1350w, https:\/\/casaruralcastalla.com\/nl\/wp-content\/uploads\/sites\/6\/2026\/08\/casa-rural-castalla-buhardilla-02.jpg 1920w\" sizes=\"(max-width: 1024px) 100vw, 1024px\" \/><\/a><\/figure>\n\n\n\n<figure class=\"wp-block-image size-large\"><a href=\"https:\/\/casaruralcastalla.com\/nl\/wp-content\/uploads\/sites\/6\/2026\/08\/casa-rural-castalla-buhardilla-03.jpg\"><img decoding=\"async\" width=\"1024\" height=\"683\" data-id=\"5635\" src=\"https:\/\/casaruralcastalla.com\/nl\/wp-content\/uploads\/sites\/6\/2026\/08\/casa-rural-castalla-buhardilla-03-1024x683.jpg\" alt=\"Zolderslaapkamer van Casa Rural Castalla met bed, bureau, kledingkast en een dakraam\" class=\"wp-image-5635\" srcset=\"https:\/\/casaruralcastalla.com\/nl\/wp-content\/uploads\/sites\/6\/2026\/08\/casa-rural-castalla-buhardilla-03-1024x683.jpg 1024w, https:\/\/casaruralcastalla.com\/nl\/wp-content\/uploads\/sites\/6\/2026\/08\/casa-rural-castalla-buhardilla-03-300x200.jpg 300w, https:\/\/casaruralcastalla.com\/nl\/wp-content\/uploads\/sites\/6\/2026\/08\/casa-rural-castalla-buhardilla-03-768x512.jpg 768w, https:\/\/casaruralcastalla.com\/nl\/wp-content\/uploads\/sites\/6\/2026\/08\/casa-rural-castalla-buhardilla-03-1536x1024.jpg 1536w, https:\/\/casaruralcastalla.com\/nl\/wp-content\/uploads\/sites\/6\/2026\/08\/casa-rural-castalla-buhardilla-03-892x595.jpg 892w, https:\/\/casaruralcastalla.com\/nl\/wp-content\/uploads\/sites\/6\/2026\/08\/casa-rural-castalla-buhardilla-03-1350x900.jpg 1350w, https:\/\/casaruralcastalla.com\/nl\/wp-content\/uploads\/sites\/6\/2026\/08\/casa-rural-castalla-buhardilla-03.jpg 1920w\" sizes=\"(max-width: 1024px) 100vw, 1024px\" \/><\/a><\/figure>\n\n\n\n<figure class=\"wp-block-image size-large\"><a href=\"https:\/\/casaruralcastalla.com\/nl\/wp-content\/uploads\/sites\/6\/2026\/08\/casa-rural-castalla-buhardilla-05.jpg\"><img decoding=\"async\" width=\"1024\" height=\"683\" data-id=\"5637\" src=\"https:\/\/casaruralcastalla.com\/nl\/wp-content\/uploads\/sites\/6\/2026\/08\/casa-rural-castalla-buhardilla-05-1024x683.jpg\" alt=\"Zithoek op de zolderverdieping van Casa Rural Castalla met boekenkast, salontafel en de trap naar boven\" class=\"wp-image-5637\" srcset=\"https:\/\/casaruralcastalla.com\/nl\/wp-content\/uploads\/sites\/6\/2026\/08\/casa-rural-castalla-buhardilla-05-1024x683.jpg 1024w, https:\/\/casaruralcastalla.com\/nl\/wp-content\/uploads\/sites\/6\/2026\/08\/casa-rural-castalla-buhardilla-05-300x200.jpg 300w, https:\/\/casaruralcastalla.com\/nl\/wp-content\/uploads\/sites\/6\/2026\/08\/casa-rural-castalla-buhardilla-05-768x512.jpg 768w, https:\/\/casaruralcastalla.com\/nl\/wp-content\/uploads\/sites\/6\/2026\/08\/casa-rural-castalla-buhardilla-05-1536x1024.jpg 1536w, https:\/\/casaruralcastalla.com\/nl\/wp-content\/uploads\/sites\/6\/2026\/08\/casa-rural-castalla-buhardilla-05-892x595.jpg 892w, https:\/\/casaruralcastalla.com\/nl\/wp-content\/uploads\/sites\/6\/2026\/08\/casa-rural-castalla-buhardilla-05-1350x900.jpg 1350w, https:\/\/casaruralcastalla.com\/nl\/wp-content\/uploads\/sites\/6\/2026\/08\/casa-rural-castalla-buhardilla-05.jpg 1920w\" sizes=\"(max-width: 1024px) 100vw, 1024px\" \/><\/a><\/figure>\n\n\n\n<figure class=\"wp-block-image size-large\"><a href=\"https:\/\/casaruralcastalla.com\/nl\/wp-content\/uploads\/sites\/6\/2026\/08\/casa-rural-castalla-buhardilla-06-scaled.jpg\"><img decoding=\"async\" width=\"683\" height=\"1024\" data-id=\"5678\" src=\"https:\/\/casaruralcastalla.com\/nl\/wp-content\/uploads\/sites\/6\/2026\/08\/casa-rural-castalla-buhardilla-06-683x1024.jpg\" alt=\"Houten trap met smeedijzeren leuning naar de zolderverdieping van Casa Rural Castalla\" class=\"wp-image-5678\" srcset=\"https:\/\/casaruralcastalla.com\/nl\/wp-content\/uploads\/sites\/6\/2026\/08\/casa-rural-castalla-buhardilla-06-683x1024.jpg 683w, https:\/\/casaruralcastalla.com\/nl\/wp-content\/uploads\/sites\/6\/2026\/08\/casa-rural-castalla-buhardilla-06-200x300.jpg 200w, https:\/\/casaruralcastalla.com\/nl\/wp-content\/uploads\/sites\/6\/2026\/08\/casa-rural-castalla-buhardilla-06-768x1152.jpg 768w, https:\/\/casaruralcastalla.com\/nl\/wp-content\/uploads\/sites\/6\/2026\/08\/casa-rural-castalla-buhardilla-06-1024x1536.jpg 1024w, https:\/\/casaruralcastalla.com\/nl\/wp-content\/uploads\/sites\/6\/2026\/08\/casa-rural-castalla-buhardilla-06-1365x2048.jpg 1365w, https:\/\/casaruralcastalla.com\/nl\/wp-content\/uploads\/sites\/6\/2026\/08\/casa-rural-castalla-buhardilla-06-892x1338.jpg 892w, https:\/\/casaruralcastalla.com\/nl\/wp-content\/uploads\/sites\/6\/2026\/08\/casa-rural-castalla-buhardilla-06-1350x2025.jpg 1350w, https:\/\/casaruralcastalla.com\/nl\/wp-content\/uploads\/sites\/6\/2026\/08\/casa-rural-castalla-buhardilla-06-scaled.jpg 1707w\" sizes=\"(max-width: 683px) 100vw, 683px\" \/><\/a><\/figure>\n\n\n\n<figure class=\"wp-block-image size-large\"><a href=\"https:\/\/casaruralcastalla.com\/nl\/wp-content\/uploads\/sites\/6\/2026\/08\/casa-rural-castalla-buhardilla-09-scaled.jpg\"><img decoding=\"async\" width=\"683\" height=\"1024\" data-id=\"5681\" src=\"https:\/\/casaruralcastalla.com\/nl\/wp-content\/uploads\/sites\/6\/2026\/08\/casa-rural-castalla-buhardilla-09-683x1024.jpg\" alt=\"Werkplek op de zolderverdieping van Casa Rural Castalla met bureau, ergonomische stoel en dakraam\" class=\"wp-image-5681\" srcset=\"https:\/\/casaruralcastalla.com\/nl\/wp-content\/uploads\/sites\/6\/2026\/08\/casa-rural-castalla-buhardilla-09-683x1024.jpg 683w, https:\/\/casaruralcastalla.com\/nl\/wp-content\/uploads\/sites\/6\/2026\/08\/casa-rural-castalla-buhardilla-09-200x300.jpg 200w, https:\/\/casaruralcastalla.com\/nl\/wp-content\/uploads\/sites\/6\/2026\/08\/casa-rural-castalla-buhardilla-09-768x1152.jpg 768w, https:\/\/casaruralcastalla.com\/nl\/wp-content\/uploads\/sites\/6\/2026\/08\/casa-rural-castalla-buhardilla-09-1024x1536.jpg 1024w, https:\/\/casaruralcastalla.com\/nl\/wp-content\/uploads\/sites\/6\/2026\/08\/casa-rural-castalla-buhardilla-09-1365x2048.jpg 1365w, https:\/\/casaruralcastalla.com\/nl\/wp-content\/uploads\/sites\/6\/2026\/08\/casa-rural-castalla-buhardilla-09-892x1338.jpg 892w, https:\/\/casaruralcastalla.com\/nl\/wp-content\/uploads\/sites\/6\/2026\/08\/casa-rural-castalla-buhardilla-09-1350x2025.jpg 1350w, https:\/\/casaruralcastalla.com\/nl\/wp-content\/uploads\/sites\/6\/2026\/08\/casa-rural-castalla-buhardilla-09-scaled.jpg 1707w\" sizes=\"(max-width: 683px) 100vw, 683px\" \/><\/a><\/figure>\n\n\n\n<figure class=\"wp-block-image size-large\"><a href=\"https:\/\/casaruralcastalla.com\/nl\/wp-content\/uploads\/sites\/6\/2025\/01\/20241227_161535-Editada-scaled.jpg\"><img decoding=\"async\" width=\"1024\" height=\"768\" data-id=\"1675\" src=\"https:\/\/casaruralcastalla.com\/nl\/wp-content\/uploads\/sites\/6\/2025\/01\/20241227_161535-Editada-1024x768.jpg\" alt=\"Zolderzithoek gezien vanaf de trap, met bank, hoogpolig vloerkleed en een raam met luiken\" class=\"wp-image-1675\" srcset=\"https:\/\/casaruralcastalla.com\/nl\/wp-content\/uploads\/sites\/6\/2025\/01\/20241227_161535-Editada-1024x768.jpg 1024w, https:\/\/casaruralcastalla.com\/nl\/wp-content\/uploads\/sites\/6\/2025\/01\/20241227_161535-Editada-300x225.jpg 300w, https:\/\/casaruralcastalla.com\/nl\/wp-content\/uploads\/sites\/6\/2025\/01\/20241227_161535-Editada-768x576.jpg 768w, https:\/\/casaruralcastalla.com\/nl\/wp-content\/uploads\/sites\/6\/2025\/01\/20241227_161535-Editada-1536x1152.jpg 1536w, https:\/\/casaruralcastalla.com\/nl\/wp-content\/uploads\/sites\/6\/2025\/01\/20241227_161535-Editada-2048x1536.jpg 2048w, https:\/\/casaruralcastalla.com\/nl\/wp-content\/uploads\/sites\/6\/2025\/01\/20241227_161535-Editada-892x669.jpg 892w, https:\/\/casaruralcastalla.com\/nl\/wp-content\/uploads\/sites\/6\/2025\/01\/20241227_161535-Editada-1350x1013.jpg 1350w\" sizes=\"(max-width: 1024px) 100vw, 1024px\" \/><\/a><\/figure>\n\n\n\n<figure class=\"wp-block-image size-large\"><a href=\"https:\/\/casaruralcastalla.com\/nl\/wp-content\/uploads\/sites\/6\/2025\/01\/20241227_160416-Editada-scaled.jpg\"><img decoding=\"async\" width=\"1024\" height=\"768\" data-id=\"1653\" src=\"https:\/\/casaruralcastalla.com\/nl\/wp-content\/uploads\/sites\/6\/2025\/01\/20241227_160416-Editada-1024x768.jpg\" alt=\"Zolderkamer met bank, salontafel, boekenkast met planten en een bureau onder het schuine dak\" class=\"wp-image-1653\" srcset=\"https:\/\/casaruralcastalla.com\/nl\/wp-content\/uploads\/sites\/6\/2025\/01\/20241227_160416-Editada-1024x768.jpg 1024w, https:\/\/casaruralcastalla.com\/nl\/wp-content\/uploads\/sites\/6\/2025\/01\/20241227_160416-Editada-300x225.jpg 300w, https:\/\/casaruralcastalla.com\/nl\/wp-content\/uploads\/sites\/6\/2025\/01\/20241227_160416-Editada-768x576.jpg 768w, https:\/\/casaruralcastalla.com\/nl\/wp-content\/uploads\/sites\/6\/2025\/01\/20241227_160416-Editada-1536x1152.jpg 1536w, https:\/\/casaruralcastalla.com\/nl\/wp-content\/uploads\/sites\/6\/2025\/01\/20241227_160416-Editada-2048x1536.jpg 2048w, https:\/\/casaruralcastalla.com\/nl\/wp-content\/uploads\/sites\/6\/2025\/01\/20241227_160416-Editada-892x669.jpg 892w, https:\/\/casaruralcastalla.com\/nl\/wp-content\/uploads\/sites\/6\/2025\/01\/20241227_160416-Editada-1350x1013.jpg 1350w\" sizes=\"(max-width: 1024px) 100vw, 1024px\" \/><\/a><\/figure>\n\n\n\n<figure class=\"wp-block-image size-large\"><a href=\"https:\/\/casaruralcastalla.com\/nl\/wp-content\/uploads\/sites\/6\/2026\/08\/casa-rural-castalla-apartamento-08.jpg\"><img decoding=\"async\" width=\"1024\" height=\"683\" data-id=\"5639\" src=\"https:\/\/casaruralcastalla.com\/nl\/wp-content\/uploads\/sites\/6\/2026\/08\/casa-rural-castalla-apartamento-08-1024x683.jpg\" alt=\"Appartement van Casa Rural Castalla met eigen keuken, eettafel en het kamerscherm dat het bed afscheidt\" class=\"wp-image-5639\" srcset=\"https:\/\/casaruralcastalla.com\/nl\/wp-content\/uploads\/sites\/6\/2026\/08\/casa-rural-castalla-apartamento-08-1024x683.jpg 1024w, https:\/\/casaruralcastalla.com\/nl\/wp-content\/uploads\/sites\/6\/2026\/08\/casa-rural-castalla-apartamento-08-300x200.jpg 300w, https:\/\/casaruralcastalla.com\/nl\/wp-content\/uploads\/sites\/6\/2026\/08\/casa-rural-castalla-apartamento-08-768x512.jpg 768w, https:\/\/casaruralcastalla.com\/nl\/wp-content\/uploads\/sites\/6\/2026\/08\/casa-rural-castalla-apartamento-08-1536x1024.jpg 1536w, https:\/\/casaruralcastalla.com\/nl\/wp-content\/uploads\/sites\/6\/2026\/08\/casa-rural-castalla-apartamento-08-892x595.jpg 892w, https:\/\/casaruralcastalla.com\/nl\/wp-content\/uploads\/sites\/6\/2026\/08\/casa-rural-castalla-apartamento-08-1350x900.jpg 1350w, https:\/\/casaruralcastalla.com\/nl\/wp-content\/uploads\/sites\/6\/2026\/08\/casa-rural-castalla-apartamento-08.jpg 1920w\" sizes=\"(max-width: 1024px) 100vw, 1024px\" \/><\/a><\/figure>\n\n\n\n<figure class=\"wp-block-image size-large\"><a href=\"https:\/\/casaruralcastalla.com\/nl\/wp-content\/uploads\/sites\/6\/2026\/08\/casa-rural-castalla-apartamento-04.jpg\"><img decoding=\"async\" width=\"1024\" height=\"683\" data-id=\"5640\" src=\"https:\/\/casaruralcastalla.com\/nl\/wp-content\/uploads\/sites\/6\/2026\/08\/casa-rural-castalla-apartamento-04-1024x683.jpg\" alt=\"Appartement van Casa Rural Castalla met bed, bank en een glazen tafel onder het houten plafond\" class=\"wp-image-5640\" srcset=\"https:\/\/casaruralcastalla.com\/nl\/wp-content\/uploads\/sites\/6\/2026\/08\/casa-rural-castalla-apartamento-04-1024x683.jpg 1024w, https:\/\/casaruralcastalla.com\/nl\/wp-content\/uploads\/sites\/6\/2026\/08\/casa-rural-castalla-apartamento-04-300x200.jpg 300w, https:\/\/casaruralcastalla.com\/nl\/wp-content\/uploads\/sites\/6\/2026\/08\/casa-rural-castalla-apartamento-04-768x512.jpg 768w, https:\/\/casaruralcastalla.com\/nl\/wp-content\/uploads\/sites\/6\/2026\/08\/casa-rural-castalla-apartamento-04-1536x1024.jpg 1536w, https:\/\/casaruralcastalla.com\/nl\/wp-content\/uploads\/sites\/6\/2026\/08\/casa-rural-castalla-apartamento-04-892x595.jpg 892w, https:\/\/casaruralcastalla.com\/nl\/wp-content\/uploads\/sites\/6\/2026\/08\/casa-rural-castalla-apartamento-04-1350x900.jpg 1350w, https:\/\/casaruralcastalla.com\/nl\/wp-content\/uploads\/sites\/6\/2026\/08\/casa-rural-castalla-apartamento-04.jpg 1920w\" sizes=\"(max-width: 1024px) 100vw, 1024px\" \/><\/a><\/figure>\n\n\n\n<figure class=\"wp-block-image size-large\"><a href=\"https:\/\/casaruralcastalla.com\/nl\/wp-content\/uploads\/sites\/6\/2026\/08\/casa-rural-castalla-apartamento-06.jpg\"><img decoding=\"async\" width=\"1024\" height=\"683\" data-id=\"5638\" src=\"https:\/\/casaruralcastalla.com\/nl\/wp-content\/uploads\/sites\/6\/2026\/08\/casa-rural-castalla-apartamento-06-1024x683.jpg\" alt=\"Appartement van Casa Rural Castalla met bed, een ronde eettafel en eigen keuken onder het houten plafond\" class=\"wp-image-5638\" srcset=\"https:\/\/casaruralcastalla.com\/nl\/wp-content\/uploads\/sites\/6\/2026\/08\/casa-rural-castalla-apartamento-06-1024x683.jpg 1024w, https:\/\/casaruralcastalla.com\/nl\/wp-content\/uploads\/sites\/6\/2026\/08\/casa-rural-castalla-apartamento-06-300x200.jpg 300w, https:\/\/casaruralcastalla.com\/nl\/wp-content\/uploads\/sites\/6\/2026\/08\/casa-rural-castalla-apartamento-06-768x512.jpg 768w, https:\/\/casaruralcastalla.com\/nl\/wp-content\/uploads\/sites\/6\/2026\/08\/casa-rural-castalla-apartamento-06-1536x1024.jpg 1536w, https:\/\/casaruralcastalla.com\/nl\/wp-content\/uploads\/sites\/6\/2026\/08\/casa-rural-castalla-apartamento-06-892x595.jpg 892w, https:\/\/casaruralcastalla.com\/nl\/wp-content\/uploads\/sites\/6\/2026\/08\/casa-rural-castalla-apartamento-06-1350x900.jpg 1350w, https:\/\/casaruralcastalla.com\/nl\/wp-content\/uploads\/sites\/6\/2026\/08\/casa-rural-castalla-apartamento-06.jpg 1920w\" sizes=\"(max-width: 1024px) 100vw, 1024px\" \/><\/a><\/figure>\n\n\n\n<figure class=\"wp-block-image size-large\"><a href=\"https:\/\/casaruralcastalla.com\/nl\/wp-content\/uploads\/sites\/6\/2026\/08\/casa-rural-castalla-apartamento-01.jpg\"><img decoding=\"async\" width=\"1024\" height=\"683\" data-id=\"5643\" src=\"https:\/\/casaruralcastalla.com\/nl\/wp-content\/uploads\/sites\/6\/2026\/08\/casa-rural-castalla-apartamento-01-1024x683.jpg\" alt=\"Keuken en eettafel van het appartement van Casa Rural Castalla, met groen meubilair en een koelkast\" class=\"wp-image-5643\" srcset=\"https:\/\/casaruralcastalla.com\/nl\/wp-content\/uploads\/sites\/6\/2026\/08\/casa-rural-castalla-apartamento-01-1024x683.jpg 1024w, https:\/\/casaruralcastalla.com\/nl\/wp-content\/uploads\/sites\/6\/2026\/08\/casa-rural-castalla-apartamento-01-300x200.jpg 300w, https:\/\/casaruralcastalla.com\/nl\/wp-content\/uploads\/sites\/6\/2026\/08\/casa-rural-castalla-apartamento-01-768x512.jpg 768w, https:\/\/casaruralcastalla.com\/nl\/wp-content\/uploads\/sites\/6\/2026\/08\/casa-rural-castalla-apartamento-01-1536x1024.jpg 1536w, https:\/\/casaruralcastalla.com\/nl\/wp-content\/uploads\/sites\/6\/2026\/08\/casa-rural-castalla-apartamento-01-892x595.jpg 892w, https:\/\/casaruralcastalla.com\/nl\/wp-content\/uploads\/sites\/6\/2026\/08\/casa-rural-castalla-apartamento-01-1350x900.jpg 1350w, https:\/\/casaruralcastalla.com\/nl\/wp-content\/uploads\/sites\/6\/2026\/08\/casa-rural-castalla-apartamento-01.jpg 1920w\" sizes=\"(max-width: 1024px) 100vw, 1024px\" \/><\/a><\/figure>\n\n\n\n<figure class=\"wp-block-image size-large\"><a href=\"https:\/\/casaruralcastalla.com\/nl\/wp-content\/uploads\/sites\/6\/2026\/08\/casa-rural-castalla-apartamento-05.jpg\"><img decoding=\"async\" width=\"1024\" height=\"683\" data-id=\"5641\" src=\"https:\/\/casaruralcastalla.com\/nl\/wp-content\/uploads\/sites\/6\/2026\/08\/casa-rural-castalla-apartamento-05-1024x683.jpg\" alt=\"Houten dressoir van het appartement van Casa Rural Castalla, met het bed op de achtergrond\" class=\"wp-image-5641\" srcset=\"https:\/\/casaruralcastalla.com\/nl\/wp-content\/uploads\/sites\/6\/2026\/08\/casa-rural-castalla-apartamento-05-1024x683.jpg 1024w, https:\/\/casaruralcastalla.com\/nl\/wp-content\/uploads\/sites\/6\/2026\/08\/casa-rural-castalla-apartamento-05-300x200.jpg 300w, https:\/\/casaruralcastalla.com\/nl\/wp-content\/uploads\/sites\/6\/2026\/08\/casa-rural-castalla-apartamento-05-768x512.jpg 768w, https:\/\/casaruralcastalla.com\/nl\/wp-content\/uploads\/sites\/6\/2026\/08\/casa-rural-castalla-apartamento-05-1536x1024.jpg 1536w, https:\/\/casaruralcastalla.com\/nl\/wp-content\/uploads\/sites\/6\/2026\/08\/casa-rural-castalla-apartamento-05-892x595.jpg 892w, https:\/\/casaruralcastalla.com\/nl\/wp-content\/uploads\/sites\/6\/2026\/08\/casa-rural-castalla-apartamento-05-1350x900.jpg 1350w, https:\/\/casaruralcastalla.com\/nl\/wp-content\/uploads\/sites\/6\/2026\/08\/casa-rural-castalla-apartamento-05.jpg 1920w\" sizes=\"(max-width: 1024px) 100vw, 1024px\" \/><\/a><\/figure>\n\n\n\n<figure class=\"wp-block-image size-large\"><a href=\"https:\/\/casaruralcastalla.com\/nl\/wp-content\/uploads\/sites\/6\/2026\/08\/casa-rural-castalla-apartamento-14-scaled.jpg\"><img decoding=\"async\" width=\"683\" height=\"1024\" data-id=\"5674\" src=\"https:\/\/casaruralcastalla.com\/nl\/wp-content\/uploads\/sites\/6\/2026\/08\/casa-rural-castalla-apartamento-14-683x1024.jpg\" alt=\"Espressomachine in de keuken van het appartement van Casa Rural Castalla\" class=\"wp-image-5674\" srcset=\"https:\/\/casaruralcastalla.com\/nl\/wp-content\/uploads\/sites\/6\/2026\/08\/casa-rural-castalla-apartamento-14-683x1024.jpg 683w, https:\/\/casaruralcastalla.com\/nl\/wp-content\/uploads\/sites\/6\/2026\/08\/casa-rural-castalla-apartamento-14-200x300.jpg 200w, https:\/\/casaruralcastalla.com\/nl\/wp-content\/uploads\/sites\/6\/2026\/08\/casa-rural-castalla-apartamento-14-768x1152.jpg 768w, https:\/\/casaruralcastalla.com\/nl\/wp-content\/uploads\/sites\/6\/2026\/08\/casa-rural-castalla-apartamento-14-1024x1536.jpg 1024w, https:\/\/casaruralcastalla.com\/nl\/wp-content\/uploads\/sites\/6\/2026\/08\/casa-rural-castalla-apartamento-14-1365x2048.jpg 1365w, https:\/\/casaruralcastalla.com\/nl\/wp-content\/uploads\/sites\/6\/2026\/08\/casa-rural-castalla-apartamento-14-892x1338.jpg 892w, https:\/\/casaruralcastalla.com\/nl\/wp-content\/uploads\/sites\/6\/2026\/08\/casa-rural-castalla-apartamento-14-1350x2025.jpg 1350w, https:\/\/casaruralcastalla.com\/nl\/wp-content\/uploads\/sites\/6\/2026\/08\/casa-rural-castalla-apartamento-14-scaled.jpg 1707w\" sizes=\"(max-width: 683px) 100vw, 683px\" \/><\/a><\/figure>\n\n\n\n<figure class=\"wp-block-image size-large\"><a href=\"https:\/\/casaruralcastalla.com\/nl\/wp-content\/uploads\/sites\/6\/2025\/01\/20241227_162027-Editada-scaled.jpg\"><img decoding=\"async\" width=\"1024\" height=\"768\" data-id=\"1656\" src=\"https:\/\/casaruralcastalla.com\/nl\/wp-content\/uploads\/sites\/6\/2025\/01\/20241227_162027-Editada-1024x768.jpg\" alt=\"Groen betegelde badkamer met een douchecabine met douchebak, een houten wastafelmeubel en een ladderrek voor handdoeken\" class=\"wp-image-1656\" srcset=\"https:\/\/casaruralcastalla.com\/nl\/wp-content\/uploads\/sites\/6\/2025\/01\/20241227_162027-Editada-1024x768.jpg 1024w, https:\/\/casaruralcastalla.com\/nl\/wp-content\/uploads\/sites\/6\/2025\/01\/20241227_162027-Editada-300x225.jpg 300w, https:\/\/casaruralcastalla.com\/nl\/wp-content\/uploads\/sites\/6\/2025\/01\/20241227_162027-Editada-768x576.jpg 768w, https:\/\/casaruralcastalla.com\/nl\/wp-content\/uploads\/sites\/6\/2025\/01\/20241227_162027-Editada-1536x1152.jpg 1536w, https:\/\/casaruralcastalla.com\/nl\/wp-content\/uploads\/sites\/6\/2025\/01\/20241227_162027-Editada-2048x1536.jpg 2048w, https:\/\/casaruralcastalla.com\/nl\/wp-content\/uploads\/sites\/6\/2025\/01\/20241227_162027-Editada-892x669.jpg 892w, https:\/\/casaruralcastalla.com\/nl\/wp-content\/uploads\/sites\/6\/2025\/01\/20241227_162027-Editada-1350x1013.jpg 1350w\" sizes=\"(max-width: 1024px) 100vw, 1024px\" \/><\/a><\/figure>\n\n\n\n<figure class=\"wp-block-image size-large\"><a href=\"https:\/\/casaruralcastalla.com\/nl\/wp-content\/uploads\/sites\/6\/2025\/01\/20241227_162545-Editada-scaled.jpg\"><img decoding=\"async\" width=\"1024\" height=\"768\" data-id=\"1666\" src=\"https:\/\/casaruralcastalla.com\/nl\/wp-content\/uploads\/sites\/6\/2025\/01\/20241227_162545-Editada-1024x768.jpg\" alt=\"Tweede badkamer in lichtblauw, met een douchecabine, een glazen wastafel en een rieten mand\" class=\"wp-image-1666\" srcset=\"https:\/\/casaruralcastalla.com\/nl\/wp-content\/uploads\/sites\/6\/2025\/01\/20241227_162545-Editada-1024x768.jpg 1024w, https:\/\/casaruralcastalla.com\/nl\/wp-content\/uploads\/sites\/6\/2025\/01\/20241227_162545-Editada-300x225.jpg 300w, https:\/\/casaruralcastalla.com\/nl\/wp-content\/uploads\/sites\/6\/2025\/01\/20241227_162545-Editada-768x576.jpg 768w, https:\/\/casaruralcastalla.com\/nl\/wp-content\/uploads\/sites\/6\/2025\/01\/20241227_162545-Editada-1536x1152.jpg 1536w, https:\/\/casaruralcastalla.com\/nl\/wp-content\/uploads\/sites\/6\/2025\/01\/20241227_162545-Editada-2048x1536.jpg 2048w, https:\/\/casaruralcastalla.com\/nl\/wp-content\/uploads\/sites\/6\/2025\/01\/20241227_162545-Editada-892x669.jpg 892w, https:\/\/casaruralcastalla.com\/nl\/wp-content\/uploads\/sites\/6\/2025\/01\/20241227_162545-Editada-1350x1013.jpg 1350w\" sizes=\"(max-width: 1024px) 100vw, 1024px\" \/><\/a><\/figure>\n\n\n\n<figure class=\"wp-block-image size-large\"><a href=\"https:\/\/casaruralcastalla.com\/nl\/wp-content\/uploads\/sites\/6\/2026\/08\/casa-rural-castalla-bano-1-04-scaled.jpg\"><img decoding=\"async\" width=\"683\" height=\"1024\" data-id=\"5660\" src=\"https:\/\/casaruralcastalla.com\/nl\/wp-content\/uploads\/sites\/6\/2026\/08\/casa-rural-castalla-bano-1-04-683x1024.jpg\" alt=\"Zeep en planten op een houten plank in de hoofdbadkamer van Casa Rural Castalla\" class=\"wp-image-5660\" srcset=\"https:\/\/casaruralcastalla.com\/nl\/wp-content\/uploads\/sites\/6\/2026\/08\/casa-rural-castalla-bano-1-04-683x1024.jpg 683w, https:\/\/casaruralcastalla.com\/nl\/wp-content\/uploads\/sites\/6\/2026\/08\/casa-rural-castalla-bano-1-04-200x300.jpg 200w, https:\/\/casaruralcastalla.com\/nl\/wp-content\/uploads\/sites\/6\/2026\/08\/casa-rural-castalla-bano-1-04-768x1152.jpg 768w, https:\/\/casaruralcastalla.com\/nl\/wp-content\/uploads\/sites\/6\/2026\/08\/casa-rural-castalla-bano-1-04-1024x1536.jpg 1024w, https:\/\/casaruralcastalla.com\/nl\/wp-content\/uploads\/sites\/6\/2026\/08\/casa-rural-castalla-bano-1-04-1365x2048.jpg 1365w, https:\/\/casaruralcastalla.com\/nl\/wp-content\/uploads\/sites\/6\/2026\/08\/casa-rural-castalla-bano-1-04-892x1338.jpg 892w, https:\/\/casaruralcastalla.com\/nl\/wp-content\/uploads\/sites\/6\/2026\/08\/casa-rural-castalla-bano-1-04-1350x2025.jpg 1350w, https:\/\/casaruralcastalla.com\/nl\/wp-content\/uploads\/sites\/6\/2026\/08\/casa-rural-castalla-bano-1-04-scaled.jpg 1707w\" sizes=\"(max-width: 683px) 100vw, 683px\" \/><\/a><\/figure>\n\n\n\n<figure class=\"wp-block-image size-large\"><a href=\"https:\/\/casaruralcastalla.com\/nl\/wp-content\/uploads\/sites\/6\/2025\/01\/20241227_164324-Editada-scaled.jpg\"><img decoding=\"async\" width=\"768\" height=\"1024\" data-id=\"1652\" src=\"https:\/\/casaruralcastalla.com\/nl\/wp-content\/uploads\/sites\/6\/2025\/01\/20241227_164324-Editada-768x1024.jpg\" alt=\"Trap van smeedijzer en hout die de verdiepingen van het huis verbindt, gezien van bovenaf\" class=\"wp-image-1652\" srcset=\"https:\/\/casaruralcastalla.com\/nl\/wp-content\/uploads\/sites\/6\/2025\/01\/20241227_164324-Editada-768x1024.jpg 768w, https:\/\/casaruralcastalla.com\/nl\/wp-content\/uploads\/sites\/6\/2025\/01\/20241227_164324-Editada-225x300.jpg 225w, https:\/\/casaruralcastalla.com\/nl\/wp-content\/uploads\/sites\/6\/2025\/01\/20241227_164324-Editada-1152x1536.jpg 1152w, https:\/\/casaruralcastalla.com\/nl\/wp-content\/uploads\/sites\/6\/2025\/01\/20241227_164324-Editada-1536x2048.jpg 1536w, https:\/\/casaruralcastalla.com\/nl\/wp-content\/uploads\/sites\/6\/2025\/01\/20241227_164324-Editada-892x1189.jpg 892w, https:\/\/casaruralcastalla.com\/nl\/wp-content\/uploads\/sites\/6\/2025\/01\/20241227_164324-Editada-1350x1800.jpg 1350w, https:\/\/casaruralcastalla.com\/nl\/wp-content\/uploads\/sites\/6\/2025\/01\/20241227_164324-Editada-scaled.jpg 1920w\" sizes=\"(max-width: 768px) 100vw, 768px\" \/><\/a><\/figure>\n\n\n\n<figure class=\"wp-block-image size-large\"><a href=\"https:\/\/casaruralcastalla.com\/nl\/wp-content\/uploads\/sites\/6\/2025\/01\/20241227_164232-Editada-scaled.jpg\"><img decoding=\"async\" width=\"768\" height=\"1024\" data-id=\"1670\" src=\"https:\/\/casaruralcastalla.com\/nl\/wp-content\/uploads\/sites\/6\/2025\/01\/20241227_164232-Editada-768x1024.jpg\" alt=\"Zicht op de open trap naar de overloop, met houten treden en een ijzeren leuning\" class=\"wp-image-1670\" srcset=\"https:\/\/casaruralcastalla.com\/nl\/wp-content\/uploads\/sites\/6\/2025\/01\/20241227_164232-Editada-768x1024.jpg 768w, https:\/\/casaruralcastalla.com\/nl\/wp-content\/uploads\/sites\/6\/2025\/01\/20241227_164232-Editada-225x300.jpg 225w, https:\/\/casaruralcastalla.com\/nl\/wp-content\/uploads\/sites\/6\/2025\/01\/20241227_164232-Editada-1152x1536.jpg 1152w, https:\/\/casaruralcastalla.com\/nl\/wp-content\/uploads\/sites\/6\/2025\/01\/20241227_164232-Editada-1536x2048.jpg 1536w, https:\/\/casaruralcastalla.com\/nl\/wp-content\/uploads\/sites\/6\/2025\/01\/20241227_164232-Editada-892x1189.jpg 892w, https:\/\/casaruralcastalla.com\/nl\/wp-content\/uploads\/sites\/6\/2025\/01\/20241227_164232-Editada-1350x1800.jpg 1350w, https:\/\/casaruralcastalla.com\/nl\/wp-content\/uploads\/sites\/6\/2025\/01\/20241227_164232-Editada-scaled.jpg 1920w\" sizes=\"(max-width: 768px) 100vw, 768px\" \/><\/a><\/figure>\n\n\n\n<figure class=\"wp-block-image size-large\"><a href=\"https:\/\/casaruralcastalla.com\/nl\/wp-content\/uploads\/sites\/6\/2025\/01\/20241227_155527-Editada-scaled.jpg\"><img decoding=\"async\" width=\"1024\" height=\"768\" data-id=\"1655\" src=\"https:\/\/casaruralcastalla.com\/nl\/wp-content\/uploads\/sites\/6\/2025\/01\/20241227_155527-Editada-1024x768.jpg\" alt=\"Binnenplaats met zichtbare stenen muren, rieten zitjes en een opklaptafel in de schaduw\" class=\"wp-image-1655\" srcset=\"https:\/\/casaruralcastalla.com\/nl\/wp-content\/uploads\/sites\/6\/2025\/01\/20241227_155527-Editada-1024x768.jpg 1024w, https:\/\/casaruralcastalla.com\/nl\/wp-content\/uploads\/sites\/6\/2025\/01\/20241227_155527-Editada-300x225.jpg 300w, https:\/\/casaruralcastalla.com\/nl\/wp-content\/uploads\/sites\/6\/2025\/01\/20241227_155527-Editada-768x576.jpg 768w, https:\/\/casaruralcastalla.com\/nl\/wp-content\/uploads\/sites\/6\/2025\/01\/20241227_155527-Editada-1536x1152.jpg 1536w, https:\/\/casaruralcastalla.com\/nl\/wp-content\/uploads\/sites\/6\/2025\/01\/20241227_155527-Editada-2048x1536.jpg 2048w, https:\/\/casaruralcastalla.com\/nl\/wp-content\/uploads\/sites\/6\/2025\/01\/20241227_155527-Editada-892x669.jpg 892w, https:\/\/casaruralcastalla.com\/nl\/wp-content\/uploads\/sites\/6\/2025\/01\/20241227_155527-Editada-1350x1013.jpg 1350w\" sizes=\"(max-width: 1024px) 100vw, 1024px\" \/><\/a><\/figure>\n\n\n\n<figure class=\"wp-block-image size-large\"><a href=\"https:\/\/casaruralcastalla.com\/nl\/wp-content\/uploads\/sites\/6\/2025\/01\/20241227_163359-Editada-scaled.jpg\"><img decoding=\"async\" width=\"768\" height=\"1024\" data-id=\"1671\" src=\"https:\/\/casaruralcastalla.com\/nl\/wp-content\/uploads\/sites\/6\/2025\/01\/20241227_163359-Editada-768x1024.jpg\" alt=\"Gevel van Casa Rural Castalla aan de Carrer Major, met een balkon vol planten en de historische kern op de achtergrond\" class=\"wp-image-1671\" srcset=\"https:\/\/casaruralcastalla.com\/nl\/wp-content\/uploads\/sites\/6\/2025\/01\/20241227_163359-Editada-768x1024.jpg 768w, https:\/\/casaruralcastalla.com\/nl\/wp-content\/uploads\/sites\/6\/2025\/01\/20241227_163359-Editada-225x300.jpg 225w, https:\/\/casaruralcastalla.com\/nl\/wp-content\/uploads\/sites\/6\/2025\/01\/20241227_163359-Editada-1152x1536.jpg 1152w, https:\/\/casaruralcastalla.com\/nl\/wp-content\/uploads\/sites\/6\/2025\/01\/20241227_163359-Editada-1536x2048.jpg 1536w, https:\/\/casaruralcastalla.com\/nl\/wp-content\/uploads\/sites\/6\/2025\/01\/20241227_163359-Editada-892x1189.jpg 892w, https:\/\/casaruralcastalla.com\/nl\/wp-content\/uploads\/sites\/6\/2025\/01\/20241227_163359-Editada-1350x1800.jpg 1350w, https:\/\/casaruralcastalla.com\/nl\/wp-content\/uploads\/sites\/6\/2025\/01\/20241227_163359-Editada-scaled.jpg 1920w\" sizes=\"(max-width: 768px) 100vw, 768px\" \/><\/a><\/figure>\n\n\n\n<figure class=\"wp-block-image size-large\"><a href=\"https:\/\/casaruralcastalla.com\/nl\/wp-content\/uploads\/sites\/6\/2025\/01\/20241227_163333-1-Editada-scaled.jpg\"><img decoding=\"async\" width=\"1024\" height=\"768\" data-id=\"1647\" src=\"https:\/\/casaruralcastalla.com\/nl\/wp-content\/uploads\/sites\/6\/2025\/01\/20241227_163333-1-Editada-1024x768.jpg\" alt=\"Carrer Major, in het historische centrum van Castalla, met de bakstenen gevel van het huis rechts\" class=\"wp-image-1647\" srcset=\"https:\/\/casaruralcastalla.com\/nl\/wp-content\/uploads\/sites\/6\/2025\/01\/20241227_163333-1-Editada-1024x768.jpg 1024w, https:\/\/casaruralcastalla.com\/nl\/wp-content\/uploads\/sites\/6\/2025\/01\/20241227_163333-1-Editada-300x225.jpg 300w, https:\/\/casaruralcastalla.com\/nl\/wp-content\/uploads\/sites\/6\/2025\/01\/20241227_163333-1-Editada-768x576.jpg 768w, https:\/\/casaruralcastalla.com\/nl\/wp-content\/uploads\/sites\/6\/2025\/01\/20241227_163333-1-Editada-1536x1152.jpg 1536w, https:\/\/casaruralcastalla.com\/nl\/wp-content\/uploads\/sites\/6\/2025\/01\/20241227_163333-1-Editada-2048x1536.jpg 2048w, https:\/\/casaruralcastalla.com\/nl\/wp-content\/uploads\/sites\/6\/2025\/01\/20241227_163333-1-Editada-892x669.jpg 892w, https:\/\/casaruralcastalla.com\/nl\/wp-content\/uploads\/sites\/6\/2025\/01\/20241227_163333-1-Editada-1350x1013.jpg 1350w\" sizes=\"(max-width: 1024px) 100vw, 1024px\" \/><\/a><\/figure>\n<\/figure>\n\n\n\n<h2 class=\"wp-block-heading has-text-align-center\">Het landschap van de Foia de Castalla<\/h2>\n\n\n\n<figure class=\"wp-block-gallery has-nested-images columns-default is-cropped wp-block-gallery-2 is-layout-flex wp-block-gallery-is-layout-flex\">\n<figure class=\"wp-block-image size-large\"><img decoding=\"async\" width=\"1024\" height=\"768\" data-id=\"2603\" src=\"https:\/\/casaruralcastalla.com\/nl\/wp-content\/uploads\/sites\/6\/2025\/04\/20250406_091649-1-1-1024x768.jpg\" alt=\"Ingang van de Cova de Moss\u00e9n Franc\u00e9s tussen de kalkrotsen van de Sierra del Maigm\u00f3\" class=\"wp-image-2603\" srcset=\"https:\/\/casaruralcastalla.com\/nl\/wp-content\/uploads\/sites\/6\/2025\/04\/20250406_091649-1-1-1024x768.jpg 1024w, https:\/\/casaruralcastalla.com\/nl\/wp-content\/uploads\/sites\/6\/2025\/04\/20250406_091649-1-1-300x225.jpg 300w, https:\/\/casaruralcastalla.com\/nl\/wp-content\/uploads\/sites\/6\/2025\/04\/20250406_091649-1-1-768x576.jpg 768w, https:\/\/casaruralcastalla.com\/nl\/wp-content\/uploads\/sites\/6\/2025\/04\/20250406_091649-1-1-1536x1152.jpg 1536w, https:\/\/casaruralcastalla.com\/nl\/wp-content\/uploads\/sites\/6\/2025\/04\/20250406_091649-1-1-892x669.jpg 892w, https:\/\/casaruralcastalla.com\/nl\/wp-content\/uploads\/sites\/6\/2025\/04\/20250406_091649-1-1-1350x1013.jpg 1350w, https:\/\/casaruralcastalla.com\/nl\/wp-content\/uploads\/sites\/6\/2025\/04\/20250406_091649-1-1.jpg 1920w\" sizes=\"(max-width: 1024px) 100vw, 1024px\" \/><\/figure>\n\n\n\n<figure class=\"wp-block-image size-large\"><img decoding=\"async\" width=\"1024\" height=\"576\" data-id=\"2604\" src=\"https:\/\/casaruralcastalla.com\/nl\/wp-content\/uploads\/sites\/6\/2025\/04\/20250406_091915-1-1-1024x576.jpg\" alt=\"Markering van wandelpad PR-CV 31 naar de Cova de Moss\u00e9n Franc\u00e9s, met de bergen van de Maigm\u00f3 op de achtergrond\" class=\"wp-image-2604\" srcset=\"https:\/\/casaruralcastalla.com\/nl\/wp-content\/uploads\/sites\/6\/2025\/04\/20250406_091915-1-1-1024x576.jpg 1024w, https:\/\/casaruralcastalla.com\/nl\/wp-content\/uploads\/sites\/6\/2025\/04\/20250406_091915-1-1-300x169.jpg 300w, https:\/\/casaruralcastalla.com\/nl\/wp-content\/uploads\/sites\/6\/2025\/04\/20250406_091915-1-1-768x432.jpg 768w, https:\/\/casaruralcastalla.com\/nl\/wp-content\/uploads\/sites\/6\/2025\/04\/20250406_091915-1-1-892x502.jpg 892w, https:\/\/casaruralcastalla.com\/nl\/wp-content\/uploads\/sites\/6\/2025\/04\/20250406_091915-1-1.jpg 1199w\" sizes=\"(max-width: 1024px) 100vw, 1024px\" \/><\/figure>\n\n\n\n<figure class=\"wp-block-image size-large\"><img decoding=\"async\" width=\"1020\" height=\"765\" data-id=\"2268\" src=\"https:\/\/casaruralcastalla.com\/nl\/wp-content\/uploads\/sites\/6\/2025\/02\/Barranc-del-Pla-del-es-Coves-Xorret-de-Cati20250215_091039.jpg\" alt=\"Uitzicht over de vallei vanaf de Barranc del Pla de les Coves, bij de Xorret de Cat\u00ed\" class=\"wp-image-2268\" srcset=\"https:\/\/casaruralcastalla.com\/nl\/wp-content\/uploads\/sites\/6\/2025\/02\/Barranc-del-Pla-del-es-Coves-Xorret-de-Cati20250215_091039.jpg 1020w, https:\/\/casaruralcastalla.com\/nl\/wp-content\/uploads\/sites\/6\/2025\/02\/Barranc-del-Pla-del-es-Coves-Xorret-de-Cati20250215_091039-300x225.jpg 300w, https:\/\/casaruralcastalla.com\/nl\/wp-content\/uploads\/sites\/6\/2025\/02\/Barranc-del-Pla-del-es-Coves-Xorret-de-Cati20250215_091039-768x576.jpg 768w, https:\/\/casaruralcastalla.com\/nl\/wp-content\/uploads\/sites\/6\/2025\/02\/Barranc-del-Pla-del-es-Coves-Xorret-de-Cati20250215_091039-892x669.jpg 892w\" sizes=\"(max-width: 1020px) 100vw, 1020px\" \/><\/figure>\n\n\n\n<figure class=\"wp-block-image size-large\"><img decoding=\"async\" width=\"1020\" height=\"574\" data-id=\"2241\" src=\"https:\/\/casaruralcastalla.com\/nl\/wp-content\/uploads\/sites\/6\/2025\/02\/casas-de-planisses-en-Xorret-de-cati20250208_072858.jpg\" alt=\"Vervallen boerderij van Planisses afgetekend tegen de zonsopgang, bij de Xorret de Cat\u00ed\" class=\"wp-image-2241\" srcset=\"https:\/\/casaruralcastalla.com\/nl\/wp-content\/uploads\/sites\/6\/2025\/02\/casas-de-planisses-en-Xorret-de-cati20250208_072858.jpg 1020w, https:\/\/casaruralcastalla.com\/nl\/wp-content\/uploads\/sites\/6\/2025\/02\/casas-de-planisses-en-Xorret-de-cati20250208_072858-300x169.jpg 300w, https:\/\/casaruralcastalla.com\/nl\/wp-content\/uploads\/sites\/6\/2025\/02\/casas-de-planisses-en-Xorret-de-cati20250208_072858-768x432.jpg 768w, https:\/\/casaruralcastalla.com\/nl\/wp-content\/uploads\/sites\/6\/2025\/02\/casas-de-planisses-en-Xorret-de-cati20250208_072858-892x502.jpg 892w\" sizes=\"(max-width: 1020px) 100vw, 1020px\" \/><\/figure>\n\n\n\n<figure class=\"wp-block-image size-large\"><img decoding=\"async\" width=\"1024\" height=\"576\" data-id=\"2242\" src=\"https:\/\/casaruralcastalla.com\/nl\/wp-content\/uploads\/sites\/6\/2025\/02\/casas-de-planisses-en-Xorret-de-cati20250208_080641-1024x576.jpg\" alt=\"Zonsopgang gezien vanaf de rotsen boven de Xorret de Cat\u00ed, met de vallei nog in de schaduw\" class=\"wp-image-2242\" srcset=\"https:\/\/casaruralcastalla.com\/nl\/wp-content\/uploads\/sites\/6\/2025\/02\/casas-de-planisses-en-Xorret-de-cati20250208_080641-1024x576.jpg 1024w, https:\/\/casaruralcastalla.com\/nl\/wp-content\/uploads\/sites\/6\/2025\/02\/casas-de-planisses-en-Xorret-de-cati20250208_080641-300x169.jpg 300w, https:\/\/casaruralcastalla.com\/nl\/wp-content\/uploads\/sites\/6\/2025\/02\/casas-de-planisses-en-Xorret-de-cati20250208_080641-768x432.jpg 768w, https:\/\/casaruralcastalla.com\/nl\/wp-content\/uploads\/sites\/6\/2025\/02\/casas-de-planisses-en-Xorret-de-cati20250208_080641-1536x864.jpg 1536w, https:\/\/casaruralcastalla.com\/nl\/wp-content\/uploads\/sites\/6\/2025\/02\/casas-de-planisses-en-Xorret-de-cati20250208_080641-892x502.jpg 892w, https:\/\/casaruralcastalla.com\/nl\/wp-content\/uploads\/sites\/6\/2025\/02\/casas-de-planisses-en-Xorret-de-cati20250208_080641-1350x760.jpg 1350w, https:\/\/casaruralcastalla.com\/nl\/wp-content\/uploads\/sites\/6\/2025\/02\/casas-de-planisses-en-Xorret-de-cati20250208_080641.jpg 2040w\" sizes=\"(max-width: 1024px) 100vw, 1024px\" \/><\/figure>\n\n\n\n<figure class=\"wp-block-image size-large\"><img decoding=\"async\" width=\"1000\" height=\"563\" data-id=\"2248\" src=\"https:\/\/casaruralcastalla.com\/nl\/wp-content\/uploads\/sites\/6\/2025\/02\/casas-de-planisses-en-Xorret-de-cati20250208_083145.jpg\" alt=\"Het verlaten gehucht Planisses aan de overkant van een winters grasveld, bij de Xorret de Cat\u00ed\" class=\"wp-image-2248\" srcset=\"https:\/\/casaruralcastalla.com\/nl\/wp-content\/uploads\/sites\/6\/2025\/02\/casas-de-planisses-en-Xorret-de-cati20250208_083145.jpg 1000w, https:\/\/casaruralcastalla.com\/nl\/wp-content\/uploads\/sites\/6\/2025\/02\/casas-de-planisses-en-Xorret-de-cati20250208_083145-300x169.jpg 300w, https:\/\/casaruralcastalla.com\/nl\/wp-content\/uploads\/sites\/6\/2025\/02\/casas-de-planisses-en-Xorret-de-cati20250208_083145-768x432.jpg 768w, https:\/\/casaruralcastalla.com\/nl\/wp-content\/uploads\/sites\/6\/2025\/02\/casas-de-planisses-en-Xorret-de-cati20250208_083145-892x502.jpg 892w\" sizes=\"(max-width: 1000px) 100vw, 1000px\" \/><\/figure>\n\n\n\n<figure class=\"wp-block-image size-large\"><img decoding=\"async\" width=\"1020\" height=\"765\" data-id=\"2251\" src=\"https:\/\/casaruralcastalla.com\/nl\/wp-content\/uploads\/sites\/6\/2025\/02\/casas-de-planisses-en-Xorret-de-cati20250208_083929.jpg\" alt=\"Oude stenen waterput bij het pad naar Planisses, bij de Xorret de Cat\u00ed\" class=\"wp-image-2251\" srcset=\"https:\/\/casaruralcastalla.com\/nl\/wp-content\/uploads\/sites\/6\/2025\/02\/casas-de-planisses-en-Xorret-de-cati20250208_083929.jpg 1020w, https:\/\/casaruralcastalla.com\/nl\/wp-content\/uploads\/sites\/6\/2025\/02\/casas-de-planisses-en-Xorret-de-cati20250208_083929-300x225.jpg 300w, https:\/\/casaruralcastalla.com\/nl\/wp-content\/uploads\/sites\/6\/2025\/02\/casas-de-planisses-en-Xorret-de-cati20250208_083929-768x576.jpg 768w, https:\/\/casaruralcastalla.com\/nl\/wp-content\/uploads\/sites\/6\/2025\/02\/casas-de-planisses-en-Xorret-de-cati20250208_083929-892x669.jpg 892w\" sizes=\"(max-width: 1020px) 100vw, 1020px\" \/><\/figure>\n\n\n\n<figure class=\"wp-block-image size-large\"><img decoding=\"async\" width=\"861\" height=\"1024\" data-id=\"1772\" src=\"https:\/\/casaruralcastalla.com\/nl\/wp-content\/uploads\/sites\/6\/2025\/01\/Via-ferrata-xorret-de-Cati-Castalla-interior-de-alicante-861x1024.png\" alt=\"Klimmer in de via ferrata van de Xorret de Cat\u00ed, boven de goudkleurige kalkrotsen van Castalla\" class=\"wp-image-1772\" srcset=\"https:\/\/casaruralcastalla.com\/nl\/wp-content\/uploads\/sites\/6\/2025\/01\/Via-ferrata-xorret-de-Cati-Castalla-interior-de-alicante-861x1024.png 861w, https:\/\/casaruralcastalla.com\/nl\/wp-content\/uploads\/sites\/6\/2025\/01\/Via-ferrata-xorret-de-Cati-Castalla-interior-de-alicante-252x300.png 252w, https:\/\/casaruralcastalla.com\/nl\/wp-content\/uploads\/sites\/6\/2025\/01\/Via-ferrata-xorret-de-Cati-Castalla-interior-de-alicante-768x914.png 768w, https:\/\/casaruralcastalla.com\/nl\/wp-content\/uploads\/sites\/6\/2025\/01\/Via-ferrata-xorret-de-Cati-Castalla-interior-de-alicante.png 892w\" sizes=\"(max-width: 861px) 100vw, 861px\" \/><\/figure>\n\n\n\n<figure class=\"wp-block-image size-large\"><img decoding=\"async\" width=\"1024\" height=\"640\" data-id=\"1753\" src=\"https:\/\/casaruralcastalla.com\/nl\/wp-content\/uploads\/sites\/6\/2025\/01\/Bachgroun-home-casa-rural-castalla-primavera-de-hivern-1920-x-1200-px-1-1-1024x640.png\" alt=\"Castalla vanuit de lucht bij zonsondergang, met het verlichte kasteel boven de daken\" class=\"wp-image-1753\" srcset=\"https:\/\/casaruralcastalla.com\/nl\/wp-content\/uploads\/sites\/6\/2025\/01\/Bachgroun-home-casa-rural-castalla-primavera-de-hivern-1920-x-1200-px-1-1-1024x640.png 1024w, https:\/\/casaruralcastalla.com\/nl\/wp-content\/uploads\/sites\/6\/2025\/01\/Bachgroun-home-casa-rural-castalla-primavera-de-hivern-1920-x-1200-px-1-1-300x188.png 300w, https:\/\/casaruralcastalla.com\/nl\/wp-content\/uploads\/sites\/6\/2025\/01\/Bachgroun-home-casa-rural-castalla-primavera-de-hivern-1920-x-1200-px-1-1-768x480.png 768w, https:\/\/casaruralcastalla.com\/nl\/wp-content\/uploads\/sites\/6\/2025\/01\/Bachgroun-home-casa-rural-castalla-primavera-de-hivern-1920-x-1200-px-1-1-1536x960.png 1536w, https:\/\/casaruralcastalla.com\/nl\/wp-content\/uploads\/sites\/6\/2025\/01\/Bachgroun-home-casa-rural-castalla-primavera-de-hivern-1920-x-1200-px-1-1-892x558.png 892w, https:\/\/casaruralcastalla.com\/nl\/wp-content\/uploads\/sites\/6\/2025\/01\/Bachgroun-home-casa-rural-castalla-primavera-de-hivern-1920-x-1200-px-1-1-1350x844.png 1350w, https:\/\/casaruralcastalla.com\/nl\/wp-content\/uploads\/sites\/6\/2025\/01\/Bachgroun-home-casa-rural-castalla-primavera-de-hivern-1920-x-1200-px-1-1.png 1920w\" sizes=\"(max-width: 1024px) 100vw, 1024px\" \/><\/figure>\n\n\n\n<figure class=\"wp-block-image size-large\"><img decoding=\"async\" width=\"1024\" height=\"379\" data-id=\"1492\" src=\"https:\/\/casaruralcastalla.com\/nl\/wp-content\/uploads\/sites\/6\/2025\/01\/Casa-rural-castalla-primavera.dhivern-fondo-home-4-1024x379.png\" alt=\"Zonsondergang boven de bergen van het binnenland van Alicante, gezien vanaf een rots boven Castalla\" class=\"wp-image-1492\" srcset=\"https:\/\/casaruralcastalla.com\/nl\/wp-content\/uploads\/sites\/6\/2025\/01\/Casa-rural-castalla-primavera.dhivern-fondo-home-4-1024x379.png 1024w, https:\/\/casaruralcastalla.com\/nl\/wp-content\/uploads\/sites\/6\/2025\/01\/Casa-rural-castalla-primavera.dhivern-fondo-home-4-300x111.png 300w, https:\/\/casaruralcastalla.com\/nl\/wp-content\/uploads\/sites\/6\/2025\/01\/Casa-rural-castalla-primavera.dhivern-fondo-home-4-768x284.png 768w, https:\/\/casaruralcastalla.com\/nl\/wp-content\/uploads\/sites\/6\/2025\/01\/Casa-rural-castalla-primavera.dhivern-fondo-home-4-1536x568.png 1536w, https:\/\/casaruralcastalla.com\/nl\/wp-content\/uploads\/sites\/6\/2025\/01\/Casa-rural-castalla-primavera.dhivern-fondo-home-4-892x330.png 892w, https:\/\/casaruralcastalla.com\/nl\/wp-content\/uploads\/sites\/6\/2025\/01\/Casa-rural-castalla-primavera.dhivern-fondo-home-4-1350x499.png 1350w, https:\/\/casaruralcastalla.com\/nl\/wp-content\/uploads\/sites\/6\/2025\/01\/Casa-rural-castalla-primavera.dhivern-fondo-home-4.png 1920w\" sizes=\"(max-width: 1024px) 100vw, 1024px\" \/><\/figure>\n\n\n\n<figure class=\"wp-block-image size-large\"><img decoding=\"async\" width=\"1024\" height=\"640\" data-id=\"1579\" src=\"https:\/\/casaruralcastalla.com\/nl\/wp-content\/uploads\/sites\/6\/2025\/01\/Castillo-de-Castalla-Casa-Rural-castalla-vista-de-tardenoche2-1024x640.png\" alt=\"Het kasteel van Castalla 's nachts verlicht boven de lichtjes van het dorp en de bergen\" class=\"wp-image-1579\" srcset=\"https:\/\/casaruralcastalla.com\/nl\/wp-content\/uploads\/sites\/6\/2025\/01\/Castillo-de-Castalla-Casa-Rural-castalla-vista-de-tardenoche2-1024x640.png 1024w, https:\/\/casaruralcastalla.com\/nl\/wp-content\/uploads\/sites\/6\/2025\/01\/Castillo-de-Castalla-Casa-Rural-castalla-vista-de-tardenoche2-300x188.png 300w, https:\/\/casaruralcastalla.com\/nl\/wp-content\/uploads\/sites\/6\/2025\/01\/Castillo-de-Castalla-Casa-Rural-castalla-vista-de-tardenoche2-768x480.png 768w, https:\/\/casaruralcastalla.com\/nl\/wp-content\/uploads\/sites\/6\/2025\/01\/Castillo-de-Castalla-Casa-Rural-castalla-vista-de-tardenoche2-1536x960.png 1536w, https:\/\/casaruralcastalla.com\/nl\/wp-content\/uploads\/sites\/6\/2025\/01\/Castillo-de-Castalla-Casa-Rural-castalla-vista-de-tardenoche2-892x558.png 892w, https:\/\/casaruralcastalla.com\/nl\/wp-content\/uploads\/sites\/6\/2025\/01\/Castillo-de-Castalla-Casa-Rural-castalla-vista-de-tardenoche2-1350x844.png 1350w, https:\/\/casaruralcastalla.com\/nl\/wp-content\/uploads\/sites\/6\/2025\/01\/Castillo-de-Castalla-Casa-Rural-castalla-vista-de-tardenoche2.png 1920w\" sizes=\"(max-width: 1024px) 100vw, 1024px\" \/><\/figure>\n\n\n\n<figure class=\"wp-block-image size-large\"><img decoding=\"async\" width=\"1020\" height=\"574\" data-id=\"2246\" src=\"https:\/\/casaruralcastalla.com\/nl\/wp-content\/uploads\/sites\/6\/2025\/02\/casas-de-planisses-en-Xorret-de-cati20250208_082323.jpg\" alt=\"Stenen muren en ingestorte balken van de verlaten huizen van Planisses in het eerste ochtendlicht\" class=\"wp-image-2246\" srcset=\"https:\/\/casaruralcastalla.com\/nl\/wp-content\/uploads\/sites\/6\/2025\/02\/casas-de-planisses-en-Xorret-de-cati20250208_082323.jpg 1020w, https:\/\/casaruralcastalla.com\/nl\/wp-content\/uploads\/sites\/6\/2025\/02\/casas-de-planisses-en-Xorret-de-cati20250208_082323-300x169.jpg 300w, https:\/\/casaruralcastalla.com\/nl\/wp-content\/uploads\/sites\/6\/2025\/02\/casas-de-planisses-en-Xorret-de-cati20250208_082323-768x432.jpg 768w, https:\/\/casaruralcastalla.com\/nl\/wp-content\/uploads\/sites\/6\/2025\/02\/casas-de-planisses-en-Xorret-de-cati20250208_082323-892x502.jpg 892w\" sizes=\"(max-width: 1020px) 100vw, 1020px\" \/><\/figure>\n\n\n\n<figure class=\"wp-block-image size-large\"><img decoding=\"async\" width=\"1000\" height=\"563\" data-id=\"2250\" src=\"https:\/\/casaruralcastalla.com\/nl\/wp-content\/uploads\/sites\/6\/2025\/02\/casas-de-planisses-en-Xorret-de-cati20250208_083647.jpg\" alt=\"Geploegde velden en pijnboomheuvels bij Planisses tijdens zonsopgang\" class=\"wp-image-2250\" srcset=\"https:\/\/casaruralcastalla.com\/nl\/wp-content\/uploads\/sites\/6\/2025\/02\/casas-de-planisses-en-Xorret-de-cati20250208_083647.jpg 1000w, https:\/\/casaruralcastalla.com\/nl\/wp-content\/uploads\/sites\/6\/2025\/02\/casas-de-planisses-en-Xorret-de-cati20250208_083647-300x169.jpg 300w, https:\/\/casaruralcastalla.com\/nl\/wp-content\/uploads\/sites\/6\/2025\/02\/casas-de-planisses-en-Xorret-de-cati20250208_083647-768x432.jpg 768w, https:\/\/casaruralcastalla.com\/nl\/wp-content\/uploads\/sites\/6\/2025\/02\/casas-de-planisses-en-Xorret-de-cati20250208_083647-892x502.jpg 892w\" sizes=\"(max-width: 1000px) 100vw, 1000px\" \/><\/figure>\n<\/figure>\n\n\n\n<div class=\"wp-block-group cta-castalla-reserva has-background\" style=\"border-radius:12px;background-color:#f4ede2;margin-top:3rem;margin-bottom:3rem;padding-top:3rem;padding-right:2rem;padding-bottom:3rem;padding-left:2rem\"><div class=\"wp-block-group__inner-container is-layout-constrained wp-container-core-group-is-layout-8f4013b1 wp-block-group-is-layout-constrained\">\n<h3 class=\"wp-block-heading has-text-align-center\">Klaar om het binnenland van Alicante te ontdekken?<\/h3>\n\n\n\n<p class=\"has-text-align-center wp-block-paragraph\">Boek uw verblijf bij <strong>Casa Rural Castalla<\/strong> en ontdek rustig plekken als Plascaves, het kasteel van Castalla of de Sierra del Maigm\u00f3. Uw uitstapje naar het binnenland van Alicante begint hier.<\/p>\n\n\n\n<div class=\"wp-block-buttons is-content-justification-center is-layout-flex wp-container-core-buttons-is-layout-fe48e5de wp-block-buttons-is-layout-flex\">\n<div class=\"wp-block-button\"><a class=\"wp-block-button__link wp-element-button\" href=\"https:\/\/wa.me\/34601994695?text=Hallo%21%20Ik%20wil%20graag%20de%20beschikbaarheid%20van%20Casa%20Rural%20Castalla%20aanvragen.\" style=\"border-radius:6px\" target=\"_blank\" rel=\"noopener\">Beschikbaarheid aanvragen<\/a><\/div>\n\n\n\n<div class=\"wp-block-button is-style-outline is-style-outline--3\"><a class=\"wp-block-button__link wp-element-button\" href=\"https:\/\/casaruralcastalla.com\/nl\/contact\/\" style=\"border-radius:6px\">Contact opnemen<\/a><\/div>\n<\/div>\n<\/div><\/div>\n","protected":false},"excerpt":{"rendered":"<p>Maak kennis met Casa Rural Castalla aan de hand van onze fotogalerij. Bekijk elke hoek van ons ruime vakantiehuis in Castalla en het landschap eromheen, en laat de rust en schoonheid van Castalla voor zich spreken. Wilt u een foto beter bekijken? Klik of tik er dan op om hem groter te openen en elk [&hellip;]<\/p>\n","protected":false},"author":1,"featured_media":0,"parent":0,"menu_order":0,"comment_status":"closed","ping_status":"closed","template":"","meta":{"inline_featured_image":false,"_trash_the_other_posts":false,"_monsterinsights_skip_tracking":false,"_joinchat":[],"footnotes":""},"class_list":["post-2347","page","type-page","status-publish","hentry"],"_links":{"self":[{"href":"https:\/\/casaruralcastalla.com\/nl\/wp-json\/wp\/v2\/pages\/2347","targetHints":{"allow":["GET"]}}],"collection":[{"href":"https:\/\/casaruralcastalla.com\/nl\/wp-json\/wp\/v2\/pages"}],"about":[{"href":"https:\/\/casaruralcastalla.com\/nl\/wp-json\/wp\/v2\/types\/page"}],"author":[{"embeddable":true,"href":"https:\/\/casaruralcastalla.com\/nl\/wp-json\/wp\/v2\/users\/1"}],"replies":[{"embeddable":true,"href":"https:\/\/casaruralcastalla.com\/nl\/wp-json\/wp\/v2\/comments?post=2347"}],"version-history":[{"count":4,"href":"https:\/\/casaruralcastalla.com\/nl\/wp-json\/wp\/v2\/pages\/2347\/revisions"}],"predecessor-version":[{"id":5902,"href":"https:\/\/casaruralcastalla.com\/nl\/wp-json\/wp\/v2\/pages\/2347\/revisions\/5902"}],"wp:attachment":[{"href":"https:\/\/casaruralcastalla.com\/nl\/wp-json\/wp\/v2\/media?parent=2347"}],"curies":[{"name":"wp","href":"https:\/\/api.w.org\/{rel}","templated":true}]}}