{"id":2347,"date":"2025-03-05T17:26:56","date_gmt":"2025-03-05T16:26:56","guid":{"rendered":"https:\/\/casaruralcastalla.com\/fr\/?page_id=2347"},"modified":"2026-09-04T00:41:55","modified_gmt":"2026-09-03T22:41:55","slug":"photos","status":"publish","type":"page","link":"https:\/\/casaruralcastalla.com\/fr\/photos\/","title":{"rendered":"Recoins et ambiances : la maison en photos"},"content":{"rendered":"\n<div class=\"wp-block-getwid-images-slider has-cropped-images has-arrows-inside has-dots-none has-images-center has-cropped-images\"><div class=\"wp-block-getwid-images-slider__wrapper\" data-effect=\"fade\" data-slides-show=\"1\" data-slides-show-laptop=\"1\" data-slides-show-tablet=\"1\" data-slides-show-mobile=\"1\" data-slides-scroll=\"1\" data-autoplay=\"true\" data-pause-hover=\"false\" data-autoplay-speed=\"4000\" data-infinite=\"true\" data-animation-speed=\"800\" data-center-mode=\"false\" data-variable-width=\"false\" data-arrows=\"inside\" data-dots=\"none\" data-spacing=\"none\"><div class=\"wp-block-getwid-images-slider__item\"><figure><img decoding=\"async\" width=\"1024\" height=\"768\" src=\"https:\/\/casaruralcastalla.com\/fr\/wp-content\/uploads\/sites\/4\/2025\/01\/20241226_160556-Editada-1024x768.jpg\" alt=\"Coin lecture avec des fauteuils turquoise et jaunes autour d'une table ronde en bois\" data-id=\"1667\" class=\"wp-block-getwid-images-slider__image wp-image-1667\" srcset=\"https:\/\/casaruralcastalla.com\/fr\/wp-content\/uploads\/sites\/4\/2025\/01\/20241226_160556-Editada-1024x768.jpg 1024w, https:\/\/casaruralcastalla.com\/fr\/wp-content\/uploads\/sites\/4\/2025\/01\/20241226_160556-Editada-300x225.jpg 300w, https:\/\/casaruralcastalla.com\/fr\/wp-content\/uploads\/sites\/4\/2025\/01\/20241226_160556-Editada-768x576.jpg 768w, https:\/\/casaruralcastalla.com\/fr\/wp-content\/uploads\/sites\/4\/2025\/01\/20241226_160556-Editada-1536x1152.jpg 1536w, https:\/\/casaruralcastalla.com\/fr\/wp-content\/uploads\/sites\/4\/2025\/01\/20241226_160556-Editada-2048x1536.jpg 2048w, https:\/\/casaruralcastalla.com\/fr\/wp-content\/uploads\/sites\/4\/2025\/01\/20241226_160556-Editada-892x669.jpg 892w, https:\/\/casaruralcastalla.com\/fr\/wp-content\/uploads\/sites\/4\/2025\/01\/20241226_160556-Editada-1350x1013.jpg 1350w\" sizes=\"(max-width: 1024px) 100vw, 1024px\" \/><\/figure><\/div><div class=\"wp-block-getwid-images-slider__item\"><figure><img decoding=\"async\" width=\"1024\" height=\"768\" src=\"https:\/\/casaruralcastalla.com\/fr\/wp-content\/uploads\/sites\/4\/2025\/01\/20241226_160847-Editada-1024x768.jpg\" alt=\"Salon sous une arche en brique, avec poutres apparentes, un buffet rustique et le coin repas au fond\" data-id=\"1668\" class=\"wp-block-getwid-images-slider__image wp-image-1668\" srcset=\"https:\/\/casaruralcastalla.com\/fr\/wp-content\/uploads\/sites\/4\/2025\/01\/20241226_160847-Editada-1024x768.jpg 1024w, https:\/\/casaruralcastalla.com\/fr\/wp-content\/uploads\/sites\/4\/2025\/01\/20241226_160847-Editada-300x225.jpg 300w, https:\/\/casaruralcastalla.com\/fr\/wp-content\/uploads\/sites\/4\/2025\/01\/20241226_160847-Editada-768x576.jpg 768w, https:\/\/casaruralcastalla.com\/fr\/wp-content\/uploads\/sites\/4\/2025\/01\/20241226_160847-Editada-1536x1152.jpg 1536w, https:\/\/casaruralcastalla.com\/fr\/wp-content\/uploads\/sites\/4\/2025\/01\/20241226_160847-Editada-2048x1536.jpg 2048w, https:\/\/casaruralcastalla.com\/fr\/wp-content\/uploads\/sites\/4\/2025\/01\/20241226_160847-Editada-892x669.jpg 892w, https:\/\/casaruralcastalla.com\/fr\/wp-content\/uploads\/sites\/4\/2025\/01\/20241226_160847-Editada-1350x1013.jpg 1350w\" sizes=\"(max-width: 1024px) 100vw, 1024px\" \/><\/figure><\/div><div class=\"wp-block-getwid-images-slider__item\"><figure><img decoding=\"async\" width=\"1024\" height=\"768\" src=\"https:\/\/casaruralcastalla.com\/fr\/wp-content\/uploads\/sites\/4\/2025\/01\/20241226_164945-Editada-1024x768.jpg\" alt=\"S\u00e9jour avec canap\u00e9 bleu, photographies encadr\u00e9es et une longue table en bois pr\u00e8s de l'entr\u00e9e\" data-id=\"1669\" class=\"wp-block-getwid-images-slider__image wp-image-1669\" srcset=\"https:\/\/casaruralcastalla.com\/fr\/wp-content\/uploads\/sites\/4\/2025\/01\/20241226_164945-Editada-1024x768.jpg 1024w, https:\/\/casaruralcastalla.com\/fr\/wp-content\/uploads\/sites\/4\/2025\/01\/20241226_164945-Editada-300x225.jpg 300w, https:\/\/casaruralcastalla.com\/fr\/wp-content\/uploads\/sites\/4\/2025\/01\/20241226_164945-Editada-768x576.jpg 768w, https:\/\/casaruralcastalla.com\/fr\/wp-content\/uploads\/sites\/4\/2025\/01\/20241226_164945-Editada-1536x1152.jpg 1536w, https:\/\/casaruralcastalla.com\/fr\/wp-content\/uploads\/sites\/4\/2025\/01\/20241226_164945-Editada-2048x1536.jpg 2048w, https:\/\/casaruralcastalla.com\/fr\/wp-content\/uploads\/sites\/4\/2025\/01\/20241226_164945-Editada-892x669.jpg 892w, https:\/\/casaruralcastalla.com\/fr\/wp-content\/uploads\/sites\/4\/2025\/01\/20241226_164945-Editada-1350x1013.jpg 1350w\" sizes=\"(max-width: 1024px) 100vw, 1024px\" \/><\/figure><\/div><div class=\"wp-block-getwid-images-slider__item\"><figure><img decoding=\"async\" width=\"1024\" height=\"576\" src=\"https:\/\/casaruralcastalla.com\/fr\/wp-content\/uploads\/sites\/4\/2025\/01\/20241226_165150-Editada-1024x576.jpg\" alt=\"Table \u00e0 manger avec des chaises color\u00e9es et des photographies en noir et blanc du vieux Castalla au mur\" data-id=\"1650\" class=\"wp-block-getwid-images-slider__image wp-image-1650\" srcset=\"https:\/\/casaruralcastalla.com\/fr\/wp-content\/uploads\/sites\/4\/2025\/01\/20241226_165150-Editada-1024x576.jpg 1024w, https:\/\/casaruralcastalla.com\/fr\/wp-content\/uploads\/sites\/4\/2025\/01\/20241226_165150-Editada-300x169.jpg 300w, https:\/\/casaruralcastalla.com\/fr\/wp-content\/uploads\/sites\/4\/2025\/01\/20241226_165150-Editada-768x432.jpg 768w, https:\/\/casaruralcastalla.com\/fr\/wp-content\/uploads\/sites\/4\/2025\/01\/20241226_165150-Editada-1536x864.jpg 1536w, https:\/\/casaruralcastalla.com\/fr\/wp-content\/uploads\/sites\/4\/2025\/01\/20241226_165150-Editada-2048x1153.jpg 2048w, https:\/\/casaruralcastalla.com\/fr\/wp-content\/uploads\/sites\/4\/2025\/01\/20241226_165150-Editada-892x502.jpg 892w, https:\/\/casaruralcastalla.com\/fr\/wp-content\/uploads\/sites\/4\/2025\/01\/20241226_165150-Editada-1350x760.jpg 1350w\" sizes=\"(max-width: 1024px) 100vw, 1024px\" \/><\/figure><\/div><div class=\"wp-block-getwid-images-slider__item\"><figure><img decoding=\"async\" width=\"1024\" height=\"768\" src=\"https:\/\/casaruralcastalla.com\/fr\/wp-content\/uploads\/sites\/4\/2025\/01\/20241227_154717-Editada-1024x768.jpg\" alt=\"Cuisine enti\u00e8rement \u00e9quip\u00e9e avec r\u00e9frig\u00e9rateur turquoise r\u00e9tro, carrelage jaune et une orchid\u00e9e sur le plan de travail\" data-id=\"1664\" class=\"wp-block-getwid-images-slider__image wp-image-1664\" srcset=\"https:\/\/casaruralcastalla.com\/fr\/wp-content\/uploads\/sites\/4\/2025\/01\/20241227_154717-Editada-1024x768.jpg 1024w, https:\/\/casaruralcastalla.com\/fr\/wp-content\/uploads\/sites\/4\/2025\/01\/20241227_154717-Editada-300x225.jpg 300w, https:\/\/casaruralcastalla.com\/fr\/wp-content\/uploads\/sites\/4\/2025\/01\/20241227_154717-Editada-768x576.jpg 768w, https:\/\/casaruralcastalla.com\/fr\/wp-content\/uploads\/sites\/4\/2025\/01\/20241227_154717-Editada-1536x1152.jpg 1536w, https:\/\/casaruralcastalla.com\/fr\/wp-content\/uploads\/sites\/4\/2025\/01\/20241227_154717-Editada-2048x1536.jpg 2048w, https:\/\/casaruralcastalla.com\/fr\/wp-content\/uploads\/sites\/4\/2025\/01\/20241227_154717-Editada-892x669.jpg 892w, https:\/\/casaruralcastalla.com\/fr\/wp-content\/uploads\/sites\/4\/2025\/01\/20241227_154717-Editada-1350x1013.jpg 1350w\" sizes=\"(max-width: 1024px) 100vw, 1024px\" \/><\/figure><\/div><div class=\"wp-block-getwid-images-slider__item\"><figure><img decoding=\"async\" width=\"1024\" height=\"768\" src=\"https:\/\/casaruralcastalla.com\/fr\/wp-content\/uploads\/sites\/4\/2025\/01\/20241227_154816-Editada-1024x768.jpg\" alt=\"Cuisine vue depuis la porte, avec four, horloge murale et vaisselier vitr\u00e9 en bois\" data-id=\"1662\" class=\"wp-block-getwid-images-slider__image wp-image-1662\" srcset=\"https:\/\/casaruralcastalla.com\/fr\/wp-content\/uploads\/sites\/4\/2025\/01\/20241227_154816-Editada-1024x768.jpg 1024w, https:\/\/casaruralcastalla.com\/fr\/wp-content\/uploads\/sites\/4\/2025\/01\/20241227_154816-Editada-300x225.jpg 300w, https:\/\/casaruralcastalla.com\/fr\/wp-content\/uploads\/sites\/4\/2025\/01\/20241227_154816-Editada-768x576.jpg 768w, https:\/\/casaruralcastalla.com\/fr\/wp-content\/uploads\/sites\/4\/2025\/01\/20241227_154816-Editada-1536x1152.jpg 1536w, https:\/\/casaruralcastalla.com\/fr\/wp-content\/uploads\/sites\/4\/2025\/01\/20241227_154816-Editada-2048x1536.jpg 2048w, https:\/\/casaruralcastalla.com\/fr\/wp-content\/uploads\/sites\/4\/2025\/01\/20241227_154816-Editada-892x669.jpg 892w, https:\/\/casaruralcastalla.com\/fr\/wp-content\/uploads\/sites\/4\/2025\/01\/20241227_154816-Editada-1350x1013.jpg 1350w\" sizes=\"(max-width: 1024px) 100vw, 1024px\" \/><\/figure><\/div><div class=\"wp-block-getwid-images-slider__item\"><figure><img decoding=\"async\" width=\"1024\" height=\"768\" src=\"https:\/\/casaruralcastalla.com\/fr\/wp-content\/uploads\/sites\/4\/2025\/01\/20241227_154833-Editada-1024x768.jpg\" alt=\"Plan de travail de la cuisine avec plaque \u00e0 induction, micro-ondes turquoise r\u00e9tro et cafeti\u00e8re\" data-id=\"1658\" class=\"wp-block-getwid-images-slider__image wp-image-1658\" srcset=\"https:\/\/casaruralcastalla.com\/fr\/wp-content\/uploads\/sites\/4\/2025\/01\/20241227_154833-Editada-1024x768.jpg 1024w, https:\/\/casaruralcastalla.com\/fr\/wp-content\/uploads\/sites\/4\/2025\/01\/20241227_154833-Editada-300x225.jpg 300w, https:\/\/casaruralcastalla.com\/fr\/wp-content\/uploads\/sites\/4\/2025\/01\/20241227_154833-Editada-768x576.jpg 768w, https:\/\/casaruralcastalla.com\/fr\/wp-content\/uploads\/sites\/4\/2025\/01\/20241227_154833-Editada-1536x1152.jpg 1536w, https:\/\/casaruralcastalla.com\/fr\/wp-content\/uploads\/sites\/4\/2025\/01\/20241227_154833-Editada-2048x1536.jpg 2048w, https:\/\/casaruralcastalla.com\/fr\/wp-content\/uploads\/sites\/4\/2025\/01\/20241227_154833-Editada-892x669.jpg 892w, https:\/\/casaruralcastalla.com\/fr\/wp-content\/uploads\/sites\/4\/2025\/01\/20241227_154833-Editada-1350x1013.jpg 1350w\" sizes=\"(max-width: 1024px) 100vw, 1024px\" \/><\/figure><\/div><div class=\"wp-block-getwid-images-slider__item\"><figure><img decoding=\"async\" width=\"1024\" height=\"768\" src=\"https:\/\/casaruralcastalla.com\/fr\/wp-content\/uploads\/sites\/4\/2025\/01\/20241227_154900-Editada-1024x768.jpg\" alt=\"Machine \u00e0 expresso turquoise de style r\u00e9tro, avec tasses et soucoupes pr\u00eates sur le plan de travail\" data-id=\"1665\" class=\"wp-block-getwid-images-slider__image wp-image-1665\" srcset=\"https:\/\/casaruralcastalla.com\/fr\/wp-content\/uploads\/sites\/4\/2025\/01\/20241227_154900-Editada-1024x768.jpg 1024w, https:\/\/casaruralcastalla.com\/fr\/wp-content\/uploads\/sites\/4\/2025\/01\/20241227_154900-Editada-300x225.jpg 300w, https:\/\/casaruralcastalla.com\/fr\/wp-content\/uploads\/sites\/4\/2025\/01\/20241227_154900-Editada-768x576.jpg 768w, https:\/\/casaruralcastalla.com\/fr\/wp-content\/uploads\/sites\/4\/2025\/01\/20241227_154900-Editada-1536x1152.jpg 1536w, https:\/\/casaruralcastalla.com\/fr\/wp-content\/uploads\/sites\/4\/2025\/01\/20241227_154900-Editada-2048x1536.jpg 2048w, https:\/\/casaruralcastalla.com\/fr\/wp-content\/uploads\/sites\/4\/2025\/01\/20241227_154900-Editada-892x669.jpg 892w, https:\/\/casaruralcastalla.com\/fr\/wp-content\/uploads\/sites\/4\/2025\/01\/20241227_154900-Editada-1350x1013.jpg 1350w\" sizes=\"(max-width: 1024px) 100vw, 1024px\" \/><\/figure><\/div><div class=\"wp-block-getwid-images-slider__item\"><figure><img decoding=\"async\" width=\"1024\" height=\"683\" src=\"https:\/\/casaruralcastalla.com\/fr\/wp-content\/uploads\/sites\/4\/2026\/08\/casa-rural-castalla-dormitorio-1-04-1024x683.jpg\" alt=\"Lit double de la chambre principale de Casa Rural Castalla, avec acc\u00e8s au balcon\" data-id=\"5624\" class=\"wp-block-getwid-images-slider__image wp-image-5624\" srcset=\"https:\/\/casaruralcastalla.com\/fr\/wp-content\/uploads\/sites\/4\/2026\/08\/casa-rural-castalla-dormitorio-1-04-1024x683.jpg 1024w, https:\/\/casaruralcastalla.com\/fr\/wp-content\/uploads\/sites\/4\/2026\/08\/casa-rural-castalla-dormitorio-1-04-300x200.jpg 300w, https:\/\/casaruralcastalla.com\/fr\/wp-content\/uploads\/sites\/4\/2026\/08\/casa-rural-castalla-dormitorio-1-04-768x512.jpg 768w, https:\/\/casaruralcastalla.com\/fr\/wp-content\/uploads\/sites\/4\/2026\/08\/casa-rural-castalla-dormitorio-1-04-1536x1024.jpg 1536w, https:\/\/casaruralcastalla.com\/fr\/wp-content\/uploads\/sites\/4\/2026\/08\/casa-rural-castalla-dormitorio-1-04-892x595.jpg 892w, https:\/\/casaruralcastalla.com\/fr\/wp-content\/uploads\/sites\/4\/2026\/08\/casa-rural-castalla-dormitorio-1-04-1350x900.jpg 1350w, https:\/\/casaruralcastalla.com\/fr\/wp-content\/uploads\/sites\/4\/2026\/08\/casa-rural-castalla-dormitorio-1-04.jpg 1920w\" sizes=\"(max-width: 1024px) 100vw, 1024px\" \/><\/figure><\/div><div class=\"wp-block-getwid-images-slider__item\"><figure><img decoding=\"async\" width=\"1024\" height=\"683\" src=\"https:\/\/casaruralcastalla.com\/fr\/wp-content\/uploads\/sites\/4\/2026\/08\/casa-rural-castalla-dormitorio-1-03-1024x683.jpg\" alt=\"Chambre principale de Casa Rural Castalla avec t\u00e9l\u00e9vision, lit double et balcon sous les poutres en bois\" data-id=\"5623\" class=\"wp-block-getwid-images-slider__image wp-image-5623\" srcset=\"https:\/\/casaruralcastalla.com\/fr\/wp-content\/uploads\/sites\/4\/2026\/08\/casa-rural-castalla-dormitorio-1-03-1024x683.jpg 1024w, https:\/\/casaruralcastalla.com\/fr\/wp-content\/uploads\/sites\/4\/2026\/08\/casa-rural-castalla-dormitorio-1-03-300x200.jpg 300w, https:\/\/casaruralcastalla.com\/fr\/wp-content\/uploads\/sites\/4\/2026\/08\/casa-rural-castalla-dormitorio-1-03-768x512.jpg 768w, https:\/\/casaruralcastalla.com\/fr\/wp-content\/uploads\/sites\/4\/2026\/08\/casa-rural-castalla-dormitorio-1-03-1536x1024.jpg 1536w, https:\/\/casaruralcastalla.com\/fr\/wp-content\/uploads\/sites\/4\/2026\/08\/casa-rural-castalla-dormitorio-1-03-892x595.jpg 892w, https:\/\/casaruralcastalla.com\/fr\/wp-content\/uploads\/sites\/4\/2026\/08\/casa-rural-castalla-dormitorio-1-03-1350x900.jpg 1350w, https:\/\/casaruralcastalla.com\/fr\/wp-content\/uploads\/sites\/4\/2026\/08\/casa-rural-castalla-dormitorio-1-03.jpg 1920w\" sizes=\"(max-width: 1024px) 100vw, 1024px\" \/><\/figure><\/div><div class=\"wp-block-getwid-images-slider__item\"><figure><img decoding=\"async\" width=\"1024\" height=\"683\" src=\"https:\/\/casaruralcastalla.com\/fr\/wp-content\/uploads\/sites\/4\/2026\/08\/casa-rural-castalla-dormitorio-3-verde-01-1024x683.jpg\" alt=\"Chambre verte de Casa Rural Castalla avec poutres en bois, armoire et tapis kilim\" data-id=\"5647\" class=\"wp-block-getwid-images-slider__image wp-image-5647\" srcset=\"https:\/\/casaruralcastalla.com\/fr\/wp-content\/uploads\/sites\/4\/2026\/08\/casa-rural-castalla-dormitorio-3-verde-01-1024x683.jpg 1024w, https:\/\/casaruralcastalla.com\/fr\/wp-content\/uploads\/sites\/4\/2026\/08\/casa-rural-castalla-dormitorio-3-verde-01-300x200.jpg 300w, https:\/\/casaruralcastalla.com\/fr\/wp-content\/uploads\/sites\/4\/2026\/08\/casa-rural-castalla-dormitorio-3-verde-01-768x512.jpg 768w, https:\/\/casaruralcastalla.com\/fr\/wp-content\/uploads\/sites\/4\/2026\/08\/casa-rural-castalla-dormitorio-3-verde-01-1536x1024.jpg 1536w, https:\/\/casaruralcastalla.com\/fr\/wp-content\/uploads\/sites\/4\/2026\/08\/casa-rural-castalla-dormitorio-3-verde-01-892x595.jpg 892w, https:\/\/casaruralcastalla.com\/fr\/wp-content\/uploads\/sites\/4\/2026\/08\/casa-rural-castalla-dormitorio-3-verde-01-1350x900.jpg 1350w, https:\/\/casaruralcastalla.com\/fr\/wp-content\/uploads\/sites\/4\/2026\/08\/casa-rural-castalla-dormitorio-3-verde-01.jpg 1920w\" sizes=\"(max-width: 1024px) 100vw, 1024px\" \/><\/figure><\/div><div class=\"wp-block-getwid-images-slider__item\"><figure><img decoding=\"async\" width=\"1024\" height=\"683\" src=\"https:\/\/casaruralcastalla.com\/fr\/wp-content\/uploads\/sites\/4\/2026\/08\/casa-rural-castalla-sala-de-juegos-01-1024x683.jpg\" alt=\"Salle de jeux de Casa Rural Castalla, dans les tons mauves, avec un lit et une fen\u00eatre en bois donnant sur le balcon\" data-id=\"5683\" class=\"wp-block-getwid-images-slider__image wp-image-5683\" srcset=\"https:\/\/casaruralcastalla.com\/fr\/wp-content\/uploads\/sites\/4\/2026\/08\/casa-rural-castalla-sala-de-juegos-01-1024x683.jpg 1024w, https:\/\/casaruralcastalla.com\/fr\/wp-content\/uploads\/sites\/4\/2026\/08\/casa-rural-castalla-sala-de-juegos-01-300x200.jpg 300w, https:\/\/casaruralcastalla.com\/fr\/wp-content\/uploads\/sites\/4\/2026\/08\/casa-rural-castalla-sala-de-juegos-01-768x512.jpg 768w, https:\/\/casaruralcastalla.com\/fr\/wp-content\/uploads\/sites\/4\/2026\/08\/casa-rural-castalla-sala-de-juegos-01-1536x1024.jpg 1536w, https:\/\/casaruralcastalla.com\/fr\/wp-content\/uploads\/sites\/4\/2026\/08\/casa-rural-castalla-sala-de-juegos-01-892x595.jpg 892w, https:\/\/casaruralcastalla.com\/fr\/wp-content\/uploads\/sites\/4\/2026\/08\/casa-rural-castalla-sala-de-juegos-01-1350x900.jpg 1350w, https:\/\/casaruralcastalla.com\/fr\/wp-content\/uploads\/sites\/4\/2026\/08\/casa-rural-castalla-sala-de-juegos-01.jpg 1920w\" sizes=\"(max-width: 1024px) 100vw, 1024px\" \/><\/figure><\/div><div class=\"wp-block-getwid-images-slider__item\"><figure><img decoding=\"async\" width=\"1024\" height=\"683\" src=\"https:\/\/casaruralcastalla.com\/fr\/wp-content\/uploads\/sites\/4\/2026\/08\/casa-rural-castalla-buhardilla-02-1024x683.jpg\" alt=\"Lit des combles de Casa Rural Castalla, s\u00e9par\u00e9 du coin salon par une cloison en bois\" data-id=\"5634\" class=\"wp-block-getwid-images-slider__image wp-image-5634\" srcset=\"https:\/\/casaruralcastalla.com\/fr\/wp-content\/uploads\/sites\/4\/2026\/08\/casa-rural-castalla-buhardilla-02-1024x683.jpg 1024w, https:\/\/casaruralcastalla.com\/fr\/wp-content\/uploads\/sites\/4\/2026\/08\/casa-rural-castalla-buhardilla-02-300x200.jpg 300w, https:\/\/casaruralcastalla.com\/fr\/wp-content\/uploads\/sites\/4\/2026\/08\/casa-rural-castalla-buhardilla-02-768x512.jpg 768w, https:\/\/casaruralcastalla.com\/fr\/wp-content\/uploads\/sites\/4\/2026\/08\/casa-rural-castalla-buhardilla-02-1536x1024.jpg 1536w, https:\/\/casaruralcastalla.com\/fr\/wp-content\/uploads\/sites\/4\/2026\/08\/casa-rural-castalla-buhardilla-02-892x595.jpg 892w, https:\/\/casaruralcastalla.com\/fr\/wp-content\/uploads\/sites\/4\/2026\/08\/casa-rural-castalla-buhardilla-02-1350x900.jpg 1350w, https:\/\/casaruralcastalla.com\/fr\/wp-content\/uploads\/sites\/4\/2026\/08\/casa-rural-castalla-buhardilla-02.jpg 1920w\" sizes=\"(max-width: 1024px) 100vw, 1024px\" \/><\/figure><\/div><div class=\"wp-block-getwid-images-slider__item\"><figure><img decoding=\"async\" width=\"1024\" height=\"683\" src=\"https:\/\/casaruralcastalla.com\/fr\/wp-content\/uploads\/sites\/4\/2026\/08\/casa-rural-castalla-buhardilla-03-1024x683.jpg\" alt=\"Chambre sous les combles de Casa Rural Castalla avec lit, bureau, armoire et fen\u00eatre de toit\" data-id=\"5635\" class=\"wp-block-getwid-images-slider__image wp-image-5635\" srcset=\"https:\/\/casaruralcastalla.com\/fr\/wp-content\/uploads\/sites\/4\/2026\/08\/casa-rural-castalla-buhardilla-03-1024x683.jpg 1024w, https:\/\/casaruralcastalla.com\/fr\/wp-content\/uploads\/sites\/4\/2026\/08\/casa-rural-castalla-buhardilla-03-300x200.jpg 300w, https:\/\/casaruralcastalla.com\/fr\/wp-content\/uploads\/sites\/4\/2026\/08\/casa-rural-castalla-buhardilla-03-768x512.jpg 768w, https:\/\/casaruralcastalla.com\/fr\/wp-content\/uploads\/sites\/4\/2026\/08\/casa-rural-castalla-buhardilla-03-1536x1024.jpg 1536w, https:\/\/casaruralcastalla.com\/fr\/wp-content\/uploads\/sites\/4\/2026\/08\/casa-rural-castalla-buhardilla-03-892x595.jpg 892w, https:\/\/casaruralcastalla.com\/fr\/wp-content\/uploads\/sites\/4\/2026\/08\/casa-rural-castalla-buhardilla-03-1350x900.jpg 1350w, https:\/\/casaruralcastalla.com\/fr\/wp-content\/uploads\/sites\/4\/2026\/08\/casa-rural-castalla-buhardilla-03.jpg 1920w\" sizes=\"(max-width: 1024px) 100vw, 1024px\" \/><\/figure><\/div><div class=\"wp-block-getwid-images-slider__item\"><figure><img decoding=\"async\" width=\"1024\" height=\"768\" src=\"https:\/\/casaruralcastalla.com\/fr\/wp-content\/uploads\/sites\/4\/2025\/01\/20241227_161535-Editada-1024x768.jpg\" alt=\"Coin salon sous les combles vu depuis l'escalier, avec canap\u00e9, tapis \u00e0 poils longs et fen\u00eatre \u00e0 volets\" data-id=\"1675\" class=\"wp-block-getwid-images-slider__image wp-image-1675\" srcset=\"https:\/\/casaruralcastalla.com\/fr\/wp-content\/uploads\/sites\/4\/2025\/01\/20241227_161535-Editada-1024x768.jpg 1024w, https:\/\/casaruralcastalla.com\/fr\/wp-content\/uploads\/sites\/4\/2025\/01\/20241227_161535-Editada-300x225.jpg 300w, https:\/\/casaruralcastalla.com\/fr\/wp-content\/uploads\/sites\/4\/2025\/01\/20241227_161535-Editada-768x576.jpg 768w, https:\/\/casaruralcastalla.com\/fr\/wp-content\/uploads\/sites\/4\/2025\/01\/20241227_161535-Editada-1536x1152.jpg 1536w, https:\/\/casaruralcastalla.com\/fr\/wp-content\/uploads\/sites\/4\/2025\/01\/20241227_161535-Editada-2048x1536.jpg 2048w, https:\/\/casaruralcastalla.com\/fr\/wp-content\/uploads\/sites\/4\/2025\/01\/20241227_161535-Editada-892x669.jpg 892w, https:\/\/casaruralcastalla.com\/fr\/wp-content\/uploads\/sites\/4\/2025\/01\/20241227_161535-Editada-1350x1013.jpg 1350w\" sizes=\"(max-width: 1024px) 100vw, 1024px\" \/><\/figure><\/div><div class=\"wp-block-getwid-images-slider__item\"><figure><img decoding=\"async\" width=\"1024\" height=\"768\" src=\"https:\/\/casaruralcastalla.com\/fr\/wp-content\/uploads\/sites\/4\/2025\/01\/20241227_160416-Editada-1024x768.jpg\" alt=\"Salon sous les combles avec canap\u00e9, table basse, \u00e9tag\u00e8res garnies de plantes et bureau sous la charpente\" data-id=\"1653\" class=\"wp-block-getwid-images-slider__image wp-image-1653\" srcset=\"https:\/\/casaruralcastalla.com\/fr\/wp-content\/uploads\/sites\/4\/2025\/01\/20241227_160416-Editada-1024x768.jpg 1024w, https:\/\/casaruralcastalla.com\/fr\/wp-content\/uploads\/sites\/4\/2025\/01\/20241227_160416-Editada-300x225.jpg 300w, https:\/\/casaruralcastalla.com\/fr\/wp-content\/uploads\/sites\/4\/2025\/01\/20241227_160416-Editada-768x576.jpg 768w, https:\/\/casaruralcastalla.com\/fr\/wp-content\/uploads\/sites\/4\/2025\/01\/20241227_160416-Editada-1536x1152.jpg 1536w, https:\/\/casaruralcastalla.com\/fr\/wp-content\/uploads\/sites\/4\/2025\/01\/20241227_160416-Editada-2048x1536.jpg 2048w, https:\/\/casaruralcastalla.com\/fr\/wp-content\/uploads\/sites\/4\/2025\/01\/20241227_160416-Editada-892x669.jpg 892w, https:\/\/casaruralcastalla.com\/fr\/wp-content\/uploads\/sites\/4\/2025\/01\/20241227_160416-Editada-1350x1013.jpg 1350w\" sizes=\"(max-width: 1024px) 100vw, 1024px\" \/><\/figure><\/div><div class=\"wp-block-getwid-images-slider__item\"><figure><img decoding=\"async\" width=\"1024\" height=\"683\" src=\"https:\/\/casaruralcastalla.com\/fr\/wp-content\/uploads\/sites\/4\/2026\/08\/casa-rural-castalla-apartamento-04-1024x683.jpg\" alt=\"Appartement de Casa Rural Castalla avec le lit, le canap\u00e9 et la table en verre sous le plafond en bois\" data-id=\"5640\" class=\"wp-block-getwid-images-slider__image wp-image-5640\" srcset=\"https:\/\/casaruralcastalla.com\/fr\/wp-content\/uploads\/sites\/4\/2026\/08\/casa-rural-castalla-apartamento-04-1024x683.jpg 1024w, https:\/\/casaruralcastalla.com\/fr\/wp-content\/uploads\/sites\/4\/2026\/08\/casa-rural-castalla-apartamento-04-300x200.jpg 300w, https:\/\/casaruralcastalla.com\/fr\/wp-content\/uploads\/sites\/4\/2026\/08\/casa-rural-castalla-apartamento-04-768x512.jpg 768w, https:\/\/casaruralcastalla.com\/fr\/wp-content\/uploads\/sites\/4\/2026\/08\/casa-rural-castalla-apartamento-04-1536x1024.jpg 1536w, https:\/\/casaruralcastalla.com\/fr\/wp-content\/uploads\/sites\/4\/2026\/08\/casa-rural-castalla-apartamento-04-892x595.jpg 892w, https:\/\/casaruralcastalla.com\/fr\/wp-content\/uploads\/sites\/4\/2026\/08\/casa-rural-castalla-apartamento-04-1350x900.jpg 1350w, https:\/\/casaruralcastalla.com\/fr\/wp-content\/uploads\/sites\/4\/2026\/08\/casa-rural-castalla-apartamento-04.jpg 1920w\" sizes=\"(max-width: 1024px) 100vw, 1024px\" \/><\/figure><\/div><div class=\"wp-block-getwid-images-slider__item\"><figure><img decoding=\"async\" width=\"1024\" height=\"683\" src=\"https:\/\/casaruralcastalla.com\/fr\/wp-content\/uploads\/sites\/4\/2026\/08\/casa-rural-castalla-apartamento-06-1024x683.jpg\" alt=\"Appartement de Casa Rural Castalla avec lit, table \u00e0 manger ronde et cuisine ind\u00e9pendante sous le plafond en bois\" data-id=\"5638\" class=\"wp-block-getwid-images-slider__image wp-image-5638\" srcset=\"https:\/\/casaruralcastalla.com\/fr\/wp-content\/uploads\/sites\/4\/2026\/08\/casa-rural-castalla-apartamento-06-1024x683.jpg 1024w, https:\/\/casaruralcastalla.com\/fr\/wp-content\/uploads\/sites\/4\/2026\/08\/casa-rural-castalla-apartamento-06-300x200.jpg 300w, https:\/\/casaruralcastalla.com\/fr\/wp-content\/uploads\/sites\/4\/2026\/08\/casa-rural-castalla-apartamento-06-768x512.jpg 768w, https:\/\/casaruralcastalla.com\/fr\/wp-content\/uploads\/sites\/4\/2026\/08\/casa-rural-castalla-apartamento-06-1536x1024.jpg 1536w, https:\/\/casaruralcastalla.com\/fr\/wp-content\/uploads\/sites\/4\/2026\/08\/casa-rural-castalla-apartamento-06-892x595.jpg 892w, https:\/\/casaruralcastalla.com\/fr\/wp-content\/uploads\/sites\/4\/2026\/08\/casa-rural-castalla-apartamento-06-1350x900.jpg 1350w, https:\/\/casaruralcastalla.com\/fr\/wp-content\/uploads\/sites\/4\/2026\/08\/casa-rural-castalla-apartamento-06.jpg 1920w\" sizes=\"(max-width: 1024px) 100vw, 1024px\" \/><\/figure><\/div><div class=\"wp-block-getwid-images-slider__item\"><figure><img decoding=\"async\" width=\"1024\" height=\"768\" src=\"https:\/\/casaruralcastalla.com\/fr\/wp-content\/uploads\/sites\/4\/2025\/01\/20241227_162027-Editada-1024x768.jpg\" alt=\"Salle de bains carrel\u00e9e en vert, avec douche avec receveur, meuble-vasque en bois et \u00e9tag\u00e8re d\u2019angle\" data-id=\"1656\" class=\"wp-block-getwid-images-slider__image wp-image-1656\" srcset=\"https:\/\/casaruralcastalla.com\/fr\/wp-content\/uploads\/sites\/4\/2025\/01\/20241227_162027-Editada-1024x768.jpg 1024w, https:\/\/casaruralcastalla.com\/fr\/wp-content\/uploads\/sites\/4\/2025\/01\/20241227_162027-Editada-300x225.jpg 300w, https:\/\/casaruralcastalla.com\/fr\/wp-content\/uploads\/sites\/4\/2025\/01\/20241227_162027-Editada-768x576.jpg 768w, https:\/\/casaruralcastalla.com\/fr\/wp-content\/uploads\/sites\/4\/2025\/01\/20241227_162027-Editada-1536x1152.jpg 1536w, https:\/\/casaruralcastalla.com\/fr\/wp-content\/uploads\/sites\/4\/2025\/01\/20241227_162027-Editada-2048x1536.jpg 2048w, https:\/\/casaruralcastalla.com\/fr\/wp-content\/uploads\/sites\/4\/2025\/01\/20241227_162027-Editada-892x669.jpg 892w, https:\/\/casaruralcastalla.com\/fr\/wp-content\/uploads\/sites\/4\/2025\/01\/20241227_162027-Editada-1350x1013.jpg 1350w\" sizes=\"(max-width: 1024px) 100vw, 1024px\" \/><\/figure><\/div><div class=\"wp-block-getwid-images-slider__item\"><figure><img decoding=\"async\" width=\"1024\" height=\"768\" src=\"https:\/\/casaruralcastalla.com\/fr\/wp-content\/uploads\/sites\/4\/2025\/01\/20241227_162545-Editada-1024x768.jpg\" alt=\"Deuxi\u00e8me salle de bains en bleu clair, avec cabine de douche, vasque en verre et panier en osier\" data-id=\"1666\" class=\"wp-block-getwid-images-slider__image wp-image-1666\" srcset=\"https:\/\/casaruralcastalla.com\/fr\/wp-content\/uploads\/sites\/4\/2025\/01\/20241227_162545-Editada-1024x768.jpg 1024w, https:\/\/casaruralcastalla.com\/fr\/wp-content\/uploads\/sites\/4\/2025\/01\/20241227_162545-Editada-300x225.jpg 300w, https:\/\/casaruralcastalla.com\/fr\/wp-content\/uploads\/sites\/4\/2025\/01\/20241227_162545-Editada-768x576.jpg 768w, https:\/\/casaruralcastalla.com\/fr\/wp-content\/uploads\/sites\/4\/2025\/01\/20241227_162545-Editada-1536x1152.jpg 1536w, https:\/\/casaruralcastalla.com\/fr\/wp-content\/uploads\/sites\/4\/2025\/01\/20241227_162545-Editada-2048x1536.jpg 2048w, https:\/\/casaruralcastalla.com\/fr\/wp-content\/uploads\/sites\/4\/2025\/01\/20241227_162545-Editada-892x669.jpg 892w, https:\/\/casaruralcastalla.com\/fr\/wp-content\/uploads\/sites\/4\/2025\/01\/20241227_162545-Editada-1350x1013.jpg 1350w\" sizes=\"(max-width: 1024px) 100vw, 1024px\" \/><\/figure><\/div><div class=\"wp-block-getwid-images-slider__item\"><figure><img decoding=\"async\" width=\"768\" height=\"1024\" src=\"https:\/\/casaruralcastalla.com\/fr\/wp-content\/uploads\/sites\/4\/2025\/01\/20241227_164324-Editada-768x1024.jpg\" alt=\"Escalier en fer forg\u00e9 et bois reliant les \u00e9tages de la maison, vu d'en haut\" data-id=\"1652\" class=\"wp-block-getwid-images-slider__image wp-image-1652\" srcset=\"https:\/\/casaruralcastalla.com\/fr\/wp-content\/uploads\/sites\/4\/2025\/01\/20241227_164324-Editada-768x1024.jpg 768w, https:\/\/casaruralcastalla.com\/fr\/wp-content\/uploads\/sites\/4\/2025\/01\/20241227_164324-Editada-225x300.jpg 225w, https:\/\/casaruralcastalla.com\/fr\/wp-content\/uploads\/sites\/4\/2025\/01\/20241227_164324-Editada-1152x1536.jpg 1152w, https:\/\/casaruralcastalla.com\/fr\/wp-content\/uploads\/sites\/4\/2025\/01\/20241227_164324-Editada-1536x2048.jpg 1536w, https:\/\/casaruralcastalla.com\/fr\/wp-content\/uploads\/sites\/4\/2025\/01\/20241227_164324-Editada-892x1189.jpg 892w, https:\/\/casaruralcastalla.com\/fr\/wp-content\/uploads\/sites\/4\/2025\/01\/20241227_164324-Editada-1350x1800.jpg 1350w, https:\/\/casaruralcastalla.com\/fr\/wp-content\/uploads\/sites\/4\/2025\/01\/20241227_164324-Editada-scaled.jpg 1920w\" sizes=\"(max-width: 768px) 100vw, 768px\" \/><\/figure><\/div><div class=\"wp-block-getwid-images-slider__item\"><figure><img decoding=\"async\" width=\"768\" height=\"1024\" src=\"https:\/\/casaruralcastalla.com\/fr\/wp-content\/uploads\/sites\/4\/2025\/01\/20241227_164232-Editada-768x1024.jpg\" alt=\"Vue plongeante sur l'escalier ouvert vers le palier, avec ses marches en bois et sa rampe en fer\" data-id=\"1670\" class=\"wp-block-getwid-images-slider__image wp-image-1670\" srcset=\"https:\/\/casaruralcastalla.com\/fr\/wp-content\/uploads\/sites\/4\/2025\/01\/20241227_164232-Editada-768x1024.jpg 768w, https:\/\/casaruralcastalla.com\/fr\/wp-content\/uploads\/sites\/4\/2025\/01\/20241227_164232-Editada-225x300.jpg 225w, https:\/\/casaruralcastalla.com\/fr\/wp-content\/uploads\/sites\/4\/2025\/01\/20241227_164232-Editada-1152x1536.jpg 1152w, https:\/\/casaruralcastalla.com\/fr\/wp-content\/uploads\/sites\/4\/2025\/01\/20241227_164232-Editada-1536x2048.jpg 1536w, https:\/\/casaruralcastalla.com\/fr\/wp-content\/uploads\/sites\/4\/2025\/01\/20241227_164232-Editada-892x1189.jpg 892w, https:\/\/casaruralcastalla.com\/fr\/wp-content\/uploads\/sites\/4\/2025\/01\/20241227_164232-Editada-1350x1800.jpg 1350w, https:\/\/casaruralcastalla.com\/fr\/wp-content\/uploads\/sites\/4\/2025\/01\/20241227_164232-Editada-scaled.jpg 1920w\" sizes=\"(max-width: 768px) 100vw, 768px\" \/><\/figure><\/div><div class=\"wp-block-getwid-images-slider__item\"><figure><img decoding=\"async\" width=\"1024\" height=\"768\" src=\"https:\/\/casaruralcastalla.com\/fr\/wp-content\/uploads\/sites\/4\/2025\/01\/20241227_155527-Editada-1024x768.jpg\" alt=\"Patio int\u00e9rieur aux murs de pierre apparente, avec fauteuils en osier et une table pliante \u00e0 l'ombre\" data-id=\"1655\" class=\"wp-block-getwid-images-slider__image wp-image-1655\" srcset=\"https:\/\/casaruralcastalla.com\/fr\/wp-content\/uploads\/sites\/4\/2025\/01\/20241227_155527-Editada-1024x768.jpg 1024w, https:\/\/casaruralcastalla.com\/fr\/wp-content\/uploads\/sites\/4\/2025\/01\/20241227_155527-Editada-300x225.jpg 300w, https:\/\/casaruralcastalla.com\/fr\/wp-content\/uploads\/sites\/4\/2025\/01\/20241227_155527-Editada-768x576.jpg 768w, https:\/\/casaruralcastalla.com\/fr\/wp-content\/uploads\/sites\/4\/2025\/01\/20241227_155527-Editada-1536x1152.jpg 1536w, https:\/\/casaruralcastalla.com\/fr\/wp-content\/uploads\/sites\/4\/2025\/01\/20241227_155527-Editada-2048x1536.jpg 2048w, https:\/\/casaruralcastalla.com\/fr\/wp-content\/uploads\/sites\/4\/2025\/01\/20241227_155527-Editada-892x669.jpg 892w, https:\/\/casaruralcastalla.com\/fr\/wp-content\/uploads\/sites\/4\/2025\/01\/20241227_155527-Editada-1350x1013.jpg 1350w\" sizes=\"(max-width: 1024px) 100vw, 1024px\" \/><\/figure><\/div><div class=\"wp-block-getwid-images-slider__item\"><figure><img decoding=\"async\" width=\"768\" height=\"1024\" src=\"https:\/\/casaruralcastalla.com\/fr\/wp-content\/uploads\/sites\/4\/2025\/01\/20241227_163359-Editada-768x1024.jpg\" alt=\"Fa\u00e7ade de Casa Rural Castalla, Carrer Major, avec son balcon rempli de plantes et le centre historique au fond\" data-id=\"1671\" class=\"wp-block-getwid-images-slider__image wp-image-1671\" srcset=\"https:\/\/casaruralcastalla.com\/fr\/wp-content\/uploads\/sites\/4\/2025\/01\/20241227_163359-Editada-768x1024.jpg 768w, https:\/\/casaruralcastalla.com\/fr\/wp-content\/uploads\/sites\/4\/2025\/01\/20241227_163359-Editada-225x300.jpg 225w, https:\/\/casaruralcastalla.com\/fr\/wp-content\/uploads\/sites\/4\/2025\/01\/20241227_163359-Editada-1152x1536.jpg 1152w, https:\/\/casaruralcastalla.com\/fr\/wp-content\/uploads\/sites\/4\/2025\/01\/20241227_163359-Editada-1536x2048.jpg 1536w, https:\/\/casaruralcastalla.com\/fr\/wp-content\/uploads\/sites\/4\/2025\/01\/20241227_163359-Editada-892x1189.jpg 892w, https:\/\/casaruralcastalla.com\/fr\/wp-content\/uploads\/sites\/4\/2025\/01\/20241227_163359-Editada-1350x1800.jpg 1350w, https:\/\/casaruralcastalla.com\/fr\/wp-content\/uploads\/sites\/4\/2025\/01\/20241227_163359-Editada-scaled.jpg 1920w\" sizes=\"(max-width: 768px) 100vw, 768px\" \/><\/figure><\/div><div class=\"wp-block-getwid-images-slider__item\"><figure><img decoding=\"async\" width=\"1024\" height=\"768\" src=\"https:\/\/casaruralcastalla.com\/fr\/wp-content\/uploads\/sites\/4\/2025\/01\/20241227_163333-1-Editada-1024x768.jpg\" alt=\"La Carrer Major, dans le centre historique de Castalla, avec la fa\u00e7ade en brique de la maison \u00e0 droite\" data-id=\"1647\" class=\"wp-block-getwid-images-slider__image wp-image-1647\" srcset=\"https:\/\/casaruralcastalla.com\/fr\/wp-content\/uploads\/sites\/4\/2025\/01\/20241227_163333-1-Editada-1024x768.jpg 1024w, https:\/\/casaruralcastalla.com\/fr\/wp-content\/uploads\/sites\/4\/2025\/01\/20241227_163333-1-Editada-300x225.jpg 300w, https:\/\/casaruralcastalla.com\/fr\/wp-content\/uploads\/sites\/4\/2025\/01\/20241227_163333-1-Editada-768x576.jpg 768w, https:\/\/casaruralcastalla.com\/fr\/wp-content\/uploads\/sites\/4\/2025\/01\/20241227_163333-1-Editada-1536x1152.jpg 1536w, https:\/\/casaruralcastalla.com\/fr\/wp-content\/uploads\/sites\/4\/2025\/01\/20241227_163333-1-Editada-2048x1536.jpg 2048w, https:\/\/casaruralcastalla.com\/fr\/wp-content\/uploads\/sites\/4\/2025\/01\/20241227_163333-1-Editada-892x669.jpg 892w, https:\/\/casaruralcastalla.com\/fr\/wp-content\/uploads\/sites\/4\/2025\/01\/20241227_163333-1-Editada-1350x1013.jpg 1350w\" sizes=\"(max-width: 1024px) 100vw, 1024px\" \/><\/figure><\/div><\/div><\/div>\n\n\n\n<p class=\"has-text-align-center wp-block-paragraph\">D\u00e9couvrez l\u2019\u00e2me de Casa Rural Castalla en images. Promenez-vous dans chaque recoin de <a href=\"https:\/\/casaruralcastalla.com\/fr\/hebergement-a-castalla\/\">notre grande maison de vacances \u00e0 Castalla<\/a> et dans la nature qui l\u2019entoure, et laissez la beaut\u00e9 tranquille de l\u2019arri\u00e8re-pays d\u2019Alicante faire le reste.<\/p>\n\n\n\n<p class=\"has-text-align-center wp-block-paragraph\">Envie de regarder de plus pr\u00e8s ? Il vous suffit de cliquer sur une photo pour l\u2019ouvrir en grand et en appr\u00e9cier le moindre d\u00e9tail.<\/p>\n\n\n\n<figure class=\"wp-block-gallery has-nested-images columns-default is-cropped wp-block-gallery-1 is-layout-flex wp-block-gallery-is-layout-flex\">\n<figure class=\"wp-block-image size-large\"><a href=\"https:\/\/casaruralcastalla.com\/fr\/wp-content\/uploads\/sites\/4\/2025\/01\/20241226_160556-Editada-scaled.jpg\"><img decoding=\"async\" width=\"1024\" height=\"768\" data-id=\"1667\" src=\"https:\/\/casaruralcastalla.com\/fr\/wp-content\/uploads\/sites\/4\/2025\/01\/20241226_160556-Editada-1024x768.jpg\" alt=\"Coin lecture avec des fauteuils turquoise et jaunes autour d'une table ronde en bois\" class=\"wp-image-1667\" srcset=\"https:\/\/casaruralcastalla.com\/fr\/wp-content\/uploads\/sites\/4\/2025\/01\/20241226_160556-Editada-1024x768.jpg 1024w, https:\/\/casaruralcastalla.com\/fr\/wp-content\/uploads\/sites\/4\/2025\/01\/20241226_160556-Editada-300x225.jpg 300w, https:\/\/casaruralcastalla.com\/fr\/wp-content\/uploads\/sites\/4\/2025\/01\/20241226_160556-Editada-768x576.jpg 768w, https:\/\/casaruralcastalla.com\/fr\/wp-content\/uploads\/sites\/4\/2025\/01\/20241226_160556-Editada-1536x1152.jpg 1536w, https:\/\/casaruralcastalla.com\/fr\/wp-content\/uploads\/sites\/4\/2025\/01\/20241226_160556-Editada-2048x1536.jpg 2048w, https:\/\/casaruralcastalla.com\/fr\/wp-content\/uploads\/sites\/4\/2025\/01\/20241226_160556-Editada-892x669.jpg 892w, https:\/\/casaruralcastalla.com\/fr\/wp-content\/uploads\/sites\/4\/2025\/01\/20241226_160556-Editada-1350x1013.jpg 1350w\" sizes=\"(max-width: 1024px) 100vw, 1024px\" \/><\/a><\/figure>\n\n\n\n<figure class=\"wp-block-image size-large\"><a href=\"https:\/\/casaruralcastalla.com\/fr\/wp-content\/uploads\/sites\/4\/2025\/01\/20241226_160847-Editada-scaled.jpg\"><img decoding=\"async\" width=\"1024\" height=\"768\" data-id=\"1668\" src=\"https:\/\/casaruralcastalla.com\/fr\/wp-content\/uploads\/sites\/4\/2025\/01\/20241226_160847-Editada-1024x768.jpg\" alt=\"Salon sous une arche en brique, avec poutres apparentes, un buffet rustique et le coin repas au fond\" class=\"wp-image-1668\" srcset=\"https:\/\/casaruralcastalla.com\/fr\/wp-content\/uploads\/sites\/4\/2025\/01\/20241226_160847-Editada-1024x768.jpg 1024w, https:\/\/casaruralcastalla.com\/fr\/wp-content\/uploads\/sites\/4\/2025\/01\/20241226_160847-Editada-300x225.jpg 300w, https:\/\/casaruralcastalla.com\/fr\/wp-content\/uploads\/sites\/4\/2025\/01\/20241226_160847-Editada-768x576.jpg 768w, https:\/\/casaruralcastalla.com\/fr\/wp-content\/uploads\/sites\/4\/2025\/01\/20241226_160847-Editada-1536x1152.jpg 1536w, https:\/\/casaruralcastalla.com\/fr\/wp-content\/uploads\/sites\/4\/2025\/01\/20241226_160847-Editada-2048x1536.jpg 2048w, https:\/\/casaruralcastalla.com\/fr\/wp-content\/uploads\/sites\/4\/2025\/01\/20241226_160847-Editada-892x669.jpg 892w, https:\/\/casaruralcastalla.com\/fr\/wp-content\/uploads\/sites\/4\/2025\/01\/20241226_160847-Editada-1350x1013.jpg 1350w\" sizes=\"(max-width: 1024px) 100vw, 1024px\" \/><\/a><\/figure>\n\n\n\n<figure class=\"wp-block-image size-large\"><a href=\"https:\/\/casaruralcastalla.com\/fr\/wp-content\/uploads\/sites\/4\/2025\/01\/20241226_164945-Editada-scaled.jpg\"><img decoding=\"async\" width=\"1024\" height=\"768\" data-id=\"1669\" src=\"https:\/\/casaruralcastalla.com\/fr\/wp-content\/uploads\/sites\/4\/2025\/01\/20241226_164945-Editada-1024x768.jpg\" alt=\"S\u00e9jour avec canap\u00e9 bleu, photographies encadr\u00e9es et une longue table en bois pr\u00e8s de l'entr\u00e9e\" class=\"wp-image-1669\" srcset=\"https:\/\/casaruralcastalla.com\/fr\/wp-content\/uploads\/sites\/4\/2025\/01\/20241226_164945-Editada-1024x768.jpg 1024w, https:\/\/casaruralcastalla.com\/fr\/wp-content\/uploads\/sites\/4\/2025\/01\/20241226_164945-Editada-300x225.jpg 300w, https:\/\/casaruralcastalla.com\/fr\/wp-content\/uploads\/sites\/4\/2025\/01\/20241226_164945-Editada-768x576.jpg 768w, https:\/\/casaruralcastalla.com\/fr\/wp-content\/uploads\/sites\/4\/2025\/01\/20241226_164945-Editada-1536x1152.jpg 1536w, https:\/\/casaruralcastalla.com\/fr\/wp-content\/uploads\/sites\/4\/2025\/01\/20241226_164945-Editada-2048x1536.jpg 2048w, https:\/\/casaruralcastalla.com\/fr\/wp-content\/uploads\/sites\/4\/2025\/01\/20241226_164945-Editada-892x669.jpg 892w, https:\/\/casaruralcastalla.com\/fr\/wp-content\/uploads\/sites\/4\/2025\/01\/20241226_164945-Editada-1350x1013.jpg 1350w\" sizes=\"(max-width: 1024px) 100vw, 1024px\" \/><\/a><\/figure>\n\n\n\n<figure class=\"wp-block-image size-large\"><a href=\"https:\/\/casaruralcastalla.com\/fr\/wp-content\/uploads\/sites\/4\/2025\/01\/20241226_165150-Editada-scaled.jpg\"><img decoding=\"async\" width=\"1024\" height=\"576\" data-id=\"1650\" src=\"https:\/\/casaruralcastalla.com\/fr\/wp-content\/uploads\/sites\/4\/2025\/01\/20241226_165150-Editada-1024x576.jpg\" alt=\"Table \u00e0 manger avec des chaises color\u00e9es et des photographies en noir et blanc du vieux Castalla au mur\" class=\"wp-image-1650\" srcset=\"https:\/\/casaruralcastalla.com\/fr\/wp-content\/uploads\/sites\/4\/2025\/01\/20241226_165150-Editada-1024x576.jpg 1024w, https:\/\/casaruralcastalla.com\/fr\/wp-content\/uploads\/sites\/4\/2025\/01\/20241226_165150-Editada-300x169.jpg 300w, https:\/\/casaruralcastalla.com\/fr\/wp-content\/uploads\/sites\/4\/2025\/01\/20241226_165150-Editada-768x432.jpg 768w, https:\/\/casaruralcastalla.com\/fr\/wp-content\/uploads\/sites\/4\/2025\/01\/20241226_165150-Editada-1536x864.jpg 1536w, https:\/\/casaruralcastalla.com\/fr\/wp-content\/uploads\/sites\/4\/2025\/01\/20241226_165150-Editada-2048x1153.jpg 2048w, https:\/\/casaruralcastalla.com\/fr\/wp-content\/uploads\/sites\/4\/2025\/01\/20241226_165150-Editada-892x502.jpg 892w, https:\/\/casaruralcastalla.com\/fr\/wp-content\/uploads\/sites\/4\/2025\/01\/20241226_165150-Editada-1350x760.jpg 1350w\" sizes=\"(max-width: 1024px) 100vw, 1024px\" \/><\/a><\/figure>\n\n\n\n<figure class=\"wp-block-image size-large\"><a href=\"https:\/\/casaruralcastalla.com\/fr\/wp-content\/uploads\/sites\/4\/2025\/01\/20241227_154717-Editada-scaled.jpg\"><img decoding=\"async\" width=\"1024\" height=\"768\" data-id=\"1664\" src=\"https:\/\/casaruralcastalla.com\/fr\/wp-content\/uploads\/sites\/4\/2025\/01\/20241227_154717-Editada-1024x768.jpg\" alt=\"Cuisine enti\u00e8rement \u00e9quip\u00e9e avec r\u00e9frig\u00e9rateur turquoise r\u00e9tro, carrelage jaune et une orchid\u00e9e sur le plan de travail\" class=\"wp-image-1664\" srcset=\"https:\/\/casaruralcastalla.com\/fr\/wp-content\/uploads\/sites\/4\/2025\/01\/20241227_154717-Editada-1024x768.jpg 1024w, https:\/\/casaruralcastalla.com\/fr\/wp-content\/uploads\/sites\/4\/2025\/01\/20241227_154717-Editada-300x225.jpg 300w, https:\/\/casaruralcastalla.com\/fr\/wp-content\/uploads\/sites\/4\/2025\/01\/20241227_154717-Editada-768x576.jpg 768w, https:\/\/casaruralcastalla.com\/fr\/wp-content\/uploads\/sites\/4\/2025\/01\/20241227_154717-Editada-1536x1152.jpg 1536w, https:\/\/casaruralcastalla.com\/fr\/wp-content\/uploads\/sites\/4\/2025\/01\/20241227_154717-Editada-2048x1536.jpg 2048w, https:\/\/casaruralcastalla.com\/fr\/wp-content\/uploads\/sites\/4\/2025\/01\/20241227_154717-Editada-892x669.jpg 892w, https:\/\/casaruralcastalla.com\/fr\/wp-content\/uploads\/sites\/4\/2025\/01\/20241227_154717-Editada-1350x1013.jpg 1350w\" sizes=\"(max-width: 1024px) 100vw, 1024px\" \/><\/a><\/figure>\n\n\n\n<figure class=\"wp-block-image size-large\"><a href=\"https:\/\/casaruralcastalla.com\/fr\/wp-content\/uploads\/sites\/4\/2025\/01\/20241227_154816-Editada-scaled.jpg\"><img decoding=\"async\" width=\"1024\" height=\"768\" data-id=\"1662\" src=\"https:\/\/casaruralcastalla.com\/fr\/wp-content\/uploads\/sites\/4\/2025\/01\/20241227_154816-Editada-1024x768.jpg\" alt=\"Cuisine vue depuis la porte, avec four, horloge murale et vaisselier vitr\u00e9 en bois\" class=\"wp-image-1662\" srcset=\"https:\/\/casaruralcastalla.com\/fr\/wp-content\/uploads\/sites\/4\/2025\/01\/20241227_154816-Editada-1024x768.jpg 1024w, https:\/\/casaruralcastalla.com\/fr\/wp-content\/uploads\/sites\/4\/2025\/01\/20241227_154816-Editada-300x225.jpg 300w, https:\/\/casaruralcastalla.com\/fr\/wp-content\/uploads\/sites\/4\/2025\/01\/20241227_154816-Editada-768x576.jpg 768w, https:\/\/casaruralcastalla.com\/fr\/wp-content\/uploads\/sites\/4\/2025\/01\/20241227_154816-Editada-1536x1152.jpg 1536w, https:\/\/casaruralcastalla.com\/fr\/wp-content\/uploads\/sites\/4\/2025\/01\/20241227_154816-Editada-2048x1536.jpg 2048w, https:\/\/casaruralcastalla.com\/fr\/wp-content\/uploads\/sites\/4\/2025\/01\/20241227_154816-Editada-892x669.jpg 892w, https:\/\/casaruralcastalla.com\/fr\/wp-content\/uploads\/sites\/4\/2025\/01\/20241227_154816-Editada-1350x1013.jpg 1350w\" sizes=\"(max-width: 1024px) 100vw, 1024px\" \/><\/a><\/figure>\n\n\n\n<figure class=\"wp-block-image size-large\"><a href=\"https:\/\/casaruralcastalla.com\/fr\/wp-content\/uploads\/sites\/4\/2025\/01\/20241227_154833-Editada-scaled.jpg\"><img decoding=\"async\" width=\"1024\" height=\"768\" data-id=\"1658\" src=\"https:\/\/casaruralcastalla.com\/fr\/wp-content\/uploads\/sites\/4\/2025\/01\/20241227_154833-Editada-1024x768.jpg\" alt=\"Plan de travail de la cuisine avec plaque \u00e0 induction, micro-ondes turquoise r\u00e9tro et cafeti\u00e8re\" class=\"wp-image-1658\" srcset=\"https:\/\/casaruralcastalla.com\/fr\/wp-content\/uploads\/sites\/4\/2025\/01\/20241227_154833-Editada-1024x768.jpg 1024w, https:\/\/casaruralcastalla.com\/fr\/wp-content\/uploads\/sites\/4\/2025\/01\/20241227_154833-Editada-300x225.jpg 300w, https:\/\/casaruralcastalla.com\/fr\/wp-content\/uploads\/sites\/4\/2025\/01\/20241227_154833-Editada-768x576.jpg 768w, https:\/\/casaruralcastalla.com\/fr\/wp-content\/uploads\/sites\/4\/2025\/01\/20241227_154833-Editada-1536x1152.jpg 1536w, https:\/\/casaruralcastalla.com\/fr\/wp-content\/uploads\/sites\/4\/2025\/01\/20241227_154833-Editada-2048x1536.jpg 2048w, https:\/\/casaruralcastalla.com\/fr\/wp-content\/uploads\/sites\/4\/2025\/01\/20241227_154833-Editada-892x669.jpg 892w, https:\/\/casaruralcastalla.com\/fr\/wp-content\/uploads\/sites\/4\/2025\/01\/20241227_154833-Editada-1350x1013.jpg 1350w\" sizes=\"(max-width: 1024px) 100vw, 1024px\" \/><\/a><\/figure>\n\n\n\n<figure class=\"wp-block-image size-large\"><a href=\"https:\/\/casaruralcastalla.com\/fr\/wp-content\/uploads\/sites\/4\/2025\/01\/20241227_154900-Editada-scaled.jpg\"><img decoding=\"async\" width=\"1024\" height=\"768\" data-id=\"1665\" src=\"https:\/\/casaruralcastalla.com\/fr\/wp-content\/uploads\/sites\/4\/2025\/01\/20241227_154900-Editada-1024x768.jpg\" alt=\"Machine \u00e0 expresso turquoise de style r\u00e9tro, avec tasses et soucoupes pr\u00eates sur le plan de travail\" class=\"wp-image-1665\" srcset=\"https:\/\/casaruralcastalla.com\/fr\/wp-content\/uploads\/sites\/4\/2025\/01\/20241227_154900-Editada-1024x768.jpg 1024w, https:\/\/casaruralcastalla.com\/fr\/wp-content\/uploads\/sites\/4\/2025\/01\/20241227_154900-Editada-300x225.jpg 300w, https:\/\/casaruralcastalla.com\/fr\/wp-content\/uploads\/sites\/4\/2025\/01\/20241227_154900-Editada-768x576.jpg 768w, https:\/\/casaruralcastalla.com\/fr\/wp-content\/uploads\/sites\/4\/2025\/01\/20241227_154900-Editada-1536x1152.jpg 1536w, https:\/\/casaruralcastalla.com\/fr\/wp-content\/uploads\/sites\/4\/2025\/01\/20241227_154900-Editada-2048x1536.jpg 2048w, https:\/\/casaruralcastalla.com\/fr\/wp-content\/uploads\/sites\/4\/2025\/01\/20241227_154900-Editada-892x669.jpg 892w, https:\/\/casaruralcastalla.com\/fr\/wp-content\/uploads\/sites\/4\/2025\/01\/20241227_154900-Editada-1350x1013.jpg 1350w\" sizes=\"(max-width: 1024px) 100vw, 1024px\" \/><\/a><\/figure>\n\n\n\n<figure class=\"wp-block-image size-large\"><a href=\"https:\/\/casaruralcastalla.com\/fr\/wp-content\/uploads\/sites\/4\/2026\/08\/casa-rural-castalla-dormitorio-1-04.jpg\"><img decoding=\"async\" width=\"1024\" height=\"683\" data-id=\"5624\" src=\"https:\/\/casaruralcastalla.com\/fr\/wp-content\/uploads\/sites\/4\/2026\/08\/casa-rural-castalla-dormitorio-1-04-1024x683.jpg\" alt=\"Lit double de la chambre principale de Casa Rural Castalla, avec acc\u00e8s au balcon\" class=\"wp-image-5624\" srcset=\"https:\/\/casaruralcastalla.com\/fr\/wp-content\/uploads\/sites\/4\/2026\/08\/casa-rural-castalla-dormitorio-1-04-1024x683.jpg 1024w, https:\/\/casaruralcastalla.com\/fr\/wp-content\/uploads\/sites\/4\/2026\/08\/casa-rural-castalla-dormitorio-1-04-300x200.jpg 300w, https:\/\/casaruralcastalla.com\/fr\/wp-content\/uploads\/sites\/4\/2026\/08\/casa-rural-castalla-dormitorio-1-04-768x512.jpg 768w, https:\/\/casaruralcastalla.com\/fr\/wp-content\/uploads\/sites\/4\/2026\/08\/casa-rural-castalla-dormitorio-1-04-1536x1024.jpg 1536w, https:\/\/casaruralcastalla.com\/fr\/wp-content\/uploads\/sites\/4\/2026\/08\/casa-rural-castalla-dormitorio-1-04-892x595.jpg 892w, https:\/\/casaruralcastalla.com\/fr\/wp-content\/uploads\/sites\/4\/2026\/08\/casa-rural-castalla-dormitorio-1-04-1350x900.jpg 1350w, https:\/\/casaruralcastalla.com\/fr\/wp-content\/uploads\/sites\/4\/2026\/08\/casa-rural-castalla-dormitorio-1-04.jpg 1920w\" sizes=\"(max-width: 1024px) 100vw, 1024px\" \/><\/a><\/figure>\n\n\n\n<figure class=\"wp-block-image size-large\"><a href=\"https:\/\/casaruralcastalla.com\/fr\/wp-content\/uploads\/sites\/4\/2026\/08\/casa-rural-castalla-dormitorio-1-03.jpg\"><img decoding=\"async\" width=\"1024\" height=\"683\" data-id=\"5623\" src=\"https:\/\/casaruralcastalla.com\/fr\/wp-content\/uploads\/sites\/4\/2026\/08\/casa-rural-castalla-dormitorio-1-03-1024x683.jpg\" alt=\"Chambre principale de Casa Rural Castalla avec t\u00e9l\u00e9vision, lit double et balcon sous les poutres en bois\" class=\"wp-image-5623\" srcset=\"https:\/\/casaruralcastalla.com\/fr\/wp-content\/uploads\/sites\/4\/2026\/08\/casa-rural-castalla-dormitorio-1-03-1024x683.jpg 1024w, https:\/\/casaruralcastalla.com\/fr\/wp-content\/uploads\/sites\/4\/2026\/08\/casa-rural-castalla-dormitorio-1-03-300x200.jpg 300w, https:\/\/casaruralcastalla.com\/fr\/wp-content\/uploads\/sites\/4\/2026\/08\/casa-rural-castalla-dormitorio-1-03-768x512.jpg 768w, https:\/\/casaruralcastalla.com\/fr\/wp-content\/uploads\/sites\/4\/2026\/08\/casa-rural-castalla-dormitorio-1-03-1536x1024.jpg 1536w, https:\/\/casaruralcastalla.com\/fr\/wp-content\/uploads\/sites\/4\/2026\/08\/casa-rural-castalla-dormitorio-1-03-892x595.jpg 892w, https:\/\/casaruralcastalla.com\/fr\/wp-content\/uploads\/sites\/4\/2026\/08\/casa-rural-castalla-dormitorio-1-03-1350x900.jpg 1350w, https:\/\/casaruralcastalla.com\/fr\/wp-content\/uploads\/sites\/4\/2026\/08\/casa-rural-castalla-dormitorio-1-03.jpg 1920w\" sizes=\"(max-width: 1024px) 100vw, 1024px\" \/><\/a><\/figure>\n\n\n\n<figure class=\"wp-block-image size-large\"><a href=\"https:\/\/casaruralcastalla.com\/fr\/wp-content\/uploads\/sites\/4\/2026\/08\/casa-rural-castalla-dormitorio-1-08-scaled.jpg\"><img decoding=\"async\" width=\"683\" height=\"1024\" data-id=\"5667\" src=\"https:\/\/casaruralcastalla.com\/fr\/wp-content\/uploads\/sites\/4\/2026\/08\/casa-rural-castalla-dormitorio-1-08-683x1024.jpg\" alt=\"Lampe en fer forg\u00e9 sur la table de chevet de la chambre principale de Casa Rural Castalla\" class=\"wp-image-5667\" srcset=\"https:\/\/casaruralcastalla.com\/fr\/wp-content\/uploads\/sites\/4\/2026\/08\/casa-rural-castalla-dormitorio-1-08-683x1024.jpg 683w, https:\/\/casaruralcastalla.com\/fr\/wp-content\/uploads\/sites\/4\/2026\/08\/casa-rural-castalla-dormitorio-1-08-200x300.jpg 200w, https:\/\/casaruralcastalla.com\/fr\/wp-content\/uploads\/sites\/4\/2026\/08\/casa-rural-castalla-dormitorio-1-08-768x1152.jpg 768w, https:\/\/casaruralcastalla.com\/fr\/wp-content\/uploads\/sites\/4\/2026\/08\/casa-rural-castalla-dormitorio-1-08-1024x1536.jpg 1024w, https:\/\/casaruralcastalla.com\/fr\/wp-content\/uploads\/sites\/4\/2026\/08\/casa-rural-castalla-dormitorio-1-08-1365x2048.jpg 1365w, https:\/\/casaruralcastalla.com\/fr\/wp-content\/uploads\/sites\/4\/2026\/08\/casa-rural-castalla-dormitorio-1-08-892x1338.jpg 892w, https:\/\/casaruralcastalla.com\/fr\/wp-content\/uploads\/sites\/4\/2026\/08\/casa-rural-castalla-dormitorio-1-08-1350x2025.jpg 1350w, https:\/\/casaruralcastalla.com\/fr\/wp-content\/uploads\/sites\/4\/2026\/08\/casa-rural-castalla-dormitorio-1-08-scaled.jpg 1707w\" sizes=\"(max-width: 683px) 100vw, 683px\" \/><\/a><\/figure>\n\n\n\n<figure class=\"wp-block-image size-large\"><a href=\"https:\/\/casaruralcastalla.com\/fr\/wp-content\/uploads\/sites\/4\/2026\/08\/casa-rural-castalla-dormitorio-1-07-scaled.jpg\"><img decoding=\"async\" width=\"683\" height=\"1024\" data-id=\"5666\" src=\"https:\/\/casaruralcastalla.com\/fr\/wp-content\/uploads\/sites\/4\/2026\/08\/casa-rural-castalla-dormitorio-1-07-683x1024.jpg\" alt=\"Serviettes pli\u00e9es sur le lit de la chambre principale de Casa Rural Castalla\" class=\"wp-image-5666\" srcset=\"https:\/\/casaruralcastalla.com\/fr\/wp-content\/uploads\/sites\/4\/2026\/08\/casa-rural-castalla-dormitorio-1-07-683x1024.jpg 683w, https:\/\/casaruralcastalla.com\/fr\/wp-content\/uploads\/sites\/4\/2026\/08\/casa-rural-castalla-dormitorio-1-07-200x300.jpg 200w, https:\/\/casaruralcastalla.com\/fr\/wp-content\/uploads\/sites\/4\/2026\/08\/casa-rural-castalla-dormitorio-1-07-768x1152.jpg 768w, https:\/\/casaruralcastalla.com\/fr\/wp-content\/uploads\/sites\/4\/2026\/08\/casa-rural-castalla-dormitorio-1-07-1024x1536.jpg 1024w, https:\/\/casaruralcastalla.com\/fr\/wp-content\/uploads\/sites\/4\/2026\/08\/casa-rural-castalla-dormitorio-1-07-1365x2048.jpg 1365w, https:\/\/casaruralcastalla.com\/fr\/wp-content\/uploads\/sites\/4\/2026\/08\/casa-rural-castalla-dormitorio-1-07-892x1338.jpg 892w, https:\/\/casaruralcastalla.com\/fr\/wp-content\/uploads\/sites\/4\/2026\/08\/casa-rural-castalla-dormitorio-1-07-1350x2025.jpg 1350w, https:\/\/casaruralcastalla.com\/fr\/wp-content\/uploads\/sites\/4\/2026\/08\/casa-rural-castalla-dormitorio-1-07-scaled.jpg 1707w\" sizes=\"(max-width: 683px) 100vw, 683px\" \/><\/a><\/figure>\n\n\n\n<figure class=\"wp-block-image size-large\"><a href=\"https:\/\/casaruralcastalla.com\/fr\/wp-content\/uploads\/sites\/4\/2026\/08\/casa-rural-castalla-dormitorio-3-verde-01.jpg\"><img decoding=\"async\" width=\"1024\" height=\"683\" data-id=\"5647\" src=\"https:\/\/casaruralcastalla.com\/fr\/wp-content\/uploads\/sites\/4\/2026\/08\/casa-rural-castalla-dormitorio-3-verde-01-1024x683.jpg\" alt=\"Chambre verte de Casa Rural Castalla avec poutres en bois, armoire et tapis kilim\" class=\"wp-image-5647\" srcset=\"https:\/\/casaruralcastalla.com\/fr\/wp-content\/uploads\/sites\/4\/2026\/08\/casa-rural-castalla-dormitorio-3-verde-01-1024x683.jpg 1024w, https:\/\/casaruralcastalla.com\/fr\/wp-content\/uploads\/sites\/4\/2026\/08\/casa-rural-castalla-dormitorio-3-verde-01-300x200.jpg 300w, https:\/\/casaruralcastalla.com\/fr\/wp-content\/uploads\/sites\/4\/2026\/08\/casa-rural-castalla-dormitorio-3-verde-01-768x512.jpg 768w, https:\/\/casaruralcastalla.com\/fr\/wp-content\/uploads\/sites\/4\/2026\/08\/casa-rural-castalla-dormitorio-3-verde-01-1536x1024.jpg 1536w, https:\/\/casaruralcastalla.com\/fr\/wp-content\/uploads\/sites\/4\/2026\/08\/casa-rural-castalla-dormitorio-3-verde-01-892x595.jpg 892w, https:\/\/casaruralcastalla.com\/fr\/wp-content\/uploads\/sites\/4\/2026\/08\/casa-rural-castalla-dormitorio-3-verde-01-1350x900.jpg 1350w, https:\/\/casaruralcastalla.com\/fr\/wp-content\/uploads\/sites\/4\/2026\/08\/casa-rural-castalla-dormitorio-3-verde-01.jpg 1920w\" sizes=\"(max-width: 1024px) 100vw, 1024px\" \/><\/a><\/figure>\n\n\n\n<figure class=\"wp-block-image size-large\"><a href=\"https:\/\/casaruralcastalla.com\/fr\/wp-content\/uploads\/sites\/4\/2026\/08\/casa-rural-castalla-dormitorio-3-verde-02.jpg\"><img decoding=\"async\" width=\"1024\" height=\"683\" data-id=\"5675\" src=\"https:\/\/casaruralcastalla.com\/fr\/wp-content\/uploads\/sites\/4\/2026\/08\/casa-rural-castalla-dormitorio-3-verde-02-1024x683.jpg\" alt=\"Chambre verte de Casa Rural Castalla, porte ouverte sur le palier, avec son tapis kilim\" class=\"wp-image-5675\" srcset=\"https:\/\/casaruralcastalla.com\/fr\/wp-content\/uploads\/sites\/4\/2026\/08\/casa-rural-castalla-dormitorio-3-verde-02-1024x683.jpg 1024w, https:\/\/casaruralcastalla.com\/fr\/wp-content\/uploads\/sites\/4\/2026\/08\/casa-rural-castalla-dormitorio-3-verde-02-300x200.jpg 300w, https:\/\/casaruralcastalla.com\/fr\/wp-content\/uploads\/sites\/4\/2026\/08\/casa-rural-castalla-dormitorio-3-verde-02-768x512.jpg 768w, https:\/\/casaruralcastalla.com\/fr\/wp-content\/uploads\/sites\/4\/2026\/08\/casa-rural-castalla-dormitorio-3-verde-02-1536x1024.jpg 1536w, https:\/\/casaruralcastalla.com\/fr\/wp-content\/uploads\/sites\/4\/2026\/08\/casa-rural-castalla-dormitorio-3-verde-02-892x595.jpg 892w, https:\/\/casaruralcastalla.com\/fr\/wp-content\/uploads\/sites\/4\/2026\/08\/casa-rural-castalla-dormitorio-3-verde-02-1350x900.jpg 1350w, https:\/\/casaruralcastalla.com\/fr\/wp-content\/uploads\/sites\/4\/2026\/08\/casa-rural-castalla-dormitorio-3-verde-02.jpg 1920w\" sizes=\"(max-width: 1024px) 100vw, 1024px\" \/><\/a><\/figure>\n\n\n\n<figure class=\"wp-block-image size-large\"><a href=\"https:\/\/casaruralcastalla.com\/fr\/wp-content\/uploads\/sites\/4\/2026\/08\/casa-rural-castalla-dormitorio-3-verde-03-scaled.jpg\"><img decoding=\"async\" width=\"683\" height=\"1024\" data-id=\"5676\" src=\"https:\/\/casaruralcastalla.com\/fr\/wp-content\/uploads\/sites\/4\/2026\/08\/casa-rural-castalla-dormitorio-3-verde-03-683x1024.jpg\" alt=\"Lit de la chambre verte de Casa Rural Castalla avec serviettes de bain et fen\u00eatre en bois\" class=\"wp-image-5676\" srcset=\"https:\/\/casaruralcastalla.com\/fr\/wp-content\/uploads\/sites\/4\/2026\/08\/casa-rural-castalla-dormitorio-3-verde-03-683x1024.jpg 683w, https:\/\/casaruralcastalla.com\/fr\/wp-content\/uploads\/sites\/4\/2026\/08\/casa-rural-castalla-dormitorio-3-verde-03-200x300.jpg 200w, https:\/\/casaruralcastalla.com\/fr\/wp-content\/uploads\/sites\/4\/2026\/08\/casa-rural-castalla-dormitorio-3-verde-03-768x1152.jpg 768w, https:\/\/casaruralcastalla.com\/fr\/wp-content\/uploads\/sites\/4\/2026\/08\/casa-rural-castalla-dormitorio-3-verde-03-1024x1536.jpg 1024w, https:\/\/casaruralcastalla.com\/fr\/wp-content\/uploads\/sites\/4\/2026\/08\/casa-rural-castalla-dormitorio-3-verde-03-1365x2048.jpg 1365w, https:\/\/casaruralcastalla.com\/fr\/wp-content\/uploads\/sites\/4\/2026\/08\/casa-rural-castalla-dormitorio-3-verde-03-892x1338.jpg 892w, https:\/\/casaruralcastalla.com\/fr\/wp-content\/uploads\/sites\/4\/2026\/08\/casa-rural-castalla-dormitorio-3-verde-03-1350x2025.jpg 1350w, https:\/\/casaruralcastalla.com\/fr\/wp-content\/uploads\/sites\/4\/2026\/08\/casa-rural-castalla-dormitorio-3-verde-03-scaled.jpg 1707w\" sizes=\"(max-width: 683px) 100vw, 683px\" \/><\/a><\/figure>\n\n\n\n<figure class=\"wp-block-image size-large\"><a href=\"https:\/\/casaruralcastalla.com\/fr\/wp-content\/uploads\/sites\/4\/2026\/08\/casa-rural-castalla-sala-de-juegos-01.jpg\"><img decoding=\"async\" width=\"1024\" height=\"683\" data-id=\"5683\" src=\"https:\/\/casaruralcastalla.com\/fr\/wp-content\/uploads\/sites\/4\/2026\/08\/casa-rural-castalla-sala-de-juegos-01-1024x683.jpg\" alt=\"Salle de jeux de Casa Rural Castalla, dans les tons mauves, avec un lit et une fen\u00eatre en bois donnant sur le balcon\" class=\"wp-image-5683\" srcset=\"https:\/\/casaruralcastalla.com\/fr\/wp-content\/uploads\/sites\/4\/2026\/08\/casa-rural-castalla-sala-de-juegos-01-1024x683.jpg 1024w, https:\/\/casaruralcastalla.com\/fr\/wp-content\/uploads\/sites\/4\/2026\/08\/casa-rural-castalla-sala-de-juegos-01-300x200.jpg 300w, https:\/\/casaruralcastalla.com\/fr\/wp-content\/uploads\/sites\/4\/2026\/08\/casa-rural-castalla-sala-de-juegos-01-768x512.jpg 768w, https:\/\/casaruralcastalla.com\/fr\/wp-content\/uploads\/sites\/4\/2026\/08\/casa-rural-castalla-sala-de-juegos-01-1536x1024.jpg 1536w, https:\/\/casaruralcastalla.com\/fr\/wp-content\/uploads\/sites\/4\/2026\/08\/casa-rural-castalla-sala-de-juegos-01-892x595.jpg 892w, https:\/\/casaruralcastalla.com\/fr\/wp-content\/uploads\/sites\/4\/2026\/08\/casa-rural-castalla-sala-de-juegos-01-1350x900.jpg 1350w, https:\/\/casaruralcastalla.com\/fr\/wp-content\/uploads\/sites\/4\/2026\/08\/casa-rural-castalla-sala-de-juegos-01.jpg 1920w\" sizes=\"(max-width: 1024px) 100vw, 1024px\" \/><\/a><\/figure>\n\n\n\n<figure class=\"wp-block-image size-large\"><a href=\"https:\/\/casaruralcastalla.com\/fr\/wp-content\/uploads\/sites\/4\/2026\/08\/casa-rural-castalla-buhardilla-02.jpg\"><img decoding=\"async\" width=\"1024\" height=\"683\" data-id=\"5634\" src=\"https:\/\/casaruralcastalla.com\/fr\/wp-content\/uploads\/sites\/4\/2026\/08\/casa-rural-castalla-buhardilla-02-1024x683.jpg\" alt=\"Lit des combles de Casa Rural Castalla, s\u00e9par\u00e9 du coin salon par une cloison en bois\" class=\"wp-image-5634\" srcset=\"https:\/\/casaruralcastalla.com\/fr\/wp-content\/uploads\/sites\/4\/2026\/08\/casa-rural-castalla-buhardilla-02-1024x683.jpg 1024w, https:\/\/casaruralcastalla.com\/fr\/wp-content\/uploads\/sites\/4\/2026\/08\/casa-rural-castalla-buhardilla-02-300x200.jpg 300w, https:\/\/casaruralcastalla.com\/fr\/wp-content\/uploads\/sites\/4\/2026\/08\/casa-rural-castalla-buhardilla-02-768x512.jpg 768w, https:\/\/casaruralcastalla.com\/fr\/wp-content\/uploads\/sites\/4\/2026\/08\/casa-rural-castalla-buhardilla-02-1536x1024.jpg 1536w, https:\/\/casaruralcastalla.com\/fr\/wp-content\/uploads\/sites\/4\/2026\/08\/casa-rural-castalla-buhardilla-02-892x595.jpg 892w, https:\/\/casaruralcastalla.com\/fr\/wp-content\/uploads\/sites\/4\/2026\/08\/casa-rural-castalla-buhardilla-02-1350x900.jpg 1350w, https:\/\/casaruralcastalla.com\/fr\/wp-content\/uploads\/sites\/4\/2026\/08\/casa-rural-castalla-buhardilla-02.jpg 1920w\" sizes=\"(max-width: 1024px) 100vw, 1024px\" \/><\/a><\/figure>\n\n\n\n<figure class=\"wp-block-image size-large\"><a href=\"https:\/\/casaruralcastalla.com\/fr\/wp-content\/uploads\/sites\/4\/2026\/08\/casa-rural-castalla-buhardilla-03.jpg\"><img decoding=\"async\" width=\"1024\" height=\"683\" data-id=\"5635\" src=\"https:\/\/casaruralcastalla.com\/fr\/wp-content\/uploads\/sites\/4\/2026\/08\/casa-rural-castalla-buhardilla-03-1024x683.jpg\" alt=\"Chambre sous les combles de Casa Rural Castalla avec lit, bureau, armoire et fen\u00eatre de toit\" class=\"wp-image-5635\" srcset=\"https:\/\/casaruralcastalla.com\/fr\/wp-content\/uploads\/sites\/4\/2026\/08\/casa-rural-castalla-buhardilla-03-1024x683.jpg 1024w, https:\/\/casaruralcastalla.com\/fr\/wp-content\/uploads\/sites\/4\/2026\/08\/casa-rural-castalla-buhardilla-03-300x200.jpg 300w, https:\/\/casaruralcastalla.com\/fr\/wp-content\/uploads\/sites\/4\/2026\/08\/casa-rural-castalla-buhardilla-03-768x512.jpg 768w, https:\/\/casaruralcastalla.com\/fr\/wp-content\/uploads\/sites\/4\/2026\/08\/casa-rural-castalla-buhardilla-03-1536x1024.jpg 1536w, https:\/\/casaruralcastalla.com\/fr\/wp-content\/uploads\/sites\/4\/2026\/08\/casa-rural-castalla-buhardilla-03-892x595.jpg 892w, https:\/\/casaruralcastalla.com\/fr\/wp-content\/uploads\/sites\/4\/2026\/08\/casa-rural-castalla-buhardilla-03-1350x900.jpg 1350w, https:\/\/casaruralcastalla.com\/fr\/wp-content\/uploads\/sites\/4\/2026\/08\/casa-rural-castalla-buhardilla-03.jpg 1920w\" sizes=\"(max-width: 1024px) 100vw, 1024px\" \/><\/a><\/figure>\n\n\n\n<figure class=\"wp-block-image size-large\"><a href=\"https:\/\/casaruralcastalla.com\/fr\/wp-content\/uploads\/sites\/4\/2026\/08\/casa-rural-castalla-buhardilla-05.jpg\"><img decoding=\"async\" width=\"1024\" height=\"683\" data-id=\"5637\" src=\"https:\/\/casaruralcastalla.com\/fr\/wp-content\/uploads\/sites\/4\/2026\/08\/casa-rural-castalla-buhardilla-05-1024x683.jpg\" alt=\"Coin salon des combles de Casa Rural Castalla avec \u00e9tag\u00e8re, table basse et l'escalier d'acc\u00e8s\" class=\"wp-image-5637\" srcset=\"https:\/\/casaruralcastalla.com\/fr\/wp-content\/uploads\/sites\/4\/2026\/08\/casa-rural-castalla-buhardilla-05-1024x683.jpg 1024w, https:\/\/casaruralcastalla.com\/fr\/wp-content\/uploads\/sites\/4\/2026\/08\/casa-rural-castalla-buhardilla-05-300x200.jpg 300w, https:\/\/casaruralcastalla.com\/fr\/wp-content\/uploads\/sites\/4\/2026\/08\/casa-rural-castalla-buhardilla-05-768x512.jpg 768w, https:\/\/casaruralcastalla.com\/fr\/wp-content\/uploads\/sites\/4\/2026\/08\/casa-rural-castalla-buhardilla-05-1536x1024.jpg 1536w, https:\/\/casaruralcastalla.com\/fr\/wp-content\/uploads\/sites\/4\/2026\/08\/casa-rural-castalla-buhardilla-05-892x595.jpg 892w, https:\/\/casaruralcastalla.com\/fr\/wp-content\/uploads\/sites\/4\/2026\/08\/casa-rural-castalla-buhardilla-05-1350x900.jpg 1350w, https:\/\/casaruralcastalla.com\/fr\/wp-content\/uploads\/sites\/4\/2026\/08\/casa-rural-castalla-buhardilla-05.jpg 1920w\" sizes=\"(max-width: 1024px) 100vw, 1024px\" \/><\/a><\/figure>\n\n\n\n<figure class=\"wp-block-image size-large\"><a href=\"https:\/\/casaruralcastalla.com\/fr\/wp-content\/uploads\/sites\/4\/2026\/08\/casa-rural-castalla-buhardilla-06-scaled.jpg\"><img decoding=\"async\" width=\"683\" height=\"1024\" data-id=\"5678\" src=\"https:\/\/casaruralcastalla.com\/fr\/wp-content\/uploads\/sites\/4\/2026\/08\/casa-rural-castalla-buhardilla-06-683x1024.jpg\" alt=\"Escalier en bois et fer forg\u00e9 qui monte aux combles de Casa Rural Castalla\" class=\"wp-image-5678\" srcset=\"https:\/\/casaruralcastalla.com\/fr\/wp-content\/uploads\/sites\/4\/2026\/08\/casa-rural-castalla-buhardilla-06-683x1024.jpg 683w, https:\/\/casaruralcastalla.com\/fr\/wp-content\/uploads\/sites\/4\/2026\/08\/casa-rural-castalla-buhardilla-06-200x300.jpg 200w, https:\/\/casaruralcastalla.com\/fr\/wp-content\/uploads\/sites\/4\/2026\/08\/casa-rural-castalla-buhardilla-06-768x1152.jpg 768w, https:\/\/casaruralcastalla.com\/fr\/wp-content\/uploads\/sites\/4\/2026\/08\/casa-rural-castalla-buhardilla-06-1024x1536.jpg 1024w, https:\/\/casaruralcastalla.com\/fr\/wp-content\/uploads\/sites\/4\/2026\/08\/casa-rural-castalla-buhardilla-06-1365x2048.jpg 1365w, https:\/\/casaruralcastalla.com\/fr\/wp-content\/uploads\/sites\/4\/2026\/08\/casa-rural-castalla-buhardilla-06-892x1338.jpg 892w, https:\/\/casaruralcastalla.com\/fr\/wp-content\/uploads\/sites\/4\/2026\/08\/casa-rural-castalla-buhardilla-06-1350x2025.jpg 1350w, https:\/\/casaruralcastalla.com\/fr\/wp-content\/uploads\/sites\/4\/2026\/08\/casa-rural-castalla-buhardilla-06-scaled.jpg 1707w\" sizes=\"(max-width: 683px) 100vw, 683px\" \/><\/a><\/figure>\n\n\n\n<figure class=\"wp-block-image size-large\"><a href=\"https:\/\/casaruralcastalla.com\/fr\/wp-content\/uploads\/sites\/4\/2026\/08\/casa-rural-castalla-buhardilla-09-scaled.jpg\"><img decoding=\"async\" width=\"683\" height=\"1024\" data-id=\"5681\" src=\"https:\/\/casaruralcastalla.com\/fr\/wp-content\/uploads\/sites\/4\/2026\/08\/casa-rural-castalla-buhardilla-09-683x1024.jpg\" alt=\"Espace de travail des combles de Casa Rural Castalla avec bureau, chaise ergonomique et puits de lumi\u00e8re\" class=\"wp-image-5681\" srcset=\"https:\/\/casaruralcastalla.com\/fr\/wp-content\/uploads\/sites\/4\/2026\/08\/casa-rural-castalla-buhardilla-09-683x1024.jpg 683w, https:\/\/casaruralcastalla.com\/fr\/wp-content\/uploads\/sites\/4\/2026\/08\/casa-rural-castalla-buhardilla-09-200x300.jpg 200w, https:\/\/casaruralcastalla.com\/fr\/wp-content\/uploads\/sites\/4\/2026\/08\/casa-rural-castalla-buhardilla-09-768x1152.jpg 768w, https:\/\/casaruralcastalla.com\/fr\/wp-content\/uploads\/sites\/4\/2026\/08\/casa-rural-castalla-buhardilla-09-1024x1536.jpg 1024w, https:\/\/casaruralcastalla.com\/fr\/wp-content\/uploads\/sites\/4\/2026\/08\/casa-rural-castalla-buhardilla-09-1365x2048.jpg 1365w, https:\/\/casaruralcastalla.com\/fr\/wp-content\/uploads\/sites\/4\/2026\/08\/casa-rural-castalla-buhardilla-09-892x1338.jpg 892w, https:\/\/casaruralcastalla.com\/fr\/wp-content\/uploads\/sites\/4\/2026\/08\/casa-rural-castalla-buhardilla-09-1350x2025.jpg 1350w, https:\/\/casaruralcastalla.com\/fr\/wp-content\/uploads\/sites\/4\/2026\/08\/casa-rural-castalla-buhardilla-09-scaled.jpg 1707w\" sizes=\"(max-width: 683px) 100vw, 683px\" \/><\/a><\/figure>\n\n\n\n<figure class=\"wp-block-image size-large\"><a href=\"https:\/\/casaruralcastalla.com\/fr\/wp-content\/uploads\/sites\/4\/2025\/01\/20241227_161535-Editada-scaled.jpg\"><img decoding=\"async\" width=\"1024\" height=\"768\" data-id=\"1675\" src=\"https:\/\/casaruralcastalla.com\/fr\/wp-content\/uploads\/sites\/4\/2025\/01\/20241227_161535-Editada-1024x768.jpg\" alt=\"Coin salon sous les combles vu depuis l'escalier, avec canap\u00e9, tapis \u00e0 poils longs et fen\u00eatre \u00e0 volets\" class=\"wp-image-1675\" srcset=\"https:\/\/casaruralcastalla.com\/fr\/wp-content\/uploads\/sites\/4\/2025\/01\/20241227_161535-Editada-1024x768.jpg 1024w, https:\/\/casaruralcastalla.com\/fr\/wp-content\/uploads\/sites\/4\/2025\/01\/20241227_161535-Editada-300x225.jpg 300w, https:\/\/casaruralcastalla.com\/fr\/wp-content\/uploads\/sites\/4\/2025\/01\/20241227_161535-Editada-768x576.jpg 768w, https:\/\/casaruralcastalla.com\/fr\/wp-content\/uploads\/sites\/4\/2025\/01\/20241227_161535-Editada-1536x1152.jpg 1536w, https:\/\/casaruralcastalla.com\/fr\/wp-content\/uploads\/sites\/4\/2025\/01\/20241227_161535-Editada-2048x1536.jpg 2048w, https:\/\/casaruralcastalla.com\/fr\/wp-content\/uploads\/sites\/4\/2025\/01\/20241227_161535-Editada-892x669.jpg 892w, https:\/\/casaruralcastalla.com\/fr\/wp-content\/uploads\/sites\/4\/2025\/01\/20241227_161535-Editada-1350x1013.jpg 1350w\" sizes=\"(max-width: 1024px) 100vw, 1024px\" \/><\/a><\/figure>\n\n\n\n<figure class=\"wp-block-image size-large\"><a href=\"https:\/\/casaruralcastalla.com\/fr\/wp-content\/uploads\/sites\/4\/2025\/01\/20241227_160416-Editada-scaled.jpg\"><img decoding=\"async\" width=\"1024\" height=\"768\" data-id=\"1653\" src=\"https:\/\/casaruralcastalla.com\/fr\/wp-content\/uploads\/sites\/4\/2025\/01\/20241227_160416-Editada-1024x768.jpg\" alt=\"Salon sous les combles avec canap\u00e9, table basse, \u00e9tag\u00e8res garnies de plantes et bureau sous la charpente\" class=\"wp-image-1653\" srcset=\"https:\/\/casaruralcastalla.com\/fr\/wp-content\/uploads\/sites\/4\/2025\/01\/20241227_160416-Editada-1024x768.jpg 1024w, https:\/\/casaruralcastalla.com\/fr\/wp-content\/uploads\/sites\/4\/2025\/01\/20241227_160416-Editada-300x225.jpg 300w, https:\/\/casaruralcastalla.com\/fr\/wp-content\/uploads\/sites\/4\/2025\/01\/20241227_160416-Editada-768x576.jpg 768w, https:\/\/casaruralcastalla.com\/fr\/wp-content\/uploads\/sites\/4\/2025\/01\/20241227_160416-Editada-1536x1152.jpg 1536w, https:\/\/casaruralcastalla.com\/fr\/wp-content\/uploads\/sites\/4\/2025\/01\/20241227_160416-Editada-2048x1536.jpg 2048w, https:\/\/casaruralcastalla.com\/fr\/wp-content\/uploads\/sites\/4\/2025\/01\/20241227_160416-Editada-892x669.jpg 892w, https:\/\/casaruralcastalla.com\/fr\/wp-content\/uploads\/sites\/4\/2025\/01\/20241227_160416-Editada-1350x1013.jpg 1350w\" sizes=\"(max-width: 1024px) 100vw, 1024px\" \/><\/a><\/figure>\n\n\n\n<figure class=\"wp-block-image size-large\"><a href=\"https:\/\/casaruralcastalla.com\/fr\/wp-content\/uploads\/sites\/4\/2026\/08\/casa-rural-castalla-apartamento-08.jpg\"><img decoding=\"async\" width=\"1024\" height=\"683\" data-id=\"5639\" src=\"https:\/\/casaruralcastalla.com\/fr\/wp-content\/uploads\/sites\/4\/2026\/08\/casa-rural-castalla-apartamento-08-1024x683.jpg\" alt=\"Appartement de Casa Rural Castalla avec sa cuisine ind\u00e9pendante, la table \u00e0 manger et le paravent qui isole le lit\" class=\"wp-image-5639\" srcset=\"https:\/\/casaruralcastalla.com\/fr\/wp-content\/uploads\/sites\/4\/2026\/08\/casa-rural-castalla-apartamento-08-1024x683.jpg 1024w, https:\/\/casaruralcastalla.com\/fr\/wp-content\/uploads\/sites\/4\/2026\/08\/casa-rural-castalla-apartamento-08-300x200.jpg 300w, https:\/\/casaruralcastalla.com\/fr\/wp-content\/uploads\/sites\/4\/2026\/08\/casa-rural-castalla-apartamento-08-768x512.jpg 768w, https:\/\/casaruralcastalla.com\/fr\/wp-content\/uploads\/sites\/4\/2026\/08\/casa-rural-castalla-apartamento-08-1536x1024.jpg 1536w, https:\/\/casaruralcastalla.com\/fr\/wp-content\/uploads\/sites\/4\/2026\/08\/casa-rural-castalla-apartamento-08-892x595.jpg 892w, https:\/\/casaruralcastalla.com\/fr\/wp-content\/uploads\/sites\/4\/2026\/08\/casa-rural-castalla-apartamento-08-1350x900.jpg 1350w, https:\/\/casaruralcastalla.com\/fr\/wp-content\/uploads\/sites\/4\/2026\/08\/casa-rural-castalla-apartamento-08.jpg 1920w\" sizes=\"(max-width: 1024px) 100vw, 1024px\" \/><\/a><\/figure>\n\n\n\n<figure class=\"wp-block-image size-large\"><a href=\"https:\/\/casaruralcastalla.com\/fr\/wp-content\/uploads\/sites\/4\/2026\/08\/casa-rural-castalla-apartamento-04.jpg\"><img decoding=\"async\" width=\"1024\" height=\"683\" data-id=\"5640\" src=\"https:\/\/casaruralcastalla.com\/fr\/wp-content\/uploads\/sites\/4\/2026\/08\/casa-rural-castalla-apartamento-04-1024x683.jpg\" alt=\"Appartement de Casa Rural Castalla avec le lit, le canap\u00e9 et la table en verre sous le plafond en bois\" class=\"wp-image-5640\" srcset=\"https:\/\/casaruralcastalla.com\/fr\/wp-content\/uploads\/sites\/4\/2026\/08\/casa-rural-castalla-apartamento-04-1024x683.jpg 1024w, https:\/\/casaruralcastalla.com\/fr\/wp-content\/uploads\/sites\/4\/2026\/08\/casa-rural-castalla-apartamento-04-300x200.jpg 300w, https:\/\/casaruralcastalla.com\/fr\/wp-content\/uploads\/sites\/4\/2026\/08\/casa-rural-castalla-apartamento-04-768x512.jpg 768w, https:\/\/casaruralcastalla.com\/fr\/wp-content\/uploads\/sites\/4\/2026\/08\/casa-rural-castalla-apartamento-04-1536x1024.jpg 1536w, https:\/\/casaruralcastalla.com\/fr\/wp-content\/uploads\/sites\/4\/2026\/08\/casa-rural-castalla-apartamento-04-892x595.jpg 892w, https:\/\/casaruralcastalla.com\/fr\/wp-content\/uploads\/sites\/4\/2026\/08\/casa-rural-castalla-apartamento-04-1350x900.jpg 1350w, https:\/\/casaruralcastalla.com\/fr\/wp-content\/uploads\/sites\/4\/2026\/08\/casa-rural-castalla-apartamento-04.jpg 1920w\" sizes=\"(max-width: 1024px) 100vw, 1024px\" \/><\/a><\/figure>\n\n\n\n<figure class=\"wp-block-image size-large\"><a href=\"https:\/\/casaruralcastalla.com\/fr\/wp-content\/uploads\/sites\/4\/2026\/08\/casa-rural-castalla-apartamento-06.jpg\"><img decoding=\"async\" width=\"1024\" height=\"683\" data-id=\"5638\" src=\"https:\/\/casaruralcastalla.com\/fr\/wp-content\/uploads\/sites\/4\/2026\/08\/casa-rural-castalla-apartamento-06-1024x683.jpg\" alt=\"Appartement de Casa Rural Castalla avec lit, table \u00e0 manger ronde et cuisine ind\u00e9pendante sous le plafond en bois\" class=\"wp-image-5638\" srcset=\"https:\/\/casaruralcastalla.com\/fr\/wp-content\/uploads\/sites\/4\/2026\/08\/casa-rural-castalla-apartamento-06-1024x683.jpg 1024w, https:\/\/casaruralcastalla.com\/fr\/wp-content\/uploads\/sites\/4\/2026\/08\/casa-rural-castalla-apartamento-06-300x200.jpg 300w, https:\/\/casaruralcastalla.com\/fr\/wp-content\/uploads\/sites\/4\/2026\/08\/casa-rural-castalla-apartamento-06-768x512.jpg 768w, https:\/\/casaruralcastalla.com\/fr\/wp-content\/uploads\/sites\/4\/2026\/08\/casa-rural-castalla-apartamento-06-1536x1024.jpg 1536w, https:\/\/casaruralcastalla.com\/fr\/wp-content\/uploads\/sites\/4\/2026\/08\/casa-rural-castalla-apartamento-06-892x595.jpg 892w, https:\/\/casaruralcastalla.com\/fr\/wp-content\/uploads\/sites\/4\/2026\/08\/casa-rural-castalla-apartamento-06-1350x900.jpg 1350w, https:\/\/casaruralcastalla.com\/fr\/wp-content\/uploads\/sites\/4\/2026\/08\/casa-rural-castalla-apartamento-06.jpg 1920w\" sizes=\"(max-width: 1024px) 100vw, 1024px\" \/><\/a><\/figure>\n\n\n\n<figure class=\"wp-block-image size-large\"><a href=\"https:\/\/casaruralcastalla.com\/fr\/wp-content\/uploads\/sites\/4\/2026\/08\/casa-rural-castalla-apartamento-01.jpg\"><img decoding=\"async\" width=\"1024\" height=\"683\" data-id=\"5643\" src=\"https:\/\/casaruralcastalla.com\/fr\/wp-content\/uploads\/sites\/4\/2026\/08\/casa-rural-castalla-apartamento-01-1024x683.jpg\" alt=\"Cuisine et table \u00e0 manger de l'appartement de Casa Rural Castalla, avec meubles verts et r\u00e9frig\u00e9rateur\" class=\"wp-image-5643\" srcset=\"https:\/\/casaruralcastalla.com\/fr\/wp-content\/uploads\/sites\/4\/2026\/08\/casa-rural-castalla-apartamento-01-1024x683.jpg 1024w, https:\/\/casaruralcastalla.com\/fr\/wp-content\/uploads\/sites\/4\/2026\/08\/casa-rural-castalla-apartamento-01-300x200.jpg 300w, https:\/\/casaruralcastalla.com\/fr\/wp-content\/uploads\/sites\/4\/2026\/08\/casa-rural-castalla-apartamento-01-768x512.jpg 768w, https:\/\/casaruralcastalla.com\/fr\/wp-content\/uploads\/sites\/4\/2026\/08\/casa-rural-castalla-apartamento-01-1536x1024.jpg 1536w, https:\/\/casaruralcastalla.com\/fr\/wp-content\/uploads\/sites\/4\/2026\/08\/casa-rural-castalla-apartamento-01-892x595.jpg 892w, https:\/\/casaruralcastalla.com\/fr\/wp-content\/uploads\/sites\/4\/2026\/08\/casa-rural-castalla-apartamento-01-1350x900.jpg 1350w, https:\/\/casaruralcastalla.com\/fr\/wp-content\/uploads\/sites\/4\/2026\/08\/casa-rural-castalla-apartamento-01.jpg 1920w\" sizes=\"(max-width: 1024px) 100vw, 1024px\" \/><\/a><\/figure>\n\n\n\n<figure class=\"wp-block-image size-large\"><a href=\"https:\/\/casaruralcastalla.com\/fr\/wp-content\/uploads\/sites\/4\/2026\/08\/casa-rural-castalla-apartamento-05.jpg\"><img decoding=\"async\" width=\"1024\" height=\"683\" data-id=\"5641\" src=\"https:\/\/casaruralcastalla.com\/fr\/wp-content\/uploads\/sites\/4\/2026\/08\/casa-rural-castalla-apartamento-05-1024x683.jpg\" alt=\"Buffet en bois de l'appartement de Casa Rural Castalla, avec le lit au fond\" class=\"wp-image-5641\" srcset=\"https:\/\/casaruralcastalla.com\/fr\/wp-content\/uploads\/sites\/4\/2026\/08\/casa-rural-castalla-apartamento-05-1024x683.jpg 1024w, https:\/\/casaruralcastalla.com\/fr\/wp-content\/uploads\/sites\/4\/2026\/08\/casa-rural-castalla-apartamento-05-300x200.jpg 300w, https:\/\/casaruralcastalla.com\/fr\/wp-content\/uploads\/sites\/4\/2026\/08\/casa-rural-castalla-apartamento-05-768x512.jpg 768w, https:\/\/casaruralcastalla.com\/fr\/wp-content\/uploads\/sites\/4\/2026\/08\/casa-rural-castalla-apartamento-05-1536x1024.jpg 1536w, https:\/\/casaruralcastalla.com\/fr\/wp-content\/uploads\/sites\/4\/2026\/08\/casa-rural-castalla-apartamento-05-892x595.jpg 892w, https:\/\/casaruralcastalla.com\/fr\/wp-content\/uploads\/sites\/4\/2026\/08\/casa-rural-castalla-apartamento-05-1350x900.jpg 1350w, https:\/\/casaruralcastalla.com\/fr\/wp-content\/uploads\/sites\/4\/2026\/08\/casa-rural-castalla-apartamento-05.jpg 1920w\" sizes=\"(max-width: 1024px) 100vw, 1024px\" \/><\/a><\/figure>\n\n\n\n<figure class=\"wp-block-image size-large\"><a href=\"https:\/\/casaruralcastalla.com\/fr\/wp-content\/uploads\/sites\/4\/2026\/08\/casa-rural-castalla-apartamento-14-scaled.jpg\"><img decoding=\"async\" width=\"683\" height=\"1024\" data-id=\"5674\" src=\"https:\/\/casaruralcastalla.com\/fr\/wp-content\/uploads\/sites\/4\/2026\/08\/casa-rural-castalla-apartamento-14-683x1024.jpg\" alt=\"Machine \u00e0 expresso dans la cuisine de l'appartement de Casa Rural Castalla\" class=\"wp-image-5674\" srcset=\"https:\/\/casaruralcastalla.com\/fr\/wp-content\/uploads\/sites\/4\/2026\/08\/casa-rural-castalla-apartamento-14-683x1024.jpg 683w, https:\/\/casaruralcastalla.com\/fr\/wp-content\/uploads\/sites\/4\/2026\/08\/casa-rural-castalla-apartamento-14-200x300.jpg 200w, https:\/\/casaruralcastalla.com\/fr\/wp-content\/uploads\/sites\/4\/2026\/08\/casa-rural-castalla-apartamento-14-768x1152.jpg 768w, https:\/\/casaruralcastalla.com\/fr\/wp-content\/uploads\/sites\/4\/2026\/08\/casa-rural-castalla-apartamento-14-1024x1536.jpg 1024w, https:\/\/casaruralcastalla.com\/fr\/wp-content\/uploads\/sites\/4\/2026\/08\/casa-rural-castalla-apartamento-14-1365x2048.jpg 1365w, https:\/\/casaruralcastalla.com\/fr\/wp-content\/uploads\/sites\/4\/2026\/08\/casa-rural-castalla-apartamento-14-892x1338.jpg 892w, https:\/\/casaruralcastalla.com\/fr\/wp-content\/uploads\/sites\/4\/2026\/08\/casa-rural-castalla-apartamento-14-1350x2025.jpg 1350w, https:\/\/casaruralcastalla.com\/fr\/wp-content\/uploads\/sites\/4\/2026\/08\/casa-rural-castalla-apartamento-14-scaled.jpg 1707w\" sizes=\"(max-width: 683px) 100vw, 683px\" \/><\/a><\/figure>\n\n\n\n<figure class=\"wp-block-image size-large\"><a href=\"https:\/\/casaruralcastalla.com\/fr\/wp-content\/uploads\/sites\/4\/2025\/01\/20241227_162027-Editada-scaled.jpg\"><img decoding=\"async\" width=\"1024\" height=\"768\" data-id=\"1656\" src=\"https:\/\/casaruralcastalla.com\/fr\/wp-content\/uploads\/sites\/4\/2025\/01\/20241227_162027-Editada-1024x768.jpg\" alt=\"Salle de bains carrel\u00e9e en vert, avec douche avec receveur, meuble-vasque en bois et \u00e9tag\u00e8re d\u2019angle\" class=\"wp-image-1656\" srcset=\"https:\/\/casaruralcastalla.com\/fr\/wp-content\/uploads\/sites\/4\/2025\/01\/20241227_162027-Editada-1024x768.jpg 1024w, https:\/\/casaruralcastalla.com\/fr\/wp-content\/uploads\/sites\/4\/2025\/01\/20241227_162027-Editada-300x225.jpg 300w, https:\/\/casaruralcastalla.com\/fr\/wp-content\/uploads\/sites\/4\/2025\/01\/20241227_162027-Editada-768x576.jpg 768w, https:\/\/casaruralcastalla.com\/fr\/wp-content\/uploads\/sites\/4\/2025\/01\/20241227_162027-Editada-1536x1152.jpg 1536w, https:\/\/casaruralcastalla.com\/fr\/wp-content\/uploads\/sites\/4\/2025\/01\/20241227_162027-Editada-2048x1536.jpg 2048w, https:\/\/casaruralcastalla.com\/fr\/wp-content\/uploads\/sites\/4\/2025\/01\/20241227_162027-Editada-892x669.jpg 892w, https:\/\/casaruralcastalla.com\/fr\/wp-content\/uploads\/sites\/4\/2025\/01\/20241227_162027-Editada-1350x1013.jpg 1350w\" sizes=\"(max-width: 1024px) 100vw, 1024px\" \/><\/a><\/figure>\n\n\n\n<figure class=\"wp-block-image size-large\"><a href=\"https:\/\/casaruralcastalla.com\/fr\/wp-content\/uploads\/sites\/4\/2025\/01\/20241227_162545-Editada-scaled.jpg\"><img decoding=\"async\" width=\"1024\" height=\"768\" data-id=\"1666\" src=\"https:\/\/casaruralcastalla.com\/fr\/wp-content\/uploads\/sites\/4\/2025\/01\/20241227_162545-Editada-1024x768.jpg\" alt=\"Deuxi\u00e8me salle de bains en bleu clair, avec cabine de douche, vasque en verre et panier en osier\" class=\"wp-image-1666\" srcset=\"https:\/\/casaruralcastalla.com\/fr\/wp-content\/uploads\/sites\/4\/2025\/01\/20241227_162545-Editada-1024x768.jpg 1024w, https:\/\/casaruralcastalla.com\/fr\/wp-content\/uploads\/sites\/4\/2025\/01\/20241227_162545-Editada-300x225.jpg 300w, https:\/\/casaruralcastalla.com\/fr\/wp-content\/uploads\/sites\/4\/2025\/01\/20241227_162545-Editada-768x576.jpg 768w, https:\/\/casaruralcastalla.com\/fr\/wp-content\/uploads\/sites\/4\/2025\/01\/20241227_162545-Editada-1536x1152.jpg 1536w, https:\/\/casaruralcastalla.com\/fr\/wp-content\/uploads\/sites\/4\/2025\/01\/20241227_162545-Editada-2048x1536.jpg 2048w, https:\/\/casaruralcastalla.com\/fr\/wp-content\/uploads\/sites\/4\/2025\/01\/20241227_162545-Editada-892x669.jpg 892w, https:\/\/casaruralcastalla.com\/fr\/wp-content\/uploads\/sites\/4\/2025\/01\/20241227_162545-Editada-1350x1013.jpg 1350w\" sizes=\"(max-width: 1024px) 100vw, 1024px\" \/><\/a><\/figure>\n\n\n\n<figure class=\"wp-block-image size-large\"><a href=\"https:\/\/casaruralcastalla.com\/fr\/wp-content\/uploads\/sites\/4\/2026\/08\/casa-rural-castalla-bano-1-04-scaled.jpg\"><img decoding=\"async\" width=\"683\" height=\"1024\" data-id=\"5660\" src=\"https:\/\/casaruralcastalla.com\/fr\/wp-content\/uploads\/sites\/4\/2026\/08\/casa-rural-castalla-bano-1-04-683x1024.jpg\" alt=\"Savon et plantes sur une \u00e9tag\u00e8re en bois dans la salle de bains principale de Casa Rural Castalla\" class=\"wp-image-5660\" srcset=\"https:\/\/casaruralcastalla.com\/fr\/wp-content\/uploads\/sites\/4\/2026\/08\/casa-rural-castalla-bano-1-04-683x1024.jpg 683w, https:\/\/casaruralcastalla.com\/fr\/wp-content\/uploads\/sites\/4\/2026\/08\/casa-rural-castalla-bano-1-04-200x300.jpg 200w, https:\/\/casaruralcastalla.com\/fr\/wp-content\/uploads\/sites\/4\/2026\/08\/casa-rural-castalla-bano-1-04-768x1152.jpg 768w, https:\/\/casaruralcastalla.com\/fr\/wp-content\/uploads\/sites\/4\/2026\/08\/casa-rural-castalla-bano-1-04-1024x1536.jpg 1024w, https:\/\/casaruralcastalla.com\/fr\/wp-content\/uploads\/sites\/4\/2026\/08\/casa-rural-castalla-bano-1-04-1365x2048.jpg 1365w, https:\/\/casaruralcastalla.com\/fr\/wp-content\/uploads\/sites\/4\/2026\/08\/casa-rural-castalla-bano-1-04-892x1338.jpg 892w, https:\/\/casaruralcastalla.com\/fr\/wp-content\/uploads\/sites\/4\/2026\/08\/casa-rural-castalla-bano-1-04-1350x2025.jpg 1350w, https:\/\/casaruralcastalla.com\/fr\/wp-content\/uploads\/sites\/4\/2026\/08\/casa-rural-castalla-bano-1-04-scaled.jpg 1707w\" sizes=\"(max-width: 683px) 100vw, 683px\" \/><\/a><\/figure>\n\n\n\n<figure class=\"wp-block-image size-large\"><a href=\"https:\/\/casaruralcastalla.com\/fr\/wp-content\/uploads\/sites\/4\/2025\/01\/20241227_164324-Editada-scaled.jpg\"><img decoding=\"async\" width=\"768\" height=\"1024\" data-id=\"1652\" src=\"https:\/\/casaruralcastalla.com\/fr\/wp-content\/uploads\/sites\/4\/2025\/01\/20241227_164324-Editada-768x1024.jpg\" alt=\"Escalier en fer forg\u00e9 et bois reliant les \u00e9tages de la maison, vu d'en haut\" class=\"wp-image-1652\" srcset=\"https:\/\/casaruralcastalla.com\/fr\/wp-content\/uploads\/sites\/4\/2025\/01\/20241227_164324-Editada-768x1024.jpg 768w, https:\/\/casaruralcastalla.com\/fr\/wp-content\/uploads\/sites\/4\/2025\/01\/20241227_164324-Editada-225x300.jpg 225w, https:\/\/casaruralcastalla.com\/fr\/wp-content\/uploads\/sites\/4\/2025\/01\/20241227_164324-Editada-1152x1536.jpg 1152w, https:\/\/casaruralcastalla.com\/fr\/wp-content\/uploads\/sites\/4\/2025\/01\/20241227_164324-Editada-1536x2048.jpg 1536w, https:\/\/casaruralcastalla.com\/fr\/wp-content\/uploads\/sites\/4\/2025\/01\/20241227_164324-Editada-892x1189.jpg 892w, https:\/\/casaruralcastalla.com\/fr\/wp-content\/uploads\/sites\/4\/2025\/01\/20241227_164324-Editada-1350x1800.jpg 1350w, https:\/\/casaruralcastalla.com\/fr\/wp-content\/uploads\/sites\/4\/2025\/01\/20241227_164324-Editada-scaled.jpg 1920w\" sizes=\"(max-width: 768px) 100vw, 768px\" \/><\/a><\/figure>\n\n\n\n<figure class=\"wp-block-image size-large\"><a href=\"https:\/\/casaruralcastalla.com\/fr\/wp-content\/uploads\/sites\/4\/2025\/01\/20241227_164232-Editada-scaled.jpg\"><img decoding=\"async\" width=\"768\" height=\"1024\" data-id=\"1670\" src=\"https:\/\/casaruralcastalla.com\/fr\/wp-content\/uploads\/sites\/4\/2025\/01\/20241227_164232-Editada-768x1024.jpg\" alt=\"Vue plongeante sur l'escalier ouvert vers le palier, avec ses marches en bois et sa rampe en fer\" class=\"wp-image-1670\" srcset=\"https:\/\/casaruralcastalla.com\/fr\/wp-content\/uploads\/sites\/4\/2025\/01\/20241227_164232-Editada-768x1024.jpg 768w, https:\/\/casaruralcastalla.com\/fr\/wp-content\/uploads\/sites\/4\/2025\/01\/20241227_164232-Editada-225x300.jpg 225w, https:\/\/casaruralcastalla.com\/fr\/wp-content\/uploads\/sites\/4\/2025\/01\/20241227_164232-Editada-1152x1536.jpg 1152w, https:\/\/casaruralcastalla.com\/fr\/wp-content\/uploads\/sites\/4\/2025\/01\/20241227_164232-Editada-1536x2048.jpg 1536w, https:\/\/casaruralcastalla.com\/fr\/wp-content\/uploads\/sites\/4\/2025\/01\/20241227_164232-Editada-892x1189.jpg 892w, https:\/\/casaruralcastalla.com\/fr\/wp-content\/uploads\/sites\/4\/2025\/01\/20241227_164232-Editada-1350x1800.jpg 1350w, https:\/\/casaruralcastalla.com\/fr\/wp-content\/uploads\/sites\/4\/2025\/01\/20241227_164232-Editada-scaled.jpg 1920w\" sizes=\"(max-width: 768px) 100vw, 768px\" \/><\/a><\/figure>\n\n\n\n<figure class=\"wp-block-image size-large\"><a href=\"https:\/\/casaruralcastalla.com\/fr\/wp-content\/uploads\/sites\/4\/2025\/01\/20241227_155527-Editada-scaled.jpg\"><img decoding=\"async\" width=\"1024\" height=\"768\" data-id=\"1655\" src=\"https:\/\/casaruralcastalla.com\/fr\/wp-content\/uploads\/sites\/4\/2025\/01\/20241227_155527-Editada-1024x768.jpg\" alt=\"Patio int\u00e9rieur aux murs de pierre apparente, avec fauteuils en osier et une table pliante \u00e0 l'ombre\" class=\"wp-image-1655\" srcset=\"https:\/\/casaruralcastalla.com\/fr\/wp-content\/uploads\/sites\/4\/2025\/01\/20241227_155527-Editada-1024x768.jpg 1024w, https:\/\/casaruralcastalla.com\/fr\/wp-content\/uploads\/sites\/4\/2025\/01\/20241227_155527-Editada-300x225.jpg 300w, https:\/\/casaruralcastalla.com\/fr\/wp-content\/uploads\/sites\/4\/2025\/01\/20241227_155527-Editada-768x576.jpg 768w, https:\/\/casaruralcastalla.com\/fr\/wp-content\/uploads\/sites\/4\/2025\/01\/20241227_155527-Editada-1536x1152.jpg 1536w, https:\/\/casaruralcastalla.com\/fr\/wp-content\/uploads\/sites\/4\/2025\/01\/20241227_155527-Editada-2048x1536.jpg 2048w, https:\/\/casaruralcastalla.com\/fr\/wp-content\/uploads\/sites\/4\/2025\/01\/20241227_155527-Editada-892x669.jpg 892w, https:\/\/casaruralcastalla.com\/fr\/wp-content\/uploads\/sites\/4\/2025\/01\/20241227_155527-Editada-1350x1013.jpg 1350w\" sizes=\"(max-width: 1024px) 100vw, 1024px\" \/><\/a><\/figure>\n\n\n\n<figure class=\"wp-block-image size-large\"><a href=\"https:\/\/casaruralcastalla.com\/fr\/wp-content\/uploads\/sites\/4\/2025\/01\/20241227_163359-Editada-scaled.jpg\"><img decoding=\"async\" width=\"768\" height=\"1024\" data-id=\"1671\" src=\"https:\/\/casaruralcastalla.com\/fr\/wp-content\/uploads\/sites\/4\/2025\/01\/20241227_163359-Editada-768x1024.jpg\" alt=\"Fa\u00e7ade de Casa Rural Castalla, Carrer Major, avec son balcon rempli de plantes et le centre historique au fond\" class=\"wp-image-1671\" srcset=\"https:\/\/casaruralcastalla.com\/fr\/wp-content\/uploads\/sites\/4\/2025\/01\/20241227_163359-Editada-768x1024.jpg 768w, https:\/\/casaruralcastalla.com\/fr\/wp-content\/uploads\/sites\/4\/2025\/01\/20241227_163359-Editada-225x300.jpg 225w, https:\/\/casaruralcastalla.com\/fr\/wp-content\/uploads\/sites\/4\/2025\/01\/20241227_163359-Editada-1152x1536.jpg 1152w, https:\/\/casaruralcastalla.com\/fr\/wp-content\/uploads\/sites\/4\/2025\/01\/20241227_163359-Editada-1536x2048.jpg 1536w, https:\/\/casaruralcastalla.com\/fr\/wp-content\/uploads\/sites\/4\/2025\/01\/20241227_163359-Editada-892x1189.jpg 892w, https:\/\/casaruralcastalla.com\/fr\/wp-content\/uploads\/sites\/4\/2025\/01\/20241227_163359-Editada-1350x1800.jpg 1350w, https:\/\/casaruralcastalla.com\/fr\/wp-content\/uploads\/sites\/4\/2025\/01\/20241227_163359-Editada-scaled.jpg 1920w\" sizes=\"(max-width: 768px) 100vw, 768px\" \/><\/a><\/figure>\n\n\n\n<figure class=\"wp-block-image size-large\"><a href=\"https:\/\/casaruralcastalla.com\/fr\/wp-content\/uploads\/sites\/4\/2025\/01\/20241227_163333-1-Editada-scaled.jpg\"><img decoding=\"async\" width=\"1024\" height=\"768\" data-id=\"1647\" src=\"https:\/\/casaruralcastalla.com\/fr\/wp-content\/uploads\/sites\/4\/2025\/01\/20241227_163333-1-Editada-1024x768.jpg\" alt=\"La Carrer Major, dans le centre historique de Castalla, avec la fa\u00e7ade en brique de la maison \u00e0 droite\" class=\"wp-image-1647\" srcset=\"https:\/\/casaruralcastalla.com\/fr\/wp-content\/uploads\/sites\/4\/2025\/01\/20241227_163333-1-Editada-1024x768.jpg 1024w, https:\/\/casaruralcastalla.com\/fr\/wp-content\/uploads\/sites\/4\/2025\/01\/20241227_163333-1-Editada-300x225.jpg 300w, https:\/\/casaruralcastalla.com\/fr\/wp-content\/uploads\/sites\/4\/2025\/01\/20241227_163333-1-Editada-768x576.jpg 768w, https:\/\/casaruralcastalla.com\/fr\/wp-content\/uploads\/sites\/4\/2025\/01\/20241227_163333-1-Editada-1536x1152.jpg 1536w, https:\/\/casaruralcastalla.com\/fr\/wp-content\/uploads\/sites\/4\/2025\/01\/20241227_163333-1-Editada-2048x1536.jpg 2048w, https:\/\/casaruralcastalla.com\/fr\/wp-content\/uploads\/sites\/4\/2025\/01\/20241227_163333-1-Editada-892x669.jpg 892w, https:\/\/casaruralcastalla.com\/fr\/wp-content\/uploads\/sites\/4\/2025\/01\/20241227_163333-1-Editada-1350x1013.jpg 1350w\" sizes=\"(max-width: 1024px) 100vw, 1024px\" \/><\/a><\/figure>\n<\/figure>\n\n\n\n<h2 class=\"wp-block-heading has-text-align-center\">Les paysages de la Foia de Castalla<\/h2>\n\n\n\n<figure class=\"wp-block-gallery has-nested-images columns-default is-cropped wp-block-gallery-2 is-layout-flex wp-block-gallery-is-layout-flex\">\n<figure class=\"wp-block-image size-large\"><img decoding=\"async\" width=\"1024\" height=\"768\" data-id=\"2603\" src=\"https:\/\/casaruralcastalla.com\/fr\/wp-content\/uploads\/sites\/4\/2025\/04\/20250406_091649-1-1-1024x768.jpg\" alt=\"Entr\u00e9e de la Cova de Moss\u00e9n Franc\u00e9s, parmi les rochers calcaires de la Sierra del Maigm\u00f3\" class=\"wp-image-2603\" srcset=\"https:\/\/casaruralcastalla.com\/fr\/wp-content\/uploads\/sites\/4\/2025\/04\/20250406_091649-1-1-1024x768.jpg 1024w, https:\/\/casaruralcastalla.com\/fr\/wp-content\/uploads\/sites\/4\/2025\/04\/20250406_091649-1-1-300x225.jpg 300w, https:\/\/casaruralcastalla.com\/fr\/wp-content\/uploads\/sites\/4\/2025\/04\/20250406_091649-1-1-768x576.jpg 768w, https:\/\/casaruralcastalla.com\/fr\/wp-content\/uploads\/sites\/4\/2025\/04\/20250406_091649-1-1-1536x1152.jpg 1536w, https:\/\/casaruralcastalla.com\/fr\/wp-content\/uploads\/sites\/4\/2025\/04\/20250406_091649-1-1-892x669.jpg 892w, https:\/\/casaruralcastalla.com\/fr\/wp-content\/uploads\/sites\/4\/2025\/04\/20250406_091649-1-1-1350x1013.jpg 1350w, https:\/\/casaruralcastalla.com\/fr\/wp-content\/uploads\/sites\/4\/2025\/04\/20250406_091649-1-1.jpg 1920w\" sizes=\"(max-width: 1024px) 100vw, 1024px\" \/><\/figure>\n\n\n\n<figure class=\"wp-block-image size-large\"><img decoding=\"async\" width=\"1024\" height=\"576\" data-id=\"2604\" src=\"https:\/\/casaruralcastalla.com\/fr\/wp-content\/uploads\/sites\/4\/2025\/04\/20250406_091915-1-1-1024x576.jpg\" alt=\"Balise du sentier PR-CV 31 sur le chemin de la Cova de Moss\u00e9n Franc\u00e9s, avec les sierras du Maigm\u00f3 au fond\" class=\"wp-image-2604\" srcset=\"https:\/\/casaruralcastalla.com\/fr\/wp-content\/uploads\/sites\/4\/2025\/04\/20250406_091915-1-1-1024x576.jpg 1024w, https:\/\/casaruralcastalla.com\/fr\/wp-content\/uploads\/sites\/4\/2025\/04\/20250406_091915-1-1-300x169.jpg 300w, https:\/\/casaruralcastalla.com\/fr\/wp-content\/uploads\/sites\/4\/2025\/04\/20250406_091915-1-1-768x432.jpg 768w, https:\/\/casaruralcastalla.com\/fr\/wp-content\/uploads\/sites\/4\/2025\/04\/20250406_091915-1-1-892x502.jpg 892w, https:\/\/casaruralcastalla.com\/fr\/wp-content\/uploads\/sites\/4\/2025\/04\/20250406_091915-1-1.jpg 1199w\" sizes=\"(max-width: 1024px) 100vw, 1024px\" \/><\/figure>\n\n\n\n<figure class=\"wp-block-image size-large\"><img decoding=\"async\" width=\"1020\" height=\"765\" data-id=\"2268\" src=\"https:\/\/casaruralcastalla.com\/fr\/wp-content\/uploads\/sites\/4\/2025\/02\/Barranc-del-Pla-del-es-Coves-Xorret-de-Cati20250215_091039.jpg\" alt=\"Vue sur la vall\u00e9e depuis le Barranc del Pla de les Coves, au Xorret de Cat\u00ed\" class=\"wp-image-2268\" srcset=\"https:\/\/casaruralcastalla.com\/fr\/wp-content\/uploads\/sites\/4\/2025\/02\/Barranc-del-Pla-del-es-Coves-Xorret-de-Cati20250215_091039.jpg 1020w, https:\/\/casaruralcastalla.com\/fr\/wp-content\/uploads\/sites\/4\/2025\/02\/Barranc-del-Pla-del-es-Coves-Xorret-de-Cati20250215_091039-300x225.jpg 300w, https:\/\/casaruralcastalla.com\/fr\/wp-content\/uploads\/sites\/4\/2025\/02\/Barranc-del-Pla-del-es-Coves-Xorret-de-Cati20250215_091039-768x576.jpg 768w, https:\/\/casaruralcastalla.com\/fr\/wp-content\/uploads\/sites\/4\/2025\/02\/Barranc-del-Pla-del-es-Coves-Xorret-de-Cati20250215_091039-892x669.jpg 892w\" sizes=\"(max-width: 1020px) 100vw, 1020px\" \/><\/figure>\n\n\n\n<figure class=\"wp-block-image size-large\"><img decoding=\"async\" width=\"1020\" height=\"574\" data-id=\"2241\" src=\"https:\/\/casaruralcastalla.com\/fr\/wp-content\/uploads\/sites\/4\/2025\/02\/casas-de-planisses-en-Xorret-de-cati20250208_072858.jpg\" alt=\"Ferme en ruine de Les Planisses se d\u00e9tachant sur le lever du soleil, au Xorret de Cat\u00ed\" class=\"wp-image-2241\" srcset=\"https:\/\/casaruralcastalla.com\/fr\/wp-content\/uploads\/sites\/4\/2025\/02\/casas-de-planisses-en-Xorret-de-cati20250208_072858.jpg 1020w, https:\/\/casaruralcastalla.com\/fr\/wp-content\/uploads\/sites\/4\/2025\/02\/casas-de-planisses-en-Xorret-de-cati20250208_072858-300x169.jpg 300w, https:\/\/casaruralcastalla.com\/fr\/wp-content\/uploads\/sites\/4\/2025\/02\/casas-de-planisses-en-Xorret-de-cati20250208_072858-768x432.jpg 768w, https:\/\/casaruralcastalla.com\/fr\/wp-content\/uploads\/sites\/4\/2025\/02\/casas-de-planisses-en-Xorret-de-cati20250208_072858-892x502.jpg 892w\" sizes=\"(max-width: 1020px) 100vw, 1020px\" \/><\/figure>\n\n\n\n<figure class=\"wp-block-image size-large\"><img decoding=\"async\" width=\"1024\" height=\"576\" data-id=\"2242\" src=\"https:\/\/casaruralcastalla.com\/fr\/wp-content\/uploads\/sites\/4\/2025\/02\/casas-de-planisses-en-Xorret-de-cati20250208_080641-1024x576.jpg\" alt=\"Lever du soleil vu depuis les rochers au-dessus du Xorret de Cat\u00ed, la vall\u00e9e encore dans l'ombre\" class=\"wp-image-2242\" srcset=\"https:\/\/casaruralcastalla.com\/fr\/wp-content\/uploads\/sites\/4\/2025\/02\/casas-de-planisses-en-Xorret-de-cati20250208_080641-1024x576.jpg 1024w, https:\/\/casaruralcastalla.com\/fr\/wp-content\/uploads\/sites\/4\/2025\/02\/casas-de-planisses-en-Xorret-de-cati20250208_080641-300x169.jpg 300w, https:\/\/casaruralcastalla.com\/fr\/wp-content\/uploads\/sites\/4\/2025\/02\/casas-de-planisses-en-Xorret-de-cati20250208_080641-768x432.jpg 768w, https:\/\/casaruralcastalla.com\/fr\/wp-content\/uploads\/sites\/4\/2025\/02\/casas-de-planisses-en-Xorret-de-cati20250208_080641-1536x864.jpg 1536w, https:\/\/casaruralcastalla.com\/fr\/wp-content\/uploads\/sites\/4\/2025\/02\/casas-de-planisses-en-Xorret-de-cati20250208_080641-892x502.jpg 892w, https:\/\/casaruralcastalla.com\/fr\/wp-content\/uploads\/sites\/4\/2025\/02\/casas-de-planisses-en-Xorret-de-cati20250208_080641-1350x760.jpg 1350w, https:\/\/casaruralcastalla.com\/fr\/wp-content\/uploads\/sites\/4\/2025\/02\/casas-de-planisses-en-Xorret-de-cati20250208_080641.jpg 2040w\" sizes=\"(max-width: 1024px) 100vw, 1024px\" \/><\/figure>\n\n\n\n<figure class=\"wp-block-image size-large\"><img decoding=\"async\" width=\"1000\" height=\"563\" data-id=\"2248\" src=\"https:\/\/casaruralcastalla.com\/fr\/wp-content\/uploads\/sites\/4\/2025\/02\/casas-de-planisses-en-Xorret-de-cati20250208_083145.jpg\" alt=\"Le hameau abandonn\u00e9 de Les Planisses de l'autre c\u00f4t\u00e9 d'un champ d'herbe hivernale, au Xorret de Cat\u00ed\" class=\"wp-image-2248\" srcset=\"https:\/\/casaruralcastalla.com\/fr\/wp-content\/uploads\/sites\/4\/2025\/02\/casas-de-planisses-en-Xorret-de-cati20250208_083145.jpg 1000w, https:\/\/casaruralcastalla.com\/fr\/wp-content\/uploads\/sites\/4\/2025\/02\/casas-de-planisses-en-Xorret-de-cati20250208_083145-300x169.jpg 300w, https:\/\/casaruralcastalla.com\/fr\/wp-content\/uploads\/sites\/4\/2025\/02\/casas-de-planisses-en-Xorret-de-cati20250208_083145-768x432.jpg 768w, https:\/\/casaruralcastalla.com\/fr\/wp-content\/uploads\/sites\/4\/2025\/02\/casas-de-planisses-en-Xorret-de-cati20250208_083145-892x502.jpg 892w\" sizes=\"(max-width: 1000px) 100vw, 1000px\" \/><\/figure>\n\n\n\n<figure class=\"wp-block-image size-large\"><img decoding=\"async\" width=\"1020\" height=\"765\" data-id=\"2251\" src=\"https:\/\/casaruralcastalla.com\/fr\/wp-content\/uploads\/sites\/4\/2025\/02\/casas-de-planisses-en-Xorret-de-cati20250208_083929.jpg\" alt=\"Ancien puits en pierre au bord du chemin de Les Planisses, au Xorret de Cat\u00ed\" class=\"wp-image-2251\" srcset=\"https:\/\/casaruralcastalla.com\/fr\/wp-content\/uploads\/sites\/4\/2025\/02\/casas-de-planisses-en-Xorret-de-cati20250208_083929.jpg 1020w, https:\/\/casaruralcastalla.com\/fr\/wp-content\/uploads\/sites\/4\/2025\/02\/casas-de-planisses-en-Xorret-de-cati20250208_083929-300x225.jpg 300w, https:\/\/casaruralcastalla.com\/fr\/wp-content\/uploads\/sites\/4\/2025\/02\/casas-de-planisses-en-Xorret-de-cati20250208_083929-768x576.jpg 768w, https:\/\/casaruralcastalla.com\/fr\/wp-content\/uploads\/sites\/4\/2025\/02\/casas-de-planisses-en-Xorret-de-cati20250208_083929-892x669.jpg 892w\" sizes=\"(max-width: 1020px) 100vw, 1020px\" \/><\/figure>\n\n\n\n<figure class=\"wp-block-image size-large\"><img decoding=\"async\" width=\"861\" height=\"1024\" data-id=\"1772\" src=\"https:\/\/casaruralcastalla.com\/fr\/wp-content\/uploads\/sites\/4\/2025\/01\/Via-ferrata-xorret-de-Cati-Castalla-interior-de-alicante-861x1024.png\" alt=\"Grimpeur sur la via ferrata du Xorret de Cat\u00ed, sur les parois calcaires dor\u00e9es de Castalla\" class=\"wp-image-1772\" srcset=\"https:\/\/casaruralcastalla.com\/fr\/wp-content\/uploads\/sites\/4\/2025\/01\/Via-ferrata-xorret-de-Cati-Castalla-interior-de-alicante-861x1024.png 861w, https:\/\/casaruralcastalla.com\/fr\/wp-content\/uploads\/sites\/4\/2025\/01\/Via-ferrata-xorret-de-Cati-Castalla-interior-de-alicante-252x300.png 252w, https:\/\/casaruralcastalla.com\/fr\/wp-content\/uploads\/sites\/4\/2025\/01\/Via-ferrata-xorret-de-Cati-Castalla-interior-de-alicante-768x914.png 768w, https:\/\/casaruralcastalla.com\/fr\/wp-content\/uploads\/sites\/4\/2025\/01\/Via-ferrata-xorret-de-Cati-Castalla-interior-de-alicante.png 892w\" sizes=\"(max-width: 861px) 100vw, 861px\" \/><\/figure>\n\n\n\n<figure class=\"wp-block-image size-large\"><img decoding=\"async\" width=\"1024\" height=\"640\" data-id=\"1753\" src=\"https:\/\/casaruralcastalla.com\/fr\/wp-content\/uploads\/sites\/4\/2025\/01\/Bachgroun-home-casa-rural-castalla-primavera-de-hivern-1920-x-1200-px-1-1-1024x640.png\" alt=\"Castalla vue du ciel au cr\u00e9puscule, avec le ch\u00e2teau illumin\u00e9 au-dessus des toits\" class=\"wp-image-1753\" srcset=\"https:\/\/casaruralcastalla.com\/fr\/wp-content\/uploads\/sites\/4\/2025\/01\/Bachgroun-home-casa-rural-castalla-primavera-de-hivern-1920-x-1200-px-1-1-1024x640.png 1024w, https:\/\/casaruralcastalla.com\/fr\/wp-content\/uploads\/sites\/4\/2025\/01\/Bachgroun-home-casa-rural-castalla-primavera-de-hivern-1920-x-1200-px-1-1-300x188.png 300w, https:\/\/casaruralcastalla.com\/fr\/wp-content\/uploads\/sites\/4\/2025\/01\/Bachgroun-home-casa-rural-castalla-primavera-de-hivern-1920-x-1200-px-1-1-768x480.png 768w, https:\/\/casaruralcastalla.com\/fr\/wp-content\/uploads\/sites\/4\/2025\/01\/Bachgroun-home-casa-rural-castalla-primavera-de-hivern-1920-x-1200-px-1-1-1536x960.png 1536w, https:\/\/casaruralcastalla.com\/fr\/wp-content\/uploads\/sites\/4\/2025\/01\/Bachgroun-home-casa-rural-castalla-primavera-de-hivern-1920-x-1200-px-1-1-892x558.png 892w, https:\/\/casaruralcastalla.com\/fr\/wp-content\/uploads\/sites\/4\/2025\/01\/Bachgroun-home-casa-rural-castalla-primavera-de-hivern-1920-x-1200-px-1-1-1350x844.png 1350w, https:\/\/casaruralcastalla.com\/fr\/wp-content\/uploads\/sites\/4\/2025\/01\/Bachgroun-home-casa-rural-castalla-primavera-de-hivern-1920-x-1200-px-1-1.png 1920w\" sizes=\"(max-width: 1024px) 100vw, 1024px\" \/><\/figure>\n\n\n\n<figure class=\"wp-block-image size-large\"><img decoding=\"async\" width=\"1024\" height=\"379\" data-id=\"1492\" src=\"https:\/\/casaruralcastalla.com\/fr\/wp-content\/uploads\/sites\/4\/2025\/01\/Casa-rural-castalla-primavera.dhivern-fondo-home-4-1024x379.png\" alt=\"Coucher de soleil sur les montagnes de l'arri\u00e8re-pays d'Alicante, depuis un rocher au-dessus de Castalla\" class=\"wp-image-1492\" srcset=\"https:\/\/casaruralcastalla.com\/fr\/wp-content\/uploads\/sites\/4\/2025\/01\/Casa-rural-castalla-primavera.dhivern-fondo-home-4-1024x379.png 1024w, https:\/\/casaruralcastalla.com\/fr\/wp-content\/uploads\/sites\/4\/2025\/01\/Casa-rural-castalla-primavera.dhivern-fondo-home-4-300x111.png 300w, https:\/\/casaruralcastalla.com\/fr\/wp-content\/uploads\/sites\/4\/2025\/01\/Casa-rural-castalla-primavera.dhivern-fondo-home-4-768x284.png 768w, https:\/\/casaruralcastalla.com\/fr\/wp-content\/uploads\/sites\/4\/2025\/01\/Casa-rural-castalla-primavera.dhivern-fondo-home-4-1536x568.png 1536w, https:\/\/casaruralcastalla.com\/fr\/wp-content\/uploads\/sites\/4\/2025\/01\/Casa-rural-castalla-primavera.dhivern-fondo-home-4-892x330.png 892w, https:\/\/casaruralcastalla.com\/fr\/wp-content\/uploads\/sites\/4\/2025\/01\/Casa-rural-castalla-primavera.dhivern-fondo-home-4-1350x499.png 1350w, https:\/\/casaruralcastalla.com\/fr\/wp-content\/uploads\/sites\/4\/2025\/01\/Casa-rural-castalla-primavera.dhivern-fondo-home-4.png 1920w\" sizes=\"(max-width: 1024px) 100vw, 1024px\" \/><\/figure>\n\n\n\n<figure class=\"wp-block-image size-large\"><img decoding=\"async\" width=\"1024\" height=\"640\" data-id=\"1579\" src=\"https:\/\/casaruralcastalla.com\/fr\/wp-content\/uploads\/sites\/4\/2025\/01\/Castillo-de-Castalla-Casa-Rural-castalla-vista-de-tardenoche2-1024x640.png\" alt=\"Le ch\u00e2teau de Castalla illumin\u00e9 la nuit au-dessus des lumi\u00e8res du village et des sierras\" class=\"wp-image-1579\" srcset=\"https:\/\/casaruralcastalla.com\/fr\/wp-content\/uploads\/sites\/4\/2025\/01\/Castillo-de-Castalla-Casa-Rural-castalla-vista-de-tardenoche2-1024x640.png 1024w, https:\/\/casaruralcastalla.com\/fr\/wp-content\/uploads\/sites\/4\/2025\/01\/Castillo-de-Castalla-Casa-Rural-castalla-vista-de-tardenoche2-300x188.png 300w, https:\/\/casaruralcastalla.com\/fr\/wp-content\/uploads\/sites\/4\/2025\/01\/Castillo-de-Castalla-Casa-Rural-castalla-vista-de-tardenoche2-768x480.png 768w, https:\/\/casaruralcastalla.com\/fr\/wp-content\/uploads\/sites\/4\/2025\/01\/Castillo-de-Castalla-Casa-Rural-castalla-vista-de-tardenoche2-1536x960.png 1536w, https:\/\/casaruralcastalla.com\/fr\/wp-content\/uploads\/sites\/4\/2025\/01\/Castillo-de-Castalla-Casa-Rural-castalla-vista-de-tardenoche2-892x558.png 892w, https:\/\/casaruralcastalla.com\/fr\/wp-content\/uploads\/sites\/4\/2025\/01\/Castillo-de-Castalla-Casa-Rural-castalla-vista-de-tardenoche2-1350x844.png 1350w, https:\/\/casaruralcastalla.com\/fr\/wp-content\/uploads\/sites\/4\/2025\/01\/Castillo-de-Castalla-Casa-Rural-castalla-vista-de-tardenoche2.png 1920w\" sizes=\"(max-width: 1024px) 100vw, 1024px\" \/><\/figure>\n\n\n\n<figure class=\"wp-block-image size-large\"><img decoding=\"async\" width=\"1020\" height=\"574\" data-id=\"2246\" src=\"https:\/\/casaruralcastalla.com\/fr\/wp-content\/uploads\/sites\/4\/2025\/02\/casas-de-planisses-en-Xorret-de-cati20250208_082323.jpg\" alt=\"Murs de pierre et poutres effondr\u00e9es des maisons abandonn\u00e9es de Les Planisses aux premi\u00e8res lueurs du jour\" class=\"wp-image-2246\" srcset=\"https:\/\/casaruralcastalla.com\/fr\/wp-content\/uploads\/sites\/4\/2025\/02\/casas-de-planisses-en-Xorret-de-cati20250208_082323.jpg 1020w, https:\/\/casaruralcastalla.com\/fr\/wp-content\/uploads\/sites\/4\/2025\/02\/casas-de-planisses-en-Xorret-de-cati20250208_082323-300x169.jpg 300w, https:\/\/casaruralcastalla.com\/fr\/wp-content\/uploads\/sites\/4\/2025\/02\/casas-de-planisses-en-Xorret-de-cati20250208_082323-768x432.jpg 768w, https:\/\/casaruralcastalla.com\/fr\/wp-content\/uploads\/sites\/4\/2025\/02\/casas-de-planisses-en-Xorret-de-cati20250208_082323-892x502.jpg 892w\" sizes=\"(max-width: 1020px) 100vw, 1020px\" \/><\/figure>\n\n\n\n<figure class=\"wp-block-image size-large\"><img decoding=\"async\" width=\"1000\" height=\"563\" data-id=\"2250\" src=\"https:\/\/casaruralcastalla.com\/fr\/wp-content\/uploads\/sites\/4\/2025\/02\/casas-de-planisses-en-Xorret-de-cati20250208_083647.jpg\" alt=\"Champs labour\u00e9s et collines de pins pr\u00e8s de Les Planisses au lever du jour\" class=\"wp-image-2250\" srcset=\"https:\/\/casaruralcastalla.com\/fr\/wp-content\/uploads\/sites\/4\/2025\/02\/casas-de-planisses-en-Xorret-de-cati20250208_083647.jpg 1000w, https:\/\/casaruralcastalla.com\/fr\/wp-content\/uploads\/sites\/4\/2025\/02\/casas-de-planisses-en-Xorret-de-cati20250208_083647-300x169.jpg 300w, https:\/\/casaruralcastalla.com\/fr\/wp-content\/uploads\/sites\/4\/2025\/02\/casas-de-planisses-en-Xorret-de-cati20250208_083647-768x432.jpg 768w, https:\/\/casaruralcastalla.com\/fr\/wp-content\/uploads\/sites\/4\/2025\/02\/casas-de-planisses-en-Xorret-de-cati20250208_083647-892x502.jpg 892w\" sizes=\"(max-width: 1000px) 100vw, 1000px\" \/><\/figure>\n<\/figure>\n\n\n\n<div class=\"wp-block-group cta-castalla-reserva has-background\" style=\"border-radius:12px;background-color:#f4ede2;margin-top:3rem;margin-bottom:3rem;padding-top:3rem;padding-right:2rem;padding-bottom:3rem;padding-left:2rem\"><div class=\"wp-block-group__inner-container is-layout-constrained wp-container-core-group-is-layout-8f4013b1 wp-block-group-is-layout-constrained\">\n<h3 class=\"wp-block-heading has-text-align-center\">Pr\u00eat \u00e0 d\u00e9couvrir l&#8217;arri\u00e8re-pays d&#8217;Alicante ?<\/h3>\n\n\n\n<p class=\"has-text-align-center wp-block-paragraph\">R\u00e9servez votre s\u00e9jour \u00e0 <strong>Casa Rural Castalla<\/strong> et prenez le temps de d\u00e9couvrir Plascaves, le ch\u00e2teau de Castalla ou la Sierra del Maigm\u00f3. Votre escapade dans l&#8217;arri\u00e8re-pays alicantin commence ici.<\/p>\n\n\n\n<div class=\"wp-block-buttons is-content-justification-center is-layout-flex wp-container-core-buttons-is-layout-fe48e5de wp-block-buttons-is-layout-flex\">\n<div class=\"wp-block-button\"><a class=\"wp-block-button__link wp-element-button\" href=\"https:\/\/wa.me\/34601994695?text=Bonjour%21%20Je%20voudrais%20conna%C3%AEtre%20les%20disponibilit%C3%A9s%20%C3%A0%20Casa%20Rural%20Castalla.\" style=\"border-radius:6px\" target=\"_blank\" rel=\"noopener\">V\u00e9rifier les disponibilit\u00e9s<\/a><\/div>\n\n\n\n<div class=\"wp-block-button is-style-outline is-style-outline--3\"><a class=\"wp-block-button__link wp-element-button\" href=\"https:\/\/casaruralcastalla.com\/fr\/contact\/\" style=\"border-radius:6px\">Nous contacter<\/a><\/div>\n<\/div>\n<\/div><\/div>\n","protected":false},"excerpt":{"rendered":"<p>D\u00e9couvrez l\u2019\u00e2me de Casa Rural Castalla en images. Promenez-vous dans chaque recoin de notre grande maison de vacances \u00e0 Castalla et dans la nature qui l\u2019entoure, et laissez la beaut\u00e9 tranquille de l\u2019arri\u00e8re-pays d\u2019Alicante faire le reste. Envie de regarder de plus pr\u00e8s ? Il vous suffit de cliquer sur une photo pour l\u2019ouvrir en [&hellip;]<\/p>\n","protected":false},"author":1,"featured_media":0,"parent":0,"menu_order":0,"comment_status":"closed","ping_status":"closed","template":"","meta":{"inline_featured_image":false,"_trash_the_other_posts":false,"_monsterinsights_skip_tracking":false,"_joinchat":[],"footnotes":""},"class_list":["post-2347","page","type-page","status-publish","hentry"],"_links":{"self":[{"href":"https:\/\/casaruralcastalla.com\/fr\/wp-json\/wp\/v2\/pages\/2347","targetHints":{"allow":["GET"]}}],"collection":[{"href":"https:\/\/casaruralcastalla.com\/fr\/wp-json\/wp\/v2\/pages"}],"about":[{"href":"https:\/\/casaruralcastalla.com\/fr\/wp-json\/wp\/v2\/types\/page"}],"author":[{"embeddable":true,"href":"https:\/\/casaruralcastalla.com\/fr\/wp-json\/wp\/v2\/users\/1"}],"replies":[{"embeddable":true,"href":"https:\/\/casaruralcastalla.com\/fr\/wp-json\/wp\/v2\/comments?post=2347"}],"version-history":[{"count":4,"href":"https:\/\/casaruralcastalla.com\/fr\/wp-json\/wp\/v2\/pages\/2347\/revisions"}],"predecessor-version":[{"id":5900,"href":"https:\/\/casaruralcastalla.com\/fr\/wp-json\/wp\/v2\/pages\/2347\/revisions\/5900"}],"wp:attachment":[{"href":"https:\/\/casaruralcastalla.com\/fr\/wp-json\/wp\/v2\/media?parent=2347"}],"curies":[{"name":"wp","href":"https:\/\/api.w.org\/{rel}","templated":true}]}}