{"id":2043,"date":"2025-01-24T10:07:50","date_gmt":"2025-01-24T09:07:50","guid":{"rendered":"https:\/\/casaruralcastalla.com\/fr\/?page_id=2043"},"modified":"2026-09-04T00:41:51","modified_gmt":"2026-09-03T22:41:51","slug":"hebergement-a-castalla","status":"publish","type":"page","link":"https:\/\/casaruralcastalla.com\/fr\/hebergement-a-castalla\/","title":{"rendered":"H\u00e9bergement \u00e0 Castalla, id\u00e9al pour votre d\u00e9placement professionnel"},"content":{"rendered":"\n<div class=\"wp-block-getwid-section alignfull alignfull\" style=\"margin-top:-65px;margin-bottom:\"><div class=\"wp-block-getwid-section__wrapper getwid-padding-right-normal getwid-padding-mobile-left-small getwid-padding-mobile-right-small\" style=\"padding-top:0px;padding-left:0px\"><div class=\"wp-block-getwid-section__inner-wrapper\"><div class=\"wp-block-getwid-section__background-holder\"><div class=\"wp-block-getwid-section__background has-background has-white-background-color\"><\/div><div class=\"wp-block-getwid-section__foreground\"><\/div><\/div><div class=\"wp-block-getwid-section__content\"><div class=\"wp-block-getwid-section__inner-content\">\n<div class=\"wp-block-columns has-3-columns is-layout-flex wp-container-core-columns-is-layout-8f761849 wp-block-columns-is-layout-flex\">\n<div class=\"wp-block-column is-layout-flow wp-block-column-is-layout-flow\"><\/div>\n\n\n\n<div class=\"wp-block-column is-layout-flow wp-block-column-is-layout-flow\">\n<div class=\"wp-block-getwid-advanced-heading has-custom-font-size\" style=\"font-size:1.5em;margin-bottom:10px;margin-top:50px\"><h2 class=\"wp-block-getwid-advanced-heading__content\" style=\"text-align:center;font-family:&quot;Raleway&quot;;font-weight:500\">V\u00e9rifiez les disponibilit\u00e9s et r\u00e9servez. <br>R\u00e9ponse imm\u00e9diate<\/h2><\/div>\n\n\n\n<div class=\"wp-block-buttons is-content-justification-center is-layout-flex wp-container-core-buttons-is-layout-fe48e5de wp-block-buttons-is-layout-flex\">\n<div class=\"wp-block-button\"><a class=\"wp-block-button__link has-text-align-center wp-element-button\" href=\"https:\/\/wa.me\/34601994695?text=Bonjour%2C%20je%20souhaite%20des%20informations%20sur%20l%27h%C3%A9bergement%20pour%20professionnels%20%C3%A0%20Castalla%20%3A\" target=\"_blank\" rel=\"noreferrer noopener\">WhatsApp<\/a><\/div>\n<\/div>\n<\/div>\n\n\n\n<div class=\"wp-block-column is-layout-flow wp-block-column-is-layout-flow\"><div class=\"wp-block-image\">\n<figure class=\"aligncenter size-full is-resized\"><img decoding=\"async\" width=\"1000\" height=\"1000\" src=\"https:\/\/casaruralcastalla.com\/fr\/wp-content\/uploads\/sites\/4\/2024\/10\/Logo-Casa-Rural-Castalla-en-el-interior-de-Alicante.png\" alt=\"Logo de Casa Rural Castalla, g\u00eete rural dans l\u2019arri\u00e8re-pays d\u2019Alicante\" class=\"wp-image-8\" style=\"width:203px;height:auto\" srcset=\"https:\/\/casaruralcastalla.com\/fr\/wp-content\/uploads\/sites\/4\/2024\/10\/Logo-Casa-Rural-Castalla-en-el-interior-de-Alicante.png 1000w, https:\/\/casaruralcastalla.com\/fr\/wp-content\/uploads\/sites\/4\/2024\/10\/Logo-Casa-Rural-Castalla-en-el-interior-de-Alicante-300x300.png 300w, https:\/\/casaruralcastalla.com\/fr\/wp-content\/uploads\/sites\/4\/2024\/10\/Logo-Casa-Rural-Castalla-en-el-interior-de-Alicante-150x150.png 150w, https:\/\/casaruralcastalla.com\/fr\/wp-content\/uploads\/sites\/4\/2024\/10\/Logo-Casa-Rural-Castalla-en-el-interior-de-Alicante-768x768.png 768w\" sizes=\"(max-width: 1000px) 100vw, 1000px\" \/><\/figure>\n<\/div><\/div>\n<\/div>\n\n\n\n<h3 class=\"wp-block-heading has-text-align-center\">Votre h\u00e9bergement pour professionnels \u00e0 Castalla, aux meilleures conditions pour votre s\u00e9jour<\/h3>\n<\/div><\/div><\/div><\/div><\/div>\n\n\n\n<div class=\"wp-block-getwid-section alignfull alignfull getwid-margin-bottom-none\"><div class=\"wp-block-getwid-section__wrapper getwid-padding-left-normal getwid-padding-right-normal getwid-padding-mobile-left-small getwid-padding-mobile-right-small\" style=\"padding-top:60px;padding-bottom:100px\"><div class=\"wp-block-getwid-section__inner-wrapper\"><div class=\"wp-block-getwid-section__background-holder\"><div class=\"wp-block-getwid-section__background has-background has-white-background-color\" style=\"background-image:url('https:\/\/casaruralcastalla.com\/fr\/wp-content\/uploads\/sites\/4\/2019\/09\/bg.png');background-position:top center;background-size:auto\"><div class=\"wp-block-getwid-section__background-image-wrapper\"><img decoding=\"async\" class=\"wp-block-getwid-section__background-image\" src=\"https:\/\/casaruralcastalla.com\/fr\/wp-content\/uploads\/sites\/4\/2019\/09\/bg.png\" alt=\"Fond d\u00e9coratif de Casa Rural Castalla\"\/><\/div><\/div><div class=\"wp-block-getwid-section__foreground\"><\/div><\/div><div class=\"wp-block-getwid-section__content\"><div class=\"wp-block-getwid-section__inner-content\">\n<div class=\"wp-block-columns has-3-columns is-layout-flex wp-container-core-columns-is-layout-8f761849 wp-block-columns-is-layout-flex\">\n<div class=\"wp-block-column is-layout-flow wp-block-column-is-layout-flow\">\n<div class=\"wp-block-getwid-section\"><div class=\"wp-block-getwid-section__wrapper getwid-padding-top-none getwid-padding-bottom-none getwid-padding-left-none getwid-padding-tablet-right-none getwid-padding-mobile-bottom-medium getwid-padding-mobile-right-none getwid-reset-min-height-tablet getwid-reset-min-height-mobile\" style=\"min-height:436px;padding-right:60px\"><div class=\"wp-block-getwid-section__inner-wrapper\"><div class=\"wp-block-getwid-section__background-holder\"><div class=\"wp-block-getwid-section__background\"><\/div><div class=\"wp-block-getwid-section__foreground\"><\/div><\/div><div class=\"wp-block-getwid-section__content\"><div class=\"wp-block-getwid-section__inner-content\">\n<div class=\"wp-block-getwid-advanced-heading\" style=\"margin-bottom:5px\"><span class=\"wp-block-getwid-advanced-heading__content\"><strong>H\u00e9bergement confortable<\/strong><\/span><\/div>\n\n\n\n<div class=\"wp-block-getwid-advanced-heading\" style=\"margin-bottom:30px\"><h2 class=\"wp-block-getwid-advanced-heading__content\">Les chambres de l\u2019h\u00e9bergement pour professionnels \u00e0 Castalla<\/h2><\/div>\n\n\n\n<p class=\"wp-block-paragraph\">Notre h\u00e9bergement \u00e0 Castalla propose des chambres pens\u00e9es pour votre confort et votre productivit\u00e9. Espaces au calme, literie confortable et Wi-Fi rapide\u00a0: chaque chambre s\u2019adapte \u00e0 vos besoins pendant votre s\u00e9jour professionnel.<\/p>\n\n\n\n<div class=\"wp-block-getwid-advanced-spacer\" style=\"height:20px\" aria-hidden=\"true\"><\/div>\n\n\n\n<div class=\"wp-block-button\"><a class=\"wp-block-button__link wp-element-button\" href=\"https:\/\/wa.me\/34601994695?text=Bonjour%2C%20je%20souhaite%20v%C3%A9rifier%20les%20disponibilit%C3%A9s%20%C3%A0%20Casa%20Rural%20Castalla.\" target=\"_blank\" rel=\"noopener\">Tarifs et disponibilit\u00e9s<\/a><\/div>\n<\/div><\/div><\/div><\/div><\/div>\n<\/div>\n\n\n\n<div class=\"wp-block-column is-layout-flow wp-block-column-is-layout-flow\">\n<figure class=\"wp-block-image size-full\"><img decoding=\"async\" width=\"830\" height=\"830\" src=\"https:\/\/casaruralcastalla.com\/fr\/wp-content\/uploads\/sites\/4\/2026\/09\/casa-rural-castalla-apartamento-04-cuadrada.jpg\" alt=\"Appartement de l\u2019h\u00e9bergement pour professionnels \u00e0 Castalla, avec lit double, table \u00e0 manger et plafond \u00e0 poutres apparentes\" class=\"wp-image-5810\" srcset=\"https:\/\/casaruralcastalla.com\/fr\/wp-content\/uploads\/sites\/4\/2026\/09\/casa-rural-castalla-apartamento-04-cuadrada.jpg 830w, https:\/\/casaruralcastalla.com\/fr\/wp-content\/uploads\/sites\/4\/2026\/09\/casa-rural-castalla-apartamento-04-cuadrada-300x300.jpg 300w, https:\/\/casaruralcastalla.com\/fr\/wp-content\/uploads\/sites\/4\/2026\/09\/casa-rural-castalla-apartamento-04-cuadrada-150x150.jpg 150w, https:\/\/casaruralcastalla.com\/fr\/wp-content\/uploads\/sites\/4\/2026\/09\/casa-rural-castalla-apartamento-04-cuadrada-768x768.jpg 768w, https:\/\/casaruralcastalla.com\/fr\/wp-content\/uploads\/sites\/4\/2026\/09\/casa-rural-castalla-apartamento-04-cuadrada-400x400.jpg 400w, https:\/\/casaruralcastalla.com\/fr\/wp-content\/uploads\/sites\/4\/2026\/09\/casa-rural-castalla-apartamento-04-cuadrada-600x600.jpg 600w\" sizes=\"(max-width: 830px) 100vw, 830px\" \/><\/figure>\n<\/div>\n\n\n\n<div class=\"wp-block-column is-layout-flow wp-block-column-is-layout-flow\">\n<figure class=\"wp-block-image size-full\"><img decoding=\"async\" width=\"830\" height=\"830\" src=\"https:\/\/casaruralcastalla.com\/fr\/wp-content\/uploads\/sites\/4\/2026\/09\/casa-rural-castalla-dormitorio-1-04-cuadrada.jpg\" alt=\"Chambre principale de l\u2019h\u00e9bergement pour professionnels \u00e0 Castalla, avec lit double, table de chevet en bois et poutres apparentes\" class=\"wp-image-5813\" srcset=\"https:\/\/casaruralcastalla.com\/fr\/wp-content\/uploads\/sites\/4\/2026\/09\/casa-rural-castalla-dormitorio-1-04-cuadrada.jpg 830w, https:\/\/casaruralcastalla.com\/fr\/wp-content\/uploads\/sites\/4\/2026\/09\/casa-rural-castalla-dormitorio-1-04-cuadrada-300x300.jpg 300w, https:\/\/casaruralcastalla.com\/fr\/wp-content\/uploads\/sites\/4\/2026\/09\/casa-rural-castalla-dormitorio-1-04-cuadrada-150x150.jpg 150w, https:\/\/casaruralcastalla.com\/fr\/wp-content\/uploads\/sites\/4\/2026\/09\/casa-rural-castalla-dormitorio-1-04-cuadrada-768x768.jpg 768w, https:\/\/casaruralcastalla.com\/fr\/wp-content\/uploads\/sites\/4\/2026\/09\/casa-rural-castalla-dormitorio-1-04-cuadrada-400x400.jpg 400w, https:\/\/casaruralcastalla.com\/fr\/wp-content\/uploads\/sites\/4\/2026\/09\/casa-rural-castalla-dormitorio-1-04-cuadrada-600x600.jpg 600w\" sizes=\"(max-width: 830px) 100vw, 830px\" \/><\/figure>\n<\/div>\n<\/div>\n<\/div><\/div><\/div><\/div><\/div>\n\n\n\n<div class=\"wp-block-getwid-section alignfull alignfull getwid-margin-bottom-none\"><div class=\"wp-block-getwid-section__wrapper getwid-padding-left-normal getwid-padding-right-normal getwid-padding-mobile-left-small getwid-padding-mobile-right-small\" style=\"padding-top:60px;padding-bottom:100px\"><div class=\"wp-block-getwid-section__inner-wrapper\"><div class=\"wp-block-getwid-section__background-holder\"><div class=\"wp-block-getwid-section__background has-background has-white-background-color\" style=\"background-image:url('https:\/\/casaruralcastalla.com\/fr\/wp-content\/uploads\/sites\/4\/2025\/01\/bg-r-2.png');background-position:top center;background-size:auto\"><div class=\"wp-block-getwid-section__background-image-wrapper\"><img decoding=\"async\" class=\"wp-block-getwid-section__background-image\" src=\"https:\/\/casaruralcastalla.com\/fr\/wp-content\/uploads\/sites\/4\/2025\/01\/bg-r-2.png\" alt=\"Texture de fond de Casa Rural Castalla\"\/><\/div><\/div><div class=\"wp-block-getwid-section__foreground\"><\/div><\/div><div class=\"wp-block-getwid-section__content\"><div class=\"wp-block-getwid-section__inner-content\">\n<div class=\"wp-block-columns has-3-columns is-layout-flex wp-container-core-columns-is-layout-8f761849 wp-block-columns-is-layout-flex\">\n<div class=\"wp-block-column is-layout-flow wp-block-column-is-layout-flow\">\n<figure class=\"wp-block-image size-full\"><img decoding=\"async\" width=\"415\" height=\"415\" src=\"https:\/\/casaruralcastalla.com\/fr\/wp-content\/uploads\/sites\/4\/2025\/01\/Cafetera-expreso-vintage-cafe-de-cortesia.png\" alt=\"Machine \u00e0 expresso vintage avec caf\u00e9 offert dans l\u2019h\u00e9bergement pour professionnels \u00e0 Castalla\" class=\"wp-image-1801\" srcset=\"https:\/\/casaruralcastalla.com\/fr\/wp-content\/uploads\/sites\/4\/2025\/01\/Cafetera-expreso-vintage-cafe-de-cortesia.png 415w, https:\/\/casaruralcastalla.com\/fr\/wp-content\/uploads\/sites\/4\/2025\/01\/Cafetera-expreso-vintage-cafe-de-cortesia-300x300.png 300w, https:\/\/casaruralcastalla.com\/fr\/wp-content\/uploads\/sites\/4\/2025\/01\/Cafetera-expreso-vintage-cafe-de-cortesia-150x150.png 150w\" sizes=\"(max-width: 415px) 100vw, 415px\" \/><\/figure>\n<\/div>\n\n\n\n<div class=\"wp-block-column is-layout-flow wp-block-column-is-layout-flow\">\n<figure class=\"wp-block-image size-full\"><img decoding=\"async\" width=\"415\" height=\"415\" src=\"https:\/\/casaruralcastalla.com\/fr\/wp-content\/uploads\/sites\/4\/2025\/01\/Amplio-salon-com-pantalla-para-presentaciones-de-trabajo-en-castalla-1.png\" alt=\"H\u00e9bergement \u00e0 Castalla\u00a0: grand salon avec \u00e9cran pour les pr\u00e9sentations professionnelles\" class=\"wp-image-2053\" srcset=\"https:\/\/casaruralcastalla.com\/fr\/wp-content\/uploads\/sites\/4\/2025\/01\/Amplio-salon-com-pantalla-para-presentaciones-de-trabajo-en-castalla-1.png 415w, https:\/\/casaruralcastalla.com\/fr\/wp-content\/uploads\/sites\/4\/2025\/01\/Amplio-salon-com-pantalla-para-presentaciones-de-trabajo-en-castalla-1-300x300.png 300w, https:\/\/casaruralcastalla.com\/fr\/wp-content\/uploads\/sites\/4\/2025\/01\/Amplio-salon-com-pantalla-para-presentaciones-de-trabajo-en-castalla-1-150x150.png 150w, https:\/\/casaruralcastalla.com\/fr\/wp-content\/uploads\/sites\/4\/2025\/01\/Amplio-salon-com-pantalla-para-presentaciones-de-trabajo-en-castalla-1-400x400.png 400w\" sizes=\"(max-width: 415px) 100vw, 415px\" \/><\/figure>\n<\/div>\n\n\n\n<div class=\"wp-block-column is-layout-flow wp-block-column-is-layout-flow\">\n<div class=\"wp-block-getwid-section\"><div class=\"wp-block-getwid-section__wrapper getwid-padding-top-none getwid-padding-bottom-none getwid-padding-left-none getwid-padding-tablet-right-none getwid-padding-mobile-bottom-medium getwid-padding-mobile-right-none getwid-reset-min-height-tablet getwid-reset-min-height-mobile\" style=\"min-height:436px;padding-right:60px\"><div class=\"wp-block-getwid-section__inner-wrapper\"><div class=\"wp-block-getwid-section__background-holder\"><div class=\"wp-block-getwid-section__background\"><\/div><div class=\"wp-block-getwid-section__foreground\"><\/div><\/div><div class=\"wp-block-getwid-section__content\"><div class=\"wp-block-getwid-section__inner-content\">\n<div class=\"wp-block-getwid-advanced-heading\" style=\"margin-bottom:5px\"><span class=\"wp-block-getwid-advanced-heading__content\"><strong>Maison enti\u00e8rement \u00e9quip\u00e9e<\/strong><\/span><\/div>\n\n\n\n<div class=\"wp-block-getwid-advanced-heading\" style=\"margin-bottom:30px\"><h2 class=\"wp-block-getwid-advanced-heading__content\">Espaces de travail &amp; r\u00e9unions<\/h2><\/div>\n\n\n\n<p class=\"wp-block-paragraph\">Tirez le meilleur de vos journ\u00e9es de travail gr\u00e2ce \u00e0 nos espaces calmes et fonctionnels\u00a0: des pi\u00e8ces confortables et bien \u00e9clair\u00e9es, id\u00e9ales pour des r\u00e9unions informelles, des visioconf\u00e9rences ou pour avancer sur vos projets. Un cadre pens\u00e9 pour votre productivit\u00e9.<\/p>\n\n\n\n<div class=\"wp-block-getwid-advanced-spacer\" style=\"height:20px\" aria-hidden=\"true\"><\/div>\n\n\n\n<div class=\"wp-block-button\"><a class=\"wp-block-button__link wp-element-button\" href=\"https:\/\/wa.me\/34601994695?text=Bonjour%2C%20je%20souhaite%20des%20informations%20sur%20l%27h%C3%A9bergement%20pour%20professionnels%20%C3%A0%20Castalla%20%3A\" target=\"_blank\" rel=\"noopener\">Contactez-nous sur WhatsApp <br>maintenant !<\/a><\/div>\n<\/div><\/div><\/div><\/div><\/div>\n<\/div>\n<\/div>\n<\/div><\/div><\/div><\/div><\/div>\n\n\n\n<div class=\"wp-block-getwid-section alignfull alignfull getwid-margin-bottom-none\"><div class=\"wp-block-getwid-section__wrapper getwid-padding-left-normal getwid-padding-right-normal getwid-padding-mobile-left-small getwid-padding-mobile-right-small\" style=\"padding-top:160px;padding-bottom:160px\"><div class=\"wp-block-getwid-section__divider is-top-divider\"><svg style=\"height:70px\" x=\"0px\" y=\"0px\" viewBox=\"0 0 1000 100\" preserveAspectRatio=\"none\" class=\"wp-block-getwid-section__divider-svg wp-block-getwid-section__divider-svg-negative\"><path fill=\"#ffffff\" class=\"wp-block-getwid-section__divider-svg-fill\" d=\"M0,100h1000V0C1000,0,1000,100,0,100z\"><\/path><\/svg><\/div><div class=\"wp-block-getwid-section__divider is-bottom-divider\"><svg style=\"height:70px\" x=\"0px\" y=\"0px\" viewBox=\"0 0 1000 100\" preserveAspectRatio=\"none\" class=\"wp-block-getwid-section__divider-svg wp-block-getwid-section__divider-svg-negative\"><path fill=\"#ffffff\" class=\"wp-block-getwid-section__divider-svg-fill\" d=\"M630,99C266,99,0,1,0,1v99h1000V1C1000,1,994,99,630,99z\"><\/path><\/svg><\/div><div class=\"wp-block-getwid-section__inner-wrapper\"><div class=\"wp-block-getwid-section__background-holder\"><div class=\"wp-block-getwid-section__background\" style=\"background-image:url('https:\/\/casaruralcastalla.com\/fr\/wp-content\/uploads\/sites\/4\/2025\/01\/20241226_160556-Editada-scaled.jpg');background-position:center center;background-repeat:no-repeat;background-attachment:fixed\"><div class=\"wp-block-getwid-section__background-image-wrapper\"><img decoding=\"async\" class=\"wp-block-getwid-section__background-image\" src=\"https:\/\/casaruralcastalla.com\/fr\/wp-content\/uploads\/sites\/4\/2025\/01\/20241226_160556-Editada-scaled.jpg\" alt=\"Casa Rural Castalla, h\u00e9bergement pour professionnels \u00e0 Castalla\"\/><\/div><\/div><div class=\"wp-block-getwid-section__foreground\" style=\"opacity:0.38;background-color:#000000;mix-blend-mode:\"><\/div><\/div><div class=\"wp-block-getwid-section__content\"><div class=\"wp-block-getwid-section__inner-content\">\n<div class=\"wp-block-columns has-4-columns is-layout-flex wp-container-core-columns-is-layout-8f761849 wp-block-columns-is-layout-flex\">\n<div class=\"wp-block-column is-layout-flow wp-block-column-is-layout-flow\">\n<div class=\"wp-block-getwid-icon-box getwid-animation has-text-center\" data-animation=\"slideBottom\"><div style=\"margin-bottom:0px\" class=\"wp-block-getwid-icon-box__icon-container is-position-top\"><div class=\"wp-block-getwid-icon-box__icon-wrapper has-text-color has-white-color\" style=\"font-size:36px\"><i class=\"fas fa-wifi\"><\/i><\/div><\/div><div class=\"wp-block-getwid-icon-box__content\">\n<div class=\"wp-block-getwid-advanced-heading is-style-with-shadow\"><h4 class=\"wp-block-getwid-advanced-heading__content has-text-color has-white-color\">Fibre 1 Gb<\/h4><\/div>\n\n\n\n<p class=\"has-white-color has-text-color wp-block-paragraph\" style=\"font-size:14px\">dans toute la maison<\/p>\n<\/div><\/div>\n<\/div>\n\n\n\n<div class=\"wp-block-column is-layout-flow wp-block-column-is-layout-flow\">\n<div class=\"wp-block-getwid-icon-box getwid-animation has-text-center\" data-animation=\"slideBottom\"><div style=\"margin-bottom:0px\" class=\"wp-block-getwid-icon-box__icon-container is-position-top\"><div class=\"wp-block-getwid-icon-box__icon-wrapper has-text-color has-white-color\" style=\"font-size:36px\"><i class=\"fas fa-temperature-low\"><\/i><\/div><\/div><div class=\"wp-block-getwid-icon-box__content\">\n<div class=\"wp-block-getwid-advanced-heading is-style-with-shadow\"><h4 class=\"wp-block-getwid-advanced-heading__content has-text-color has-white-color\">Chauffage<\/h4><\/div>\n\n\n\n<p class=\"has-white-color has-text-color wp-block-paragraph\" style=\"font-size:14px\">dans tout l\u2019h\u00e9bergement<\/p>\n<\/div><\/div>\n<\/div>\n\n\n\n<div class=\"wp-block-column is-layout-flow wp-block-column-is-layout-flow\">\n<div class=\"wp-block-getwid-icon-box getwid-animation has-text-center\" data-animation=\"slideBottom\"><div style=\"margin-bottom:0px\" class=\"wp-block-getwid-icon-box__icon-container is-position-top\"><div class=\"wp-block-getwid-icon-box__icon-wrapper has-text-color has-white-color\" style=\"font-size:36px\"><i class=\"fas fa-coffee\"><\/i><\/div><\/div><div class=\"wp-block-getwid-icon-box__content\">\n<div class=\"wp-block-getwid-advanced-heading is-style-with-shadow\"><h4 class=\"wp-block-getwid-advanced-heading__content has-text-color has-white-color\">Caf\u00e9 expresso<\/h4><\/div>\n\n\n\n<p class=\"has-white-color has-text-color wp-block-paragraph\" style=\"font-size:14px\">offert<\/p>\n<\/div><\/div>\n<\/div>\n\n\n\n<div class=\"wp-block-column is-layout-flow wp-block-column-is-layout-flow\">\n<div class=\"wp-block-getwid-icon-box getwid-animation has-text-center\" data-animation=\"slideBottom\"><div style=\"margin-bottom:0px\" class=\"wp-block-getwid-icon-box__icon-container is-position-top\"><div class=\"wp-block-getwid-icon-box__icon-wrapper has-text-color has-white-color\" style=\"font-size:36px\"><i class=\"fas fa-bed\"><\/i><\/div><\/div><div class=\"wp-block-getwid-icon-box__content\">\n<div class=\"wp-block-getwid-advanced-heading is-style-with-shadow\"><h4 class=\"wp-block-getwid-advanced-heading__content has-text-color has-white-color\">Chambres confortables<\/h4><\/div>\n\n\n\n<p class=\"has-white-color has-text-color wp-block-paragraph\" style=\"font-size:14px\">et spacieuses<\/p>\n<\/div><\/div>\n<\/div>\n<\/div>\n\n\n\n<div class=\"wp-block-getwid-advanced-spacer getwid-hide-mobile\" style=\"height:60px\" aria-hidden=\"true\"><\/div>\n\n\n\n<div class=\"wp-block-columns has-4-columns is-layout-flex wp-container-core-columns-is-layout-8f761849 wp-block-columns-is-layout-flex\">\n<div class=\"wp-block-column is-layout-flow wp-block-column-is-layout-flow\">\n<div class=\"wp-block-getwid-icon-box getwid-animation has-text-center\" data-animation=\"slideBottom\"><div style=\"margin-bottom:0px\" class=\"wp-block-getwid-icon-box__icon-container is-position-top\"><div class=\"wp-block-getwid-icon-box__icon-wrapper has-text-color has-white-color\" style=\"font-size:36px\"><i class=\"fas fa-industry\"><\/i><\/div><\/div><div class=\"wp-block-getwid-icon-box__content\">\n<div class=\"wp-block-getwid-advanced-heading is-style-with-shadow\"><h4 class=\"wp-block-getwid-advanced-heading__content has-text-color has-white-color\">Zone industrielle proche<\/h4><\/div>\n\n\n\n<p class=\"has-white-color has-text-color wp-block-paragraph\" style=\"font-size:14px\">\u00e0 moins de 10 minutes \u00e0 pied<\/p>\n<\/div><\/div>\n<\/div>\n\n\n\n<div class=\"wp-block-column is-layout-flow wp-block-column-is-layout-flow\">\n<div class=\"wp-block-getwid-icon-box getwid-animation has-text-center\" data-animation=\"slideBottom\"><div style=\"margin-bottom:0px\" class=\"wp-block-getwid-icon-box__icon-container is-position-top\"><div class=\"wp-block-getwid-icon-box__icon-wrapper has-text-color has-white-color\" style=\"font-size:36px\"><i class=\"fas fa-tv\"><\/i><\/div><\/div><div class=\"wp-block-getwid-icon-box__content\">\n<div class=\"wp-block-getwid-advanced-heading is-style-with-shadow\"><h4 class=\"wp-block-getwid-advanced-heading__content has-text-color has-white-color\">SmartTV 75&#8243;<\/h4><\/div>\n\n\n\n<p class=\"has-white-color has-text-color wp-block-paragraph\" style=\"font-size:14px\">des centaines de cha\u00eenes<\/p>\n<\/div><\/div>\n<\/div>\n\n\n\n<div class=\"wp-block-column is-layout-flow wp-block-column-is-layout-flow\">\n<div class=\"wp-block-getwid-icon-box getwid-animation has-text-center\" data-animation=\"slideBottom\"><div style=\"margin-bottom:0px\" class=\"wp-block-getwid-icon-box__icon-container is-position-top\"><div class=\"wp-block-getwid-icon-box__icon-wrapper has-text-color has-white-color\" style=\"font-size:36px\"><i class=\"fas fa-laptop-code\"><\/i><\/div><\/div><div class=\"wp-block-getwid-icon-box__content\">\n<div class=\"wp-block-getwid-advanced-heading is-style-with-shadow\"><h4 class=\"wp-block-getwid-advanced-heading__content has-text-color has-white-color\"> Espaces de travail<\/h4><\/div>\n\n\n\n<p class=\"has-white-color has-text-color wp-block-paragraph\" style=\"font-size:14px\">spacieux et confortables<\/p>\n<\/div><\/div>\n<\/div>\n\n\n\n<div class=\"wp-block-column is-layout-flow wp-block-column-is-layout-flow\">\n<div class=\"wp-block-getwid-icon-box getwid-animation has-text-center\" data-animation=\"slideBottom\"><div style=\"margin-bottom:0px\" class=\"wp-block-getwid-icon-box__icon-container is-position-top\"><div class=\"wp-block-getwid-icon-box__icon-wrapper has-text-color has-white-color\" style=\"font-size:36px\"><i class=\"fas fa-parking\"><\/i><\/div><\/div><div class=\"wp-block-getwid-icon-box__content\">\n<div class=\"wp-block-getwid-advanced-heading is-style-with-shadow\"><h4 class=\"wp-block-getwid-advanced-heading__content has-text-color has-white-color\">Parking gratuit<\/h4><\/div>\n\n\n\n<p class=\"has-white-color has-text-color wp-block-paragraph\" style=\"font-size:14px\">\u00e0 proximit\u00e9<\/p>\n<\/div><\/div>\n<\/div>\n<\/div>\n<\/div><\/div><\/div><\/div><\/div>\n\n\n\n<div class=\"wp-block-getwid-section alignfull alignfull getwid-margin-bottom-none\"><div class=\"wp-block-getwid-section__wrapper getwid-padding-left-normal getwid-padding-right-normal getwid-padding-mobile-left-small getwid-padding-mobile-right-small\" style=\"padding-top:80px;padding-bottom:60px\"><div class=\"wp-block-getwid-section__inner-wrapper\"><div class=\"wp-block-getwid-section__background-holder\"><div class=\"wp-block-getwid-section__background has-background has-white-background-color\" style=\"background-image:url('https:\/\/casaruralcastalla.com\/fr\/wp-content\/uploads\/sites\/4\/2019\/09\/bg-2.png');background-size:auto\"><div class=\"wp-block-getwid-section__background-image-wrapper\"><img decoding=\"async\" class=\"wp-block-getwid-section__background-image\" src=\"https:\/\/casaruralcastalla.com\/fr\/wp-content\/uploads\/sites\/4\/2019\/09\/bg-2.png\" alt=\"Fond d\u00e9coratif du site de Casa Rural Castalla\"\/><\/div><\/div><div class=\"wp-block-getwid-section__foreground\"><\/div><\/div><div class=\"wp-block-getwid-section__content\"><div class=\"wp-block-getwid-section__inner-content\">\n<div class=\"wp-block-columns has-2-columns is-layout-flex wp-container-core-columns-is-layout-8f761849 wp-block-columns-is-layout-flex\">\n<div class=\"wp-block-column is-layout-flow wp-block-column-is-layout-flow\">\n<div class=\"wp-block-columns has-2-columns is-layout-flex wp-container-core-columns-is-layout-8f761849 wp-block-columns-is-layout-flex\">\n<div class=\"wp-block-column is-layout-flow wp-block-column-is-layout-flow\">\n<figure class=\"wp-block-image size-large\"><img decoding=\"async\" width=\"690\" height=\"1024\" src=\"https:\/\/casaruralcastalla.com\/fr\/wp-content\/uploads\/sites\/4\/2025\/01\/1-690x1024.png\" alt=\"Int\u00e9rieur de l\u2019h\u00e9bergement pour professionnels \u00e0 Castalla\" class=\"wp-image-1681\" srcset=\"https:\/\/casaruralcastalla.com\/fr\/wp-content\/uploads\/sites\/4\/2025\/01\/1-690x1024.png 690w, https:\/\/casaruralcastalla.com\/fr\/wp-content\/uploads\/sites\/4\/2025\/01\/1-202x300.png 202w, https:\/\/casaruralcastalla.com\/fr\/wp-content\/uploads\/sites\/4\/2025\/01\/1-768x1139.png 768w, https:\/\/casaruralcastalla.com\/fr\/wp-content\/uploads\/sites\/4\/2025\/01\/1.png 892w\" sizes=\"(max-width: 690px) 100vw, 690px\" \/><\/figure>\n<\/div>\n\n\n\n<div class=\"wp-block-column is-layout-flow wp-block-column-is-layout-flow\">\n<div class=\"wp-block-getwid-advanced-spacer getwid-hide-mobile\" style=\"height:130px\" aria-hidden=\"true\"><\/div>\n\n\n\n<figure class=\"wp-block-image size-full\"><img decoding=\"async\" width=\"892\" height=\"1323\" src=\"https:\/\/casaruralcastalla.com\/fr\/wp-content\/uploads\/sites\/4\/2025\/01\/4.png\" alt=\"D\u00e9tail de l\u2019h\u00e9bergement pour professionnels \u00e0 Castalla\" class=\"wp-image-1684\" srcset=\"https:\/\/casaruralcastalla.com\/fr\/wp-content\/uploads\/sites\/4\/2025\/01\/4.png 892w, https:\/\/casaruralcastalla.com\/fr\/wp-content\/uploads\/sites\/4\/2025\/01\/4-202x300.png 202w, https:\/\/casaruralcastalla.com\/fr\/wp-content\/uploads\/sites\/4\/2025\/01\/4-690x1024.png 690w, https:\/\/casaruralcastalla.com\/fr\/wp-content\/uploads\/sites\/4\/2025\/01\/4-768x1139.png 768w\" sizes=\"(max-width: 892px) 100vw, 892px\" \/><\/figure>\n<\/div>\n<\/div>\n<\/div>\n\n\n\n<div class=\"wp-block-column is-layout-flow wp-block-column-is-layout-flow\">\n<div class=\"wp-block-getwid-section getwid-section-content-custom-width\"><div class=\"wp-block-getwid-section__wrapper getwid-padding-top-none getwid-padding-bottom-none getwid-padding-tablet-left-small getwid-padding-mobile-left-none getwid-padding-mobile-right-none getwid-justify-content-flex-start getwid-reset-min-height-mobile\" style=\"min-height:642px;padding-left:70px;padding-right:70px\"><div class=\"wp-block-getwid-section__inner-wrapper\" style=\"max-width:400px\"><div class=\"wp-block-getwid-section__background-holder\"><div class=\"wp-block-getwid-section__background\"><\/div><div class=\"wp-block-getwid-section__foreground\"><\/div><\/div><div class=\"wp-block-getwid-section__content\"><div class=\"wp-block-getwid-section__inner-content\">\n<div class=\"wp-block-getwid-advanced-heading\" style=\"margin-bottom:30px\"><h2 class=\"wp-block-getwid-advanced-heading__content\">Le salon \u00ab\u00a0La Tardor\u00a0\u00bb<\/h2><\/div>\n\n\n\n<p class=\"wp-block-paragraph\">Notre salon polyvalent \u00ab\u00a0La Tardor\u00a0\u00bb est un espace modulable\u00a0: il accueille aussi bien vos r\u00e9unions de travail et vos ateliers que vos moments de d\u00e9tente. Id\u00e9al pour une pr\u00e9sentation dans un cadre priv\u00e9 et unique.<\/p>\n\n\n\n<div class=\"wp-block-getwid-advanced-spacer\" style=\"height:20px\" aria-hidden=\"true\"><\/div>\n\n\n\n<div style=\"height:20px\" aria-hidden=\"true\" class=\"wp-block-spacer\"><\/div>\n\n\n\n<div class=\"wp-block-button\"><a class=\"wp-block-button__link wp-element-button\" href=\"https:\/\/wa.me\/34601994695?text=Bonjour%2C%20je%20souhaite%20v%C3%A9rifier%20les%20disponibilit%C3%A9s%20%C3%A0%20Casa%20Rural%20Castalla.\" target=\"_blank\" rel=\"noreferrer noopener\">V\u00e9rifier les disponibilit\u00e9s<\/a><\/div>\n\n\n\n<div class=\"wp-block-getwid-advanced-spacer\" style=\"height:20px\" aria-hidden=\"true\"><\/div>\n<\/div><\/div><\/div><\/div><\/div>\n<\/div>\n<\/div>\n<\/div><\/div><\/div><\/div><\/div>\n\n\n\n<h2 class=\"wp-block-heading has-text-align-center\">Les avantages de l\u2019h\u00e9bergement pour professionnels \u00e0 Castalla<\/h2>\n\n\n\n<div class=\"wp-block-columns is-layout-flex wp-container-core-columns-is-layout-8f761849 wp-block-columns-is-layout-flex\">\n<div class=\"wp-block-column is-layout-flow wp-block-column-is-layout-flow\" style=\"flex-basis:50%\">\n<div class=\"wp-block-getwid-section getwid-section-content-custom-width\"><div class=\"wp-block-getwid-section__wrapper\"><div class=\"wp-block-getwid-section__inner-wrapper\" style=\"max-width:625px\"><div class=\"wp-block-getwid-section__background-holder\"><div class=\"wp-block-getwid-section__background\"><\/div><div class=\"wp-block-getwid-section__foreground\"><\/div><\/div><div class=\"wp-block-getwid-section__content\"><div class=\"wp-block-getwid-section__inner-content\">\n<div class=\"wp-block-getwid-images-stack is-layout-zeta\"><div class=\"wp-block-getwid-images-stack__wrapper\"><div class=\"wp-block-getwid-images-stack__chunk\"><div class=\"wp-block-getwid-images-stack__media-wrapper\"><div class=\"wp-block-getwid-images-stack__media-inner-wrapper\"><img decoding=\"async\" width=\"2560\" height=\"1920\" class=\"wp-block-getwid-images-stack__media wp-image-1658\" src=\"https:\/\/casaruralcastalla.com\/fr\/wp-content\/uploads\/sites\/4\/2025\/01\/20241227_154833-Editada-scaled.jpg\" data-id=\"1658\" data-link=\"https:\/\/casaruralcastalla.com\/fr\/home\/20241227_154833-editada\/\" srcset=\"https:\/\/casaruralcastalla.com\/fr\/wp-content\/uploads\/sites\/4\/2025\/01\/20241227_154833-Editada-scaled.jpg 2560w, https:\/\/casaruralcastalla.com\/fr\/wp-content\/uploads\/sites\/4\/2025\/01\/20241227_154833-Editada-300x225.jpg 300w, https:\/\/casaruralcastalla.com\/fr\/wp-content\/uploads\/sites\/4\/2025\/01\/20241227_154833-Editada-1024x768.jpg 1024w, https:\/\/casaruralcastalla.com\/fr\/wp-content\/uploads\/sites\/4\/2025\/01\/20241227_154833-Editada-768x576.jpg 768w, https:\/\/casaruralcastalla.com\/fr\/wp-content\/uploads\/sites\/4\/2025\/01\/20241227_154833-Editada-1536x1152.jpg 1536w, https:\/\/casaruralcastalla.com\/fr\/wp-content\/uploads\/sites\/4\/2025\/01\/20241227_154833-Editada-2048x1536.jpg 2048w, https:\/\/casaruralcastalla.com\/fr\/wp-content\/uploads\/sites\/4\/2025\/01\/20241227_154833-Editada-892x669.jpg 892w, https:\/\/casaruralcastalla.com\/fr\/wp-content\/uploads\/sites\/4\/2025\/01\/20241227_154833-Editada-1350x1013.jpg 1350w\" sizes=\"(max-width: 2560px) 100vw, 2560px\" \/><\/div><\/div><div class=\"wp-block-getwid-images-stack__media-wrapper\"><div class=\"wp-block-getwid-images-stack__media-inner-wrapper\"><img decoding=\"async\" width=\"415\" height=\"415\" class=\"wp-block-getwid-images-stack__media wp-image-1696\" src=\"https:\/\/casaruralcastalla.com\/fr\/wp-content\/uploads\/sites\/4\/2025\/01\/5-1.png\" data-id=\"1696\" data-link=\"https:\/\/casaruralcastalla.com\/fr\/home\/5-2\/\" srcset=\"https:\/\/casaruralcastalla.com\/fr\/wp-content\/uploads\/sites\/4\/2025\/01\/5-1.png 415w, https:\/\/casaruralcastalla.com\/fr\/wp-content\/uploads\/sites\/4\/2025\/01\/5-1-300x300.png 300w, https:\/\/casaruralcastalla.com\/fr\/wp-content\/uploads\/sites\/4\/2025\/01\/5-1-150x150.png 150w\" sizes=\"(max-width: 415px) 100vw, 415px\" \/><\/div><\/div><div class=\"wp-block-getwid-images-stack__media-wrapper\"><div class=\"wp-block-getwid-images-stack__media-inner-wrapper\"><img decoding=\"async\" width=\"892\" height=\"1323\" class=\"wp-block-getwid-images-stack__media wp-image-1681\" src=\"https:\/\/casaruralcastalla.com\/fr\/wp-content\/uploads\/sites\/4\/2025\/01\/1.png\" data-id=\"1681\" data-link=\"https:\/\/casaruralcastalla.com\/fr\/home\/attachment\/1\/\" srcset=\"https:\/\/casaruralcastalla.com\/fr\/wp-content\/uploads\/sites\/4\/2025\/01\/1.png 892w, https:\/\/casaruralcastalla.com\/fr\/wp-content\/uploads\/sites\/4\/2025\/01\/1-202x300.png 202w, https:\/\/casaruralcastalla.com\/fr\/wp-content\/uploads\/sites\/4\/2025\/01\/1-690x1024.png 690w, https:\/\/casaruralcastalla.com\/fr\/wp-content\/uploads\/sites\/4\/2025\/01\/1-768x1139.png 768w\" sizes=\"(max-width: 892px) 100vw, 892px\" \/><\/div><\/div><\/div><\/div><\/div>\n<\/div><\/div><\/div><\/div><\/div>\n<\/div>\n\n\n\n<div class=\"wp-block-column is-layout-flow wp-block-column-is-layout-flow\" style=\"flex-basis:50%\">\n<div class=\"wp-block-getwid-images-stack is-layout-delta\"><div class=\"wp-block-getwid-images-stack__wrapper\"><div class=\"wp-block-getwid-images-stack__chunk\"><div class=\"wp-block-getwid-images-stack__media-wrapper\"><div class=\"wp-block-getwid-images-stack__media-inner-wrapper\"><img decoding=\"async\" width=\"2560\" height=\"1920\" class=\"wp-block-getwid-images-stack__media wp-image-1656\" src=\"https:\/\/casaruralcastalla.com\/fr\/wp-content\/uploads\/sites\/4\/2025\/01\/20241227_162027-Editada-scaled.jpg\" data-id=\"1656\" data-link=\"https:\/\/casaruralcastalla.com\/fr\/home\/20241227_162027-editada\/\" srcset=\"https:\/\/casaruralcastalla.com\/fr\/wp-content\/uploads\/sites\/4\/2025\/01\/20241227_162027-Editada-scaled.jpg 2560w, https:\/\/casaruralcastalla.com\/fr\/wp-content\/uploads\/sites\/4\/2025\/01\/20241227_162027-Editada-300x225.jpg 300w, https:\/\/casaruralcastalla.com\/fr\/wp-content\/uploads\/sites\/4\/2025\/01\/20241227_162027-Editada-1024x768.jpg 1024w, https:\/\/casaruralcastalla.com\/fr\/wp-content\/uploads\/sites\/4\/2025\/01\/20241227_162027-Editada-768x576.jpg 768w, https:\/\/casaruralcastalla.com\/fr\/wp-content\/uploads\/sites\/4\/2025\/01\/20241227_162027-Editada-1536x1152.jpg 1536w, https:\/\/casaruralcastalla.com\/fr\/wp-content\/uploads\/sites\/4\/2025\/01\/20241227_162027-Editada-2048x1536.jpg 2048w, https:\/\/casaruralcastalla.com\/fr\/wp-content\/uploads\/sites\/4\/2025\/01\/20241227_162027-Editada-892x669.jpg 892w, https:\/\/casaruralcastalla.com\/fr\/wp-content\/uploads\/sites\/4\/2025\/01\/20241227_162027-Editada-1350x1013.jpg 1350w\" sizes=\"(max-width: 2560px) 100vw, 2560px\" \/><\/div><\/div><div class=\"wp-block-getwid-images-stack__media-wrapper\"><div class=\"wp-block-getwid-images-stack__media-inner-wrapper\"><img decoding=\"async\" width=\"2560\" height=\"1920\" class=\"wp-block-getwid-images-stack__media wp-image-1675\" src=\"https:\/\/casaruralcastalla.com\/fr\/wp-content\/uploads\/sites\/4\/2025\/01\/20241227_161535-Editada-scaled.jpg\" data-id=\"1675\" data-link=\"https:\/\/casaruralcastalla.com\/fr\/home\/20241227_161535-editada\/\" srcset=\"https:\/\/casaruralcastalla.com\/fr\/wp-content\/uploads\/sites\/4\/2025\/01\/20241227_161535-Editada-scaled.jpg 2560w, https:\/\/casaruralcastalla.com\/fr\/wp-content\/uploads\/sites\/4\/2025\/01\/20241227_161535-Editada-300x225.jpg 300w, https:\/\/casaruralcastalla.com\/fr\/wp-content\/uploads\/sites\/4\/2025\/01\/20241227_161535-Editada-1024x768.jpg 1024w, https:\/\/casaruralcastalla.com\/fr\/wp-content\/uploads\/sites\/4\/2025\/01\/20241227_161535-Editada-768x576.jpg 768w, https:\/\/casaruralcastalla.com\/fr\/wp-content\/uploads\/sites\/4\/2025\/01\/20241227_161535-Editada-1536x1152.jpg 1536w, https:\/\/casaruralcastalla.com\/fr\/wp-content\/uploads\/sites\/4\/2025\/01\/20241227_161535-Editada-2048x1536.jpg 2048w, https:\/\/casaruralcastalla.com\/fr\/wp-content\/uploads\/sites\/4\/2025\/01\/20241227_161535-Editada-892x669.jpg 892w, https:\/\/casaruralcastalla.com\/fr\/wp-content\/uploads\/sites\/4\/2025\/01\/20241227_161535-Editada-1350x1013.jpg 1350w\" sizes=\"(max-width: 2560px) 100vw, 2560px\" \/><\/div><\/div><div class=\"wp-block-getwid-images-stack__media-wrapper\"><div class=\"wp-block-getwid-images-stack__media-inner-wrapper\"><img decoding=\"async\" width=\"2560\" height=\"1920\" class=\"wp-block-getwid-images-stack__media wp-image-1933\" src=\"https:\/\/casaruralcastalla.com\/fr\/wp-content\/uploads\/sites\/4\/2025\/01\/Alojamiento-economico-en-castalla-casa-rural-castalla-habitacion-verde-1.jpg\" data-id=\"1933\" data-link=\"https:\/\/casaruralcastalla.com\/fr\/accommodation\/reserva-casa-rural-castalla\/alojamiento-economico-en-castalla-casa-rural-castalla-habitacion-verde-1\/\" srcset=\"https:\/\/casaruralcastalla.com\/fr\/wp-content\/uploads\/sites\/4\/2025\/01\/Alojamiento-economico-en-castalla-casa-rural-castalla-habitacion-verde-1.jpg 2560w, https:\/\/casaruralcastalla.com\/fr\/wp-content\/uploads\/sites\/4\/2025\/01\/Alojamiento-economico-en-castalla-casa-rural-castalla-habitacion-verde-1-300x225.jpg 300w, https:\/\/casaruralcastalla.com\/fr\/wp-content\/uploads\/sites\/4\/2025\/01\/Alojamiento-economico-en-castalla-casa-rural-castalla-habitacion-verde-1-1024x768.jpg 1024w, https:\/\/casaruralcastalla.com\/fr\/wp-content\/uploads\/sites\/4\/2025\/01\/Alojamiento-economico-en-castalla-casa-rural-castalla-habitacion-verde-1-768x576.jpg 768w, https:\/\/casaruralcastalla.com\/fr\/wp-content\/uploads\/sites\/4\/2025\/01\/Alojamiento-economico-en-castalla-casa-rural-castalla-habitacion-verde-1-1536x1152.jpg 1536w, https:\/\/casaruralcastalla.com\/fr\/wp-content\/uploads\/sites\/4\/2025\/01\/Alojamiento-economico-en-castalla-casa-rural-castalla-habitacion-verde-1-2048x1536.jpg 2048w, https:\/\/casaruralcastalla.com\/fr\/wp-content\/uploads\/sites\/4\/2025\/01\/Alojamiento-economico-en-castalla-casa-rural-castalla-habitacion-verde-1-892x669.jpg 892w, https:\/\/casaruralcastalla.com\/fr\/wp-content\/uploads\/sites\/4\/2025\/01\/Alojamiento-economico-en-castalla-casa-rural-castalla-habitacion-verde-1-1350x1013.jpg 1350w\" sizes=\"(max-width: 2560px) 100vw, 2560px\" \/><\/div><\/div><\/div><\/div><\/div>\n<\/div>\n<\/div>\n\n\n\n<div class=\"wp-block-buttons is-content-justification-center is-layout-flex wp-container-core-buttons-is-layout-fe48e5de wp-block-buttons-is-layout-flex\">\n<div class=\"wp-block-button\"><a class=\"wp-block-button__link wp-element-button\" href=\"https:\/\/wa.me\/34601994695?text=Bonjour%2C%20je%20souhaite%20v%C3%A9rifier%20les%20disponibilit%C3%A9s%20%C3%A0%20Casa%20Rural%20Castalla.\" target=\"_blank\" rel=\"noopener\">R\u00e9server maintenant<\/a><\/div>\n<\/div>\n\n\n\n<div class=\"wp-block-getwid-advanced-spacer\" style=\"height:20px\" aria-hidden=\"true\"><\/div>\n\n\n\n<div class=\"wp-block-getwid-section is-style-with-big-shadow\"><div class=\"wp-block-getwid-section__wrapper\"><div class=\"wp-block-getwid-section__inner-wrapper\"><div class=\"wp-block-getwid-section__background-holder\"><div class=\"wp-block-getwid-section__background\"><\/div><div class=\"wp-block-getwid-section__foreground\"><\/div><\/div><div class=\"wp-block-getwid-section__content\"><div class=\"wp-block-getwid-section__inner-content\">\n<div class=\"wp-block-columns is-layout-flex wp-container-core-columns-is-layout-8f761849 wp-block-columns-is-layout-flex\">\n<div class=\"wp-block-column is-layout-flow wp-block-column-is-layout-flow\">\n<h2 class=\"wp-block-heading has-text-align-center\">Un emplacement strat\u00e9gique \u00e0 Castalla<\/h2>\n\n\n\n<p class=\"wp-block-paragraph\">Nous sommes id\u00e9alement situ\u00e9s dans la province d\u2019Alicante, \u00e0 seulement\u00a0:<\/p>\n\n\n\n<ul class=\"wp-block-list\">\n<li>30 km d\u2019Alicante.<\/li>\n\n\n\n<li>140 km de Valence.<\/li>\n\n\n\n<li>30 min de l\u2019a\u00e9roport d\u2019Alicante.<\/li>\n<\/ul>\n\n\n\n<p class=\"wp-block-paragraph\">Parking \u00e0 proximit\u00e9 et acc\u00e8s direct depuis les principaux axes routiers.<\/p>\n<\/div>\n\n\n\n<div class=\"wp-block-column is-layout-flow wp-block-column-is-layout-flow\">\n<h2 class=\"wp-block-heading has-text-align-center\">La zone industrielle \u00e0 deux pas<\/h2>\n\n\n\n<p class=\"wp-block-paragraph\">Nous occupons un emplacement privil\u00e9gi\u00e9 \u00e0 Castalla, \u00e0 quelques minutes des principales zones industrielles et des parcs d\u2019activit\u00e9s. Id\u00e9al pour r\u00e9duire les trajets et gagner en confort.<\/p>\n<\/div>\n<\/div>\n<\/div><\/div><\/div><\/div><\/div>\n\n\n\n<h2 class=\"wp-block-heading\">Questions fr\u00e9quentes sur l\u2019h\u00e9bergement pour professionnels \u00e0 Castalla<\/h2>\n\n\n\n<div class=\"wp-block-getwid-accordion has-icon-left\" data-active-element=\"none\">\n<div class=\"wp-block-getwid-accordion__header-wrapper\"><span class=\"wp-block-getwid-accordion__header\"><a href=\"#\"><span class=\"wp-block-getwid-accordion__header-title\">\u2753 Que comprend l\u2019h\u00e9bergement pour professionnels \u00e0 Castalla\u00a0?<\/span><span class=\"wp-block-getwid-accordion__icon is-active\"><i class=\"fas fa-plus\"><\/i><\/span><span class=\"wp-block-getwid-accordion__icon is-passive\"><i class=\"fas fa-minus\"><\/i><\/span><\/a><\/span><\/div><div class=\"wp-block-getwid-accordion__content-wrapper\"><div class=\"wp-block-getwid-accordion__content\">\n<p class=\"wp-block-paragraph\">L\u2019<strong>h\u00e9bergement pour professionnels \u00e0 Castalla<\/strong> comprend des chambres spacieuses et confortables, la <strong>fibre 1 Gb<\/strong> avec Wi-Fi dans toute la maison, le chauffage central, le <strong>caf\u00e9 expresso offert<\/strong>, une SmartTV de 75&#8243;, des espaces de travail au calme et un parking gratuit \u00e0 proximit\u00e9.<\/p>\n<\/div><\/div>\n\n\n\n<div class=\"wp-block-getwid-accordion__header-wrapper\"><span class=\"wp-block-getwid-accordion__header\"><a href=\"#\"><span class=\"wp-block-getwid-accordion__header-title\">\u2753 \u00c0 quelle distance se trouve la zone industrielle de Castalla\u00a0?<\/span><span class=\"wp-block-getwid-accordion__icon is-active\"><i class=\"fas fa-plus\"><\/i><\/span><span class=\"wp-block-getwid-accordion__icon is-passive\"><i class=\"fas fa-minus\"><\/i><\/span><\/a><\/span><\/div><div class=\"wp-block-getwid-accordion__content-wrapper\"><div class=\"wp-block-getwid-accordion__content\">\n<p class=\"wp-block-paragraph\">La zone industrielle est \u00e0 <strong>moins de 10 minutes \u00e0 pied<\/strong> de la maison. Un emplacement id\u00e9al pour les professionnels et les \u00e9quipes qui veulent limiter les trajets pendant leur d\u00e9placement professionnel \u00e0 Castalla.<\/p>\n<\/div><\/div>\n\n\n\n<div class=\"wp-block-getwid-accordion__header-wrapper\"><span class=\"wp-block-getwid-accordion__header\"><a href=\"#\"><span class=\"wp-block-getwid-accordion__header-title\">\u2753 Y a-t-il des espaces de travail et une salle de r\u00e9union\u00a0?<\/span><span class=\"wp-block-getwid-accordion__icon is-active\"><i class=\"fas fa-plus\"><\/i><\/span><span class=\"wp-block-getwid-accordion__icon is-passive\"><i class=\"fas fa-minus\"><\/i><\/span><\/a><\/span><\/div><div class=\"wp-block-getwid-accordion__content-wrapper\"><div class=\"wp-block-getwid-accordion__content\">\n<p class=\"wp-block-paragraph\">Oui. Nous disposons du salon polyvalent <strong>\u00ab\u00a0La Tardor\u00a0\u00bb<\/strong>, con\u00e7u pour les r\u00e9unions, les visioconf\u00e9rences, les ateliers et les pr\u00e9sentations. Il est \u00e9quip\u00e9 d\u2019une SmartTV de 75&#8243;, d\u2019un Wi-Fi haut d\u00e9bit et offre une ambiance calme\u00a0: un v\u00e9ritable bureau temporaire au sein de l\u2019h\u00e9bergement pour professionnels \u00e0 Castalla.<\/p>\n<\/div><\/div>\n\n\n\n<div class=\"wp-block-getwid-accordion__header-wrapper\"><span class=\"wp-block-getwid-accordion__header\"><a href=\"#\"><span class=\"wp-block-getwid-accordion__header-title\">\u2753 \u00c0 quelle distance \u00eates-vous d\u2019Alicante, de Valence et de l\u2019a\u00e9roport\u00a0?<\/span><span class=\"wp-block-getwid-accordion__icon is-active\"><i class=\"fas fa-plus\"><\/i><\/span><span class=\"wp-block-getwid-accordion__icon is-passive\"><i class=\"fas fa-minus\"><\/i><\/span><\/a><\/span><\/div><div class=\"wp-block-getwid-accordion__content-wrapper\"><div class=\"wp-block-getwid-accordion__content\">\n<p class=\"wp-block-paragraph\">Nous sommes \u00e0 <strong>30 km d\u2019Alicante<\/strong>, \u00e0 <strong>140 km de Valence<\/strong> et \u00e0 <strong>30 minutes en voiture de l\u2019a\u00e9roport d\u2019Alicante (ALC)<\/strong>, avec un acc\u00e8s direct depuis les principaux axes routiers de la zone.<\/p>\n<\/div><\/div>\n\n\n\n<div class=\"wp-block-getwid-accordion__header-wrapper\"><span class=\"wp-block-getwid-accordion__header\"><a href=\"#\"><span class=\"wp-block-getwid-accordion__header-title\">\u2753 Y a-t-il un parking pour les clients\u00a0?<\/span><span class=\"wp-block-getwid-accordion__icon is-active\"><i class=\"fas fa-plus\"><\/i><\/span><span class=\"wp-block-getwid-accordion__icon is-passive\"><i class=\"fas fa-minus\"><\/i><\/span><\/a><\/span><\/div><div class=\"wp-block-getwid-accordion__content-wrapper\"><div class=\"wp-block-getwid-accordion__content\">\n<p class=\"wp-block-paragraph\">Oui. Vous disposez d\u2019un <strong>parking gratuit<\/strong> \u00e0 proximit\u00e9, sans suppl\u00e9ment pour les clients ni pour les v\u00e9hicules de soci\u00e9t\u00e9.<\/p>\n<\/div><\/div>\n\n\n\n<div class=\"wp-block-getwid-accordion__header-wrapper\"><span class=\"wp-block-getwid-accordion__header\"><a href=\"#\"><span class=\"wp-block-getwid-accordion__header-title\">\u2753 Comment r\u00e9server l\u2019h\u00e9bergement pour professionnels \u00e0 Castalla\u00a0?<\/span><span class=\"wp-block-getwid-accordion__icon is-active\"><i class=\"fas fa-plus\"><\/i><\/span><span class=\"wp-block-getwid-accordion__icon is-passive\"><i class=\"fas fa-minus\"><\/i><\/span><\/a><\/span><\/div><div class=\"wp-block-getwid-accordion__content-wrapper\"><div class=\"wp-block-getwid-accordion__content\">\n<p class=\"wp-block-paragraph\">\u00c9crivez-nous directement sur <strong>WhatsApp au +34 601 99 46 95<\/strong>\u00a0: nous r\u00e9pondons imm\u00e9diatement. Nous adaptons nos conditions aux longs s\u00e9jours, aux professionnels et aux entreprises.<\/p>\n<\/div><\/div>\n<\/div>\n\n\n\n<p class=\"wp-block-paragraph\"><\/p>\n","protected":false},"excerpt":{"rendered":"<p>Les avantages de l\u2019h\u00e9bergement pour professionnels \u00e0 Castalla Questions fr\u00e9quentes sur l\u2019h\u00e9bergement pour professionnels \u00e0 Castalla<\/p>\n","protected":false},"author":1,"featured_media":0,"parent":0,"menu_order":0,"comment_status":"closed","ping_status":"closed","template":"","meta":{"inline_featured_image":false,"_trash_the_other_posts":false,"_monsterinsights_skip_tracking":false,"_joinchat":[],"footnotes":""},"class_list":["post-2043","page","type-page","status-publish","hentry"],"_links":{"self":[{"href":"https:\/\/casaruralcastalla.com\/fr\/wp-json\/wp\/v2\/pages\/2043","targetHints":{"allow":["GET"]}}],"collection":[{"href":"https:\/\/casaruralcastalla.com\/fr\/wp-json\/wp\/v2\/pages"}],"about":[{"href":"https:\/\/casaruralcastalla.com\/fr\/wp-json\/wp\/v2\/types\/page"}],"author":[{"embeddable":true,"href":"https:\/\/casaruralcastalla.com\/fr\/wp-json\/wp\/v2\/users\/1"}],"replies":[{"embeddable":true,"href":"https:\/\/casaruralcastalla.com\/fr\/wp-json\/wp\/v2\/comments?post=2043"}],"version-history":[{"count":2,"href":"https:\/\/casaruralcastalla.com\/fr\/wp-json\/wp\/v2\/pages\/2043\/revisions"}],"predecessor-version":[{"id":5879,"href":"https:\/\/casaruralcastalla.com\/fr\/wp-json\/wp\/v2\/pages\/2043\/revisions\/5879"}],"wp:attachment":[{"href":"https:\/\/casaruralcastalla.com\/fr\/wp-json\/wp\/v2\/media?parent=2043"}],"curies":[{"name":"wp","href":"https:\/\/api.w.org\/{rel}","templated":true}]}}