{"id":2347,"date":"2025-03-05T17:26:56","date_gmt":"2025-03-05T16:26:56","guid":{"rendered":"https:\/\/casaruralcastalla.com\/de\/?page_id=2347"},"modified":"2026-09-05T09:47:16","modified_gmt":"2026-09-05T07:47:16","slug":"fotos","status":"publish","type":"page","link":"https:\/\/casaruralcastalla.com\/de\/fotos\/","title":{"rendered":"R\u00e4ume und Ecken: unser Haus in Bildern"},"content":{"rendered":"\n<div class=\"wp-block-getwid-images-slider has-cropped-images has-arrows-inside has-dots-none has-images-center has-cropped-images\"><div class=\"wp-block-getwid-images-slider__wrapper\" data-effect=\"fade\" data-slides-show=\"1\" data-slides-show-laptop=\"1\" data-slides-show-tablet=\"1\" data-slides-show-mobile=\"1\" data-slides-scroll=\"1\" data-autoplay=\"true\" data-pause-hover=\"false\" data-autoplay-speed=\"4000\" data-infinite=\"true\" data-animation-speed=\"800\" data-center-mode=\"false\" data-variable-width=\"false\" data-arrows=\"inside\" data-dots=\"none\" data-spacing=\"none\"><div class=\"wp-block-getwid-images-slider__item\"><figure><img decoding=\"async\" width=\"1024\" height=\"768\" src=\"https:\/\/casaruralcastalla.com\/de\/wp-content\/uploads\/sites\/5\/2025\/01\/20241226_160556-Editada-1024x768.jpg\" alt=\"Leseecke mit t\u00fcrkis- und gelbfarbenen Sesseln um einen runden Holztisch\" data-id=\"1667\" class=\"wp-block-getwid-images-slider__image wp-image-1667\" srcset=\"https:\/\/casaruralcastalla.com\/de\/wp-content\/uploads\/sites\/5\/2025\/01\/20241226_160556-Editada-1024x768.jpg 1024w, https:\/\/casaruralcastalla.com\/de\/wp-content\/uploads\/sites\/5\/2025\/01\/20241226_160556-Editada-300x225.jpg 300w, https:\/\/casaruralcastalla.com\/de\/wp-content\/uploads\/sites\/5\/2025\/01\/20241226_160556-Editada-768x576.jpg 768w, https:\/\/casaruralcastalla.com\/de\/wp-content\/uploads\/sites\/5\/2025\/01\/20241226_160556-Editada-1536x1152.jpg 1536w, https:\/\/casaruralcastalla.com\/de\/wp-content\/uploads\/sites\/5\/2025\/01\/20241226_160556-Editada-2048x1536.jpg 2048w, https:\/\/casaruralcastalla.com\/de\/wp-content\/uploads\/sites\/5\/2025\/01\/20241226_160556-Editada-892x669.jpg 892w, https:\/\/casaruralcastalla.com\/de\/wp-content\/uploads\/sites\/5\/2025\/01\/20241226_160556-Editada-1350x1013.jpg 1350w\" sizes=\"(max-width: 1024px) 100vw, 1024px\" \/><\/figure><\/div><div class=\"wp-block-getwid-images-slider__item\"><figure><img decoding=\"async\" width=\"1024\" height=\"768\" src=\"https:\/\/casaruralcastalla.com\/de\/wp-content\/uploads\/sites\/5\/2025\/01\/20241226_160847-Editada-1024x768.jpg\" alt=\"Wohnraum unter einem Ziegelbogen, mit sichtbarem Geb\u00e4lk, rustikaler Anrichte und dem Essbereich im Hintergrund\" data-id=\"1668\" class=\"wp-block-getwid-images-slider__image wp-image-1668\" srcset=\"https:\/\/casaruralcastalla.com\/de\/wp-content\/uploads\/sites\/5\/2025\/01\/20241226_160847-Editada-1024x768.jpg 1024w, https:\/\/casaruralcastalla.com\/de\/wp-content\/uploads\/sites\/5\/2025\/01\/20241226_160847-Editada-300x225.jpg 300w, https:\/\/casaruralcastalla.com\/de\/wp-content\/uploads\/sites\/5\/2025\/01\/20241226_160847-Editada-768x576.jpg 768w, https:\/\/casaruralcastalla.com\/de\/wp-content\/uploads\/sites\/5\/2025\/01\/20241226_160847-Editada-1536x1152.jpg 1536w, https:\/\/casaruralcastalla.com\/de\/wp-content\/uploads\/sites\/5\/2025\/01\/20241226_160847-Editada-2048x1536.jpg 2048w, https:\/\/casaruralcastalla.com\/de\/wp-content\/uploads\/sites\/5\/2025\/01\/20241226_160847-Editada-892x669.jpg 892w, https:\/\/casaruralcastalla.com\/de\/wp-content\/uploads\/sites\/5\/2025\/01\/20241226_160847-Editada-1350x1013.jpg 1350w\" sizes=\"(max-width: 1024px) 100vw, 1024px\" \/><\/figure><\/div><div class=\"wp-block-getwid-images-slider__item\"><figure><img decoding=\"async\" width=\"1024\" height=\"768\" src=\"https:\/\/casaruralcastalla.com\/de\/wp-content\/uploads\/sites\/5\/2025\/01\/20241226_164945-Editada-1024x768.jpg\" alt=\"Wohn-Esszimmer mit blauem Sofa, gerahmten Fotografien und einem langen Holztisch neben dem Eingang\" data-id=\"1669\" class=\"wp-block-getwid-images-slider__image wp-image-1669\" srcset=\"https:\/\/casaruralcastalla.com\/de\/wp-content\/uploads\/sites\/5\/2025\/01\/20241226_164945-Editada-1024x768.jpg 1024w, https:\/\/casaruralcastalla.com\/de\/wp-content\/uploads\/sites\/5\/2025\/01\/20241226_164945-Editada-300x225.jpg 300w, https:\/\/casaruralcastalla.com\/de\/wp-content\/uploads\/sites\/5\/2025\/01\/20241226_164945-Editada-768x576.jpg 768w, https:\/\/casaruralcastalla.com\/de\/wp-content\/uploads\/sites\/5\/2025\/01\/20241226_164945-Editada-1536x1152.jpg 1536w, https:\/\/casaruralcastalla.com\/de\/wp-content\/uploads\/sites\/5\/2025\/01\/20241226_164945-Editada-2048x1536.jpg 2048w, https:\/\/casaruralcastalla.com\/de\/wp-content\/uploads\/sites\/5\/2025\/01\/20241226_164945-Editada-892x669.jpg 892w, https:\/\/casaruralcastalla.com\/de\/wp-content\/uploads\/sites\/5\/2025\/01\/20241226_164945-Editada-1350x1013.jpg 1350w\" sizes=\"(max-width: 1024px) 100vw, 1024px\" \/><\/figure><\/div><div class=\"wp-block-getwid-images-slider__item\"><figure><img decoding=\"async\" width=\"1024\" height=\"576\" src=\"https:\/\/casaruralcastalla.com\/de\/wp-content\/uploads\/sites\/5\/2025\/01\/20241226_165150-Editada-1024x576.jpg\" alt=\"Esstisch mit bunten St\u00fchlen und Schwarz-Wei\u00df-Aufnahmen des alten Castalla an der Wand\" data-id=\"1650\" class=\"wp-block-getwid-images-slider__image wp-image-1650\" srcset=\"https:\/\/casaruralcastalla.com\/de\/wp-content\/uploads\/sites\/5\/2025\/01\/20241226_165150-Editada-1024x576.jpg 1024w, https:\/\/casaruralcastalla.com\/de\/wp-content\/uploads\/sites\/5\/2025\/01\/20241226_165150-Editada-300x169.jpg 300w, https:\/\/casaruralcastalla.com\/de\/wp-content\/uploads\/sites\/5\/2025\/01\/20241226_165150-Editada-768x432.jpg 768w, https:\/\/casaruralcastalla.com\/de\/wp-content\/uploads\/sites\/5\/2025\/01\/20241226_165150-Editada-1536x864.jpg 1536w, https:\/\/casaruralcastalla.com\/de\/wp-content\/uploads\/sites\/5\/2025\/01\/20241226_165150-Editada-2048x1153.jpg 2048w, https:\/\/casaruralcastalla.com\/de\/wp-content\/uploads\/sites\/5\/2025\/01\/20241226_165150-Editada-892x502.jpg 892w, https:\/\/casaruralcastalla.com\/de\/wp-content\/uploads\/sites\/5\/2025\/01\/20241226_165150-Editada-1350x760.jpg 1350w\" sizes=\"(max-width: 1024px) 100vw, 1024px\" \/><\/figure><\/div><div class=\"wp-block-getwid-images-slider__item\"><figure><img decoding=\"async\" width=\"1024\" height=\"768\" src=\"https:\/\/casaruralcastalla.com\/de\/wp-content\/uploads\/sites\/5\/2025\/01\/20241227_154717-Editada-1024x768.jpg\" alt=\"Voll ausgestattete K\u00fcche mit t\u00fcrkisfarbenem Retro-K\u00fchlschrank, gelben Fliesen und einer Orchidee auf der Arbeitsplatte\" data-id=\"1664\" class=\"wp-block-getwid-images-slider__image wp-image-1664\" srcset=\"https:\/\/casaruralcastalla.com\/de\/wp-content\/uploads\/sites\/5\/2025\/01\/20241227_154717-Editada-1024x768.jpg 1024w, https:\/\/casaruralcastalla.com\/de\/wp-content\/uploads\/sites\/5\/2025\/01\/20241227_154717-Editada-300x225.jpg 300w, https:\/\/casaruralcastalla.com\/de\/wp-content\/uploads\/sites\/5\/2025\/01\/20241227_154717-Editada-768x576.jpg 768w, https:\/\/casaruralcastalla.com\/de\/wp-content\/uploads\/sites\/5\/2025\/01\/20241227_154717-Editada-1536x1152.jpg 1536w, https:\/\/casaruralcastalla.com\/de\/wp-content\/uploads\/sites\/5\/2025\/01\/20241227_154717-Editada-2048x1536.jpg 2048w, https:\/\/casaruralcastalla.com\/de\/wp-content\/uploads\/sites\/5\/2025\/01\/20241227_154717-Editada-892x669.jpg 892w, https:\/\/casaruralcastalla.com\/de\/wp-content\/uploads\/sites\/5\/2025\/01\/20241227_154717-Editada-1350x1013.jpg 1350w\" sizes=\"(max-width: 1024px) 100vw, 1024px\" \/><\/figure><\/div><div class=\"wp-block-getwid-images-slider__item\"><figure><img decoding=\"async\" width=\"1024\" height=\"768\" src=\"https:\/\/casaruralcastalla.com\/de\/wp-content\/uploads\/sites\/5\/2025\/01\/20241227_154816-Editada-1024x768.jpg\" alt=\"Blick von der T\u00fcr in die K\u00fcche, mit Backofen, Wanduhr und Geschirrvitrine aus Holz\" data-id=\"1662\" class=\"wp-block-getwid-images-slider__image wp-image-1662\" srcset=\"https:\/\/casaruralcastalla.com\/de\/wp-content\/uploads\/sites\/5\/2025\/01\/20241227_154816-Editada-1024x768.jpg 1024w, https:\/\/casaruralcastalla.com\/de\/wp-content\/uploads\/sites\/5\/2025\/01\/20241227_154816-Editada-300x225.jpg 300w, https:\/\/casaruralcastalla.com\/de\/wp-content\/uploads\/sites\/5\/2025\/01\/20241227_154816-Editada-768x576.jpg 768w, https:\/\/casaruralcastalla.com\/de\/wp-content\/uploads\/sites\/5\/2025\/01\/20241227_154816-Editada-1536x1152.jpg 1536w, https:\/\/casaruralcastalla.com\/de\/wp-content\/uploads\/sites\/5\/2025\/01\/20241227_154816-Editada-2048x1536.jpg 2048w, https:\/\/casaruralcastalla.com\/de\/wp-content\/uploads\/sites\/5\/2025\/01\/20241227_154816-Editada-892x669.jpg 892w, https:\/\/casaruralcastalla.com\/de\/wp-content\/uploads\/sites\/5\/2025\/01\/20241227_154816-Editada-1350x1013.jpg 1350w\" sizes=\"(max-width: 1024px) 100vw, 1024px\" \/><\/figure><\/div><div class=\"wp-block-getwid-images-slider__item\"><figure><img decoding=\"async\" width=\"1024\" height=\"768\" src=\"https:\/\/casaruralcastalla.com\/de\/wp-content\/uploads\/sites\/5\/2025\/01\/20241227_154833-Editada-1024x768.jpg\" alt=\"K\u00fcchenarbeitsplatte mit Induktionskochfeld, t\u00fcrkisfarbener Retro-Mikrowelle und Kaffeemaschine\" data-id=\"1658\" class=\"wp-block-getwid-images-slider__image wp-image-1658\" srcset=\"https:\/\/casaruralcastalla.com\/de\/wp-content\/uploads\/sites\/5\/2025\/01\/20241227_154833-Editada-1024x768.jpg 1024w, https:\/\/casaruralcastalla.com\/de\/wp-content\/uploads\/sites\/5\/2025\/01\/20241227_154833-Editada-300x225.jpg 300w, https:\/\/casaruralcastalla.com\/de\/wp-content\/uploads\/sites\/5\/2025\/01\/20241227_154833-Editada-768x576.jpg 768w, https:\/\/casaruralcastalla.com\/de\/wp-content\/uploads\/sites\/5\/2025\/01\/20241227_154833-Editada-1536x1152.jpg 1536w, https:\/\/casaruralcastalla.com\/de\/wp-content\/uploads\/sites\/5\/2025\/01\/20241227_154833-Editada-2048x1536.jpg 2048w, https:\/\/casaruralcastalla.com\/de\/wp-content\/uploads\/sites\/5\/2025\/01\/20241227_154833-Editada-892x669.jpg 892w, https:\/\/casaruralcastalla.com\/de\/wp-content\/uploads\/sites\/5\/2025\/01\/20241227_154833-Editada-1350x1013.jpg 1350w\" sizes=\"(max-width: 1024px) 100vw, 1024px\" \/><\/figure><\/div><div class=\"wp-block-getwid-images-slider__item\"><figure><img decoding=\"async\" width=\"1024\" height=\"768\" src=\"https:\/\/casaruralcastalla.com\/de\/wp-content\/uploads\/sites\/5\/2025\/01\/20241227_154900-Editada-1024x768.jpg\" alt=\"T\u00fcrkisfarbene Espressomaschine im Retrostil, daneben Tassen und Untertassen auf der Arbeitsplatte\" data-id=\"1665\" class=\"wp-block-getwid-images-slider__image wp-image-1665\" srcset=\"https:\/\/casaruralcastalla.com\/de\/wp-content\/uploads\/sites\/5\/2025\/01\/20241227_154900-Editada-1024x768.jpg 1024w, https:\/\/casaruralcastalla.com\/de\/wp-content\/uploads\/sites\/5\/2025\/01\/20241227_154900-Editada-300x225.jpg 300w, https:\/\/casaruralcastalla.com\/de\/wp-content\/uploads\/sites\/5\/2025\/01\/20241227_154900-Editada-768x576.jpg 768w, https:\/\/casaruralcastalla.com\/de\/wp-content\/uploads\/sites\/5\/2025\/01\/20241227_154900-Editada-1536x1152.jpg 1536w, https:\/\/casaruralcastalla.com\/de\/wp-content\/uploads\/sites\/5\/2025\/01\/20241227_154900-Editada-2048x1536.jpg 2048w, https:\/\/casaruralcastalla.com\/de\/wp-content\/uploads\/sites\/5\/2025\/01\/20241227_154900-Editada-892x669.jpg 892w, https:\/\/casaruralcastalla.com\/de\/wp-content\/uploads\/sites\/5\/2025\/01\/20241227_154900-Editada-1350x1013.jpg 1350w\" sizes=\"(max-width: 1024px) 100vw, 1024px\" \/><\/figure><\/div><div class=\"wp-block-getwid-images-slider__item\"><figure><img decoding=\"async\" width=\"1024\" height=\"683\" src=\"https:\/\/casaruralcastalla.com\/de\/wp-content\/uploads\/sites\/5\/2026\/08\/casa-rural-castalla-dormitorio-1-04-1024x683.jpg\" alt=\"Doppelbett im Hauptschlafzimmer von Casa Rural Castalla mit Zugang zum Balkon\" data-id=\"5624\" class=\"wp-block-getwid-images-slider__image wp-image-5624\" srcset=\"https:\/\/casaruralcastalla.com\/de\/wp-content\/uploads\/sites\/5\/2026\/08\/casa-rural-castalla-dormitorio-1-04-1024x683.jpg 1024w, https:\/\/casaruralcastalla.com\/de\/wp-content\/uploads\/sites\/5\/2026\/08\/casa-rural-castalla-dormitorio-1-04-300x200.jpg 300w, https:\/\/casaruralcastalla.com\/de\/wp-content\/uploads\/sites\/5\/2026\/08\/casa-rural-castalla-dormitorio-1-04-768x512.jpg 768w, https:\/\/casaruralcastalla.com\/de\/wp-content\/uploads\/sites\/5\/2026\/08\/casa-rural-castalla-dormitorio-1-04-1536x1024.jpg 1536w, https:\/\/casaruralcastalla.com\/de\/wp-content\/uploads\/sites\/5\/2026\/08\/casa-rural-castalla-dormitorio-1-04-892x595.jpg 892w, https:\/\/casaruralcastalla.com\/de\/wp-content\/uploads\/sites\/5\/2026\/08\/casa-rural-castalla-dormitorio-1-04-1350x900.jpg 1350w, https:\/\/casaruralcastalla.com\/de\/wp-content\/uploads\/sites\/5\/2026\/08\/casa-rural-castalla-dormitorio-1-04.jpg 1920w\" sizes=\"(max-width: 1024px) 100vw, 1024px\" \/><\/figure><\/div><div class=\"wp-block-getwid-images-slider__item\"><figure><img decoding=\"async\" width=\"1024\" height=\"683\" src=\"https:\/\/casaruralcastalla.com\/de\/wp-content\/uploads\/sites\/5\/2026\/08\/casa-rural-castalla-dormitorio-1-03-1024x683.jpg\" alt=\"Hauptschlafzimmer von Casa Rural Castalla mit Fernseher, Doppelbett und Balkon unter dem Holzgeb\u00e4lk\" data-id=\"5623\" class=\"wp-block-getwid-images-slider__image wp-image-5623\" srcset=\"https:\/\/casaruralcastalla.com\/de\/wp-content\/uploads\/sites\/5\/2026\/08\/casa-rural-castalla-dormitorio-1-03-1024x683.jpg 1024w, https:\/\/casaruralcastalla.com\/de\/wp-content\/uploads\/sites\/5\/2026\/08\/casa-rural-castalla-dormitorio-1-03-300x200.jpg 300w, https:\/\/casaruralcastalla.com\/de\/wp-content\/uploads\/sites\/5\/2026\/08\/casa-rural-castalla-dormitorio-1-03-768x512.jpg 768w, https:\/\/casaruralcastalla.com\/de\/wp-content\/uploads\/sites\/5\/2026\/08\/casa-rural-castalla-dormitorio-1-03-1536x1024.jpg 1536w, https:\/\/casaruralcastalla.com\/de\/wp-content\/uploads\/sites\/5\/2026\/08\/casa-rural-castalla-dormitorio-1-03-892x595.jpg 892w, https:\/\/casaruralcastalla.com\/de\/wp-content\/uploads\/sites\/5\/2026\/08\/casa-rural-castalla-dormitorio-1-03-1350x900.jpg 1350w, https:\/\/casaruralcastalla.com\/de\/wp-content\/uploads\/sites\/5\/2026\/08\/casa-rural-castalla-dormitorio-1-03.jpg 1920w\" sizes=\"(max-width: 1024px) 100vw, 1024px\" \/><\/figure><\/div><div class=\"wp-block-getwid-images-slider__item\"><figure><img decoding=\"async\" width=\"1024\" height=\"683\" src=\"https:\/\/casaruralcastalla.com\/de\/wp-content\/uploads\/sites\/5\/2026\/08\/casa-rural-castalla-dormitorio-3-verde-01-1024x683.jpg\" alt=\"Gr\u00fcn gehaltenes Schlafzimmer von Casa Rural Castalla mit Holzbalken, Kleiderschrank und Kelim-Teppich\" data-id=\"5647\" class=\"wp-block-getwid-images-slider__image wp-image-5647\" srcset=\"https:\/\/casaruralcastalla.com\/de\/wp-content\/uploads\/sites\/5\/2026\/08\/casa-rural-castalla-dormitorio-3-verde-01-1024x683.jpg 1024w, https:\/\/casaruralcastalla.com\/de\/wp-content\/uploads\/sites\/5\/2026\/08\/casa-rural-castalla-dormitorio-3-verde-01-300x200.jpg 300w, https:\/\/casaruralcastalla.com\/de\/wp-content\/uploads\/sites\/5\/2026\/08\/casa-rural-castalla-dormitorio-3-verde-01-768x512.jpg 768w, https:\/\/casaruralcastalla.com\/de\/wp-content\/uploads\/sites\/5\/2026\/08\/casa-rural-castalla-dormitorio-3-verde-01-1536x1024.jpg 1536w, https:\/\/casaruralcastalla.com\/de\/wp-content\/uploads\/sites\/5\/2026\/08\/casa-rural-castalla-dormitorio-3-verde-01-892x595.jpg 892w, https:\/\/casaruralcastalla.com\/de\/wp-content\/uploads\/sites\/5\/2026\/08\/casa-rural-castalla-dormitorio-3-verde-01-1350x900.jpg 1350w, https:\/\/casaruralcastalla.com\/de\/wp-content\/uploads\/sites\/5\/2026\/08\/casa-rural-castalla-dormitorio-3-verde-01.jpg 1920w\" sizes=\"(max-width: 1024px) 100vw, 1024px\" \/><\/figure><\/div><div class=\"wp-block-getwid-images-slider__item\"><figure><img decoding=\"async\" width=\"1024\" height=\"683\" src=\"https:\/\/casaruralcastalla.com\/de\/wp-content\/uploads\/sites\/5\/2026\/08\/casa-rural-castalla-sala-de-juegos-01-1024x683.jpg\" alt=\"Spielzimmer von Casa Rural Castalla in Mauvet\u00f6nen, mit Bett und Holzfenster zum Balkon\" data-id=\"5683\" class=\"wp-block-getwid-images-slider__image wp-image-5683\" srcset=\"https:\/\/casaruralcastalla.com\/de\/wp-content\/uploads\/sites\/5\/2026\/08\/casa-rural-castalla-sala-de-juegos-01-1024x683.jpg 1024w, https:\/\/casaruralcastalla.com\/de\/wp-content\/uploads\/sites\/5\/2026\/08\/casa-rural-castalla-sala-de-juegos-01-300x200.jpg 300w, https:\/\/casaruralcastalla.com\/de\/wp-content\/uploads\/sites\/5\/2026\/08\/casa-rural-castalla-sala-de-juegos-01-768x512.jpg 768w, https:\/\/casaruralcastalla.com\/de\/wp-content\/uploads\/sites\/5\/2026\/08\/casa-rural-castalla-sala-de-juegos-01-1536x1024.jpg 1536w, https:\/\/casaruralcastalla.com\/de\/wp-content\/uploads\/sites\/5\/2026\/08\/casa-rural-castalla-sala-de-juegos-01-892x595.jpg 892w, https:\/\/casaruralcastalla.com\/de\/wp-content\/uploads\/sites\/5\/2026\/08\/casa-rural-castalla-sala-de-juegos-01-1350x900.jpg 1350w, https:\/\/casaruralcastalla.com\/de\/wp-content\/uploads\/sites\/5\/2026\/08\/casa-rural-castalla-sala-de-juegos-01.jpg 1920w\" sizes=\"(max-width: 1024px) 100vw, 1024px\" \/><\/figure><\/div><div class=\"wp-block-getwid-images-slider__item\"><figure><img decoding=\"async\" width=\"1024\" height=\"683\" src=\"https:\/\/casaruralcastalla.com\/de\/wp-content\/uploads\/sites\/5\/2026\/08\/casa-rural-castalla-buhardilla-02-1024x683.jpg\" alt=\"Bett im Dachgeschoss von Casa Rural Castalla, durch eine Holzwand vom Sitzbereich getrennt\" data-id=\"5634\" class=\"wp-block-getwid-images-slider__image wp-image-5634\" srcset=\"https:\/\/casaruralcastalla.com\/de\/wp-content\/uploads\/sites\/5\/2026\/08\/casa-rural-castalla-buhardilla-02-1024x683.jpg 1024w, https:\/\/casaruralcastalla.com\/de\/wp-content\/uploads\/sites\/5\/2026\/08\/casa-rural-castalla-buhardilla-02-300x200.jpg 300w, https:\/\/casaruralcastalla.com\/de\/wp-content\/uploads\/sites\/5\/2026\/08\/casa-rural-castalla-buhardilla-02-768x512.jpg 768w, https:\/\/casaruralcastalla.com\/de\/wp-content\/uploads\/sites\/5\/2026\/08\/casa-rural-castalla-buhardilla-02-1536x1024.jpg 1536w, https:\/\/casaruralcastalla.com\/de\/wp-content\/uploads\/sites\/5\/2026\/08\/casa-rural-castalla-buhardilla-02-892x595.jpg 892w, https:\/\/casaruralcastalla.com\/de\/wp-content\/uploads\/sites\/5\/2026\/08\/casa-rural-castalla-buhardilla-02-1350x900.jpg 1350w, https:\/\/casaruralcastalla.com\/de\/wp-content\/uploads\/sites\/5\/2026\/08\/casa-rural-castalla-buhardilla-02.jpg 1920w\" sizes=\"(max-width: 1024px) 100vw, 1024px\" \/><\/figure><\/div><div class=\"wp-block-getwid-images-slider__item\"><figure><img decoding=\"async\" width=\"1024\" height=\"683\" src=\"https:\/\/casaruralcastalla.com\/de\/wp-content\/uploads\/sites\/5\/2026\/08\/casa-rural-castalla-buhardilla-03-1024x683.jpg\" alt=\"Dachzimmer von Casa Rural Castalla mit Bett, Schreibtisch, Kleiderschrank und Dachfenster\" data-id=\"5635\" class=\"wp-block-getwid-images-slider__image wp-image-5635\" srcset=\"https:\/\/casaruralcastalla.com\/de\/wp-content\/uploads\/sites\/5\/2026\/08\/casa-rural-castalla-buhardilla-03-1024x683.jpg 1024w, https:\/\/casaruralcastalla.com\/de\/wp-content\/uploads\/sites\/5\/2026\/08\/casa-rural-castalla-buhardilla-03-300x200.jpg 300w, https:\/\/casaruralcastalla.com\/de\/wp-content\/uploads\/sites\/5\/2026\/08\/casa-rural-castalla-buhardilla-03-768x512.jpg 768w, https:\/\/casaruralcastalla.com\/de\/wp-content\/uploads\/sites\/5\/2026\/08\/casa-rural-castalla-buhardilla-03-1536x1024.jpg 1536w, https:\/\/casaruralcastalla.com\/de\/wp-content\/uploads\/sites\/5\/2026\/08\/casa-rural-castalla-buhardilla-03-892x595.jpg 892w, https:\/\/casaruralcastalla.com\/de\/wp-content\/uploads\/sites\/5\/2026\/08\/casa-rural-castalla-buhardilla-03-1350x900.jpg 1350w, https:\/\/casaruralcastalla.com\/de\/wp-content\/uploads\/sites\/5\/2026\/08\/casa-rural-castalla-buhardilla-03.jpg 1920w\" sizes=\"(max-width: 1024px) 100vw, 1024px\" \/><\/figure><\/div><div class=\"wp-block-getwid-images-slider__item\"><figure><img decoding=\"async\" width=\"1024\" height=\"768\" src=\"https:\/\/casaruralcastalla.com\/de\/wp-content\/uploads\/sites\/5\/2025\/01\/20241227_161535-Editada-1024x768.jpg\" alt=\"Sitzecke unter dem Dach, von der Treppe aus gesehen, mit Sofa, Hochflorteppich und Fenster mit Holzl\u00e4den\" data-id=\"1675\" class=\"wp-block-getwid-images-slider__image wp-image-1675\" srcset=\"https:\/\/casaruralcastalla.com\/de\/wp-content\/uploads\/sites\/5\/2025\/01\/20241227_161535-Editada-1024x768.jpg 1024w, https:\/\/casaruralcastalla.com\/de\/wp-content\/uploads\/sites\/5\/2025\/01\/20241227_161535-Editada-300x225.jpg 300w, https:\/\/casaruralcastalla.com\/de\/wp-content\/uploads\/sites\/5\/2025\/01\/20241227_161535-Editada-768x576.jpg 768w, https:\/\/casaruralcastalla.com\/de\/wp-content\/uploads\/sites\/5\/2025\/01\/20241227_161535-Editada-1536x1152.jpg 1536w, https:\/\/casaruralcastalla.com\/de\/wp-content\/uploads\/sites\/5\/2025\/01\/20241227_161535-Editada-2048x1536.jpg 2048w, https:\/\/casaruralcastalla.com\/de\/wp-content\/uploads\/sites\/5\/2025\/01\/20241227_161535-Editada-892x669.jpg 892w, https:\/\/casaruralcastalla.com\/de\/wp-content\/uploads\/sites\/5\/2025\/01\/20241227_161535-Editada-1350x1013.jpg 1350w\" sizes=\"(max-width: 1024px) 100vw, 1024px\" \/><\/figure><\/div><div class=\"wp-block-getwid-images-slider__item\"><figure><img decoding=\"async\" width=\"1024\" height=\"768\" src=\"https:\/\/casaruralcastalla.com\/de\/wp-content\/uploads\/sites\/5\/2025\/01\/20241227_160416-Editada-1024x768.jpg\" alt=\"Wohnzimmer unter dem Dach mit Sofa, Couchtisch, Regalen voller Pflanzen und Schreibtisch unter der Dachschr\u00e4ge\" data-id=\"1653\" class=\"wp-block-getwid-images-slider__image wp-image-1653\" srcset=\"https:\/\/casaruralcastalla.com\/de\/wp-content\/uploads\/sites\/5\/2025\/01\/20241227_160416-Editada-1024x768.jpg 1024w, https:\/\/casaruralcastalla.com\/de\/wp-content\/uploads\/sites\/5\/2025\/01\/20241227_160416-Editada-300x225.jpg 300w, https:\/\/casaruralcastalla.com\/de\/wp-content\/uploads\/sites\/5\/2025\/01\/20241227_160416-Editada-768x576.jpg 768w, https:\/\/casaruralcastalla.com\/de\/wp-content\/uploads\/sites\/5\/2025\/01\/20241227_160416-Editada-1536x1152.jpg 1536w, https:\/\/casaruralcastalla.com\/de\/wp-content\/uploads\/sites\/5\/2025\/01\/20241227_160416-Editada-2048x1536.jpg 2048w, https:\/\/casaruralcastalla.com\/de\/wp-content\/uploads\/sites\/5\/2025\/01\/20241227_160416-Editada-892x669.jpg 892w, https:\/\/casaruralcastalla.com\/de\/wp-content\/uploads\/sites\/5\/2025\/01\/20241227_160416-Editada-1350x1013.jpg 1350w\" sizes=\"(max-width: 1024px) 100vw, 1024px\" \/><\/figure><\/div><div class=\"wp-block-getwid-images-slider__item\"><figure><img decoding=\"async\" width=\"1024\" height=\"683\" src=\"https:\/\/casaruralcastalla.com\/de\/wp-content\/uploads\/sites\/5\/2026\/08\/casa-rural-castalla-apartamento-04-1024x683.jpg\" alt=\"Apartment von Casa Rural Castalla mit Bett, Sofa und Glastisch unter der Holzdecke\" data-id=\"5640\" class=\"wp-block-getwid-images-slider__image wp-image-5640\" srcset=\"https:\/\/casaruralcastalla.com\/de\/wp-content\/uploads\/sites\/5\/2026\/08\/casa-rural-castalla-apartamento-04-1024x683.jpg 1024w, https:\/\/casaruralcastalla.com\/de\/wp-content\/uploads\/sites\/5\/2026\/08\/casa-rural-castalla-apartamento-04-300x200.jpg 300w, https:\/\/casaruralcastalla.com\/de\/wp-content\/uploads\/sites\/5\/2026\/08\/casa-rural-castalla-apartamento-04-768x512.jpg 768w, https:\/\/casaruralcastalla.com\/de\/wp-content\/uploads\/sites\/5\/2026\/08\/casa-rural-castalla-apartamento-04-1536x1024.jpg 1536w, https:\/\/casaruralcastalla.com\/de\/wp-content\/uploads\/sites\/5\/2026\/08\/casa-rural-castalla-apartamento-04-892x595.jpg 892w, https:\/\/casaruralcastalla.com\/de\/wp-content\/uploads\/sites\/5\/2026\/08\/casa-rural-castalla-apartamento-04-1350x900.jpg 1350w, https:\/\/casaruralcastalla.com\/de\/wp-content\/uploads\/sites\/5\/2026\/08\/casa-rural-castalla-apartamento-04.jpg 1920w\" sizes=\"(max-width: 1024px) 100vw, 1024px\" \/><\/figure><\/div><div class=\"wp-block-getwid-images-slider__item\"><figure><img decoding=\"async\" width=\"1024\" height=\"683\" src=\"https:\/\/casaruralcastalla.com\/de\/wp-content\/uploads\/sites\/5\/2026\/08\/casa-rural-castalla-apartamento-06-1024x683.jpg\" alt=\"Apartment von Casa Rural Castalla mit Bett, rundem Esstisch und eigener K\u00fcche unter der Holzdecke\" data-id=\"5638\" class=\"wp-block-getwid-images-slider__image wp-image-5638\" srcset=\"https:\/\/casaruralcastalla.com\/de\/wp-content\/uploads\/sites\/5\/2026\/08\/casa-rural-castalla-apartamento-06-1024x683.jpg 1024w, https:\/\/casaruralcastalla.com\/de\/wp-content\/uploads\/sites\/5\/2026\/08\/casa-rural-castalla-apartamento-06-300x200.jpg 300w, https:\/\/casaruralcastalla.com\/de\/wp-content\/uploads\/sites\/5\/2026\/08\/casa-rural-castalla-apartamento-06-768x512.jpg 768w, https:\/\/casaruralcastalla.com\/de\/wp-content\/uploads\/sites\/5\/2026\/08\/casa-rural-castalla-apartamento-06-1536x1024.jpg 1536w, https:\/\/casaruralcastalla.com\/de\/wp-content\/uploads\/sites\/5\/2026\/08\/casa-rural-castalla-apartamento-06-892x595.jpg 892w, https:\/\/casaruralcastalla.com\/de\/wp-content\/uploads\/sites\/5\/2026\/08\/casa-rural-castalla-apartamento-06-1350x900.jpg 1350w, https:\/\/casaruralcastalla.com\/de\/wp-content\/uploads\/sites\/5\/2026\/08\/casa-rural-castalla-apartamento-06.jpg 1920w\" sizes=\"(max-width: 1024px) 100vw, 1024px\" \/><\/figure><\/div><div class=\"wp-block-getwid-images-slider__item\"><figure><img decoding=\"async\" width=\"1024\" height=\"768\" src=\"https:\/\/casaruralcastalla.com\/de\/wp-content\/uploads\/sites\/5\/2025\/01\/20241227_162027-Editada-1024x768.jpg\" alt=\"Gr\u00fcn gefliestes Bad mit verglaster Duschkabine mit Duschwanne, Holz-Waschtisch und Handtuchregal aus Holz\" data-id=\"1656\" class=\"wp-block-getwid-images-slider__image wp-image-1656\" srcset=\"https:\/\/casaruralcastalla.com\/de\/wp-content\/uploads\/sites\/5\/2025\/01\/20241227_162027-Editada-1024x768.jpg 1024w, https:\/\/casaruralcastalla.com\/de\/wp-content\/uploads\/sites\/5\/2025\/01\/20241227_162027-Editada-300x225.jpg 300w, https:\/\/casaruralcastalla.com\/de\/wp-content\/uploads\/sites\/5\/2025\/01\/20241227_162027-Editada-768x576.jpg 768w, https:\/\/casaruralcastalla.com\/de\/wp-content\/uploads\/sites\/5\/2025\/01\/20241227_162027-Editada-1536x1152.jpg 1536w, https:\/\/casaruralcastalla.com\/de\/wp-content\/uploads\/sites\/5\/2025\/01\/20241227_162027-Editada-2048x1536.jpg 2048w, https:\/\/casaruralcastalla.com\/de\/wp-content\/uploads\/sites\/5\/2025\/01\/20241227_162027-Editada-892x669.jpg 892w, https:\/\/casaruralcastalla.com\/de\/wp-content\/uploads\/sites\/5\/2025\/01\/20241227_162027-Editada-1350x1013.jpg 1350w\" sizes=\"(max-width: 1024px) 100vw, 1024px\" \/><\/figure><\/div><div class=\"wp-block-getwid-images-slider__item\"><figure><img decoding=\"async\" width=\"1024\" height=\"768\" src=\"https:\/\/casaruralcastalla.com\/de\/wp-content\/uploads\/sites\/5\/2025\/01\/20241227_162545-Editada-1024x768.jpg\" alt=\"Zweites Bad in Hellblau, mit Duschkabine, Glaswaschbecken und Weidenkorb\" data-id=\"1666\" class=\"wp-block-getwid-images-slider__image wp-image-1666\" srcset=\"https:\/\/casaruralcastalla.com\/de\/wp-content\/uploads\/sites\/5\/2025\/01\/20241227_162545-Editada-1024x768.jpg 1024w, https:\/\/casaruralcastalla.com\/de\/wp-content\/uploads\/sites\/5\/2025\/01\/20241227_162545-Editada-300x225.jpg 300w, https:\/\/casaruralcastalla.com\/de\/wp-content\/uploads\/sites\/5\/2025\/01\/20241227_162545-Editada-768x576.jpg 768w, https:\/\/casaruralcastalla.com\/de\/wp-content\/uploads\/sites\/5\/2025\/01\/20241227_162545-Editada-1536x1152.jpg 1536w, https:\/\/casaruralcastalla.com\/de\/wp-content\/uploads\/sites\/5\/2025\/01\/20241227_162545-Editada-2048x1536.jpg 2048w, https:\/\/casaruralcastalla.com\/de\/wp-content\/uploads\/sites\/5\/2025\/01\/20241227_162545-Editada-892x669.jpg 892w, https:\/\/casaruralcastalla.com\/de\/wp-content\/uploads\/sites\/5\/2025\/01\/20241227_162545-Editada-1350x1013.jpg 1350w\" sizes=\"(max-width: 1024px) 100vw, 1024px\" \/><\/figure><\/div><div class=\"wp-block-getwid-images-slider__item\"><figure><img decoding=\"async\" width=\"768\" height=\"1024\" src=\"https:\/\/casaruralcastalla.com\/de\/wp-content\/uploads\/sites\/5\/2025\/01\/20241227_164324-Editada-768x1024.jpg\" alt=\"Treppe aus Schmiedeeisen und Holz, die die Stockwerke des Hauses verbindet, von oben gesehen\" data-id=\"1652\" class=\"wp-block-getwid-images-slider__image wp-image-1652\" srcset=\"https:\/\/casaruralcastalla.com\/de\/wp-content\/uploads\/sites\/5\/2025\/01\/20241227_164324-Editada-768x1024.jpg 768w, https:\/\/casaruralcastalla.com\/de\/wp-content\/uploads\/sites\/5\/2025\/01\/20241227_164324-Editada-225x300.jpg 225w, https:\/\/casaruralcastalla.com\/de\/wp-content\/uploads\/sites\/5\/2025\/01\/20241227_164324-Editada-1152x1536.jpg 1152w, https:\/\/casaruralcastalla.com\/de\/wp-content\/uploads\/sites\/5\/2025\/01\/20241227_164324-Editada-1536x2048.jpg 1536w, https:\/\/casaruralcastalla.com\/de\/wp-content\/uploads\/sites\/5\/2025\/01\/20241227_164324-Editada-892x1189.jpg 892w, https:\/\/casaruralcastalla.com\/de\/wp-content\/uploads\/sites\/5\/2025\/01\/20241227_164324-Editada-1350x1800.jpg 1350w, https:\/\/casaruralcastalla.com\/de\/wp-content\/uploads\/sites\/5\/2025\/01\/20241227_164324-Editada-scaled.jpg 1920w\" sizes=\"(max-width: 768px) 100vw, 768px\" \/><\/figure><\/div><div class=\"wp-block-getwid-images-slider__item\"><figure><img decoding=\"async\" width=\"768\" height=\"1024\" src=\"https:\/\/casaruralcastalla.com\/de\/wp-content\/uploads\/sites\/5\/2025\/01\/20241227_164232-Editada-768x1024.jpg\" alt=\"Blick in das offene Treppenhaus zum Treppenabsatz, mit Holzstufen und Eisengel\u00e4nder\" data-id=\"1670\" class=\"wp-block-getwid-images-slider__image wp-image-1670\" srcset=\"https:\/\/casaruralcastalla.com\/de\/wp-content\/uploads\/sites\/5\/2025\/01\/20241227_164232-Editada-768x1024.jpg 768w, https:\/\/casaruralcastalla.com\/de\/wp-content\/uploads\/sites\/5\/2025\/01\/20241227_164232-Editada-225x300.jpg 225w, https:\/\/casaruralcastalla.com\/de\/wp-content\/uploads\/sites\/5\/2025\/01\/20241227_164232-Editada-1152x1536.jpg 1152w, https:\/\/casaruralcastalla.com\/de\/wp-content\/uploads\/sites\/5\/2025\/01\/20241227_164232-Editada-1536x2048.jpg 1536w, https:\/\/casaruralcastalla.com\/de\/wp-content\/uploads\/sites\/5\/2025\/01\/20241227_164232-Editada-892x1189.jpg 892w, https:\/\/casaruralcastalla.com\/de\/wp-content\/uploads\/sites\/5\/2025\/01\/20241227_164232-Editada-1350x1800.jpg 1350w, https:\/\/casaruralcastalla.com\/de\/wp-content\/uploads\/sites\/5\/2025\/01\/20241227_164232-Editada-scaled.jpg 1920w\" sizes=\"(max-width: 768px) 100vw, 768px\" \/><\/figure><\/div><div class=\"wp-block-getwid-images-slider__item\"><figure><img decoding=\"async\" width=\"1024\" height=\"768\" src=\"https:\/\/casaruralcastalla.com\/de\/wp-content\/uploads\/sites\/5\/2025\/01\/20241227_155527-Editada-1024x768.jpg\" alt=\"Innenhof mit Natursteinmauern, Korbsesseln und einem Klapptisch im Schatten\" data-id=\"1655\" class=\"wp-block-getwid-images-slider__image wp-image-1655\" srcset=\"https:\/\/casaruralcastalla.com\/de\/wp-content\/uploads\/sites\/5\/2025\/01\/20241227_155527-Editada-1024x768.jpg 1024w, https:\/\/casaruralcastalla.com\/de\/wp-content\/uploads\/sites\/5\/2025\/01\/20241227_155527-Editada-300x225.jpg 300w, https:\/\/casaruralcastalla.com\/de\/wp-content\/uploads\/sites\/5\/2025\/01\/20241227_155527-Editada-768x576.jpg 768w, https:\/\/casaruralcastalla.com\/de\/wp-content\/uploads\/sites\/5\/2025\/01\/20241227_155527-Editada-1536x1152.jpg 1536w, https:\/\/casaruralcastalla.com\/de\/wp-content\/uploads\/sites\/5\/2025\/01\/20241227_155527-Editada-2048x1536.jpg 2048w, https:\/\/casaruralcastalla.com\/de\/wp-content\/uploads\/sites\/5\/2025\/01\/20241227_155527-Editada-892x669.jpg 892w, https:\/\/casaruralcastalla.com\/de\/wp-content\/uploads\/sites\/5\/2025\/01\/20241227_155527-Editada-1350x1013.jpg 1350w\" sizes=\"(max-width: 1024px) 100vw, 1024px\" \/><\/figure><\/div><div class=\"wp-block-getwid-images-slider__item\"><figure><img decoding=\"async\" width=\"768\" height=\"1024\" src=\"https:\/\/casaruralcastalla.com\/de\/wp-content\/uploads\/sites\/5\/2025\/01\/20241227_163359-Editada-768x1024.jpg\" alt=\"Fassade von Casa Rural Castalla in der Carrer Major, mit dem bepflanzten Balkon und der Altstadt im Hintergrund\" data-id=\"1671\" class=\"wp-block-getwid-images-slider__image wp-image-1671\" srcset=\"https:\/\/casaruralcastalla.com\/de\/wp-content\/uploads\/sites\/5\/2025\/01\/20241227_163359-Editada-768x1024.jpg 768w, https:\/\/casaruralcastalla.com\/de\/wp-content\/uploads\/sites\/5\/2025\/01\/20241227_163359-Editada-225x300.jpg 225w, https:\/\/casaruralcastalla.com\/de\/wp-content\/uploads\/sites\/5\/2025\/01\/20241227_163359-Editada-1152x1536.jpg 1152w, https:\/\/casaruralcastalla.com\/de\/wp-content\/uploads\/sites\/5\/2025\/01\/20241227_163359-Editada-1536x2048.jpg 1536w, https:\/\/casaruralcastalla.com\/de\/wp-content\/uploads\/sites\/5\/2025\/01\/20241227_163359-Editada-892x1189.jpg 892w, https:\/\/casaruralcastalla.com\/de\/wp-content\/uploads\/sites\/5\/2025\/01\/20241227_163359-Editada-1350x1800.jpg 1350w, https:\/\/casaruralcastalla.com\/de\/wp-content\/uploads\/sites\/5\/2025\/01\/20241227_163359-Editada-scaled.jpg 1920w\" sizes=\"(max-width: 768px) 100vw, 768px\" \/><\/figure><\/div><div class=\"wp-block-getwid-images-slider__item\"><figure><img decoding=\"async\" width=\"1024\" height=\"768\" src=\"https:\/\/casaruralcastalla.com\/de\/wp-content\/uploads\/sites\/5\/2025\/01\/20241227_163333-1-Editada-1024x768.jpg\" alt=\"Die Carrer Major im historischen Ortskern von Castalla, rechts die Ziegelfassade des Hauses\" data-id=\"1647\" class=\"wp-block-getwid-images-slider__image wp-image-1647\" srcset=\"https:\/\/casaruralcastalla.com\/de\/wp-content\/uploads\/sites\/5\/2025\/01\/20241227_163333-1-Editada-1024x768.jpg 1024w, https:\/\/casaruralcastalla.com\/de\/wp-content\/uploads\/sites\/5\/2025\/01\/20241227_163333-1-Editada-300x225.jpg 300w, https:\/\/casaruralcastalla.com\/de\/wp-content\/uploads\/sites\/5\/2025\/01\/20241227_163333-1-Editada-768x576.jpg 768w, https:\/\/casaruralcastalla.com\/de\/wp-content\/uploads\/sites\/5\/2025\/01\/20241227_163333-1-Editada-1536x1152.jpg 1536w, https:\/\/casaruralcastalla.com\/de\/wp-content\/uploads\/sites\/5\/2025\/01\/20241227_163333-1-Editada-2048x1536.jpg 2048w, https:\/\/casaruralcastalla.com\/de\/wp-content\/uploads\/sites\/5\/2025\/01\/20241227_163333-1-Editada-892x669.jpg 892w, https:\/\/casaruralcastalla.com\/de\/wp-content\/uploads\/sites\/5\/2025\/01\/20241227_163333-1-Editada-1350x1013.jpg 1350w\" sizes=\"(max-width: 1024px) 100vw, 1024px\" \/><\/figure><\/div><\/div><\/div>\n\n\n\n<p class=\"has-text-align-center wp-block-paragraph\">Lernen Sie Casa Rural Castalla in Bildern kennen. Sehen Sie sich jeden Winkel <a href=\"https:\/\/casaruralcastalla.com\/de\/unterkunft-in-castalla\/\">unseres Ferienhauses in Castalla<\/a> und die Landschaft ringsum an \u2013 die stille Sch\u00f6nheit des Hinterlands von Alicante tut den Rest.<\/p>\n\n\n\n<p class=\"has-text-align-center wp-block-paragraph\">M\u00f6chten Sie es genauer sehen? Tippen oder klicken Sie einfach auf ein Foto, um es gro\u00df zu \u00f6ffnen und jedes Detail zu betrachten.<\/p>\n\n\n\n<figure class=\"wp-block-gallery has-nested-images columns-default is-cropped wp-block-gallery-1 is-layout-flex wp-block-gallery-is-layout-flex\">\n<figure class=\"wp-block-image size-large\"><a href=\"https:\/\/casaruralcastalla.com\/de\/wp-content\/uploads\/sites\/5\/2025\/01\/20241226_160556-Editada-scaled.jpg\"><img decoding=\"async\" width=\"1024\" height=\"768\" data-id=\"1667\" src=\"https:\/\/casaruralcastalla.com\/de\/wp-content\/uploads\/sites\/5\/2025\/01\/20241226_160556-Editada-1024x768.jpg\" alt=\"Leseecke mit t\u00fcrkis- und gelbfarbenen Sesseln um einen runden Holztisch\" class=\"wp-image-1667\" srcset=\"https:\/\/casaruralcastalla.com\/de\/wp-content\/uploads\/sites\/5\/2025\/01\/20241226_160556-Editada-1024x768.jpg 1024w, https:\/\/casaruralcastalla.com\/de\/wp-content\/uploads\/sites\/5\/2025\/01\/20241226_160556-Editada-300x225.jpg 300w, https:\/\/casaruralcastalla.com\/de\/wp-content\/uploads\/sites\/5\/2025\/01\/20241226_160556-Editada-768x576.jpg 768w, https:\/\/casaruralcastalla.com\/de\/wp-content\/uploads\/sites\/5\/2025\/01\/20241226_160556-Editada-1536x1152.jpg 1536w, https:\/\/casaruralcastalla.com\/de\/wp-content\/uploads\/sites\/5\/2025\/01\/20241226_160556-Editada-2048x1536.jpg 2048w, https:\/\/casaruralcastalla.com\/de\/wp-content\/uploads\/sites\/5\/2025\/01\/20241226_160556-Editada-892x669.jpg 892w, https:\/\/casaruralcastalla.com\/de\/wp-content\/uploads\/sites\/5\/2025\/01\/20241226_160556-Editada-1350x1013.jpg 1350w\" sizes=\"(max-width: 1024px) 100vw, 1024px\" \/><\/a><\/figure>\n\n\n\n<figure class=\"wp-block-image size-large\"><a href=\"https:\/\/casaruralcastalla.com\/de\/wp-content\/uploads\/sites\/5\/2025\/01\/20241226_160847-Editada-scaled.jpg\"><img decoding=\"async\" width=\"1024\" height=\"768\" data-id=\"1668\" src=\"https:\/\/casaruralcastalla.com\/de\/wp-content\/uploads\/sites\/5\/2025\/01\/20241226_160847-Editada-1024x768.jpg\" alt=\"Wohnraum unter einem Ziegelbogen, mit sichtbarem Geb\u00e4lk, rustikaler Anrichte und dem Essbereich im Hintergrund\" class=\"wp-image-1668\" srcset=\"https:\/\/casaruralcastalla.com\/de\/wp-content\/uploads\/sites\/5\/2025\/01\/20241226_160847-Editada-1024x768.jpg 1024w, https:\/\/casaruralcastalla.com\/de\/wp-content\/uploads\/sites\/5\/2025\/01\/20241226_160847-Editada-300x225.jpg 300w, https:\/\/casaruralcastalla.com\/de\/wp-content\/uploads\/sites\/5\/2025\/01\/20241226_160847-Editada-768x576.jpg 768w, https:\/\/casaruralcastalla.com\/de\/wp-content\/uploads\/sites\/5\/2025\/01\/20241226_160847-Editada-1536x1152.jpg 1536w, https:\/\/casaruralcastalla.com\/de\/wp-content\/uploads\/sites\/5\/2025\/01\/20241226_160847-Editada-2048x1536.jpg 2048w, https:\/\/casaruralcastalla.com\/de\/wp-content\/uploads\/sites\/5\/2025\/01\/20241226_160847-Editada-892x669.jpg 892w, https:\/\/casaruralcastalla.com\/de\/wp-content\/uploads\/sites\/5\/2025\/01\/20241226_160847-Editada-1350x1013.jpg 1350w\" sizes=\"(max-width: 1024px) 100vw, 1024px\" \/><\/a><\/figure>\n\n\n\n<figure class=\"wp-block-image size-large\"><a href=\"https:\/\/casaruralcastalla.com\/de\/wp-content\/uploads\/sites\/5\/2025\/01\/20241226_164945-Editada-scaled.jpg\"><img decoding=\"async\" width=\"1024\" height=\"768\" data-id=\"1669\" src=\"https:\/\/casaruralcastalla.com\/de\/wp-content\/uploads\/sites\/5\/2025\/01\/20241226_164945-Editada-1024x768.jpg\" alt=\"Wohn-Esszimmer mit blauem Sofa, gerahmten Fotografien und einem langen Holztisch neben dem Eingang\" class=\"wp-image-1669\" srcset=\"https:\/\/casaruralcastalla.com\/de\/wp-content\/uploads\/sites\/5\/2025\/01\/20241226_164945-Editada-1024x768.jpg 1024w, https:\/\/casaruralcastalla.com\/de\/wp-content\/uploads\/sites\/5\/2025\/01\/20241226_164945-Editada-300x225.jpg 300w, https:\/\/casaruralcastalla.com\/de\/wp-content\/uploads\/sites\/5\/2025\/01\/20241226_164945-Editada-768x576.jpg 768w, https:\/\/casaruralcastalla.com\/de\/wp-content\/uploads\/sites\/5\/2025\/01\/20241226_164945-Editada-1536x1152.jpg 1536w, https:\/\/casaruralcastalla.com\/de\/wp-content\/uploads\/sites\/5\/2025\/01\/20241226_164945-Editada-2048x1536.jpg 2048w, https:\/\/casaruralcastalla.com\/de\/wp-content\/uploads\/sites\/5\/2025\/01\/20241226_164945-Editada-892x669.jpg 892w, https:\/\/casaruralcastalla.com\/de\/wp-content\/uploads\/sites\/5\/2025\/01\/20241226_164945-Editada-1350x1013.jpg 1350w\" sizes=\"(max-width: 1024px) 100vw, 1024px\" \/><\/a><\/figure>\n\n\n\n<figure class=\"wp-block-image size-large\"><a href=\"https:\/\/casaruralcastalla.com\/de\/wp-content\/uploads\/sites\/5\/2025\/01\/20241226_165150-Editada-scaled.jpg\"><img decoding=\"async\" width=\"1024\" height=\"576\" data-id=\"1650\" src=\"https:\/\/casaruralcastalla.com\/de\/wp-content\/uploads\/sites\/5\/2025\/01\/20241226_165150-Editada-1024x576.jpg\" alt=\"Esstisch mit bunten St\u00fchlen und Schwarz-Wei\u00df-Aufnahmen des alten Castalla an der Wand\" class=\"wp-image-1650\" srcset=\"https:\/\/casaruralcastalla.com\/de\/wp-content\/uploads\/sites\/5\/2025\/01\/20241226_165150-Editada-1024x576.jpg 1024w, https:\/\/casaruralcastalla.com\/de\/wp-content\/uploads\/sites\/5\/2025\/01\/20241226_165150-Editada-300x169.jpg 300w, https:\/\/casaruralcastalla.com\/de\/wp-content\/uploads\/sites\/5\/2025\/01\/20241226_165150-Editada-768x432.jpg 768w, https:\/\/casaruralcastalla.com\/de\/wp-content\/uploads\/sites\/5\/2025\/01\/20241226_165150-Editada-1536x864.jpg 1536w, https:\/\/casaruralcastalla.com\/de\/wp-content\/uploads\/sites\/5\/2025\/01\/20241226_165150-Editada-2048x1153.jpg 2048w, https:\/\/casaruralcastalla.com\/de\/wp-content\/uploads\/sites\/5\/2025\/01\/20241226_165150-Editada-892x502.jpg 892w, https:\/\/casaruralcastalla.com\/de\/wp-content\/uploads\/sites\/5\/2025\/01\/20241226_165150-Editada-1350x760.jpg 1350w\" sizes=\"(max-width: 1024px) 100vw, 1024px\" \/><\/a><\/figure>\n\n\n\n<figure class=\"wp-block-image size-large\"><a href=\"https:\/\/casaruralcastalla.com\/de\/wp-content\/uploads\/sites\/5\/2025\/01\/20241227_154717-Editada-scaled.jpg\"><img decoding=\"async\" width=\"1024\" height=\"768\" data-id=\"1664\" src=\"https:\/\/casaruralcastalla.com\/de\/wp-content\/uploads\/sites\/5\/2025\/01\/20241227_154717-Editada-1024x768.jpg\" alt=\"Voll ausgestattete K\u00fcche mit t\u00fcrkisfarbenem Retro-K\u00fchlschrank, gelben Fliesen und einer Orchidee auf der Arbeitsplatte\" class=\"wp-image-1664\" srcset=\"https:\/\/casaruralcastalla.com\/de\/wp-content\/uploads\/sites\/5\/2025\/01\/20241227_154717-Editada-1024x768.jpg 1024w, https:\/\/casaruralcastalla.com\/de\/wp-content\/uploads\/sites\/5\/2025\/01\/20241227_154717-Editada-300x225.jpg 300w, https:\/\/casaruralcastalla.com\/de\/wp-content\/uploads\/sites\/5\/2025\/01\/20241227_154717-Editada-768x576.jpg 768w, https:\/\/casaruralcastalla.com\/de\/wp-content\/uploads\/sites\/5\/2025\/01\/20241227_154717-Editada-1536x1152.jpg 1536w, https:\/\/casaruralcastalla.com\/de\/wp-content\/uploads\/sites\/5\/2025\/01\/20241227_154717-Editada-2048x1536.jpg 2048w, https:\/\/casaruralcastalla.com\/de\/wp-content\/uploads\/sites\/5\/2025\/01\/20241227_154717-Editada-892x669.jpg 892w, https:\/\/casaruralcastalla.com\/de\/wp-content\/uploads\/sites\/5\/2025\/01\/20241227_154717-Editada-1350x1013.jpg 1350w\" sizes=\"(max-width: 1024px) 100vw, 1024px\" \/><\/a><\/figure>\n\n\n\n<figure class=\"wp-block-image size-large\"><a href=\"https:\/\/casaruralcastalla.com\/de\/wp-content\/uploads\/sites\/5\/2025\/01\/20241227_154816-Editada-scaled.jpg\"><img decoding=\"async\" width=\"1024\" height=\"768\" data-id=\"1662\" src=\"https:\/\/casaruralcastalla.com\/de\/wp-content\/uploads\/sites\/5\/2025\/01\/20241227_154816-Editada-1024x768.jpg\" alt=\"Blick von der T\u00fcr in die K\u00fcche, mit Backofen, Wanduhr und Geschirrvitrine aus Holz\" class=\"wp-image-1662\" srcset=\"https:\/\/casaruralcastalla.com\/de\/wp-content\/uploads\/sites\/5\/2025\/01\/20241227_154816-Editada-1024x768.jpg 1024w, https:\/\/casaruralcastalla.com\/de\/wp-content\/uploads\/sites\/5\/2025\/01\/20241227_154816-Editada-300x225.jpg 300w, https:\/\/casaruralcastalla.com\/de\/wp-content\/uploads\/sites\/5\/2025\/01\/20241227_154816-Editada-768x576.jpg 768w, https:\/\/casaruralcastalla.com\/de\/wp-content\/uploads\/sites\/5\/2025\/01\/20241227_154816-Editada-1536x1152.jpg 1536w, https:\/\/casaruralcastalla.com\/de\/wp-content\/uploads\/sites\/5\/2025\/01\/20241227_154816-Editada-2048x1536.jpg 2048w, https:\/\/casaruralcastalla.com\/de\/wp-content\/uploads\/sites\/5\/2025\/01\/20241227_154816-Editada-892x669.jpg 892w, https:\/\/casaruralcastalla.com\/de\/wp-content\/uploads\/sites\/5\/2025\/01\/20241227_154816-Editada-1350x1013.jpg 1350w\" sizes=\"(max-width: 1024px) 100vw, 1024px\" \/><\/a><\/figure>\n\n\n\n<figure class=\"wp-block-image size-large\"><a href=\"https:\/\/casaruralcastalla.com\/de\/wp-content\/uploads\/sites\/5\/2025\/01\/20241227_154833-Editada-scaled.jpg\"><img decoding=\"async\" width=\"1024\" height=\"768\" data-id=\"1658\" src=\"https:\/\/casaruralcastalla.com\/de\/wp-content\/uploads\/sites\/5\/2025\/01\/20241227_154833-Editada-1024x768.jpg\" alt=\"K\u00fcchenarbeitsplatte mit Induktionskochfeld, t\u00fcrkisfarbener Retro-Mikrowelle und Kaffeemaschine\" class=\"wp-image-1658\" srcset=\"https:\/\/casaruralcastalla.com\/de\/wp-content\/uploads\/sites\/5\/2025\/01\/20241227_154833-Editada-1024x768.jpg 1024w, https:\/\/casaruralcastalla.com\/de\/wp-content\/uploads\/sites\/5\/2025\/01\/20241227_154833-Editada-300x225.jpg 300w, https:\/\/casaruralcastalla.com\/de\/wp-content\/uploads\/sites\/5\/2025\/01\/20241227_154833-Editada-768x576.jpg 768w, https:\/\/casaruralcastalla.com\/de\/wp-content\/uploads\/sites\/5\/2025\/01\/20241227_154833-Editada-1536x1152.jpg 1536w, https:\/\/casaruralcastalla.com\/de\/wp-content\/uploads\/sites\/5\/2025\/01\/20241227_154833-Editada-2048x1536.jpg 2048w, https:\/\/casaruralcastalla.com\/de\/wp-content\/uploads\/sites\/5\/2025\/01\/20241227_154833-Editada-892x669.jpg 892w, https:\/\/casaruralcastalla.com\/de\/wp-content\/uploads\/sites\/5\/2025\/01\/20241227_154833-Editada-1350x1013.jpg 1350w\" sizes=\"(max-width: 1024px) 100vw, 1024px\" \/><\/a><\/figure>\n\n\n\n<figure class=\"wp-block-image size-large\"><a href=\"https:\/\/casaruralcastalla.com\/de\/wp-content\/uploads\/sites\/5\/2025\/01\/20241227_154900-Editada-scaled.jpg\"><img decoding=\"async\" width=\"1024\" height=\"768\" data-id=\"1665\" src=\"https:\/\/casaruralcastalla.com\/de\/wp-content\/uploads\/sites\/5\/2025\/01\/20241227_154900-Editada-1024x768.jpg\" alt=\"T\u00fcrkisfarbene Espressomaschine im Retrostil, daneben Tassen und Untertassen auf der Arbeitsplatte\" class=\"wp-image-1665\" srcset=\"https:\/\/casaruralcastalla.com\/de\/wp-content\/uploads\/sites\/5\/2025\/01\/20241227_154900-Editada-1024x768.jpg 1024w, https:\/\/casaruralcastalla.com\/de\/wp-content\/uploads\/sites\/5\/2025\/01\/20241227_154900-Editada-300x225.jpg 300w, https:\/\/casaruralcastalla.com\/de\/wp-content\/uploads\/sites\/5\/2025\/01\/20241227_154900-Editada-768x576.jpg 768w, https:\/\/casaruralcastalla.com\/de\/wp-content\/uploads\/sites\/5\/2025\/01\/20241227_154900-Editada-1536x1152.jpg 1536w, https:\/\/casaruralcastalla.com\/de\/wp-content\/uploads\/sites\/5\/2025\/01\/20241227_154900-Editada-2048x1536.jpg 2048w, https:\/\/casaruralcastalla.com\/de\/wp-content\/uploads\/sites\/5\/2025\/01\/20241227_154900-Editada-892x669.jpg 892w, https:\/\/casaruralcastalla.com\/de\/wp-content\/uploads\/sites\/5\/2025\/01\/20241227_154900-Editada-1350x1013.jpg 1350w\" sizes=\"(max-width: 1024px) 100vw, 1024px\" \/><\/a><\/figure>\n\n\n\n<figure class=\"wp-block-image size-large\"><a href=\"https:\/\/casaruralcastalla.com\/de\/wp-content\/uploads\/sites\/5\/2026\/08\/casa-rural-castalla-dormitorio-1-04.jpg\"><img decoding=\"async\" width=\"1024\" height=\"683\" data-id=\"5624\" src=\"https:\/\/casaruralcastalla.com\/de\/wp-content\/uploads\/sites\/5\/2026\/08\/casa-rural-castalla-dormitorio-1-04-1024x683.jpg\" alt=\"Doppelbett im Hauptschlafzimmer von Casa Rural Castalla mit Zugang zum Balkon\" class=\"wp-image-5624\" srcset=\"https:\/\/casaruralcastalla.com\/de\/wp-content\/uploads\/sites\/5\/2026\/08\/casa-rural-castalla-dormitorio-1-04-1024x683.jpg 1024w, https:\/\/casaruralcastalla.com\/de\/wp-content\/uploads\/sites\/5\/2026\/08\/casa-rural-castalla-dormitorio-1-04-300x200.jpg 300w, https:\/\/casaruralcastalla.com\/de\/wp-content\/uploads\/sites\/5\/2026\/08\/casa-rural-castalla-dormitorio-1-04-768x512.jpg 768w, https:\/\/casaruralcastalla.com\/de\/wp-content\/uploads\/sites\/5\/2026\/08\/casa-rural-castalla-dormitorio-1-04-1536x1024.jpg 1536w, https:\/\/casaruralcastalla.com\/de\/wp-content\/uploads\/sites\/5\/2026\/08\/casa-rural-castalla-dormitorio-1-04-892x595.jpg 892w, https:\/\/casaruralcastalla.com\/de\/wp-content\/uploads\/sites\/5\/2026\/08\/casa-rural-castalla-dormitorio-1-04-1350x900.jpg 1350w, https:\/\/casaruralcastalla.com\/de\/wp-content\/uploads\/sites\/5\/2026\/08\/casa-rural-castalla-dormitorio-1-04.jpg 1920w\" sizes=\"(max-width: 1024px) 100vw, 1024px\" \/><\/a><\/figure>\n\n\n\n<figure class=\"wp-block-image size-large\"><a href=\"https:\/\/casaruralcastalla.com\/de\/wp-content\/uploads\/sites\/5\/2026\/08\/casa-rural-castalla-dormitorio-1-03.jpg\"><img decoding=\"async\" width=\"1024\" height=\"683\" data-id=\"5623\" src=\"https:\/\/casaruralcastalla.com\/de\/wp-content\/uploads\/sites\/5\/2026\/08\/casa-rural-castalla-dormitorio-1-03-1024x683.jpg\" alt=\"Hauptschlafzimmer von Casa Rural Castalla mit Fernseher, Doppelbett und Balkon unter dem Holzgeb\u00e4lk\" class=\"wp-image-5623\" srcset=\"https:\/\/casaruralcastalla.com\/de\/wp-content\/uploads\/sites\/5\/2026\/08\/casa-rural-castalla-dormitorio-1-03-1024x683.jpg 1024w, https:\/\/casaruralcastalla.com\/de\/wp-content\/uploads\/sites\/5\/2026\/08\/casa-rural-castalla-dormitorio-1-03-300x200.jpg 300w, https:\/\/casaruralcastalla.com\/de\/wp-content\/uploads\/sites\/5\/2026\/08\/casa-rural-castalla-dormitorio-1-03-768x512.jpg 768w, https:\/\/casaruralcastalla.com\/de\/wp-content\/uploads\/sites\/5\/2026\/08\/casa-rural-castalla-dormitorio-1-03-1536x1024.jpg 1536w, https:\/\/casaruralcastalla.com\/de\/wp-content\/uploads\/sites\/5\/2026\/08\/casa-rural-castalla-dormitorio-1-03-892x595.jpg 892w, https:\/\/casaruralcastalla.com\/de\/wp-content\/uploads\/sites\/5\/2026\/08\/casa-rural-castalla-dormitorio-1-03-1350x900.jpg 1350w, https:\/\/casaruralcastalla.com\/de\/wp-content\/uploads\/sites\/5\/2026\/08\/casa-rural-castalla-dormitorio-1-03.jpg 1920w\" sizes=\"(max-width: 1024px) 100vw, 1024px\" \/><\/a><\/figure>\n\n\n\n<figure class=\"wp-block-image size-large\"><a href=\"https:\/\/casaruralcastalla.com\/de\/wp-content\/uploads\/sites\/5\/2026\/08\/casa-rural-castalla-dormitorio-1-08-scaled.jpg\"><img decoding=\"async\" width=\"683\" height=\"1024\" data-id=\"5667\" src=\"https:\/\/casaruralcastalla.com\/de\/wp-content\/uploads\/sites\/5\/2026\/08\/casa-rural-castalla-dormitorio-1-08-683x1024.jpg\" alt=\"Schmiedeeiserne Lampe auf dem Nachttisch im Hauptschlafzimmer von Casa Rural Castalla\" class=\"wp-image-5667\" srcset=\"https:\/\/casaruralcastalla.com\/de\/wp-content\/uploads\/sites\/5\/2026\/08\/casa-rural-castalla-dormitorio-1-08-683x1024.jpg 683w, https:\/\/casaruralcastalla.com\/de\/wp-content\/uploads\/sites\/5\/2026\/08\/casa-rural-castalla-dormitorio-1-08-200x300.jpg 200w, https:\/\/casaruralcastalla.com\/de\/wp-content\/uploads\/sites\/5\/2026\/08\/casa-rural-castalla-dormitorio-1-08-768x1152.jpg 768w, https:\/\/casaruralcastalla.com\/de\/wp-content\/uploads\/sites\/5\/2026\/08\/casa-rural-castalla-dormitorio-1-08-1024x1536.jpg 1024w, https:\/\/casaruralcastalla.com\/de\/wp-content\/uploads\/sites\/5\/2026\/08\/casa-rural-castalla-dormitorio-1-08-1365x2048.jpg 1365w, https:\/\/casaruralcastalla.com\/de\/wp-content\/uploads\/sites\/5\/2026\/08\/casa-rural-castalla-dormitorio-1-08-892x1338.jpg 892w, https:\/\/casaruralcastalla.com\/de\/wp-content\/uploads\/sites\/5\/2026\/08\/casa-rural-castalla-dormitorio-1-08-1350x2025.jpg 1350w, https:\/\/casaruralcastalla.com\/de\/wp-content\/uploads\/sites\/5\/2026\/08\/casa-rural-castalla-dormitorio-1-08-scaled.jpg 1707w\" sizes=\"(max-width: 683px) 100vw, 683px\" \/><\/a><\/figure>\n\n\n\n<figure class=\"wp-block-image size-large\"><a href=\"https:\/\/casaruralcastalla.com\/de\/wp-content\/uploads\/sites\/5\/2026\/08\/casa-rural-castalla-dormitorio-1-07-scaled.jpg\"><img decoding=\"async\" width=\"683\" height=\"1024\" data-id=\"5666\" src=\"https:\/\/casaruralcastalla.com\/de\/wp-content\/uploads\/sites\/5\/2026\/08\/casa-rural-castalla-dormitorio-1-07-683x1024.jpg\" alt=\"Gefaltete Handt\u00fccher auf dem Bett im Hauptschlafzimmer von Casa Rural Castalla\" class=\"wp-image-5666\" srcset=\"https:\/\/casaruralcastalla.com\/de\/wp-content\/uploads\/sites\/5\/2026\/08\/casa-rural-castalla-dormitorio-1-07-683x1024.jpg 683w, https:\/\/casaruralcastalla.com\/de\/wp-content\/uploads\/sites\/5\/2026\/08\/casa-rural-castalla-dormitorio-1-07-200x300.jpg 200w, https:\/\/casaruralcastalla.com\/de\/wp-content\/uploads\/sites\/5\/2026\/08\/casa-rural-castalla-dormitorio-1-07-768x1152.jpg 768w, https:\/\/casaruralcastalla.com\/de\/wp-content\/uploads\/sites\/5\/2026\/08\/casa-rural-castalla-dormitorio-1-07-1024x1536.jpg 1024w, https:\/\/casaruralcastalla.com\/de\/wp-content\/uploads\/sites\/5\/2026\/08\/casa-rural-castalla-dormitorio-1-07-1365x2048.jpg 1365w, https:\/\/casaruralcastalla.com\/de\/wp-content\/uploads\/sites\/5\/2026\/08\/casa-rural-castalla-dormitorio-1-07-892x1338.jpg 892w, https:\/\/casaruralcastalla.com\/de\/wp-content\/uploads\/sites\/5\/2026\/08\/casa-rural-castalla-dormitorio-1-07-1350x2025.jpg 1350w, https:\/\/casaruralcastalla.com\/de\/wp-content\/uploads\/sites\/5\/2026\/08\/casa-rural-castalla-dormitorio-1-07-scaled.jpg 1707w\" sizes=\"(max-width: 683px) 100vw, 683px\" \/><\/a><\/figure>\n\n\n\n<figure class=\"wp-block-image size-large\"><a href=\"https:\/\/casaruralcastalla.com\/de\/wp-content\/uploads\/sites\/5\/2026\/08\/casa-rural-castalla-dormitorio-3-verde-01.jpg\"><img decoding=\"async\" width=\"1024\" height=\"683\" data-id=\"5647\" src=\"https:\/\/casaruralcastalla.com\/de\/wp-content\/uploads\/sites\/5\/2026\/08\/casa-rural-castalla-dormitorio-3-verde-01-1024x683.jpg\" alt=\"Gr\u00fcn gehaltenes Schlafzimmer von Casa Rural Castalla mit Holzbalken, Kleiderschrank und Kelim-Teppich\" class=\"wp-image-5647\" srcset=\"https:\/\/casaruralcastalla.com\/de\/wp-content\/uploads\/sites\/5\/2026\/08\/casa-rural-castalla-dormitorio-3-verde-01-1024x683.jpg 1024w, https:\/\/casaruralcastalla.com\/de\/wp-content\/uploads\/sites\/5\/2026\/08\/casa-rural-castalla-dormitorio-3-verde-01-300x200.jpg 300w, https:\/\/casaruralcastalla.com\/de\/wp-content\/uploads\/sites\/5\/2026\/08\/casa-rural-castalla-dormitorio-3-verde-01-768x512.jpg 768w, https:\/\/casaruralcastalla.com\/de\/wp-content\/uploads\/sites\/5\/2026\/08\/casa-rural-castalla-dormitorio-3-verde-01-1536x1024.jpg 1536w, https:\/\/casaruralcastalla.com\/de\/wp-content\/uploads\/sites\/5\/2026\/08\/casa-rural-castalla-dormitorio-3-verde-01-892x595.jpg 892w, https:\/\/casaruralcastalla.com\/de\/wp-content\/uploads\/sites\/5\/2026\/08\/casa-rural-castalla-dormitorio-3-verde-01-1350x900.jpg 1350w, https:\/\/casaruralcastalla.com\/de\/wp-content\/uploads\/sites\/5\/2026\/08\/casa-rural-castalla-dormitorio-3-verde-01.jpg 1920w\" sizes=\"(max-width: 1024px) 100vw, 1024px\" \/><\/a><\/figure>\n\n\n\n<figure class=\"wp-block-image size-large\"><a href=\"https:\/\/casaruralcastalla.com\/de\/wp-content\/uploads\/sites\/5\/2026\/08\/casa-rural-castalla-dormitorio-3-verde-02.jpg\"><img decoding=\"async\" width=\"1024\" height=\"683\" data-id=\"5675\" src=\"https:\/\/casaruralcastalla.com\/de\/wp-content\/uploads\/sites\/5\/2026\/08\/casa-rural-castalla-dormitorio-3-verde-02-1024x683.jpg\" alt=\"Gr\u00fcnes Schlafzimmer von Casa Rural Castalla mit offener T\u00fcr zum Treppenabsatz und Kelim-Teppich\" class=\"wp-image-5675\" srcset=\"https:\/\/casaruralcastalla.com\/de\/wp-content\/uploads\/sites\/5\/2026\/08\/casa-rural-castalla-dormitorio-3-verde-02-1024x683.jpg 1024w, https:\/\/casaruralcastalla.com\/de\/wp-content\/uploads\/sites\/5\/2026\/08\/casa-rural-castalla-dormitorio-3-verde-02-300x200.jpg 300w, https:\/\/casaruralcastalla.com\/de\/wp-content\/uploads\/sites\/5\/2026\/08\/casa-rural-castalla-dormitorio-3-verde-02-768x512.jpg 768w, https:\/\/casaruralcastalla.com\/de\/wp-content\/uploads\/sites\/5\/2026\/08\/casa-rural-castalla-dormitorio-3-verde-02-1536x1024.jpg 1536w, https:\/\/casaruralcastalla.com\/de\/wp-content\/uploads\/sites\/5\/2026\/08\/casa-rural-castalla-dormitorio-3-verde-02-892x595.jpg 892w, https:\/\/casaruralcastalla.com\/de\/wp-content\/uploads\/sites\/5\/2026\/08\/casa-rural-castalla-dormitorio-3-verde-02-1350x900.jpg 1350w, https:\/\/casaruralcastalla.com\/de\/wp-content\/uploads\/sites\/5\/2026\/08\/casa-rural-castalla-dormitorio-3-verde-02.jpg 1920w\" sizes=\"(max-width: 1024px) 100vw, 1024px\" \/><\/a><\/figure>\n\n\n\n<figure class=\"wp-block-image size-large\"><a href=\"https:\/\/casaruralcastalla.com\/de\/wp-content\/uploads\/sites\/5\/2026\/08\/casa-rural-castalla-dormitorio-3-verde-03-scaled.jpg\"><img decoding=\"async\" width=\"683\" height=\"1024\" data-id=\"5676\" src=\"https:\/\/casaruralcastalla.com\/de\/wp-content\/uploads\/sites\/5\/2026\/08\/casa-rural-castalla-dormitorio-3-verde-03-683x1024.jpg\" alt=\"Bett im gr\u00fcnen Schlafzimmer von Casa Rural Castalla mit Handt\u00fcchern und Holzfenster\" class=\"wp-image-5676\" srcset=\"https:\/\/casaruralcastalla.com\/de\/wp-content\/uploads\/sites\/5\/2026\/08\/casa-rural-castalla-dormitorio-3-verde-03-683x1024.jpg 683w, https:\/\/casaruralcastalla.com\/de\/wp-content\/uploads\/sites\/5\/2026\/08\/casa-rural-castalla-dormitorio-3-verde-03-200x300.jpg 200w, https:\/\/casaruralcastalla.com\/de\/wp-content\/uploads\/sites\/5\/2026\/08\/casa-rural-castalla-dormitorio-3-verde-03-768x1152.jpg 768w, https:\/\/casaruralcastalla.com\/de\/wp-content\/uploads\/sites\/5\/2026\/08\/casa-rural-castalla-dormitorio-3-verde-03-1024x1536.jpg 1024w, https:\/\/casaruralcastalla.com\/de\/wp-content\/uploads\/sites\/5\/2026\/08\/casa-rural-castalla-dormitorio-3-verde-03-1365x2048.jpg 1365w, https:\/\/casaruralcastalla.com\/de\/wp-content\/uploads\/sites\/5\/2026\/08\/casa-rural-castalla-dormitorio-3-verde-03-892x1338.jpg 892w, https:\/\/casaruralcastalla.com\/de\/wp-content\/uploads\/sites\/5\/2026\/08\/casa-rural-castalla-dormitorio-3-verde-03-1350x2025.jpg 1350w, https:\/\/casaruralcastalla.com\/de\/wp-content\/uploads\/sites\/5\/2026\/08\/casa-rural-castalla-dormitorio-3-verde-03-scaled.jpg 1707w\" sizes=\"(max-width: 683px) 100vw, 683px\" \/><\/a><\/figure>\n\n\n\n<figure class=\"wp-block-image size-large\"><a href=\"https:\/\/casaruralcastalla.com\/de\/wp-content\/uploads\/sites\/5\/2026\/08\/casa-rural-castalla-sala-de-juegos-01.jpg\"><img decoding=\"async\" width=\"1024\" height=\"683\" data-id=\"5683\" src=\"https:\/\/casaruralcastalla.com\/de\/wp-content\/uploads\/sites\/5\/2026\/08\/casa-rural-castalla-sala-de-juegos-01-1024x683.jpg\" alt=\"Spielzimmer von Casa Rural Castalla in Mauvet\u00f6nen, mit Bett und Holzfenster zum Balkon\" class=\"wp-image-5683\" srcset=\"https:\/\/casaruralcastalla.com\/de\/wp-content\/uploads\/sites\/5\/2026\/08\/casa-rural-castalla-sala-de-juegos-01-1024x683.jpg 1024w, https:\/\/casaruralcastalla.com\/de\/wp-content\/uploads\/sites\/5\/2026\/08\/casa-rural-castalla-sala-de-juegos-01-300x200.jpg 300w, https:\/\/casaruralcastalla.com\/de\/wp-content\/uploads\/sites\/5\/2026\/08\/casa-rural-castalla-sala-de-juegos-01-768x512.jpg 768w, https:\/\/casaruralcastalla.com\/de\/wp-content\/uploads\/sites\/5\/2026\/08\/casa-rural-castalla-sala-de-juegos-01-1536x1024.jpg 1536w, https:\/\/casaruralcastalla.com\/de\/wp-content\/uploads\/sites\/5\/2026\/08\/casa-rural-castalla-sala-de-juegos-01-892x595.jpg 892w, https:\/\/casaruralcastalla.com\/de\/wp-content\/uploads\/sites\/5\/2026\/08\/casa-rural-castalla-sala-de-juegos-01-1350x900.jpg 1350w, https:\/\/casaruralcastalla.com\/de\/wp-content\/uploads\/sites\/5\/2026\/08\/casa-rural-castalla-sala-de-juegos-01.jpg 1920w\" sizes=\"(max-width: 1024px) 100vw, 1024px\" \/><\/a><\/figure>\n\n\n\n<figure class=\"wp-block-image size-large\"><a href=\"https:\/\/casaruralcastalla.com\/de\/wp-content\/uploads\/sites\/5\/2026\/08\/casa-rural-castalla-buhardilla-02.jpg\"><img decoding=\"async\" width=\"1024\" height=\"683\" data-id=\"5634\" src=\"https:\/\/casaruralcastalla.com\/de\/wp-content\/uploads\/sites\/5\/2026\/08\/casa-rural-castalla-buhardilla-02-1024x683.jpg\" alt=\"Bett im Dachgeschoss von Casa Rural Castalla, durch eine Holzwand vom Sitzbereich getrennt\" class=\"wp-image-5634\" srcset=\"https:\/\/casaruralcastalla.com\/de\/wp-content\/uploads\/sites\/5\/2026\/08\/casa-rural-castalla-buhardilla-02-1024x683.jpg 1024w, https:\/\/casaruralcastalla.com\/de\/wp-content\/uploads\/sites\/5\/2026\/08\/casa-rural-castalla-buhardilla-02-300x200.jpg 300w, https:\/\/casaruralcastalla.com\/de\/wp-content\/uploads\/sites\/5\/2026\/08\/casa-rural-castalla-buhardilla-02-768x512.jpg 768w, https:\/\/casaruralcastalla.com\/de\/wp-content\/uploads\/sites\/5\/2026\/08\/casa-rural-castalla-buhardilla-02-1536x1024.jpg 1536w, https:\/\/casaruralcastalla.com\/de\/wp-content\/uploads\/sites\/5\/2026\/08\/casa-rural-castalla-buhardilla-02-892x595.jpg 892w, https:\/\/casaruralcastalla.com\/de\/wp-content\/uploads\/sites\/5\/2026\/08\/casa-rural-castalla-buhardilla-02-1350x900.jpg 1350w, https:\/\/casaruralcastalla.com\/de\/wp-content\/uploads\/sites\/5\/2026\/08\/casa-rural-castalla-buhardilla-02.jpg 1920w\" sizes=\"(max-width: 1024px) 100vw, 1024px\" \/><\/a><\/figure>\n\n\n\n<figure class=\"wp-block-image size-large\"><a href=\"https:\/\/casaruralcastalla.com\/de\/wp-content\/uploads\/sites\/5\/2026\/08\/casa-rural-castalla-buhardilla-03.jpg\"><img decoding=\"async\" width=\"1024\" height=\"683\" data-id=\"5635\" src=\"https:\/\/casaruralcastalla.com\/de\/wp-content\/uploads\/sites\/5\/2026\/08\/casa-rural-castalla-buhardilla-03-1024x683.jpg\" alt=\"Dachzimmer von Casa Rural Castalla mit Bett, Schreibtisch, Kleiderschrank und Dachfenster\" class=\"wp-image-5635\" srcset=\"https:\/\/casaruralcastalla.com\/de\/wp-content\/uploads\/sites\/5\/2026\/08\/casa-rural-castalla-buhardilla-03-1024x683.jpg 1024w, https:\/\/casaruralcastalla.com\/de\/wp-content\/uploads\/sites\/5\/2026\/08\/casa-rural-castalla-buhardilla-03-300x200.jpg 300w, https:\/\/casaruralcastalla.com\/de\/wp-content\/uploads\/sites\/5\/2026\/08\/casa-rural-castalla-buhardilla-03-768x512.jpg 768w, https:\/\/casaruralcastalla.com\/de\/wp-content\/uploads\/sites\/5\/2026\/08\/casa-rural-castalla-buhardilla-03-1536x1024.jpg 1536w, https:\/\/casaruralcastalla.com\/de\/wp-content\/uploads\/sites\/5\/2026\/08\/casa-rural-castalla-buhardilla-03-892x595.jpg 892w, https:\/\/casaruralcastalla.com\/de\/wp-content\/uploads\/sites\/5\/2026\/08\/casa-rural-castalla-buhardilla-03-1350x900.jpg 1350w, https:\/\/casaruralcastalla.com\/de\/wp-content\/uploads\/sites\/5\/2026\/08\/casa-rural-castalla-buhardilla-03.jpg 1920w\" sizes=\"(max-width: 1024px) 100vw, 1024px\" \/><\/a><\/figure>\n\n\n\n<figure class=\"wp-block-image size-large\"><a href=\"https:\/\/casaruralcastalla.com\/de\/wp-content\/uploads\/sites\/5\/2026\/08\/casa-rural-castalla-buhardilla-05.jpg\"><img decoding=\"async\" width=\"1024\" height=\"683\" data-id=\"5637\" src=\"https:\/\/casaruralcastalla.com\/de\/wp-content\/uploads\/sites\/5\/2026\/08\/casa-rural-castalla-buhardilla-05-1024x683.jpg\" alt=\"Sitzbereich im Dachgeschoss von Casa Rural Castalla mit Regal, niedrigem Tisch und der Zugangstreppe\" class=\"wp-image-5637\" srcset=\"https:\/\/casaruralcastalla.com\/de\/wp-content\/uploads\/sites\/5\/2026\/08\/casa-rural-castalla-buhardilla-05-1024x683.jpg 1024w, https:\/\/casaruralcastalla.com\/de\/wp-content\/uploads\/sites\/5\/2026\/08\/casa-rural-castalla-buhardilla-05-300x200.jpg 300w, https:\/\/casaruralcastalla.com\/de\/wp-content\/uploads\/sites\/5\/2026\/08\/casa-rural-castalla-buhardilla-05-768x512.jpg 768w, https:\/\/casaruralcastalla.com\/de\/wp-content\/uploads\/sites\/5\/2026\/08\/casa-rural-castalla-buhardilla-05-1536x1024.jpg 1536w, https:\/\/casaruralcastalla.com\/de\/wp-content\/uploads\/sites\/5\/2026\/08\/casa-rural-castalla-buhardilla-05-892x595.jpg 892w, https:\/\/casaruralcastalla.com\/de\/wp-content\/uploads\/sites\/5\/2026\/08\/casa-rural-castalla-buhardilla-05-1350x900.jpg 1350w, https:\/\/casaruralcastalla.com\/de\/wp-content\/uploads\/sites\/5\/2026\/08\/casa-rural-castalla-buhardilla-05.jpg 1920w\" sizes=\"(max-width: 1024px) 100vw, 1024px\" \/><\/a><\/figure>\n\n\n\n<figure class=\"wp-block-image size-large\"><a href=\"https:\/\/casaruralcastalla.com\/de\/wp-content\/uploads\/sites\/5\/2026\/08\/casa-rural-castalla-buhardilla-06-scaled.jpg\"><img decoding=\"async\" width=\"683\" height=\"1024\" data-id=\"5678\" src=\"https:\/\/casaruralcastalla.com\/de\/wp-content\/uploads\/sites\/5\/2026\/08\/casa-rural-castalla-buhardilla-06-683x1024.jpg\" alt=\"Treppe aus Holz und Schmiedeeisen, die ins Dachgeschoss von Casa Rural Castalla f\u00fchrt\" class=\"wp-image-5678\" srcset=\"https:\/\/casaruralcastalla.com\/de\/wp-content\/uploads\/sites\/5\/2026\/08\/casa-rural-castalla-buhardilla-06-683x1024.jpg 683w, https:\/\/casaruralcastalla.com\/de\/wp-content\/uploads\/sites\/5\/2026\/08\/casa-rural-castalla-buhardilla-06-200x300.jpg 200w, https:\/\/casaruralcastalla.com\/de\/wp-content\/uploads\/sites\/5\/2026\/08\/casa-rural-castalla-buhardilla-06-768x1152.jpg 768w, https:\/\/casaruralcastalla.com\/de\/wp-content\/uploads\/sites\/5\/2026\/08\/casa-rural-castalla-buhardilla-06-1024x1536.jpg 1024w, https:\/\/casaruralcastalla.com\/de\/wp-content\/uploads\/sites\/5\/2026\/08\/casa-rural-castalla-buhardilla-06-1365x2048.jpg 1365w, https:\/\/casaruralcastalla.com\/de\/wp-content\/uploads\/sites\/5\/2026\/08\/casa-rural-castalla-buhardilla-06-892x1338.jpg 892w, https:\/\/casaruralcastalla.com\/de\/wp-content\/uploads\/sites\/5\/2026\/08\/casa-rural-castalla-buhardilla-06-1350x2025.jpg 1350w, https:\/\/casaruralcastalla.com\/de\/wp-content\/uploads\/sites\/5\/2026\/08\/casa-rural-castalla-buhardilla-06-scaled.jpg 1707w\" sizes=\"(max-width: 683px) 100vw, 683px\" \/><\/a><\/figure>\n\n\n\n<figure class=\"wp-block-image size-large\"><a href=\"https:\/\/casaruralcastalla.com\/de\/wp-content\/uploads\/sites\/5\/2026\/08\/casa-rural-castalla-buhardilla-09-scaled.jpg\"><img decoding=\"async\" width=\"683\" height=\"1024\" data-id=\"5681\" src=\"https:\/\/casaruralcastalla.com\/de\/wp-content\/uploads\/sites\/5\/2026\/08\/casa-rural-castalla-buhardilla-09-683x1024.jpg\" alt=\"Arbeitsplatz im Dachgeschoss von Casa Rural Castalla mit Schreibtisch, ergonomischem Stuhl und Dachfenster\" class=\"wp-image-5681\" srcset=\"https:\/\/casaruralcastalla.com\/de\/wp-content\/uploads\/sites\/5\/2026\/08\/casa-rural-castalla-buhardilla-09-683x1024.jpg 683w, https:\/\/casaruralcastalla.com\/de\/wp-content\/uploads\/sites\/5\/2026\/08\/casa-rural-castalla-buhardilla-09-200x300.jpg 200w, https:\/\/casaruralcastalla.com\/de\/wp-content\/uploads\/sites\/5\/2026\/08\/casa-rural-castalla-buhardilla-09-768x1152.jpg 768w, https:\/\/casaruralcastalla.com\/de\/wp-content\/uploads\/sites\/5\/2026\/08\/casa-rural-castalla-buhardilla-09-1024x1536.jpg 1024w, https:\/\/casaruralcastalla.com\/de\/wp-content\/uploads\/sites\/5\/2026\/08\/casa-rural-castalla-buhardilla-09-1365x2048.jpg 1365w, https:\/\/casaruralcastalla.com\/de\/wp-content\/uploads\/sites\/5\/2026\/08\/casa-rural-castalla-buhardilla-09-892x1338.jpg 892w, https:\/\/casaruralcastalla.com\/de\/wp-content\/uploads\/sites\/5\/2026\/08\/casa-rural-castalla-buhardilla-09-1350x2025.jpg 1350w, https:\/\/casaruralcastalla.com\/de\/wp-content\/uploads\/sites\/5\/2026\/08\/casa-rural-castalla-buhardilla-09-scaled.jpg 1707w\" sizes=\"(max-width: 683px) 100vw, 683px\" \/><\/a><\/figure>\n\n\n\n<figure class=\"wp-block-image size-large\"><a href=\"https:\/\/casaruralcastalla.com\/de\/wp-content\/uploads\/sites\/5\/2025\/01\/20241227_161535-Editada-scaled.jpg\"><img decoding=\"async\" width=\"1024\" height=\"768\" data-id=\"1675\" src=\"https:\/\/casaruralcastalla.com\/de\/wp-content\/uploads\/sites\/5\/2025\/01\/20241227_161535-Editada-1024x768.jpg\" alt=\"Sitzecke unter dem Dach, von der Treppe aus gesehen, mit Sofa, Hochflorteppich und Fenster mit Holzl\u00e4den\" class=\"wp-image-1675\" srcset=\"https:\/\/casaruralcastalla.com\/de\/wp-content\/uploads\/sites\/5\/2025\/01\/20241227_161535-Editada-1024x768.jpg 1024w, https:\/\/casaruralcastalla.com\/de\/wp-content\/uploads\/sites\/5\/2025\/01\/20241227_161535-Editada-300x225.jpg 300w, https:\/\/casaruralcastalla.com\/de\/wp-content\/uploads\/sites\/5\/2025\/01\/20241227_161535-Editada-768x576.jpg 768w, https:\/\/casaruralcastalla.com\/de\/wp-content\/uploads\/sites\/5\/2025\/01\/20241227_161535-Editada-1536x1152.jpg 1536w, https:\/\/casaruralcastalla.com\/de\/wp-content\/uploads\/sites\/5\/2025\/01\/20241227_161535-Editada-2048x1536.jpg 2048w, https:\/\/casaruralcastalla.com\/de\/wp-content\/uploads\/sites\/5\/2025\/01\/20241227_161535-Editada-892x669.jpg 892w, https:\/\/casaruralcastalla.com\/de\/wp-content\/uploads\/sites\/5\/2025\/01\/20241227_161535-Editada-1350x1013.jpg 1350w\" sizes=\"(max-width: 1024px) 100vw, 1024px\" \/><\/a><\/figure>\n\n\n\n<figure class=\"wp-block-image size-large\"><a href=\"https:\/\/casaruralcastalla.com\/de\/wp-content\/uploads\/sites\/5\/2025\/01\/20241227_160416-Editada-scaled.jpg\"><img decoding=\"async\" width=\"1024\" height=\"768\" data-id=\"1653\" src=\"https:\/\/casaruralcastalla.com\/de\/wp-content\/uploads\/sites\/5\/2025\/01\/20241227_160416-Editada-1024x768.jpg\" alt=\"Wohnzimmer unter dem Dach mit Sofa, Couchtisch, Regalen voller Pflanzen und Schreibtisch unter der Dachschr\u00e4ge\" class=\"wp-image-1653\" srcset=\"https:\/\/casaruralcastalla.com\/de\/wp-content\/uploads\/sites\/5\/2025\/01\/20241227_160416-Editada-1024x768.jpg 1024w, https:\/\/casaruralcastalla.com\/de\/wp-content\/uploads\/sites\/5\/2025\/01\/20241227_160416-Editada-300x225.jpg 300w, https:\/\/casaruralcastalla.com\/de\/wp-content\/uploads\/sites\/5\/2025\/01\/20241227_160416-Editada-768x576.jpg 768w, https:\/\/casaruralcastalla.com\/de\/wp-content\/uploads\/sites\/5\/2025\/01\/20241227_160416-Editada-1536x1152.jpg 1536w, https:\/\/casaruralcastalla.com\/de\/wp-content\/uploads\/sites\/5\/2025\/01\/20241227_160416-Editada-2048x1536.jpg 2048w, https:\/\/casaruralcastalla.com\/de\/wp-content\/uploads\/sites\/5\/2025\/01\/20241227_160416-Editada-892x669.jpg 892w, https:\/\/casaruralcastalla.com\/de\/wp-content\/uploads\/sites\/5\/2025\/01\/20241227_160416-Editada-1350x1013.jpg 1350w\" sizes=\"(max-width: 1024px) 100vw, 1024px\" \/><\/a><\/figure>\n\n\n\n<figure class=\"wp-block-image size-large\"><a href=\"https:\/\/casaruralcastalla.com\/de\/wp-content\/uploads\/sites\/5\/2026\/08\/casa-rural-castalla-apartamento-08.jpg\"><img decoding=\"async\" width=\"1024\" height=\"683\" data-id=\"5639\" src=\"https:\/\/casaruralcastalla.com\/de\/wp-content\/uploads\/sites\/5\/2026\/08\/casa-rural-castalla-apartamento-08-1024x683.jpg\" alt=\"Apartment von Casa Rural Castalla mit eigener K\u00fcche, Esstisch und dem Paravent, der das Bett abtrennt\" class=\"wp-image-5639\" srcset=\"https:\/\/casaruralcastalla.com\/de\/wp-content\/uploads\/sites\/5\/2026\/08\/casa-rural-castalla-apartamento-08-1024x683.jpg 1024w, https:\/\/casaruralcastalla.com\/de\/wp-content\/uploads\/sites\/5\/2026\/08\/casa-rural-castalla-apartamento-08-300x200.jpg 300w, https:\/\/casaruralcastalla.com\/de\/wp-content\/uploads\/sites\/5\/2026\/08\/casa-rural-castalla-apartamento-08-768x512.jpg 768w, https:\/\/casaruralcastalla.com\/de\/wp-content\/uploads\/sites\/5\/2026\/08\/casa-rural-castalla-apartamento-08-1536x1024.jpg 1536w, https:\/\/casaruralcastalla.com\/de\/wp-content\/uploads\/sites\/5\/2026\/08\/casa-rural-castalla-apartamento-08-892x595.jpg 892w, https:\/\/casaruralcastalla.com\/de\/wp-content\/uploads\/sites\/5\/2026\/08\/casa-rural-castalla-apartamento-08-1350x900.jpg 1350w, https:\/\/casaruralcastalla.com\/de\/wp-content\/uploads\/sites\/5\/2026\/08\/casa-rural-castalla-apartamento-08.jpg 1920w\" sizes=\"(max-width: 1024px) 100vw, 1024px\" \/><\/a><\/figure>\n\n\n\n<figure class=\"wp-block-image size-large\"><a href=\"https:\/\/casaruralcastalla.com\/de\/wp-content\/uploads\/sites\/5\/2026\/08\/casa-rural-castalla-apartamento-04.jpg\"><img decoding=\"async\" width=\"1024\" height=\"683\" data-id=\"5640\" src=\"https:\/\/casaruralcastalla.com\/de\/wp-content\/uploads\/sites\/5\/2026\/08\/casa-rural-castalla-apartamento-04-1024x683.jpg\" alt=\"Apartment von Casa Rural Castalla mit Bett, Sofa und Glastisch unter der Holzdecke\" class=\"wp-image-5640\" srcset=\"https:\/\/casaruralcastalla.com\/de\/wp-content\/uploads\/sites\/5\/2026\/08\/casa-rural-castalla-apartamento-04-1024x683.jpg 1024w, https:\/\/casaruralcastalla.com\/de\/wp-content\/uploads\/sites\/5\/2026\/08\/casa-rural-castalla-apartamento-04-300x200.jpg 300w, https:\/\/casaruralcastalla.com\/de\/wp-content\/uploads\/sites\/5\/2026\/08\/casa-rural-castalla-apartamento-04-768x512.jpg 768w, https:\/\/casaruralcastalla.com\/de\/wp-content\/uploads\/sites\/5\/2026\/08\/casa-rural-castalla-apartamento-04-1536x1024.jpg 1536w, https:\/\/casaruralcastalla.com\/de\/wp-content\/uploads\/sites\/5\/2026\/08\/casa-rural-castalla-apartamento-04-892x595.jpg 892w, https:\/\/casaruralcastalla.com\/de\/wp-content\/uploads\/sites\/5\/2026\/08\/casa-rural-castalla-apartamento-04-1350x900.jpg 1350w, https:\/\/casaruralcastalla.com\/de\/wp-content\/uploads\/sites\/5\/2026\/08\/casa-rural-castalla-apartamento-04.jpg 1920w\" sizes=\"(max-width: 1024px) 100vw, 1024px\" \/><\/a><\/figure>\n\n\n\n<figure class=\"wp-block-image size-large\"><a href=\"https:\/\/casaruralcastalla.com\/de\/wp-content\/uploads\/sites\/5\/2026\/08\/casa-rural-castalla-apartamento-06.jpg\"><img decoding=\"async\" width=\"1024\" height=\"683\" data-id=\"5638\" src=\"https:\/\/casaruralcastalla.com\/de\/wp-content\/uploads\/sites\/5\/2026\/08\/casa-rural-castalla-apartamento-06-1024x683.jpg\" alt=\"Apartment von Casa Rural Castalla mit Bett, rundem Esstisch und eigener K\u00fcche unter der Holzdecke\" class=\"wp-image-5638\" srcset=\"https:\/\/casaruralcastalla.com\/de\/wp-content\/uploads\/sites\/5\/2026\/08\/casa-rural-castalla-apartamento-06-1024x683.jpg 1024w, https:\/\/casaruralcastalla.com\/de\/wp-content\/uploads\/sites\/5\/2026\/08\/casa-rural-castalla-apartamento-06-300x200.jpg 300w, https:\/\/casaruralcastalla.com\/de\/wp-content\/uploads\/sites\/5\/2026\/08\/casa-rural-castalla-apartamento-06-768x512.jpg 768w, https:\/\/casaruralcastalla.com\/de\/wp-content\/uploads\/sites\/5\/2026\/08\/casa-rural-castalla-apartamento-06-1536x1024.jpg 1536w, https:\/\/casaruralcastalla.com\/de\/wp-content\/uploads\/sites\/5\/2026\/08\/casa-rural-castalla-apartamento-06-892x595.jpg 892w, https:\/\/casaruralcastalla.com\/de\/wp-content\/uploads\/sites\/5\/2026\/08\/casa-rural-castalla-apartamento-06-1350x900.jpg 1350w, https:\/\/casaruralcastalla.com\/de\/wp-content\/uploads\/sites\/5\/2026\/08\/casa-rural-castalla-apartamento-06.jpg 1920w\" sizes=\"(max-width: 1024px) 100vw, 1024px\" \/><\/a><\/figure>\n\n\n\n<figure class=\"wp-block-image size-large\"><a href=\"https:\/\/casaruralcastalla.com\/de\/wp-content\/uploads\/sites\/5\/2026\/08\/casa-rural-castalla-apartamento-01.jpg\"><img decoding=\"async\" width=\"1024\" height=\"683\" data-id=\"5643\" src=\"https:\/\/casaruralcastalla.com\/de\/wp-content\/uploads\/sites\/5\/2026\/08\/casa-rural-castalla-apartamento-01-1024x683.jpg\" alt=\"K\u00fcche und Esstisch des Apartments von Casa Rural Castalla, mit gr\u00fcnen M\u00f6beln und K\u00fchlschrank\" class=\"wp-image-5643\" srcset=\"https:\/\/casaruralcastalla.com\/de\/wp-content\/uploads\/sites\/5\/2026\/08\/casa-rural-castalla-apartamento-01-1024x683.jpg 1024w, https:\/\/casaruralcastalla.com\/de\/wp-content\/uploads\/sites\/5\/2026\/08\/casa-rural-castalla-apartamento-01-300x200.jpg 300w, https:\/\/casaruralcastalla.com\/de\/wp-content\/uploads\/sites\/5\/2026\/08\/casa-rural-castalla-apartamento-01-768x512.jpg 768w, https:\/\/casaruralcastalla.com\/de\/wp-content\/uploads\/sites\/5\/2026\/08\/casa-rural-castalla-apartamento-01-1536x1024.jpg 1536w, https:\/\/casaruralcastalla.com\/de\/wp-content\/uploads\/sites\/5\/2026\/08\/casa-rural-castalla-apartamento-01-892x595.jpg 892w, https:\/\/casaruralcastalla.com\/de\/wp-content\/uploads\/sites\/5\/2026\/08\/casa-rural-castalla-apartamento-01-1350x900.jpg 1350w, https:\/\/casaruralcastalla.com\/de\/wp-content\/uploads\/sites\/5\/2026\/08\/casa-rural-castalla-apartamento-01.jpg 1920w\" sizes=\"(max-width: 1024px) 100vw, 1024px\" \/><\/a><\/figure>\n\n\n\n<figure class=\"wp-block-image size-large\"><a href=\"https:\/\/casaruralcastalla.com\/de\/wp-content\/uploads\/sites\/5\/2026\/08\/casa-rural-castalla-apartamento-05.jpg\"><img decoding=\"async\" width=\"1024\" height=\"683\" data-id=\"5641\" src=\"https:\/\/casaruralcastalla.com\/de\/wp-content\/uploads\/sites\/5\/2026\/08\/casa-rural-castalla-apartamento-05-1024x683.jpg\" alt=\"Holzanrichte im Apartment von Casa Rural Castalla, im Hintergrund das Bett\" class=\"wp-image-5641\" srcset=\"https:\/\/casaruralcastalla.com\/de\/wp-content\/uploads\/sites\/5\/2026\/08\/casa-rural-castalla-apartamento-05-1024x683.jpg 1024w, https:\/\/casaruralcastalla.com\/de\/wp-content\/uploads\/sites\/5\/2026\/08\/casa-rural-castalla-apartamento-05-300x200.jpg 300w, https:\/\/casaruralcastalla.com\/de\/wp-content\/uploads\/sites\/5\/2026\/08\/casa-rural-castalla-apartamento-05-768x512.jpg 768w, https:\/\/casaruralcastalla.com\/de\/wp-content\/uploads\/sites\/5\/2026\/08\/casa-rural-castalla-apartamento-05-1536x1024.jpg 1536w, https:\/\/casaruralcastalla.com\/de\/wp-content\/uploads\/sites\/5\/2026\/08\/casa-rural-castalla-apartamento-05-892x595.jpg 892w, https:\/\/casaruralcastalla.com\/de\/wp-content\/uploads\/sites\/5\/2026\/08\/casa-rural-castalla-apartamento-05-1350x900.jpg 1350w, https:\/\/casaruralcastalla.com\/de\/wp-content\/uploads\/sites\/5\/2026\/08\/casa-rural-castalla-apartamento-05.jpg 1920w\" sizes=\"(max-width: 1024px) 100vw, 1024px\" \/><\/a><\/figure>\n\n\n\n<figure class=\"wp-block-image size-large\"><a href=\"https:\/\/casaruralcastalla.com\/de\/wp-content\/uploads\/sites\/5\/2026\/08\/casa-rural-castalla-apartamento-14-scaled.jpg\"><img decoding=\"async\" width=\"683\" height=\"1024\" data-id=\"5674\" src=\"https:\/\/casaruralcastalla.com\/de\/wp-content\/uploads\/sites\/5\/2026\/08\/casa-rural-castalla-apartamento-14-683x1024.jpg\" alt=\"Espressomaschine in der K\u00fcche des Apartments von Casa Rural Castalla\" class=\"wp-image-5674\" srcset=\"https:\/\/casaruralcastalla.com\/de\/wp-content\/uploads\/sites\/5\/2026\/08\/casa-rural-castalla-apartamento-14-683x1024.jpg 683w, https:\/\/casaruralcastalla.com\/de\/wp-content\/uploads\/sites\/5\/2026\/08\/casa-rural-castalla-apartamento-14-200x300.jpg 200w, https:\/\/casaruralcastalla.com\/de\/wp-content\/uploads\/sites\/5\/2026\/08\/casa-rural-castalla-apartamento-14-768x1152.jpg 768w, https:\/\/casaruralcastalla.com\/de\/wp-content\/uploads\/sites\/5\/2026\/08\/casa-rural-castalla-apartamento-14-1024x1536.jpg 1024w, https:\/\/casaruralcastalla.com\/de\/wp-content\/uploads\/sites\/5\/2026\/08\/casa-rural-castalla-apartamento-14-1365x2048.jpg 1365w, https:\/\/casaruralcastalla.com\/de\/wp-content\/uploads\/sites\/5\/2026\/08\/casa-rural-castalla-apartamento-14-892x1338.jpg 892w, https:\/\/casaruralcastalla.com\/de\/wp-content\/uploads\/sites\/5\/2026\/08\/casa-rural-castalla-apartamento-14-1350x2025.jpg 1350w, https:\/\/casaruralcastalla.com\/de\/wp-content\/uploads\/sites\/5\/2026\/08\/casa-rural-castalla-apartamento-14-scaled.jpg 1707w\" sizes=\"(max-width: 683px) 100vw, 683px\" \/><\/a><\/figure>\n\n\n\n<figure class=\"wp-block-image size-large\"><a href=\"https:\/\/casaruralcastalla.com\/de\/wp-content\/uploads\/sites\/5\/2025\/01\/20241227_162027-Editada-scaled.jpg\"><img decoding=\"async\" width=\"1024\" height=\"768\" data-id=\"1656\" src=\"https:\/\/casaruralcastalla.com\/de\/wp-content\/uploads\/sites\/5\/2025\/01\/20241227_162027-Editada-1024x768.jpg\" alt=\"Gr\u00fcn gefliestes Bad mit verglaster Duschkabine mit Duschwanne, Holz-Waschtisch und Handtuchregal aus Holz\" class=\"wp-image-1656\" srcset=\"https:\/\/casaruralcastalla.com\/de\/wp-content\/uploads\/sites\/5\/2025\/01\/20241227_162027-Editada-1024x768.jpg 1024w, https:\/\/casaruralcastalla.com\/de\/wp-content\/uploads\/sites\/5\/2025\/01\/20241227_162027-Editada-300x225.jpg 300w, https:\/\/casaruralcastalla.com\/de\/wp-content\/uploads\/sites\/5\/2025\/01\/20241227_162027-Editada-768x576.jpg 768w, https:\/\/casaruralcastalla.com\/de\/wp-content\/uploads\/sites\/5\/2025\/01\/20241227_162027-Editada-1536x1152.jpg 1536w, https:\/\/casaruralcastalla.com\/de\/wp-content\/uploads\/sites\/5\/2025\/01\/20241227_162027-Editada-2048x1536.jpg 2048w, https:\/\/casaruralcastalla.com\/de\/wp-content\/uploads\/sites\/5\/2025\/01\/20241227_162027-Editada-892x669.jpg 892w, https:\/\/casaruralcastalla.com\/de\/wp-content\/uploads\/sites\/5\/2025\/01\/20241227_162027-Editada-1350x1013.jpg 1350w\" sizes=\"(max-width: 1024px) 100vw, 1024px\" \/><\/a><\/figure>\n\n\n\n<figure class=\"wp-block-image size-large\"><a href=\"https:\/\/casaruralcastalla.com\/de\/wp-content\/uploads\/sites\/5\/2025\/01\/20241227_162545-Editada-scaled.jpg\"><img decoding=\"async\" width=\"1024\" height=\"768\" data-id=\"1666\" src=\"https:\/\/casaruralcastalla.com\/de\/wp-content\/uploads\/sites\/5\/2025\/01\/20241227_162545-Editada-1024x768.jpg\" alt=\"Zweites Bad in Hellblau, mit Duschkabine, Glaswaschbecken und Weidenkorb\" class=\"wp-image-1666\" srcset=\"https:\/\/casaruralcastalla.com\/de\/wp-content\/uploads\/sites\/5\/2025\/01\/20241227_162545-Editada-1024x768.jpg 1024w, https:\/\/casaruralcastalla.com\/de\/wp-content\/uploads\/sites\/5\/2025\/01\/20241227_162545-Editada-300x225.jpg 300w, https:\/\/casaruralcastalla.com\/de\/wp-content\/uploads\/sites\/5\/2025\/01\/20241227_162545-Editada-768x576.jpg 768w, https:\/\/casaruralcastalla.com\/de\/wp-content\/uploads\/sites\/5\/2025\/01\/20241227_162545-Editada-1536x1152.jpg 1536w, https:\/\/casaruralcastalla.com\/de\/wp-content\/uploads\/sites\/5\/2025\/01\/20241227_162545-Editada-2048x1536.jpg 2048w, https:\/\/casaruralcastalla.com\/de\/wp-content\/uploads\/sites\/5\/2025\/01\/20241227_162545-Editada-892x669.jpg 892w, https:\/\/casaruralcastalla.com\/de\/wp-content\/uploads\/sites\/5\/2025\/01\/20241227_162545-Editada-1350x1013.jpg 1350w\" sizes=\"(max-width: 1024px) 100vw, 1024px\" \/><\/a><\/figure>\n\n\n\n<figure class=\"wp-block-image size-large\"><a href=\"https:\/\/casaruralcastalla.com\/de\/wp-content\/uploads\/sites\/5\/2026\/08\/casa-rural-castalla-bano-1-04-scaled.jpg\"><img decoding=\"async\" width=\"683\" height=\"1024\" data-id=\"5660\" src=\"https:\/\/casaruralcastalla.com\/de\/wp-content\/uploads\/sites\/5\/2026\/08\/casa-rural-castalla-bano-1-04-683x1024.jpg\" alt=\"Seife und Pflanzen auf einem Holzbord im Hauptbad von Casa Rural Castalla\" class=\"wp-image-5660\" srcset=\"https:\/\/casaruralcastalla.com\/de\/wp-content\/uploads\/sites\/5\/2026\/08\/casa-rural-castalla-bano-1-04-683x1024.jpg 683w, https:\/\/casaruralcastalla.com\/de\/wp-content\/uploads\/sites\/5\/2026\/08\/casa-rural-castalla-bano-1-04-200x300.jpg 200w, https:\/\/casaruralcastalla.com\/de\/wp-content\/uploads\/sites\/5\/2026\/08\/casa-rural-castalla-bano-1-04-768x1152.jpg 768w, https:\/\/casaruralcastalla.com\/de\/wp-content\/uploads\/sites\/5\/2026\/08\/casa-rural-castalla-bano-1-04-1024x1536.jpg 1024w, https:\/\/casaruralcastalla.com\/de\/wp-content\/uploads\/sites\/5\/2026\/08\/casa-rural-castalla-bano-1-04-1365x2048.jpg 1365w, https:\/\/casaruralcastalla.com\/de\/wp-content\/uploads\/sites\/5\/2026\/08\/casa-rural-castalla-bano-1-04-892x1338.jpg 892w, https:\/\/casaruralcastalla.com\/de\/wp-content\/uploads\/sites\/5\/2026\/08\/casa-rural-castalla-bano-1-04-1350x2025.jpg 1350w, https:\/\/casaruralcastalla.com\/de\/wp-content\/uploads\/sites\/5\/2026\/08\/casa-rural-castalla-bano-1-04-scaled.jpg 1707w\" sizes=\"(max-width: 683px) 100vw, 683px\" \/><\/a><\/figure>\n\n\n\n<figure class=\"wp-block-image size-large\"><a href=\"https:\/\/casaruralcastalla.com\/de\/wp-content\/uploads\/sites\/5\/2025\/01\/20241227_164324-Editada-scaled.jpg\"><img decoding=\"async\" width=\"768\" height=\"1024\" data-id=\"1652\" src=\"https:\/\/casaruralcastalla.com\/de\/wp-content\/uploads\/sites\/5\/2025\/01\/20241227_164324-Editada-768x1024.jpg\" alt=\"Treppe aus Schmiedeeisen und Holz, die die Stockwerke des Hauses verbindet, von oben gesehen\" class=\"wp-image-1652\" srcset=\"https:\/\/casaruralcastalla.com\/de\/wp-content\/uploads\/sites\/5\/2025\/01\/20241227_164324-Editada-768x1024.jpg 768w, https:\/\/casaruralcastalla.com\/de\/wp-content\/uploads\/sites\/5\/2025\/01\/20241227_164324-Editada-225x300.jpg 225w, https:\/\/casaruralcastalla.com\/de\/wp-content\/uploads\/sites\/5\/2025\/01\/20241227_164324-Editada-1152x1536.jpg 1152w, https:\/\/casaruralcastalla.com\/de\/wp-content\/uploads\/sites\/5\/2025\/01\/20241227_164324-Editada-1536x2048.jpg 1536w, https:\/\/casaruralcastalla.com\/de\/wp-content\/uploads\/sites\/5\/2025\/01\/20241227_164324-Editada-892x1189.jpg 892w, https:\/\/casaruralcastalla.com\/de\/wp-content\/uploads\/sites\/5\/2025\/01\/20241227_164324-Editada-1350x1800.jpg 1350w, https:\/\/casaruralcastalla.com\/de\/wp-content\/uploads\/sites\/5\/2025\/01\/20241227_164324-Editada-scaled.jpg 1920w\" sizes=\"(max-width: 768px) 100vw, 768px\" \/><\/a><\/figure>\n\n\n\n<figure class=\"wp-block-image size-large\"><a href=\"https:\/\/casaruralcastalla.com\/de\/wp-content\/uploads\/sites\/5\/2025\/01\/20241227_164232-Editada-scaled.jpg\"><img decoding=\"async\" width=\"768\" height=\"1024\" data-id=\"1670\" src=\"https:\/\/casaruralcastalla.com\/de\/wp-content\/uploads\/sites\/5\/2025\/01\/20241227_164232-Editada-768x1024.jpg\" alt=\"Blick in das offene Treppenhaus zum Treppenabsatz, mit Holzstufen und Eisengel\u00e4nder\" class=\"wp-image-1670\" srcset=\"https:\/\/casaruralcastalla.com\/de\/wp-content\/uploads\/sites\/5\/2025\/01\/20241227_164232-Editada-768x1024.jpg 768w, https:\/\/casaruralcastalla.com\/de\/wp-content\/uploads\/sites\/5\/2025\/01\/20241227_164232-Editada-225x300.jpg 225w, https:\/\/casaruralcastalla.com\/de\/wp-content\/uploads\/sites\/5\/2025\/01\/20241227_164232-Editada-1152x1536.jpg 1152w, https:\/\/casaruralcastalla.com\/de\/wp-content\/uploads\/sites\/5\/2025\/01\/20241227_164232-Editada-1536x2048.jpg 1536w, https:\/\/casaruralcastalla.com\/de\/wp-content\/uploads\/sites\/5\/2025\/01\/20241227_164232-Editada-892x1189.jpg 892w, https:\/\/casaruralcastalla.com\/de\/wp-content\/uploads\/sites\/5\/2025\/01\/20241227_164232-Editada-1350x1800.jpg 1350w, https:\/\/casaruralcastalla.com\/de\/wp-content\/uploads\/sites\/5\/2025\/01\/20241227_164232-Editada-scaled.jpg 1920w\" sizes=\"(max-width: 768px) 100vw, 768px\" \/><\/a><\/figure>\n\n\n\n<figure class=\"wp-block-image size-large\"><a href=\"https:\/\/casaruralcastalla.com\/de\/wp-content\/uploads\/sites\/5\/2025\/01\/20241227_155527-Editada-scaled.jpg\"><img decoding=\"async\" width=\"1024\" height=\"768\" data-id=\"1655\" src=\"https:\/\/casaruralcastalla.com\/de\/wp-content\/uploads\/sites\/5\/2025\/01\/20241227_155527-Editada-1024x768.jpg\" alt=\"Innenhof mit Natursteinmauern, Korbsesseln und einem Klapptisch im Schatten\" class=\"wp-image-1655\" srcset=\"https:\/\/casaruralcastalla.com\/de\/wp-content\/uploads\/sites\/5\/2025\/01\/20241227_155527-Editada-1024x768.jpg 1024w, https:\/\/casaruralcastalla.com\/de\/wp-content\/uploads\/sites\/5\/2025\/01\/20241227_155527-Editada-300x225.jpg 300w, https:\/\/casaruralcastalla.com\/de\/wp-content\/uploads\/sites\/5\/2025\/01\/20241227_155527-Editada-768x576.jpg 768w, https:\/\/casaruralcastalla.com\/de\/wp-content\/uploads\/sites\/5\/2025\/01\/20241227_155527-Editada-1536x1152.jpg 1536w, https:\/\/casaruralcastalla.com\/de\/wp-content\/uploads\/sites\/5\/2025\/01\/20241227_155527-Editada-2048x1536.jpg 2048w, https:\/\/casaruralcastalla.com\/de\/wp-content\/uploads\/sites\/5\/2025\/01\/20241227_155527-Editada-892x669.jpg 892w, https:\/\/casaruralcastalla.com\/de\/wp-content\/uploads\/sites\/5\/2025\/01\/20241227_155527-Editada-1350x1013.jpg 1350w\" sizes=\"(max-width: 1024px) 100vw, 1024px\" \/><\/a><\/figure>\n\n\n\n<figure class=\"wp-block-image size-large\"><a href=\"https:\/\/casaruralcastalla.com\/de\/wp-content\/uploads\/sites\/5\/2025\/01\/20241227_163359-Editada-scaled.jpg\"><img decoding=\"async\" width=\"768\" height=\"1024\" data-id=\"1671\" src=\"https:\/\/casaruralcastalla.com\/de\/wp-content\/uploads\/sites\/5\/2025\/01\/20241227_163359-Editada-768x1024.jpg\" alt=\"Fassade von Casa Rural Castalla in der Carrer Major, mit dem bepflanzten Balkon und der Altstadt im Hintergrund\" class=\"wp-image-1671\" srcset=\"https:\/\/casaruralcastalla.com\/de\/wp-content\/uploads\/sites\/5\/2025\/01\/20241227_163359-Editada-768x1024.jpg 768w, https:\/\/casaruralcastalla.com\/de\/wp-content\/uploads\/sites\/5\/2025\/01\/20241227_163359-Editada-225x300.jpg 225w, https:\/\/casaruralcastalla.com\/de\/wp-content\/uploads\/sites\/5\/2025\/01\/20241227_163359-Editada-1152x1536.jpg 1152w, https:\/\/casaruralcastalla.com\/de\/wp-content\/uploads\/sites\/5\/2025\/01\/20241227_163359-Editada-1536x2048.jpg 1536w, https:\/\/casaruralcastalla.com\/de\/wp-content\/uploads\/sites\/5\/2025\/01\/20241227_163359-Editada-892x1189.jpg 892w, https:\/\/casaruralcastalla.com\/de\/wp-content\/uploads\/sites\/5\/2025\/01\/20241227_163359-Editada-1350x1800.jpg 1350w, https:\/\/casaruralcastalla.com\/de\/wp-content\/uploads\/sites\/5\/2025\/01\/20241227_163359-Editada-scaled.jpg 1920w\" sizes=\"(max-width: 768px) 100vw, 768px\" \/><\/a><\/figure>\n\n\n\n<figure class=\"wp-block-image size-large\"><a href=\"https:\/\/casaruralcastalla.com\/de\/wp-content\/uploads\/sites\/5\/2025\/01\/20241227_163333-1-Editada-scaled.jpg\"><img decoding=\"async\" width=\"1024\" height=\"768\" data-id=\"1647\" src=\"https:\/\/casaruralcastalla.com\/de\/wp-content\/uploads\/sites\/5\/2025\/01\/20241227_163333-1-Editada-1024x768.jpg\" alt=\"Die Carrer Major im historischen Ortskern von Castalla, rechts die Ziegelfassade des Hauses\" class=\"wp-image-1647\" srcset=\"https:\/\/casaruralcastalla.com\/de\/wp-content\/uploads\/sites\/5\/2025\/01\/20241227_163333-1-Editada-1024x768.jpg 1024w, https:\/\/casaruralcastalla.com\/de\/wp-content\/uploads\/sites\/5\/2025\/01\/20241227_163333-1-Editada-300x225.jpg 300w, https:\/\/casaruralcastalla.com\/de\/wp-content\/uploads\/sites\/5\/2025\/01\/20241227_163333-1-Editada-768x576.jpg 768w, https:\/\/casaruralcastalla.com\/de\/wp-content\/uploads\/sites\/5\/2025\/01\/20241227_163333-1-Editada-1536x1152.jpg 1536w, https:\/\/casaruralcastalla.com\/de\/wp-content\/uploads\/sites\/5\/2025\/01\/20241227_163333-1-Editada-2048x1536.jpg 2048w, https:\/\/casaruralcastalla.com\/de\/wp-content\/uploads\/sites\/5\/2025\/01\/20241227_163333-1-Editada-892x669.jpg 892w, https:\/\/casaruralcastalla.com\/de\/wp-content\/uploads\/sites\/5\/2025\/01\/20241227_163333-1-Editada-1350x1013.jpg 1350w\" sizes=\"(max-width: 1024px) 100vw, 1024px\" \/><\/a><\/figure>\n<\/figure>\n\n\n\n<h2 class=\"wp-block-heading has-text-align-center\">Die Landschaft der Foia de Castalla<\/h2>\n\n\n\n<figure class=\"wp-block-gallery has-nested-images columns-default is-cropped wp-block-gallery-2 is-layout-flex wp-block-gallery-is-layout-flex\">\n<figure class=\"wp-block-image size-large\"><img decoding=\"async\" width=\"1024\" height=\"768\" data-id=\"2603\" src=\"https:\/\/casaruralcastalla.com\/de\/wp-content\/uploads\/sites\/5\/2025\/04\/20250406_091649-1-1-1024x768.jpg\" alt=\"Eingang der Cova de Moss\u00e9n Franc\u00e9s zwischen den Kalkfelsen der Sierra del Maigm\u00f3\" class=\"wp-image-2603\" srcset=\"https:\/\/casaruralcastalla.com\/de\/wp-content\/uploads\/sites\/5\/2025\/04\/20250406_091649-1-1-1024x768.jpg 1024w, https:\/\/casaruralcastalla.com\/de\/wp-content\/uploads\/sites\/5\/2025\/04\/20250406_091649-1-1-300x225.jpg 300w, https:\/\/casaruralcastalla.com\/de\/wp-content\/uploads\/sites\/5\/2025\/04\/20250406_091649-1-1-768x576.jpg 768w, https:\/\/casaruralcastalla.com\/de\/wp-content\/uploads\/sites\/5\/2025\/04\/20250406_091649-1-1-1536x1152.jpg 1536w, https:\/\/casaruralcastalla.com\/de\/wp-content\/uploads\/sites\/5\/2025\/04\/20250406_091649-1-1-892x669.jpg 892w, https:\/\/casaruralcastalla.com\/de\/wp-content\/uploads\/sites\/5\/2025\/04\/20250406_091649-1-1-1350x1013.jpg 1350w, https:\/\/casaruralcastalla.com\/de\/wp-content\/uploads\/sites\/5\/2025\/04\/20250406_091649-1-1.jpg 1920w\" sizes=\"(max-width: 1024px) 100vw, 1024px\" \/><\/figure>\n\n\n\n<figure class=\"wp-block-image size-large\"><img decoding=\"async\" width=\"1024\" height=\"576\" data-id=\"2604\" src=\"https:\/\/casaruralcastalla.com\/de\/wp-content\/uploads\/sites\/5\/2025\/04\/20250406_091915-1-1-1024x576.jpg\" alt=\"Wegmarkierung des Wanderwegs PR-CV 31 auf dem Weg zur Cova de Moss\u00e9n Franc\u00e9s, im Hintergrund die Ketten des Maigm\u00f3\" class=\"wp-image-2604\" srcset=\"https:\/\/casaruralcastalla.com\/de\/wp-content\/uploads\/sites\/5\/2025\/04\/20250406_091915-1-1-1024x576.jpg 1024w, https:\/\/casaruralcastalla.com\/de\/wp-content\/uploads\/sites\/5\/2025\/04\/20250406_091915-1-1-300x169.jpg 300w, https:\/\/casaruralcastalla.com\/de\/wp-content\/uploads\/sites\/5\/2025\/04\/20250406_091915-1-1-768x432.jpg 768w, https:\/\/casaruralcastalla.com\/de\/wp-content\/uploads\/sites\/5\/2025\/04\/20250406_091915-1-1-892x502.jpg 892w, https:\/\/casaruralcastalla.com\/de\/wp-content\/uploads\/sites\/5\/2025\/04\/20250406_091915-1-1.jpg 1199w\" sizes=\"(max-width: 1024px) 100vw, 1024px\" \/><\/figure>\n\n\n\n<figure class=\"wp-block-image size-large\"><img decoding=\"async\" width=\"1020\" height=\"765\" data-id=\"2268\" src=\"https:\/\/casaruralcastalla.com\/de\/wp-content\/uploads\/sites\/5\/2025\/02\/Barranc-del-Pla-del-es-Coves-Xorret-de-Cati20250215_091039.jpg\" alt=\"Blick ins Tal vom Barranc del Pla de les Coves aus, im Xorret de Cat\u00ed\" class=\"wp-image-2268\" srcset=\"https:\/\/casaruralcastalla.com\/de\/wp-content\/uploads\/sites\/5\/2025\/02\/Barranc-del-Pla-del-es-Coves-Xorret-de-Cati20250215_091039.jpg 1020w, https:\/\/casaruralcastalla.com\/de\/wp-content\/uploads\/sites\/5\/2025\/02\/Barranc-del-Pla-del-es-Coves-Xorret-de-Cati20250215_091039-300x225.jpg 300w, https:\/\/casaruralcastalla.com\/de\/wp-content\/uploads\/sites\/5\/2025\/02\/Barranc-del-Pla-del-es-Coves-Xorret-de-Cati20250215_091039-768x576.jpg 768w, https:\/\/casaruralcastalla.com\/de\/wp-content\/uploads\/sites\/5\/2025\/02\/Barranc-del-Pla-del-es-Coves-Xorret-de-Cati20250215_091039-892x669.jpg 892w\" sizes=\"(max-width: 1020px) 100vw, 1020px\" \/><\/figure>\n\n\n\n<figure class=\"wp-block-image size-large\"><img decoding=\"async\" width=\"1020\" height=\"574\" data-id=\"2241\" src=\"https:\/\/casaruralcastalla.com\/de\/wp-content\/uploads\/sites\/5\/2025\/02\/casas-de-planisses-en-Xorret-de-cati20250208_072858.jpg\" alt=\"Verfallenes Bauernhaus von Planisses vor dem Sonnenaufgang, im Xorret de Cat\u00ed\" class=\"wp-image-2241\" srcset=\"https:\/\/casaruralcastalla.com\/de\/wp-content\/uploads\/sites\/5\/2025\/02\/casas-de-planisses-en-Xorret-de-cati20250208_072858.jpg 1020w, https:\/\/casaruralcastalla.com\/de\/wp-content\/uploads\/sites\/5\/2025\/02\/casas-de-planisses-en-Xorret-de-cati20250208_072858-300x169.jpg 300w, https:\/\/casaruralcastalla.com\/de\/wp-content\/uploads\/sites\/5\/2025\/02\/casas-de-planisses-en-Xorret-de-cati20250208_072858-768x432.jpg 768w, https:\/\/casaruralcastalla.com\/de\/wp-content\/uploads\/sites\/5\/2025\/02\/casas-de-planisses-en-Xorret-de-cati20250208_072858-892x502.jpg 892w\" sizes=\"(max-width: 1020px) 100vw, 1020px\" \/><\/figure>\n\n\n\n<figure class=\"wp-block-image size-large\"><img decoding=\"async\" width=\"1024\" height=\"576\" data-id=\"2242\" src=\"https:\/\/casaruralcastalla.com\/de\/wp-content\/uploads\/sites\/5\/2025\/02\/casas-de-planisses-en-Xorret-de-cati20250208_080641-1024x576.jpg\" alt=\"Sonnenaufgang von den Felsen \u00fcber dem Xorret de Cat\u00ed aus, das Tal noch im Schatten\" class=\"wp-image-2242\" srcset=\"https:\/\/casaruralcastalla.com\/de\/wp-content\/uploads\/sites\/5\/2025\/02\/casas-de-planisses-en-Xorret-de-cati20250208_080641-1024x576.jpg 1024w, https:\/\/casaruralcastalla.com\/de\/wp-content\/uploads\/sites\/5\/2025\/02\/casas-de-planisses-en-Xorret-de-cati20250208_080641-300x169.jpg 300w, https:\/\/casaruralcastalla.com\/de\/wp-content\/uploads\/sites\/5\/2025\/02\/casas-de-planisses-en-Xorret-de-cati20250208_080641-768x432.jpg 768w, https:\/\/casaruralcastalla.com\/de\/wp-content\/uploads\/sites\/5\/2025\/02\/casas-de-planisses-en-Xorret-de-cati20250208_080641-1536x864.jpg 1536w, https:\/\/casaruralcastalla.com\/de\/wp-content\/uploads\/sites\/5\/2025\/02\/casas-de-planisses-en-Xorret-de-cati20250208_080641-892x502.jpg 892w, https:\/\/casaruralcastalla.com\/de\/wp-content\/uploads\/sites\/5\/2025\/02\/casas-de-planisses-en-Xorret-de-cati20250208_080641-1350x760.jpg 1350w, https:\/\/casaruralcastalla.com\/de\/wp-content\/uploads\/sites\/5\/2025\/02\/casas-de-planisses-en-Xorret-de-cati20250208_080641.jpg 2040w\" sizes=\"(max-width: 1024px) 100vw, 1024px\" \/><\/figure>\n\n\n\n<figure class=\"wp-block-image size-large\"><img decoding=\"async\" width=\"1000\" height=\"563\" data-id=\"2248\" src=\"https:\/\/casaruralcastalla.com\/de\/wp-content\/uploads\/sites\/5\/2025\/02\/casas-de-planisses-en-Xorret-de-cati20250208_083145.jpg\" alt=\"Der verlassene Weiler Planisses jenseits einer winterlichen Grasfl\u00e4che, im Xorret de Cat\u00ed\" class=\"wp-image-2248\" srcset=\"https:\/\/casaruralcastalla.com\/de\/wp-content\/uploads\/sites\/5\/2025\/02\/casas-de-planisses-en-Xorret-de-cati20250208_083145.jpg 1000w, https:\/\/casaruralcastalla.com\/de\/wp-content\/uploads\/sites\/5\/2025\/02\/casas-de-planisses-en-Xorret-de-cati20250208_083145-300x169.jpg 300w, https:\/\/casaruralcastalla.com\/de\/wp-content\/uploads\/sites\/5\/2025\/02\/casas-de-planisses-en-Xorret-de-cati20250208_083145-768x432.jpg 768w, https:\/\/casaruralcastalla.com\/de\/wp-content\/uploads\/sites\/5\/2025\/02\/casas-de-planisses-en-Xorret-de-cati20250208_083145-892x502.jpg 892w\" sizes=\"(max-width: 1000px) 100vw, 1000px\" \/><\/figure>\n\n\n\n<figure class=\"wp-block-image size-large\"><img decoding=\"async\" width=\"1020\" height=\"765\" data-id=\"2251\" src=\"https:\/\/casaruralcastalla.com\/de\/wp-content\/uploads\/sites\/5\/2025\/02\/casas-de-planisses-en-Xorret-de-cati20250208_083929.jpg\" alt=\"Alter Steinbrunnen am Weg nach Planisses, im Xorret de Cat\u00ed\" class=\"wp-image-2251\" srcset=\"https:\/\/casaruralcastalla.com\/de\/wp-content\/uploads\/sites\/5\/2025\/02\/casas-de-planisses-en-Xorret-de-cati20250208_083929.jpg 1020w, https:\/\/casaruralcastalla.com\/de\/wp-content\/uploads\/sites\/5\/2025\/02\/casas-de-planisses-en-Xorret-de-cati20250208_083929-300x225.jpg 300w, https:\/\/casaruralcastalla.com\/de\/wp-content\/uploads\/sites\/5\/2025\/02\/casas-de-planisses-en-Xorret-de-cati20250208_083929-768x576.jpg 768w, https:\/\/casaruralcastalla.com\/de\/wp-content\/uploads\/sites\/5\/2025\/02\/casas-de-planisses-en-Xorret-de-cati20250208_083929-892x669.jpg 892w\" sizes=\"(max-width: 1020px) 100vw, 1020px\" \/><\/figure>\n\n\n\n<figure class=\"wp-block-image size-large\"><img decoding=\"async\" width=\"861\" height=\"1024\" data-id=\"1772\" src=\"https:\/\/casaruralcastalla.com\/de\/wp-content\/uploads\/sites\/5\/2025\/01\/Via-ferrata-xorret-de-Cati-Castalla-interior-de-alicante-861x1024.png\" alt=\"Kletterer im Klettersteig des Xorret de Cat\u00ed, an den goldenen Kalkw\u00e4nden von Castalla\" class=\"wp-image-1772\" srcset=\"https:\/\/casaruralcastalla.com\/de\/wp-content\/uploads\/sites\/5\/2025\/01\/Via-ferrata-xorret-de-Cati-Castalla-interior-de-alicante-861x1024.png 861w, https:\/\/casaruralcastalla.com\/de\/wp-content\/uploads\/sites\/5\/2025\/01\/Via-ferrata-xorret-de-Cati-Castalla-interior-de-alicante-252x300.png 252w, https:\/\/casaruralcastalla.com\/de\/wp-content\/uploads\/sites\/5\/2025\/01\/Via-ferrata-xorret-de-Cati-Castalla-interior-de-alicante-768x914.png 768w, https:\/\/casaruralcastalla.com\/de\/wp-content\/uploads\/sites\/5\/2025\/01\/Via-ferrata-xorret-de-Cati-Castalla-interior-de-alicante.png 892w\" sizes=\"(max-width: 861px) 100vw, 861px\" \/><\/figure>\n\n\n\n<figure class=\"wp-block-image size-large\"><img decoding=\"async\" width=\"1024\" height=\"640\" data-id=\"1753\" src=\"https:\/\/casaruralcastalla.com\/de\/wp-content\/uploads\/sites\/5\/2025\/01\/Bachgroun-home-casa-rural-castalla-primavera-de-hivern-1920-x-1200-px-1-1-1024x640.png\" alt=\"Castalla aus der Luft in der Abendd\u00e4mmerung, mit der beleuchteten Burg \u00fcber den D\u00e4chern\" class=\"wp-image-1753\" srcset=\"https:\/\/casaruralcastalla.com\/de\/wp-content\/uploads\/sites\/5\/2025\/01\/Bachgroun-home-casa-rural-castalla-primavera-de-hivern-1920-x-1200-px-1-1-1024x640.png 1024w, https:\/\/casaruralcastalla.com\/de\/wp-content\/uploads\/sites\/5\/2025\/01\/Bachgroun-home-casa-rural-castalla-primavera-de-hivern-1920-x-1200-px-1-1-300x188.png 300w, https:\/\/casaruralcastalla.com\/de\/wp-content\/uploads\/sites\/5\/2025\/01\/Bachgroun-home-casa-rural-castalla-primavera-de-hivern-1920-x-1200-px-1-1-768x480.png 768w, https:\/\/casaruralcastalla.com\/de\/wp-content\/uploads\/sites\/5\/2025\/01\/Bachgroun-home-casa-rural-castalla-primavera-de-hivern-1920-x-1200-px-1-1-1536x960.png 1536w, https:\/\/casaruralcastalla.com\/de\/wp-content\/uploads\/sites\/5\/2025\/01\/Bachgroun-home-casa-rural-castalla-primavera-de-hivern-1920-x-1200-px-1-1-892x558.png 892w, https:\/\/casaruralcastalla.com\/de\/wp-content\/uploads\/sites\/5\/2025\/01\/Bachgroun-home-casa-rural-castalla-primavera-de-hivern-1920-x-1200-px-1-1-1350x844.png 1350w, https:\/\/casaruralcastalla.com\/de\/wp-content\/uploads\/sites\/5\/2025\/01\/Bachgroun-home-casa-rural-castalla-primavera-de-hivern-1920-x-1200-px-1-1.png 1920w\" sizes=\"(max-width: 1024px) 100vw, 1024px\" \/><\/figure>\n\n\n\n<figure class=\"wp-block-image size-large\"><img decoding=\"async\" width=\"1024\" height=\"379\" data-id=\"1492\" src=\"https:\/\/casaruralcastalla.com\/de\/wp-content\/uploads\/sites\/5\/2025\/01\/Casa-rural-castalla-primavera.dhivern-fondo-home-4-1024x379.png\" alt=\"Sonnenuntergang \u00fcber den Bergen des Hinterlands von Alicante, von einem Felsen \u00fcber Castalla aus\" class=\"wp-image-1492\" srcset=\"https:\/\/casaruralcastalla.com\/de\/wp-content\/uploads\/sites\/5\/2025\/01\/Casa-rural-castalla-primavera.dhivern-fondo-home-4-1024x379.png 1024w, https:\/\/casaruralcastalla.com\/de\/wp-content\/uploads\/sites\/5\/2025\/01\/Casa-rural-castalla-primavera.dhivern-fondo-home-4-300x111.png 300w, https:\/\/casaruralcastalla.com\/de\/wp-content\/uploads\/sites\/5\/2025\/01\/Casa-rural-castalla-primavera.dhivern-fondo-home-4-768x284.png 768w, https:\/\/casaruralcastalla.com\/de\/wp-content\/uploads\/sites\/5\/2025\/01\/Casa-rural-castalla-primavera.dhivern-fondo-home-4-1536x568.png 1536w, https:\/\/casaruralcastalla.com\/de\/wp-content\/uploads\/sites\/5\/2025\/01\/Casa-rural-castalla-primavera.dhivern-fondo-home-4-892x330.png 892w, https:\/\/casaruralcastalla.com\/de\/wp-content\/uploads\/sites\/5\/2025\/01\/Casa-rural-castalla-primavera.dhivern-fondo-home-4-1350x499.png 1350w, https:\/\/casaruralcastalla.com\/de\/wp-content\/uploads\/sites\/5\/2025\/01\/Casa-rural-castalla-primavera.dhivern-fondo-home-4.png 1920w\" sizes=\"(max-width: 1024px) 100vw, 1024px\" \/><\/figure>\n\n\n\n<figure class=\"wp-block-image size-large\"><img decoding=\"async\" width=\"1024\" height=\"640\" data-id=\"1579\" src=\"https:\/\/casaruralcastalla.com\/de\/wp-content\/uploads\/sites\/5\/2025\/01\/Castillo-de-Castalla-Casa-Rural-castalla-vista-de-tardenoche2-1024x640.png\" alt=\"Die nachts beleuchtete Burg von Castalla \u00fcber den Lichtern des Ortes und den Bergketten\" class=\"wp-image-1579\" srcset=\"https:\/\/casaruralcastalla.com\/de\/wp-content\/uploads\/sites\/5\/2025\/01\/Castillo-de-Castalla-Casa-Rural-castalla-vista-de-tardenoche2-1024x640.png 1024w, https:\/\/casaruralcastalla.com\/de\/wp-content\/uploads\/sites\/5\/2025\/01\/Castillo-de-Castalla-Casa-Rural-castalla-vista-de-tardenoche2-300x188.png 300w, https:\/\/casaruralcastalla.com\/de\/wp-content\/uploads\/sites\/5\/2025\/01\/Castillo-de-Castalla-Casa-Rural-castalla-vista-de-tardenoche2-768x480.png 768w, https:\/\/casaruralcastalla.com\/de\/wp-content\/uploads\/sites\/5\/2025\/01\/Castillo-de-Castalla-Casa-Rural-castalla-vista-de-tardenoche2-1536x960.png 1536w, https:\/\/casaruralcastalla.com\/de\/wp-content\/uploads\/sites\/5\/2025\/01\/Castillo-de-Castalla-Casa-Rural-castalla-vista-de-tardenoche2-892x558.png 892w, https:\/\/casaruralcastalla.com\/de\/wp-content\/uploads\/sites\/5\/2025\/01\/Castillo-de-Castalla-Casa-Rural-castalla-vista-de-tardenoche2-1350x844.png 1350w, https:\/\/casaruralcastalla.com\/de\/wp-content\/uploads\/sites\/5\/2025\/01\/Castillo-de-Castalla-Casa-Rural-castalla-vista-de-tardenoche2.png 1920w\" sizes=\"(max-width: 1024px) 100vw, 1024px\" \/><\/figure>\n\n\n\n<figure class=\"wp-block-image size-large\"><img decoding=\"async\" width=\"1020\" height=\"574\" data-id=\"2246\" src=\"https:\/\/casaruralcastalla.com\/de\/wp-content\/uploads\/sites\/5\/2025\/02\/casas-de-planisses-en-Xorret-de-cati20250208_082323.jpg\" alt=\"Steinmauern und eingest\u00fcrzte Balken der verlassenen H\u00e4user von Planisses im ersten Licht\" class=\"wp-image-2246\" srcset=\"https:\/\/casaruralcastalla.com\/de\/wp-content\/uploads\/sites\/5\/2025\/02\/casas-de-planisses-en-Xorret-de-cati20250208_082323.jpg 1020w, https:\/\/casaruralcastalla.com\/de\/wp-content\/uploads\/sites\/5\/2025\/02\/casas-de-planisses-en-Xorret-de-cati20250208_082323-300x169.jpg 300w, https:\/\/casaruralcastalla.com\/de\/wp-content\/uploads\/sites\/5\/2025\/02\/casas-de-planisses-en-Xorret-de-cati20250208_082323-768x432.jpg 768w, https:\/\/casaruralcastalla.com\/de\/wp-content\/uploads\/sites\/5\/2025\/02\/casas-de-planisses-en-Xorret-de-cati20250208_082323-892x502.jpg 892w\" sizes=\"(max-width: 1020px) 100vw, 1020px\" \/><\/figure>\n\n\n\n<figure class=\"wp-block-image size-large\"><img decoding=\"async\" width=\"1000\" height=\"563\" data-id=\"2250\" src=\"https:\/\/casaruralcastalla.com\/de\/wp-content\/uploads\/sites\/5\/2025\/02\/casas-de-planisses-en-Xorret-de-cati20250208_083647.jpg\" alt=\"Gepfl\u00fcgte Felder und bewaldete H\u00fcgel bei Planisses im Morgengrauen\" class=\"wp-image-2250\" srcset=\"https:\/\/casaruralcastalla.com\/de\/wp-content\/uploads\/sites\/5\/2025\/02\/casas-de-planisses-en-Xorret-de-cati20250208_083647.jpg 1000w, https:\/\/casaruralcastalla.com\/de\/wp-content\/uploads\/sites\/5\/2025\/02\/casas-de-planisses-en-Xorret-de-cati20250208_083647-300x169.jpg 300w, https:\/\/casaruralcastalla.com\/de\/wp-content\/uploads\/sites\/5\/2025\/02\/casas-de-planisses-en-Xorret-de-cati20250208_083647-768x432.jpg 768w, https:\/\/casaruralcastalla.com\/de\/wp-content\/uploads\/sites\/5\/2025\/02\/casas-de-planisses-en-Xorret-de-cati20250208_083647-892x502.jpg 892w\" sizes=\"(max-width: 1000px) 100vw, 1000px\" \/><\/figure>\n<\/figure>\n\n\n\n<div class=\"wp-block-group cta-castalla-reserva has-background\" style=\"border-radius:12px;background-color:#f4ede2;margin-top:3rem;margin-bottom:3rem;padding-top:3rem;padding-right:2rem;padding-bottom:3rem;padding-left:2rem\"><div class=\"wp-block-group__inner-container is-layout-constrained wp-container-core-group-is-layout-8f4013b1 wp-block-group-is-layout-constrained\">\n<h3 class=\"wp-block-heading has-text-align-center\">Bereit f\u00fcr das Hinterland von Alicante?<\/h3>\n\n\n\n<p class=\"has-text-align-center wp-block-paragraph\">Buchen Sie Ihren Aufenthalt im <strong>Casa Rural Castalla<\/strong> und entdecken Sie in Ruhe Orte wie Plascaves, die Burg von Castalla oder die Sierra del Maigm\u00f3. Ihr Kurzurlaub im Hinterland von Alicante beginnt hier.<\/p>\n\n\n\n<div class=\"wp-block-buttons is-content-justification-center is-layout-flex wp-container-core-buttons-is-layout-fe48e5de wp-block-buttons-is-layout-flex\">\n<div class=\"wp-block-button\"><a class=\"wp-block-button__link wp-element-button\" href=\"https:\/\/wa.me\/34601994695?text=Hallo%21%20Ich%20m%C3%B6chte%20die%20Verf%C3%BCgbarkeit%20im%20Casa%20Rural%20Castalla%20anfragen.\" style=\"border-radius:6px\" target=\"_blank\" rel=\"noopener\">Verf\u00fcgbarkeit anfragen<\/a><\/div>\n\n\n\n<div class=\"wp-block-button is-style-outline is-style-outline--3\"><a class=\"wp-block-button__link wp-element-button\" href=\"https:\/\/casaruralcastalla.com\/de\/kontakt\/\" style=\"border-radius:6px\">Kontakt aufnehmen<\/a><\/div>\n<\/div>\n<\/div><\/div>\n","protected":false},"excerpt":{"rendered":"<p>Lernen Sie Casa Rural Castalla in Bildern kennen. Sehen Sie sich jeden Winkel unseres Ferienhauses in Castalla und die Landschaft ringsum an \u2013 die stille Sch\u00f6nheit des Hinterlands von Alicante tut den Rest. M\u00f6chten Sie es genauer sehen? Tippen oder klicken Sie einfach auf ein Foto, um es gro\u00df zu \u00f6ffnen und jedes Detail zu [&hellip;]<\/p>\n","protected":false},"author":1,"featured_media":0,"parent":0,"menu_order":0,"comment_status":"closed","ping_status":"closed","template":"","meta":{"inline_featured_image":false,"_trash_the_other_posts":false,"_monsterinsights_skip_tracking":false,"_joinchat":[],"footnotes":""},"class_list":["post-2347","page","type-page","status-publish","hentry"],"_links":{"self":[{"href":"https:\/\/casaruralcastalla.com\/de\/wp-json\/wp\/v2\/pages\/2347","targetHints":{"allow":["GET"]}}],"collection":[{"href":"https:\/\/casaruralcastalla.com\/de\/wp-json\/wp\/v2\/pages"}],"about":[{"href":"https:\/\/casaruralcastalla.com\/de\/wp-json\/wp\/v2\/types\/page"}],"author":[{"embeddable":true,"href":"https:\/\/casaruralcastalla.com\/de\/wp-json\/wp\/v2\/users\/1"}],"replies":[{"embeddable":true,"href":"https:\/\/casaruralcastalla.com\/de\/wp-json\/wp\/v2\/comments?post=2347"}],"version-history":[{"count":2,"href":"https:\/\/casaruralcastalla.com\/de\/wp-json\/wp\/v2\/pages\/2347\/revisions"}],"predecessor-version":[{"id":5887,"href":"https:\/\/casaruralcastalla.com\/de\/wp-json\/wp\/v2\/pages\/2347\/revisions\/5887"}],"wp:attachment":[{"href":"https:\/\/casaruralcastalla.com\/de\/wp-json\/wp\/v2\/media?parent=2347"}],"curies":[{"name":"wp","href":"https:\/\/api.w.org\/{rel}","templated":true}]}}