{"id":2043,"date":"2025-01-24T10:07:50","date_gmt":"2025-01-24T09:07:50","guid":{"rendered":"https:\/\/casaruralcastalla.com\/de\/?page_id=2043"},"modified":"2026-09-05T09:59:40","modified_gmt":"2026-09-05T07:59:40","slug":"unterkunft-in-castalla","status":"publish","type":"page","link":"https:\/\/casaruralcastalla.com\/de\/unterkunft-in-castalla\/","title":{"rendered":"Unterkunft in Castalla \u2013 ideal f\u00fcr Ihre Gesch\u00e4ftsreise"},"content":{"rendered":"\n<div class=\"wp-block-getwid-section alignfull alignfull\" style=\"margin-top:-65px;margin-bottom:\"><div class=\"wp-block-getwid-section__wrapper getwid-padding-right-normal getwid-padding-mobile-left-small getwid-padding-mobile-right-small\" style=\"padding-top:0px;padding-left:0px\"><div class=\"wp-block-getwid-section__inner-wrapper\"><div class=\"wp-block-getwid-section__background-holder\"><div class=\"wp-block-getwid-section__background has-background has-white-background-color\"><\/div><div class=\"wp-block-getwid-section__foreground\"><\/div><\/div><div class=\"wp-block-getwid-section__content\"><div class=\"wp-block-getwid-section__inner-content\">\n<div class=\"wp-block-columns has-3-columns is-layout-flex wp-container-core-columns-is-layout-8f761849 wp-block-columns-is-layout-flex\">\n<div class=\"wp-block-column is-layout-flow wp-block-column-is-layout-flow\"><\/div>\n\n\n\n<div class=\"wp-block-column is-layout-flow wp-block-column-is-layout-flow\">\n<div class=\"wp-block-getwid-advanced-heading has-custom-font-size\" style=\"font-size:1.5em;margin-bottom:10px;margin-top:50px\"><h2 class=\"wp-block-getwid-advanced-heading__content\" style=\"text-align:center;font-family:&quot;Raleway&quot;;font-weight:500\">Verf\u00fcgbarkeit anfragen und jetzt buchen. <br>Sofortige Antwort<\/h2><\/div>\n\n\n\n<div class=\"wp-block-buttons is-content-justification-center is-layout-flex wp-container-core-buttons-is-layout-fe48e5de wp-block-buttons-is-layout-flex\">\n<div class=\"wp-block-button\"><a class=\"wp-block-button__link has-text-align-center wp-element-button\" href=\"https:\/\/wa.me\/34601994695?text=Hallo%2C%20ich%20h%C3%A4tte%20gerne%20Informationen%20zur%20Firmenunterkunft%20in%20Castalla%3A\" target=\"_blank\" rel=\"noreferrer noopener\">WhatsApp<\/a><\/div>\n<\/div>\n<\/div>\n\n\n\n<div class=\"wp-block-column is-layout-flow wp-block-column-is-layout-flow\"><div class=\"wp-block-image\">\n<figure class=\"aligncenter size-full is-resized\"><img decoding=\"async\" width=\"1000\" height=\"1000\" src=\"https:\/\/casaruralcastalla.com\/de\/wp-content\/uploads\/sites\/5\/2024\/10\/Logo-Casa-Rural-Castalla-en-el-interior-de-Alicante.png\" alt=\"Logo von Casa Rural Castalla im Hinterland von Alicante\" class=\"wp-image-8\" style=\"width:203px;height:auto\" srcset=\"https:\/\/casaruralcastalla.com\/de\/wp-content\/uploads\/sites\/5\/2024\/10\/Logo-Casa-Rural-Castalla-en-el-interior-de-Alicante.png 1000w, https:\/\/casaruralcastalla.com\/de\/wp-content\/uploads\/sites\/5\/2024\/10\/Logo-Casa-Rural-Castalla-en-el-interior-de-Alicante-300x300.png 300w, https:\/\/casaruralcastalla.com\/de\/wp-content\/uploads\/sites\/5\/2024\/10\/Logo-Casa-Rural-Castalla-en-el-interior-de-Alicante-150x150.png 150w, https:\/\/casaruralcastalla.com\/de\/wp-content\/uploads\/sites\/5\/2024\/10\/Logo-Casa-Rural-Castalla-en-el-interior-de-Alicante-768x768.png 768w\" sizes=\"(max-width: 1000px) 100vw, 1000px\" \/><\/figure>\n<\/div><\/div>\n<\/div>\n\n\n\n<h3 class=\"wp-block-heading has-text-align-center\">Ihre Firmenunterkunft in Castalla \u2013 mit den besten Konditionen f\u00fcr Ihren Aufenthalt<\/h3>\n<\/div><\/div><\/div><\/div><\/div>\n\n\n\n<div class=\"wp-block-getwid-section alignfull alignfull getwid-margin-bottom-none\"><div class=\"wp-block-getwid-section__wrapper getwid-padding-left-normal getwid-padding-right-normal getwid-padding-mobile-left-small getwid-padding-mobile-right-small\" style=\"padding-top:60px;padding-bottom:100px\"><div class=\"wp-block-getwid-section__inner-wrapper\"><div class=\"wp-block-getwid-section__background-holder\"><div class=\"wp-block-getwid-section__background has-background has-white-background-color\" style=\"background-image:url('https:\/\/casaruralcastalla.com\/de\/wp-content\/uploads\/sites\/5\/2019\/09\/bg.png');background-position:top center;background-size:auto\"><div class=\"wp-block-getwid-section__background-image-wrapper\"><img decoding=\"async\" class=\"wp-block-getwid-section__background-image\" src=\"https:\/\/casaruralcastalla.com\/de\/wp-content\/uploads\/sites\/5\/2019\/09\/bg.png\" alt=\"Dekorativer Hintergrund von Casa Rural Castalla\"\/><\/div><\/div><div class=\"wp-block-getwid-section__foreground\"><\/div><\/div><div class=\"wp-block-getwid-section__content\"><div class=\"wp-block-getwid-section__inner-content\">\n<div class=\"wp-block-columns has-3-columns is-layout-flex wp-container-core-columns-is-layout-8f761849 wp-block-columns-is-layout-flex\">\n<div class=\"wp-block-column is-layout-flow wp-block-column-is-layout-flow\">\n<div class=\"wp-block-getwid-section\"><div class=\"wp-block-getwid-section__wrapper getwid-padding-top-none getwid-padding-bottom-none getwid-padding-left-none getwid-padding-tablet-right-none getwid-padding-mobile-bottom-medium getwid-padding-mobile-right-none getwid-reset-min-height-tablet getwid-reset-min-height-mobile\" style=\"min-height:436px;padding-right:60px\"><div class=\"wp-block-getwid-section__inner-wrapper\"><div class=\"wp-block-getwid-section__background-holder\"><div class=\"wp-block-getwid-section__background\"><\/div><div class=\"wp-block-getwid-section__foreground\"><\/div><\/div><div class=\"wp-block-getwid-section__content\"><div class=\"wp-block-getwid-section__inner-content\">\n<div class=\"wp-block-getwid-advanced-heading\" style=\"margin-bottom:5px\"><span class=\"wp-block-getwid-advanced-heading__content\"><strong>Komfortable Unterkunft<\/strong><\/span><\/div>\n\n\n\n<div class=\"wp-block-getwid-advanced-heading\" style=\"margin-bottom:30px\"><h2 class=\"wp-block-getwid-advanced-heading__content\">Zimmer der Firmenunterkunft in Castalla  <\/h2><\/div>\n\n\n\n<p class=\"wp-block-paragraph\">Unsere Unterkunft in Castalla bietet Zimmer, die auf Komfort und Produktivit\u00e4t ausgelegt sind: ruhige R\u00e4ume, bequeme Betten und schnelles WLAN. So passt sich jedes Zimmer Ihren Anforderungen w\u00e4hrend Ihres beruflichen Aufenthalts an.<\/p>\n\n\n\n<div class=\"wp-block-getwid-advanced-spacer\" style=\"height:20px\" aria-hidden=\"true\"><\/div>\n\n\n\n<div class=\"wp-block-button\"><a class=\"wp-block-button__link wp-element-button\" href=\"https:\/\/wa.me\/34601994695?text=Hallo%2C%20ich%20m%C3%B6chte%20die%20Verf%C3%BCgbarkeit%20im%20Casa%20Rural%20Castalla%20anfragen.\" target=\"_blank\" rel=\"noopener\">Preise und Verf\u00fcgbarkeit anfragen<\/a><\/div>\n<\/div><\/div><\/div><\/div><\/div>\n<\/div>\n\n\n\n<div class=\"wp-block-column is-layout-flow wp-block-column-is-layout-flow\">\n<figure class=\"wp-block-image size-full\"><img decoding=\"async\" width=\"830\" height=\"830\" src=\"https:\/\/casaruralcastalla.com\/de\/wp-content\/uploads\/sites\/5\/2026\/09\/casa-rural-castalla-apartamento-04-cuadrada.jpg\" alt=\"Apartment der Firmenunterkunft in Castalla mit Doppelbett, Esstisch und Holzbalkendecke\" class=\"wp-image-5810\" srcset=\"https:\/\/casaruralcastalla.com\/de\/wp-content\/uploads\/sites\/5\/2026\/09\/casa-rural-castalla-apartamento-04-cuadrada.jpg 830w, https:\/\/casaruralcastalla.com\/de\/wp-content\/uploads\/sites\/5\/2026\/09\/casa-rural-castalla-apartamento-04-cuadrada-300x300.jpg 300w, https:\/\/casaruralcastalla.com\/de\/wp-content\/uploads\/sites\/5\/2026\/09\/casa-rural-castalla-apartamento-04-cuadrada-150x150.jpg 150w, https:\/\/casaruralcastalla.com\/de\/wp-content\/uploads\/sites\/5\/2026\/09\/casa-rural-castalla-apartamento-04-cuadrada-768x768.jpg 768w, https:\/\/casaruralcastalla.com\/de\/wp-content\/uploads\/sites\/5\/2026\/09\/casa-rural-castalla-apartamento-04-cuadrada-400x400.jpg 400w, https:\/\/casaruralcastalla.com\/de\/wp-content\/uploads\/sites\/5\/2026\/09\/casa-rural-castalla-apartamento-04-cuadrada-600x600.jpg 600w\" sizes=\"(max-width: 830px) 100vw, 830px\" \/><\/figure>\n<\/div>\n\n\n\n<div class=\"wp-block-column is-layout-flow wp-block-column-is-layout-flow\">\n<figure class=\"wp-block-image size-full\"><img decoding=\"async\" width=\"830\" height=\"830\" src=\"https:\/\/casaruralcastalla.com\/de\/wp-content\/uploads\/sites\/5\/2026\/09\/casa-rural-castalla-dormitorio-1-04-cuadrada.jpg\" alt=\"Hauptschlafzimmer der Firmenunterkunft in Castalla mit Doppelbett, Nachttisch aus Holz und sichtbaren Holzbalken\" class=\"wp-image-5813\" srcset=\"https:\/\/casaruralcastalla.com\/de\/wp-content\/uploads\/sites\/5\/2026\/09\/casa-rural-castalla-dormitorio-1-04-cuadrada.jpg 830w, https:\/\/casaruralcastalla.com\/de\/wp-content\/uploads\/sites\/5\/2026\/09\/casa-rural-castalla-dormitorio-1-04-cuadrada-300x300.jpg 300w, https:\/\/casaruralcastalla.com\/de\/wp-content\/uploads\/sites\/5\/2026\/09\/casa-rural-castalla-dormitorio-1-04-cuadrada-150x150.jpg 150w, https:\/\/casaruralcastalla.com\/de\/wp-content\/uploads\/sites\/5\/2026\/09\/casa-rural-castalla-dormitorio-1-04-cuadrada-768x768.jpg 768w, https:\/\/casaruralcastalla.com\/de\/wp-content\/uploads\/sites\/5\/2026\/09\/casa-rural-castalla-dormitorio-1-04-cuadrada-400x400.jpg 400w, https:\/\/casaruralcastalla.com\/de\/wp-content\/uploads\/sites\/5\/2026\/09\/casa-rural-castalla-dormitorio-1-04-cuadrada-600x600.jpg 600w\" sizes=\"(max-width: 830px) 100vw, 830px\" \/><\/figure>\n<\/div>\n<\/div>\n<\/div><\/div><\/div><\/div><\/div>\n\n\n\n<div class=\"wp-block-getwid-section alignfull alignfull getwid-margin-bottom-none\"><div class=\"wp-block-getwid-section__wrapper getwid-padding-left-normal getwid-padding-right-normal getwid-padding-mobile-left-small getwid-padding-mobile-right-small\" style=\"padding-top:60px;padding-bottom:100px\"><div class=\"wp-block-getwid-section__inner-wrapper\"><div class=\"wp-block-getwid-section__background-holder\"><div class=\"wp-block-getwid-section__background has-background has-white-background-color\" style=\"background-image:url('https:\/\/casaruralcastalla.com\/de\/wp-content\/uploads\/sites\/5\/2025\/01\/bg-r-2.png');background-position:top center;background-size:auto\"><div class=\"wp-block-getwid-section__background-image-wrapper\"><img decoding=\"async\" class=\"wp-block-getwid-section__background-image\" src=\"https:\/\/casaruralcastalla.com\/de\/wp-content\/uploads\/sites\/5\/2025\/01\/bg-r-2.png\" alt=\"Hintergrundtextur von Casa Rural Castalla\"\/><\/div><\/div><div class=\"wp-block-getwid-section__foreground\"><\/div><\/div><div class=\"wp-block-getwid-section__content\"><div class=\"wp-block-getwid-section__inner-content\">\n<div class=\"wp-block-columns has-3-columns is-layout-flex wp-container-core-columns-is-layout-8f761849 wp-block-columns-is-layout-flex\">\n<div class=\"wp-block-column is-layout-flow wp-block-column-is-layout-flow\">\n<figure class=\"wp-block-image size-full\"><img decoding=\"async\" width=\"415\" height=\"415\" src=\"https:\/\/casaruralcastalla.com\/de\/wp-content\/uploads\/sites\/5\/2025\/01\/Cafetera-expreso-vintage-cafe-de-cortesia.png\" alt=\"Vintage-Espressomaschine mit kostenlosem Kaffee in der Firmenunterkunft in Castalla\" class=\"wp-image-1801\" srcset=\"https:\/\/casaruralcastalla.com\/de\/wp-content\/uploads\/sites\/5\/2025\/01\/Cafetera-expreso-vintage-cafe-de-cortesia.png 415w, https:\/\/casaruralcastalla.com\/de\/wp-content\/uploads\/sites\/5\/2025\/01\/Cafetera-expreso-vintage-cafe-de-cortesia-300x300.png 300w, https:\/\/casaruralcastalla.com\/de\/wp-content\/uploads\/sites\/5\/2025\/01\/Cafetera-expreso-vintage-cafe-de-cortesia-150x150.png 150w\" sizes=\"(max-width: 415px) 100vw, 415px\" \/><\/figure>\n<\/div>\n\n\n\n<div class=\"wp-block-column is-layout-flow wp-block-column-is-layout-flow\">\n<figure class=\"wp-block-image size-full\"><img decoding=\"async\" width=\"415\" height=\"415\" src=\"https:\/\/casaruralcastalla.com\/de\/wp-content\/uploads\/sites\/5\/2025\/01\/Amplio-salon-com-pantalla-para-presentaciones-de-trabajo-en-castalla-1.png\" alt=\"Unterkunft in Castalla: gro\u00dfer Aufenthaltsraum mit Bildschirm f\u00fcr Arbeitspr\u00e4sentationen\" class=\"wp-image-2053\" srcset=\"https:\/\/casaruralcastalla.com\/de\/wp-content\/uploads\/sites\/5\/2025\/01\/Amplio-salon-com-pantalla-para-presentaciones-de-trabajo-en-castalla-1.png 415w, https:\/\/casaruralcastalla.com\/de\/wp-content\/uploads\/sites\/5\/2025\/01\/Amplio-salon-com-pantalla-para-presentaciones-de-trabajo-en-castalla-1-300x300.png 300w, https:\/\/casaruralcastalla.com\/de\/wp-content\/uploads\/sites\/5\/2025\/01\/Amplio-salon-com-pantalla-para-presentaciones-de-trabajo-en-castalla-1-150x150.png 150w, https:\/\/casaruralcastalla.com\/de\/wp-content\/uploads\/sites\/5\/2025\/01\/Amplio-salon-com-pantalla-para-presentaciones-de-trabajo-en-castalla-1-400x400.png 400w\" sizes=\"(max-width: 415px) 100vw, 415px\" \/><\/figure>\n<\/div>\n\n\n\n<div class=\"wp-block-column is-layout-flow wp-block-column-is-layout-flow\">\n<div class=\"wp-block-getwid-section\"><div class=\"wp-block-getwid-section__wrapper getwid-padding-top-none getwid-padding-bottom-none getwid-padding-left-none getwid-padding-tablet-right-none getwid-padding-mobile-bottom-medium getwid-padding-mobile-right-none getwid-reset-min-height-tablet getwid-reset-min-height-mobile\" style=\"min-height:436px;padding-right:60px\"><div class=\"wp-block-getwid-section__inner-wrapper\"><div class=\"wp-block-getwid-section__background-holder\"><div class=\"wp-block-getwid-section__background\"><\/div><div class=\"wp-block-getwid-section__foreground\"><\/div><\/div><div class=\"wp-block-getwid-section__content\"><div class=\"wp-block-getwid-section__inner-content\">\n<div class=\"wp-block-getwid-advanced-heading\" style=\"margin-bottom:5px\"><span class=\"wp-block-getwid-advanced-heading__content\"><strong>Voll ausgestattetes Haus<\/strong><\/span><\/div>\n\n\n\n<div class=\"wp-block-getwid-advanced-heading\" style=\"margin-bottom:30px\"><h2 class=\"wp-block-getwid-advanced-heading__content\">Arbeits- &amp; Besprechungsbereiche<\/h2><\/div>\n\n\n\n<p class=\"wp-block-paragraph\">Nutzen Sie Ihre Arbeitstage optimal: unsere Arbeitsbereiche sind ruhig und funktional. Bequeme, gut beleuchtete R\u00e4ume, ideal f\u00fcr informelle Besprechungen, Videokonferenzen oder konzentriertes Arbeiten an Ihren Projekten. Eine Umgebung, die Ihre Produktivit\u00e4t f\u00f6rdert.<\/p>\n\n\n\n<div class=\"wp-block-getwid-advanced-spacer\" style=\"height:20px\" aria-hidden=\"true\"><\/div>\n\n\n\n<div class=\"wp-block-button\"><a class=\"wp-block-button__link wp-element-button\" href=\"https:\/\/wa.me\/34601994695?text=Hallo%2C%20ich%20h%C3%A4tte%20gerne%20Informationen%20zur%20Firmenunterkunft%20in%20Castalla%3A\" target=\"_blank\" rel=\"noopener\">Per WhatsApp <br>Kontakt aufnehmen<\/a><\/div>\n<\/div><\/div><\/div><\/div><\/div>\n<\/div>\n<\/div>\n<\/div><\/div><\/div><\/div><\/div>\n\n\n\n<div class=\"wp-block-getwid-section alignfull alignfull getwid-margin-bottom-none\"><div class=\"wp-block-getwid-section__wrapper getwid-padding-left-normal getwid-padding-right-normal getwid-padding-mobile-left-small getwid-padding-mobile-right-small\" style=\"padding-top:160px;padding-bottom:160px\"><div class=\"wp-block-getwid-section__divider is-top-divider\"><svg style=\"height:70px\" x=\"0px\" y=\"0px\" viewBox=\"0 0 1000 100\" preserveAspectRatio=\"none\" class=\"wp-block-getwid-section__divider-svg wp-block-getwid-section__divider-svg-negative\"><path fill=\"#ffffff\" class=\"wp-block-getwid-section__divider-svg-fill\" d=\"M0,100h1000V0C1000,0,1000,100,0,100z\"><\/path><\/svg><\/div><div class=\"wp-block-getwid-section__divider is-bottom-divider\"><svg style=\"height:70px\" x=\"0px\" y=\"0px\" viewBox=\"0 0 1000 100\" preserveAspectRatio=\"none\" class=\"wp-block-getwid-section__divider-svg wp-block-getwid-section__divider-svg-negative\"><path fill=\"#ffffff\" class=\"wp-block-getwid-section__divider-svg-fill\" d=\"M630,99C266,99,0,1,0,1v99h1000V1C1000,1,994,99,630,99z\"><\/path><\/svg><\/div><div class=\"wp-block-getwid-section__inner-wrapper\"><div class=\"wp-block-getwid-section__background-holder\"><div class=\"wp-block-getwid-section__background\" style=\"background-image:url('https:\/\/casaruralcastalla.com\/de\/wp-content\/uploads\/sites\/5\/2025\/01\/20241226_160556-Editada-scaled.jpg');background-position:center center;background-repeat:no-repeat;background-attachment:fixed\"><div class=\"wp-block-getwid-section__background-image-wrapper\"><img decoding=\"async\" class=\"wp-block-getwid-section__background-image\" src=\"https:\/\/casaruralcastalla.com\/de\/wp-content\/uploads\/sites\/5\/2025\/01\/20241226_160556-Editada-scaled.jpg\" alt=\"Ferienhaus Casa Rural Castalla \u2013 Firmenunterkunft in Castalla\"\/><\/div><\/div><div class=\"wp-block-getwid-section__foreground\" style=\"opacity:0.38;background-color:#000000;mix-blend-mode:\"><\/div><\/div><div class=\"wp-block-getwid-section__content\"><div class=\"wp-block-getwid-section__inner-content\">\n<div class=\"wp-block-columns has-4-columns is-layout-flex wp-container-core-columns-is-layout-8f761849 wp-block-columns-is-layout-flex\">\n<div class=\"wp-block-column is-layout-flow wp-block-column-is-layout-flow\">\n<div class=\"wp-block-getwid-icon-box getwid-animation has-text-center\" data-animation=\"slideBottom\"><div style=\"margin-bottom:0px\" class=\"wp-block-getwid-icon-box__icon-container is-position-top\"><div class=\"wp-block-getwid-icon-box__icon-wrapper has-text-color has-white-color\" style=\"font-size:36px\"><i class=\"fas fa-wifi\"><\/i><\/div><\/div><div class=\"wp-block-getwid-icon-box__content\">\n<div class=\"wp-block-getwid-advanced-heading is-style-with-shadow\"><h4 class=\"wp-block-getwid-advanced-heading__content has-text-color has-white-color\">Glasfaser 1 Gb<\/h4><\/div>\n\n\n\n<p class=\"has-white-color has-text-color wp-block-paragraph\" style=\"font-size:14px\">im ganzen Haus<\/p>\n<\/div><\/div>\n<\/div>\n\n\n\n<div class=\"wp-block-column is-layout-flow wp-block-column-is-layout-flow\">\n<div class=\"wp-block-getwid-icon-box getwid-animation has-text-center\" data-animation=\"slideBottom\"><div style=\"margin-bottom:0px\" class=\"wp-block-getwid-icon-box__icon-container is-position-top\"><div class=\"wp-block-getwid-icon-box__icon-wrapper has-text-color has-white-color\" style=\"font-size:36px\"><i class=\"fas fa-temperature-low\"><\/i><\/div><\/div><div class=\"wp-block-getwid-icon-box__content\">\n<div class=\"wp-block-getwid-advanced-heading is-style-with-shadow\"><h4 class=\"wp-block-getwid-advanced-heading__content has-text-color has-white-color\">Heizung<\/h4><\/div>\n\n\n\n<p class=\"has-white-color has-text-color wp-block-paragraph\" style=\"font-size:14px\">in der ganzen Unterkunft<\/p>\n<\/div><\/div>\n<\/div>\n\n\n\n<div class=\"wp-block-column is-layout-flow wp-block-column-is-layout-flow\">\n<div class=\"wp-block-getwid-icon-box getwid-animation has-text-center\" data-animation=\"slideBottom\"><div style=\"margin-bottom:0px\" class=\"wp-block-getwid-icon-box__icon-container is-position-top\"><div class=\"wp-block-getwid-icon-box__icon-wrapper has-text-color has-white-color\" style=\"font-size:36px\"><i class=\"fas fa-coffee\"><\/i><\/div><\/div><div class=\"wp-block-getwid-icon-box__content\">\n<div class=\"wp-block-getwid-advanced-heading is-style-with-shadow\"><h4 class=\"wp-block-getwid-advanced-heading__content has-text-color has-white-color\">Espresso<\/h4><\/div>\n\n\n\n<p class=\"has-white-color has-text-color wp-block-paragraph\" style=\"font-size:14px\">inklusive<\/p>\n<\/div><\/div>\n<\/div>\n\n\n\n<div class=\"wp-block-column is-layout-flow wp-block-column-is-layout-flow\">\n<div class=\"wp-block-getwid-icon-box getwid-animation has-text-center\" data-animation=\"slideBottom\"><div style=\"margin-bottom:0px\" class=\"wp-block-getwid-icon-box__icon-container is-position-top\"><div class=\"wp-block-getwid-icon-box__icon-wrapper has-text-color has-white-color\" style=\"font-size:36px\"><i class=\"fas fa-bed\"><\/i><\/div><\/div><div class=\"wp-block-getwid-icon-box__content\">\n<div class=\"wp-block-getwid-advanced-heading is-style-with-shadow\"><h4 class=\"wp-block-getwid-advanced-heading__content has-text-color has-white-color\">Komfortable Zimmer<\/h4><\/div>\n\n\n\n<p class=\"has-white-color has-text-color wp-block-paragraph\" style=\"font-size:14px\">und ger\u00e4umig<\/p>\n<\/div><\/div>\n<\/div>\n<\/div>\n\n\n\n<div class=\"wp-block-getwid-advanced-spacer getwid-hide-mobile\" style=\"height:60px\" aria-hidden=\"true\"><\/div>\n\n\n\n<div class=\"wp-block-columns has-4-columns is-layout-flex wp-container-core-columns-is-layout-8f761849 wp-block-columns-is-layout-flex\">\n<div class=\"wp-block-column is-layout-flow wp-block-column-is-layout-flow\">\n<div class=\"wp-block-getwid-icon-box getwid-animation has-text-center\" data-animation=\"slideBottom\"><div style=\"margin-bottom:0px\" class=\"wp-block-getwid-icon-box__icon-container is-position-top\"><div class=\"wp-block-getwid-icon-box__icon-wrapper has-text-color has-white-color\" style=\"font-size:36px\"><i class=\"fas fa-industry\"><\/i><\/div><\/div><div class=\"wp-block-getwid-icon-box__content\">\n<div class=\"wp-block-getwid-advanced-heading is-style-with-shadow\"><h4 class=\"wp-block-getwid-advanced-heading__content has-text-color has-white-color\">N\u00e4he zum Gewerbegebiet<\/h4><\/div>\n\n\n\n<p class=\"has-white-color has-text-color wp-block-paragraph\" style=\"font-size:14px\">keine 10 Gehminuten entfernt<\/p>\n<\/div><\/div>\n<\/div>\n\n\n\n<div class=\"wp-block-column is-layout-flow wp-block-column-is-layout-flow\">\n<div class=\"wp-block-getwid-icon-box getwid-animation has-text-center\" data-animation=\"slideBottom\"><div style=\"margin-bottom:0px\" class=\"wp-block-getwid-icon-box__icon-container is-position-top\"><div class=\"wp-block-getwid-icon-box__icon-wrapper has-text-color has-white-color\" style=\"font-size:36px\"><i class=\"fas fa-tv\"><\/i><\/div><\/div><div class=\"wp-block-getwid-icon-box__content\">\n<div class=\"wp-block-getwid-advanced-heading is-style-with-shadow\"><h4 class=\"wp-block-getwid-advanced-heading__content has-text-color has-white-color\">SmartTV 75&#8243;<\/h4><\/div>\n\n\n\n<p class=\"has-white-color has-text-color wp-block-paragraph\" style=\"font-size:14px\">Hunderte Sender<\/p>\n<\/div><\/div>\n<\/div>\n\n\n\n<div class=\"wp-block-column is-layout-flow wp-block-column-is-layout-flow\">\n<div class=\"wp-block-getwid-icon-box getwid-animation has-text-center\" data-animation=\"slideBottom\"><div style=\"margin-bottom:0px\" class=\"wp-block-getwid-icon-box__icon-container is-position-top\"><div class=\"wp-block-getwid-icon-box__icon-wrapper has-text-color has-white-color\" style=\"font-size:36px\"><i class=\"fas fa-laptop-code\"><\/i><\/div><\/div><div class=\"wp-block-getwid-icon-box__content\">\n<div class=\"wp-block-getwid-advanced-heading is-style-with-shadow\"><h4 class=\"wp-block-getwid-advanced-heading__content has-text-color has-white-color\"> Arbeitsbereiche<\/h4><\/div>\n\n\n\n<p class=\"has-white-color has-text-color wp-block-paragraph\" style=\"font-size:14px\">Gro\u00df und komfortabel<\/p>\n<\/div><\/div>\n<\/div>\n\n\n\n<div class=\"wp-block-column is-layout-flow wp-block-column-is-layout-flow\">\n<div class=\"wp-block-getwid-icon-box getwid-animation has-text-center\" data-animation=\"slideBottom\"><div style=\"margin-bottom:0px\" class=\"wp-block-getwid-icon-box__icon-container is-position-top\"><div class=\"wp-block-getwid-icon-box__icon-wrapper has-text-color has-white-color\" style=\"font-size:36px\"><i class=\"fas fa-parking\"><\/i><\/div><\/div><div class=\"wp-block-getwid-icon-box__content\">\n<div class=\"wp-block-getwid-advanced-heading is-style-with-shadow\"><h4 class=\"wp-block-getwid-advanced-heading__content has-text-color has-white-color\">Kostenlose Parkpl\u00e4tze<\/h4><\/div>\n\n\n\n<p class=\"has-white-color has-text-color wp-block-paragraph\" style=\"font-size:14px\">in der N\u00e4he<\/p>\n<\/div><\/div>\n<\/div>\n<\/div>\n<\/div><\/div><\/div><\/div><\/div>\n\n\n\n<div class=\"wp-block-getwid-section alignfull alignfull getwid-margin-bottom-none\"><div class=\"wp-block-getwid-section__wrapper getwid-padding-left-normal getwid-padding-right-normal getwid-padding-mobile-left-small getwid-padding-mobile-right-small\" style=\"padding-top:80px;padding-bottom:60px\"><div class=\"wp-block-getwid-section__inner-wrapper\"><div class=\"wp-block-getwid-section__background-holder\"><div class=\"wp-block-getwid-section__background has-background has-white-background-color\" style=\"background-image:url('https:\/\/casaruralcastalla.com\/de\/wp-content\/uploads\/sites\/5\/2019\/09\/bg-2.png');background-size:auto\"><div class=\"wp-block-getwid-section__background-image-wrapper\"><img decoding=\"async\" class=\"wp-block-getwid-section__background-image\" src=\"https:\/\/casaruralcastalla.com\/de\/wp-content\/uploads\/sites\/5\/2019\/09\/bg-2.png\" alt=\"Dekorativer Hintergrund der Website von Casa Rural Castalla\"\/><\/div><\/div><div class=\"wp-block-getwid-section__foreground\"><\/div><\/div><div class=\"wp-block-getwid-section__content\"><div class=\"wp-block-getwid-section__inner-content\">\n<div class=\"wp-block-columns has-2-columns is-layout-flex wp-container-core-columns-is-layout-8f761849 wp-block-columns-is-layout-flex\">\n<div class=\"wp-block-column is-layout-flow wp-block-column-is-layout-flow\">\n<div class=\"wp-block-columns has-2-columns is-layout-flex wp-container-core-columns-is-layout-8f761849 wp-block-columns-is-layout-flex\">\n<div class=\"wp-block-column is-layout-flow wp-block-column-is-layout-flow\">\n<figure class=\"wp-block-image size-large\"><img decoding=\"async\" width=\"690\" height=\"1024\" src=\"https:\/\/casaruralcastalla.com\/de\/wp-content\/uploads\/sites\/5\/2025\/01\/1-690x1024.png\" alt=\"Innenraum der Firmenunterkunft in Castalla\" class=\"wp-image-1681\" srcset=\"https:\/\/casaruralcastalla.com\/de\/wp-content\/uploads\/sites\/5\/2025\/01\/1-690x1024.png 690w, https:\/\/casaruralcastalla.com\/de\/wp-content\/uploads\/sites\/5\/2025\/01\/1-202x300.png 202w, https:\/\/casaruralcastalla.com\/de\/wp-content\/uploads\/sites\/5\/2025\/01\/1-768x1139.png 768w, https:\/\/casaruralcastalla.com\/de\/wp-content\/uploads\/sites\/5\/2025\/01\/1.png 892w\" sizes=\"(max-width: 690px) 100vw, 690px\" \/><\/figure>\n<\/div>\n\n\n\n<div class=\"wp-block-column is-layout-flow wp-block-column-is-layout-flow\">\n<div class=\"wp-block-getwid-advanced-spacer getwid-hide-mobile\" style=\"height:130px\" aria-hidden=\"true\"><\/div>\n\n\n\n<figure class=\"wp-block-image size-full\"><img decoding=\"async\" width=\"892\" height=\"1323\" src=\"https:\/\/casaruralcastalla.com\/de\/wp-content\/uploads\/sites\/5\/2025\/01\/4.png\" alt=\"Detail der Firmenunterkunft in Castalla\" class=\"wp-image-1684\" srcset=\"https:\/\/casaruralcastalla.com\/de\/wp-content\/uploads\/sites\/5\/2025\/01\/4.png 892w, https:\/\/casaruralcastalla.com\/de\/wp-content\/uploads\/sites\/5\/2025\/01\/4-202x300.png 202w, https:\/\/casaruralcastalla.com\/de\/wp-content\/uploads\/sites\/5\/2025\/01\/4-690x1024.png 690w, https:\/\/casaruralcastalla.com\/de\/wp-content\/uploads\/sites\/5\/2025\/01\/4-768x1139.png 768w\" sizes=\"(max-width: 892px) 100vw, 892px\" \/><\/figure>\n<\/div>\n<\/div>\n<\/div>\n\n\n\n<div class=\"wp-block-column is-layout-flow wp-block-column-is-layout-flow\">\n<div class=\"wp-block-getwid-section getwid-section-content-custom-width\"><div class=\"wp-block-getwid-section__wrapper getwid-padding-top-none getwid-padding-bottom-none getwid-padding-tablet-left-small getwid-padding-mobile-left-none getwid-padding-mobile-right-none getwid-justify-content-flex-start getwid-reset-min-height-mobile\" style=\"min-height:642px;padding-left:70px;padding-right:70px\"><div class=\"wp-block-getwid-section__inner-wrapper\" style=\"max-width:400px\"><div class=\"wp-block-getwid-section__background-holder\"><div class=\"wp-block-getwid-section__background\"><\/div><div class=\"wp-block-getwid-section__foreground\"><\/div><\/div><div class=\"wp-block-getwid-section__content\"><div class=\"wp-block-getwid-section__inner-content\">\n<div class=\"wp-block-getwid-advanced-heading\" style=\"margin-bottom:30px\"><h2 class=\"wp-block-getwid-advanced-heading__content\">Aufenthaltsraum \u201eLa Tardor\u201c<\/h2><\/div>\n\n\n\n<p class=\"wp-block-paragraph\">Unser Mehrzweckraum \u201eLa Tardor\u201c ist vielseitig einsetzbar: f\u00fcr Arbeitsbesprechungen und Workshops ebenso wie f\u00fcr entspannte Stunden. Ideal f\u00fcr Pr\u00e4sentationen in einem privaten und ganz eigenen Rahmen.<\/p>\n\n\n\n<div class=\"wp-block-getwid-advanced-spacer\" style=\"height:20px\" aria-hidden=\"true\"><\/div>\n\n\n\n<div style=\"height:20px\" aria-hidden=\"true\" class=\"wp-block-spacer\"><\/div>\n\n\n\n<div class=\"wp-block-button\"><a class=\"wp-block-button__link wp-element-button\" href=\"https:\/\/wa.me\/34601994695?text=Hallo%2C%20ich%20h%C3%A4tte%20gerne%20Informationen%20zur%20Firmenunterkunft%20in%20Castalla%3A\" target=\"_blank\" rel=\"noreferrer noopener\">Verf\u00fcgbarkeit anfragen<\/a><\/div>\n\n\n\n<div class=\"wp-block-getwid-advanced-spacer\" style=\"height:20px\" aria-hidden=\"true\"><\/div>\n<\/div><\/div><\/div><\/div><\/div>\n<\/div>\n<\/div>\n<\/div><\/div><\/div><\/div><\/div>\n\n\n\n<h2 class=\"wp-block-heading has-text-align-center\">Vorteile der Firmenunterkunft in Castalla<\/h2>\n\n\n\n<div class=\"wp-block-columns is-layout-flex wp-container-core-columns-is-layout-8f761849 wp-block-columns-is-layout-flex\">\n<div class=\"wp-block-column is-layout-flow wp-block-column-is-layout-flow\" style=\"flex-basis:50%\">\n<div class=\"wp-block-getwid-section getwid-section-content-custom-width\"><div class=\"wp-block-getwid-section__wrapper\"><div class=\"wp-block-getwid-section__inner-wrapper\" style=\"max-width:625px\"><div class=\"wp-block-getwid-section__background-holder\"><div class=\"wp-block-getwid-section__background\"><\/div><div class=\"wp-block-getwid-section__foreground\"><\/div><\/div><div class=\"wp-block-getwid-section__content\"><div class=\"wp-block-getwid-section__inner-content\">\n<div class=\"wp-block-getwid-images-stack is-layout-zeta\"><div class=\"wp-block-getwid-images-stack__wrapper\"><div class=\"wp-block-getwid-images-stack__chunk\"><div class=\"wp-block-getwid-images-stack__media-wrapper\"><div class=\"wp-block-getwid-images-stack__media-inner-wrapper\"><img decoding=\"async\" width=\"2560\" height=\"1920\" class=\"wp-block-getwid-images-stack__media wp-image-1658\" src=\"https:\/\/casaruralcastalla.com\/de\/wp-content\/uploads\/sites\/5\/2025\/01\/20241227_154833-Editada-scaled.jpg\" data-id=\"1658\" data-link=\"https:\/\/casaruralcastalla.com\/de\/home\/20241227_154833-editada\/\" srcset=\"https:\/\/casaruralcastalla.com\/de\/wp-content\/uploads\/sites\/5\/2025\/01\/20241227_154833-Editada-scaled.jpg 2560w, https:\/\/casaruralcastalla.com\/de\/wp-content\/uploads\/sites\/5\/2025\/01\/20241227_154833-Editada-300x225.jpg 300w, https:\/\/casaruralcastalla.com\/de\/wp-content\/uploads\/sites\/5\/2025\/01\/20241227_154833-Editada-1024x768.jpg 1024w, https:\/\/casaruralcastalla.com\/de\/wp-content\/uploads\/sites\/5\/2025\/01\/20241227_154833-Editada-768x576.jpg 768w, https:\/\/casaruralcastalla.com\/de\/wp-content\/uploads\/sites\/5\/2025\/01\/20241227_154833-Editada-1536x1152.jpg 1536w, https:\/\/casaruralcastalla.com\/de\/wp-content\/uploads\/sites\/5\/2025\/01\/20241227_154833-Editada-2048x1536.jpg 2048w, https:\/\/casaruralcastalla.com\/de\/wp-content\/uploads\/sites\/5\/2025\/01\/20241227_154833-Editada-892x669.jpg 892w, https:\/\/casaruralcastalla.com\/de\/wp-content\/uploads\/sites\/5\/2025\/01\/20241227_154833-Editada-1350x1013.jpg 1350w\" sizes=\"(max-width: 2560px) 100vw, 2560px\" \/><\/div><\/div><div class=\"wp-block-getwid-images-stack__media-wrapper\"><div class=\"wp-block-getwid-images-stack__media-inner-wrapper\"><img decoding=\"async\" width=\"415\" height=\"415\" class=\"wp-block-getwid-images-stack__media wp-image-1696\" src=\"https:\/\/casaruralcastalla.com\/de\/wp-content\/uploads\/sites\/5\/2025\/01\/5-1.png\" data-id=\"1696\" data-link=\"https:\/\/casaruralcastalla.com\/de\/home\/5-2\/\" srcset=\"https:\/\/casaruralcastalla.com\/de\/wp-content\/uploads\/sites\/5\/2025\/01\/5-1.png 415w, https:\/\/casaruralcastalla.com\/de\/wp-content\/uploads\/sites\/5\/2025\/01\/5-1-300x300.png 300w, https:\/\/casaruralcastalla.com\/de\/wp-content\/uploads\/sites\/5\/2025\/01\/5-1-150x150.png 150w\" sizes=\"(max-width: 415px) 100vw, 415px\" \/><\/div><\/div><div class=\"wp-block-getwid-images-stack__media-wrapper\"><div class=\"wp-block-getwid-images-stack__media-inner-wrapper\"><img decoding=\"async\" width=\"892\" height=\"1323\" class=\"wp-block-getwid-images-stack__media wp-image-1681\" src=\"https:\/\/casaruralcastalla.com\/de\/wp-content\/uploads\/sites\/5\/2025\/01\/1.png\" data-id=\"1681\" data-link=\"https:\/\/casaruralcastalla.com\/de\/home\/attachment\/1\/\" srcset=\"https:\/\/casaruralcastalla.com\/de\/wp-content\/uploads\/sites\/5\/2025\/01\/1.png 892w, https:\/\/casaruralcastalla.com\/de\/wp-content\/uploads\/sites\/5\/2025\/01\/1-202x300.png 202w, https:\/\/casaruralcastalla.com\/de\/wp-content\/uploads\/sites\/5\/2025\/01\/1-690x1024.png 690w, https:\/\/casaruralcastalla.com\/de\/wp-content\/uploads\/sites\/5\/2025\/01\/1-768x1139.png 768w\" sizes=\"(max-width: 892px) 100vw, 892px\" \/><\/div><\/div><\/div><\/div><\/div>\n<\/div><\/div><\/div><\/div><\/div>\n<\/div>\n\n\n\n<div class=\"wp-block-column is-layout-flow wp-block-column-is-layout-flow\" style=\"flex-basis:50%\">\n<div class=\"wp-block-getwid-images-stack is-layout-delta\"><div class=\"wp-block-getwid-images-stack__wrapper\"><div class=\"wp-block-getwid-images-stack__chunk\"><div class=\"wp-block-getwid-images-stack__media-wrapper\"><div class=\"wp-block-getwid-images-stack__media-inner-wrapper\"><img decoding=\"async\" width=\"2560\" height=\"1920\" class=\"wp-block-getwid-images-stack__media wp-image-1656\" src=\"https:\/\/casaruralcastalla.com\/de\/wp-content\/uploads\/sites\/5\/2025\/01\/20241227_162027-Editada-scaled.jpg\" data-id=\"1656\" data-link=\"https:\/\/casaruralcastalla.com\/de\/home\/20241227_162027-editada\/\" srcset=\"https:\/\/casaruralcastalla.com\/de\/wp-content\/uploads\/sites\/5\/2025\/01\/20241227_162027-Editada-scaled.jpg 2560w, https:\/\/casaruralcastalla.com\/de\/wp-content\/uploads\/sites\/5\/2025\/01\/20241227_162027-Editada-300x225.jpg 300w, https:\/\/casaruralcastalla.com\/de\/wp-content\/uploads\/sites\/5\/2025\/01\/20241227_162027-Editada-1024x768.jpg 1024w, https:\/\/casaruralcastalla.com\/de\/wp-content\/uploads\/sites\/5\/2025\/01\/20241227_162027-Editada-768x576.jpg 768w, https:\/\/casaruralcastalla.com\/de\/wp-content\/uploads\/sites\/5\/2025\/01\/20241227_162027-Editada-1536x1152.jpg 1536w, https:\/\/casaruralcastalla.com\/de\/wp-content\/uploads\/sites\/5\/2025\/01\/20241227_162027-Editada-2048x1536.jpg 2048w, https:\/\/casaruralcastalla.com\/de\/wp-content\/uploads\/sites\/5\/2025\/01\/20241227_162027-Editada-892x669.jpg 892w, https:\/\/casaruralcastalla.com\/de\/wp-content\/uploads\/sites\/5\/2025\/01\/20241227_162027-Editada-1350x1013.jpg 1350w\" sizes=\"(max-width: 2560px) 100vw, 2560px\" \/><\/div><\/div><div class=\"wp-block-getwid-images-stack__media-wrapper\"><div class=\"wp-block-getwid-images-stack__media-inner-wrapper\"><img decoding=\"async\" width=\"2560\" height=\"1920\" class=\"wp-block-getwid-images-stack__media wp-image-1675\" src=\"https:\/\/casaruralcastalla.com\/de\/wp-content\/uploads\/sites\/5\/2025\/01\/20241227_161535-Editada-scaled.jpg\" data-id=\"1675\" data-link=\"https:\/\/casaruralcastalla.com\/de\/home\/20241227_161535-editada\/\" srcset=\"https:\/\/casaruralcastalla.com\/de\/wp-content\/uploads\/sites\/5\/2025\/01\/20241227_161535-Editada-scaled.jpg 2560w, https:\/\/casaruralcastalla.com\/de\/wp-content\/uploads\/sites\/5\/2025\/01\/20241227_161535-Editada-300x225.jpg 300w, https:\/\/casaruralcastalla.com\/de\/wp-content\/uploads\/sites\/5\/2025\/01\/20241227_161535-Editada-1024x768.jpg 1024w, https:\/\/casaruralcastalla.com\/de\/wp-content\/uploads\/sites\/5\/2025\/01\/20241227_161535-Editada-768x576.jpg 768w, https:\/\/casaruralcastalla.com\/de\/wp-content\/uploads\/sites\/5\/2025\/01\/20241227_161535-Editada-1536x1152.jpg 1536w, https:\/\/casaruralcastalla.com\/de\/wp-content\/uploads\/sites\/5\/2025\/01\/20241227_161535-Editada-2048x1536.jpg 2048w, https:\/\/casaruralcastalla.com\/de\/wp-content\/uploads\/sites\/5\/2025\/01\/20241227_161535-Editada-892x669.jpg 892w, https:\/\/casaruralcastalla.com\/de\/wp-content\/uploads\/sites\/5\/2025\/01\/20241227_161535-Editada-1350x1013.jpg 1350w\" sizes=\"(max-width: 2560px) 100vw, 2560px\" \/><\/div><\/div><div class=\"wp-block-getwid-images-stack__media-wrapper\"><div class=\"wp-block-getwid-images-stack__media-inner-wrapper\"><img decoding=\"async\" width=\"2560\" height=\"1920\" class=\"wp-block-getwid-images-stack__media wp-image-1933\" src=\"https:\/\/casaruralcastalla.com\/de\/wp-content\/uploads\/sites\/5\/2025\/01\/Alojamiento-economico-en-castalla-casa-rural-castalla-habitacion-verde-1.jpg\" data-id=\"1933\" data-link=\"https:\/\/casaruralcastalla.com\/de\/accommodation\/reserva-casa-rural-castalla\/alojamiento-economico-en-castalla-casa-rural-castalla-habitacion-verde-1\/\" srcset=\"https:\/\/casaruralcastalla.com\/de\/wp-content\/uploads\/sites\/5\/2025\/01\/Alojamiento-economico-en-castalla-casa-rural-castalla-habitacion-verde-1.jpg 2560w, https:\/\/casaruralcastalla.com\/de\/wp-content\/uploads\/sites\/5\/2025\/01\/Alojamiento-economico-en-castalla-casa-rural-castalla-habitacion-verde-1-300x225.jpg 300w, https:\/\/casaruralcastalla.com\/de\/wp-content\/uploads\/sites\/5\/2025\/01\/Alojamiento-economico-en-castalla-casa-rural-castalla-habitacion-verde-1-1024x768.jpg 1024w, https:\/\/casaruralcastalla.com\/de\/wp-content\/uploads\/sites\/5\/2025\/01\/Alojamiento-economico-en-castalla-casa-rural-castalla-habitacion-verde-1-768x576.jpg 768w, https:\/\/casaruralcastalla.com\/de\/wp-content\/uploads\/sites\/5\/2025\/01\/Alojamiento-economico-en-castalla-casa-rural-castalla-habitacion-verde-1-1536x1152.jpg 1536w, https:\/\/casaruralcastalla.com\/de\/wp-content\/uploads\/sites\/5\/2025\/01\/Alojamiento-economico-en-castalla-casa-rural-castalla-habitacion-verde-1-2048x1536.jpg 2048w, https:\/\/casaruralcastalla.com\/de\/wp-content\/uploads\/sites\/5\/2025\/01\/Alojamiento-economico-en-castalla-casa-rural-castalla-habitacion-verde-1-892x669.jpg 892w, https:\/\/casaruralcastalla.com\/de\/wp-content\/uploads\/sites\/5\/2025\/01\/Alojamiento-economico-en-castalla-casa-rural-castalla-habitacion-verde-1-1350x1013.jpg 1350w\" sizes=\"(max-width: 2560px) 100vw, 2560px\" \/><\/div><\/div><\/div><\/div><\/div>\n<\/div>\n<\/div>\n\n\n\n<div class=\"wp-block-buttons is-content-justification-center is-layout-flex wp-container-core-buttons-is-layout-fe48e5de wp-block-buttons-is-layout-flex\">\n<div class=\"wp-block-button\"><a class=\"wp-block-button__link wp-element-button\" href=\"https:\/\/wa.me\/34601994695?text=Hallo%2C%20ich%20h%C3%A4tte%20gerne%20Informationen%20zur%20Firmenunterkunft%20in%20Castalla%3A\" target=\"_blank\" rel=\"noopener\">Jetzt anfragen<\/a><\/div>\n<\/div>\n\n\n\n<div class=\"wp-block-getwid-advanced-spacer\" style=\"height:20px\" aria-hidden=\"true\"><\/div>\n\n\n\n<div class=\"wp-block-getwid-section is-style-with-big-shadow\"><div class=\"wp-block-getwid-section__wrapper\"><div class=\"wp-block-getwid-section__inner-wrapper\"><div class=\"wp-block-getwid-section__background-holder\"><div class=\"wp-block-getwid-section__background\"><\/div><div class=\"wp-block-getwid-section__foreground\"><\/div><\/div><div class=\"wp-block-getwid-section__content\"><div class=\"wp-block-getwid-section__inner-content\">\n<div class=\"wp-block-columns is-layout-flex wp-container-core-columns-is-layout-8f761849 wp-block-columns-is-layout-flex\">\n<div class=\"wp-block-column is-layout-flow wp-block-column-is-layout-flow\">\n<h2 class=\"wp-block-heading has-text-align-center\">Strategische Lage der Unterkunft in Castalla<\/h2>\n\n\n\n<p class=\"wp-block-paragraph\">Wir liegen verkehrsg\u00fcnstig in der Provinz Alicante \u2013 nur:<\/p>\n\n\n\n<ul class=\"wp-block-list\">\n<li>30 km von der Stadt Alicante entfernt.<\/li>\n\n\n\n<li>140 km von Valencia entfernt.<\/li>\n\n\n\n<li>30 Autominuten vom Flughafen Alicante entfernt.<\/li>\n<\/ul>\n\n\n\n<p class=\"wp-block-paragraph\">In unmittelbarer N\u00e4he gibt es Parkpl\u00e4tze, und die wichtigsten Stra\u00dfen der Region sind schnell erreichbar.<\/p>\n<\/div>\n\n\n\n<div class=\"wp-block-column is-layout-flow wp-block-column-is-layout-flow\">\n<h2 class=\"wp-block-heading has-text-align-center\">Das Gewerbegebiet direkt vor der T\u00fcr<\/h2>\n\n\n\n<p class=\"wp-block-paragraph\">Wir liegen in Castalla ausgesprochen g\u00fcnstig, nur wenige Minuten von den wichtigsten Industrie- und Gewerbegebieten entfernt. Ideal, um Fahrzeiten zu verk\u00fcrzen und den Aufenthalt angenehmer zu machen.<\/p>\n<\/div>\n<\/div>\n<\/div><\/div><\/div><\/div><\/div>\n\n\n\n<h2 class=\"wp-block-heading\">H\u00e4ufige Fragen zur Firmenunterkunft in Castalla<\/h2>\n\n\n\n<div class=\"wp-block-getwid-accordion has-icon-left\" data-active-element=\"none\">\n<div class=\"wp-block-getwid-accordion__header-wrapper\"><span class=\"wp-block-getwid-accordion__header\"><a href=\"#\"><span class=\"wp-block-getwid-accordion__header-title\">\u2753 Was ist in der Firmenunterkunft in Castalla enthalten?<\/span><span class=\"wp-block-getwid-accordion__icon is-active\"><i class=\"fas fa-plus\"><\/i><\/span><span class=\"wp-block-getwid-accordion__icon is-passive\"><i class=\"fas fa-minus\"><\/i><\/span><\/a><\/span><\/div><div class=\"wp-block-getwid-accordion__content-wrapper\"><div class=\"wp-block-getwid-accordion__content\">\n<p class=\"wp-block-paragraph\">Die <strong>Firmenunterkunft in Castalla<\/strong> bietet ger\u00e4umige, komfortable Zimmer, <strong>Glasfaser mit 1 Gb<\/strong> und WLAN im ganzen Haus, Zentralheizung, <strong>kostenlosen Espresso<\/strong>, einen 75-Zoll-SmartTV, ruhige Arbeitsbereiche und kostenlose Parkpl\u00e4tze in unmittelbarer N\u00e4he.<\/p>\n<\/div><\/div>\n\n\n\n<div class=\"wp-block-getwid-accordion__header-wrapper\"><span class=\"wp-block-getwid-accordion__header\"><a href=\"#\"><span class=\"wp-block-getwid-accordion__header-title\">\u2753 Wie weit ist das Gewerbegebiet von Castalla entfernt?<\/span><span class=\"wp-block-getwid-accordion__icon is-active\"><i class=\"fas fa-plus\"><\/i><\/span><span class=\"wp-block-getwid-accordion__icon is-passive\"><i class=\"fas fa-minus\"><\/i><\/span><\/a><\/span><\/div><div class=\"wp-block-getwid-accordion__content-wrapper\"><div class=\"wp-block-getwid-accordion__content\">\n<p class=\"wp-block-paragraph\">Das Gewerbegebiet liegt <strong>keine 10 Gehminuten<\/strong> von der Unterkunft entfernt. Eine ideale Lage f\u00fcr Fachkr\u00e4fte und Projektteams, die w\u00e4hrend ihres beruflichen Aufenthalts in Castalla m\u00f6glichst wenig Zeit auf der Stra\u00dfe verbringen wollen.<\/p>\n<\/div><\/div>\n\n\n\n<div class=\"wp-block-getwid-accordion__header-wrapper\"><span class=\"wp-block-getwid-accordion__header\"><a href=\"#\"><span class=\"wp-block-getwid-accordion__header-title\">\u2753 Gibt es Arbeitsbereiche und einen Besprechungsraum?<\/span><span class=\"wp-block-getwid-accordion__icon is-active\"><i class=\"fas fa-plus\"><\/i><\/span><span class=\"wp-block-getwid-accordion__icon is-passive\"><i class=\"fas fa-minus\"><\/i><\/span><\/a><\/span><\/div><div class=\"wp-block-getwid-accordion__content-wrapper\"><div class=\"wp-block-getwid-accordion__content\">\n<p class=\"wp-block-paragraph\">Ja. Wir haben den Mehrzweckraum <strong>\u201eLa Tardor\u201c<\/strong>, gedacht f\u00fcr Besprechungen, Videokonferenzen, Workshops und Pr\u00e4sentationen. Er verf\u00fcgt \u00fcber einen 75-Zoll-SmartTV, schnelles WLAN und eine ruhige Atmosph\u00e4re \u2013 ein B\u00fcro auf Zeit innerhalb der Firmenunterkunft in Castalla.<\/p>\n<\/div><\/div>\n\n\n\n<div class=\"wp-block-getwid-accordion__header-wrapper\"><span class=\"wp-block-getwid-accordion__header\"><a href=\"#\"><span class=\"wp-block-getwid-accordion__header-title\">\u2753 Wie weit sind Alicante, Valencia und der Flughafen entfernt?<\/span><span class=\"wp-block-getwid-accordion__icon is-active\"><i class=\"fas fa-plus\"><\/i><\/span><span class=\"wp-block-getwid-accordion__icon is-passive\"><i class=\"fas fa-minus\"><\/i><\/span><\/a><\/span><\/div><div class=\"wp-block-getwid-accordion__content-wrapper\"><div class=\"wp-block-getwid-accordion__content\">\n<p class=\"wp-block-paragraph\">Wir sind <strong>30 km von der Stadt Alicante<\/strong>, <strong>140 km von Valencia<\/strong> und <strong>30 Autominuten vom Flughafen Alicante (ALC)<\/strong> entfernt, mit direkter Anbindung an die wichtigsten Stra\u00dfen der Region.<\/p>\n<\/div><\/div>\n\n\n\n<div class=\"wp-block-getwid-accordion__header-wrapper\"><span class=\"wp-block-getwid-accordion__header\"><a href=\"#\"><span class=\"wp-block-getwid-accordion__header-title\">\u2753 Gibt es Parkpl\u00e4tze f\u00fcr die G\u00e4ste?<\/span><span class=\"wp-block-getwid-accordion__icon is-active\"><i class=\"fas fa-plus\"><\/i><\/span><span class=\"wp-block-getwid-accordion__icon is-passive\"><i class=\"fas fa-minus\"><\/i><\/span><\/a><\/span><\/div><div class=\"wp-block-getwid-accordion__content-wrapper\"><div class=\"wp-block-getwid-accordion__content\">\n<p class=\"wp-block-paragraph\">Ja. In unmittelbarer N\u00e4he der Unterkunft stehen <strong>kostenlose Parkpl\u00e4tze<\/strong> zur Verf\u00fcgung \u2013 ohne Aufpreis, auch f\u00fcr Firmenfahrzeuge.<\/p>\n<\/div><\/div>\n\n\n\n<div class=\"wp-block-getwid-accordion__header-wrapper\"><span class=\"wp-block-getwid-accordion__header\"><a href=\"#\"><span class=\"wp-block-getwid-accordion__header-title\">\u2753 Wie kann ich die Firmenunterkunft in Castalla buchen?<\/span><span class=\"wp-block-getwid-accordion__icon is-active\"><i class=\"fas fa-plus\"><\/i><\/span><span class=\"wp-block-getwid-accordion__icon is-passive\"><i class=\"fas fa-minus\"><\/i><\/span><\/a><\/span><\/div><div class=\"wp-block-getwid-accordion__content-wrapper\"><div class=\"wp-block-getwid-accordion__content\">\n<p class=\"wp-block-paragraph\">Schreiben Sie uns einfach direkt \u00fcber <strong>WhatsApp an +34 601 99 46 95<\/strong> \u2013 wir antworten sofort. F\u00fcr l\u00e4ngere Aufenthalte finden wir passende Konditionen, mit <strong>Rechnung auf Firmenname<\/strong> \u2013 auch f\u00fcr Monate im Homeoffice, etwa w\u00e4hrend der Renovierung des eigenen Hauses in Spanien.<\/p>\n<\/div><\/div>\n<\/div>\n\n\n\n<p class=\"wp-block-paragraph\"><\/p>\n","protected":false},"excerpt":{"rendered":"<p>Vorteile der Firmenunterkunft in Castalla H\u00e4ufige Fragen zur Firmenunterkunft in Castalla<\/p>\n","protected":false},"author":1,"featured_media":0,"parent":0,"menu_order":0,"comment_status":"closed","ping_status":"closed","template":"","meta":{"inline_featured_image":false,"_trash_the_other_posts":false,"_monsterinsights_skip_tracking":false,"_joinchat":[],"footnotes":""},"class_list":["post-2043","page","type-page","status-publish","hentry"],"_links":{"self":[{"href":"https:\/\/casaruralcastalla.com\/de\/wp-json\/wp\/v2\/pages\/2043","targetHints":{"allow":["GET"]}}],"collection":[{"href":"https:\/\/casaruralcastalla.com\/de\/wp-json\/wp\/v2\/pages"}],"about":[{"href":"https:\/\/casaruralcastalla.com\/de\/wp-json\/wp\/v2\/types\/page"}],"author":[{"embeddable":true,"href":"https:\/\/casaruralcastalla.com\/de\/wp-json\/wp\/v2\/users\/1"}],"replies":[{"embeddable":true,"href":"https:\/\/casaruralcastalla.com\/de\/wp-json\/wp\/v2\/comments?post=2043"}],"version-history":[{"count":4,"href":"https:\/\/casaruralcastalla.com\/de\/wp-json\/wp\/v2\/pages\/2043\/revisions"}],"predecessor-version":[{"id":5901,"href":"https:\/\/casaruralcastalla.com\/de\/wp-json\/wp\/v2\/pages\/2043\/revisions\/5901"}],"wp:attachment":[{"href":"https:\/\/casaruralcastalla.com\/de\/wp-json\/wp\/v2\/media?parent=2043"}],"curies":[{"name":"wp","href":"https:\/\/api.w.org\/{rel}","templated":true}]}}